{"id":11389,"date":"2019-12-24T16:37:16","date_gmt":"2019-12-24T16:37:16","guid":{"rendered":"http:\/\/deberkel.info\/?page_id=11389"},"modified":"2019-12-28T21:39:32","modified_gmt":"2019-12-28T21:39:32","slug":"berkeltal-nachrichten-wrij","status":"publish","type":"page","link":"https:\/\/deberkel.info\/de\/berkeltal-nachrichten-wrij\/","title":{"rendered":"Berkeltal Nachrichten WRIJ"},"content":{"rendered":"<p>Der Wasserverband &#8218;Rijn en IJssel&#8216; publiziert regelm\u00e4ssig <span class=\"deel4\">Mitteilungsbl\u00e4tter<\/span> f\u00fcr das Berkeltal.<br \/>\nAuf dieser Seite eine Liste mit <span class=\"deel4\">Mitteilungsbl\u00e4ttern<\/span>.<\/p>\n<style type='text\/css' media='all'>#rt-tpg-container-3705590597 .rt-holder .rt-woo-info .price{color:#000000;}body .rt-tpg-container .rt-tpg-isotope-buttons .selected,\n\t\t\t\t\t#rt-tpg-container-3705590597 .layout12 .rt-holder:hover .rt-detail,\n\t\t\t\t\t#rt-tpg-container-3705590597 .isotope8 .rt-holder:hover .rt-detail,\n\t\t\t\t\t#rt-tpg-container-3705590597 .carousel8 .rt-holder:hover .rt-detail,\n\t\t\t\t\t#rt-tpg-container-3705590597 .layout13 .rt-holder .overlay .post-info,\n\t\t\t\t\t#rt-tpg-container-3705590597 .isotope9 .rt-holder .overlay .post-info,\n\t\t\t\t\t#rt-tpg-container-3705590597.rt-tpg-container .layout4 .rt-holder .rt-detail,\n\t\t\t\t\t.rt-modal-3705590597 .md-content,\n\t\t\t\t\t.rt-modal-3705590597 .md-content > .rt-md-content-holder .rt-md-content,\n\t\t\t\t\t.rt-popup-wrap-3705590597.rt-popup-wrap .rt-popup-navigation-wrap,\n\t\t\t\t\t#rt-tpg-container-3705590597 .carousel9 .rt-holder .overlay .post-info{background-color:#000000;}#rt-tpg-container-3705590597 .layout5 .rt-holder .overlay, #rt-tpg-container-3705590597 .isotope2 .rt-holder .overlay, #rt-tpg-container-3705590597 .carousel2 .rt-holder .overlay,#rt-tpg-container-3705590597 .layout15 .rt-holder h3, #rt-tpg-container-3705590597 .isotope11 .rt-holder h3, #rt-tpg-container-3705590597 .carousel11 .rt-holder h3, #rt-tpg-container-3705590597 .layout16 .rt-holder h3,\n\t\t\t\t\t#rt-tpg-container-3705590597 .isotope12 .rt-holder h3, #rt-tpg-container-3705590597 .carousel12 .rt-holder h3 {background-color:rgba(0,0,0,0.8);}#rt-tpg-container-3705590597 .pagination-list li a,\n\t\t\t\t\trt-tpg-container-3705590597 .pagination-list li span,\n\t\t\t\t\trt-tpg-container-3705590597 .pagination li a,\n\t\t\t\t\t#rt-tpg-container-3705590597 .rt-tpg-isotope-buttons button,\n\t\t\t\t\t#rt-tpg-container-3705590597 .rt-tpg-utility .rt-tpg-load-more button,\n\t\t\t\t\t#rt-tpg-container-3705590597.rt-tpg-container .swiper-navigation .slider-btn,\n\t\t\t\t\t#rt-tpg-container-3705590597.rt-tpg-container .swiper-pagination-bullet,\n\t\t\t\t\t#rt-tpg-container-3705590597 .wc1 .rt-holder .rt-img-holder .overlay .product-more ul li a,\n\t\t\t\t\t#rt-tpg-container-3705590597 .wc2 .rt-detail .rt-wc-add-to-cart,\n\t\t\t\t\t#rt-tpg-container-3705590597 .wc3 .rt-detail .rt-wc-add-to-cart,\n\t\t\t\t\t#rt-tpg-container-3705590597 .wc4 .rt-detail .rt-wc-add-to-cart,\n\t\t\t\t\t#rt-tpg-container-3705590597 .wc-carousel2 .rt-detail .rt-wc-add-to-cart,\n\t\t\t\t\t#rt-tpg-container-3705590597 .wc-isotope2 .rt-detail .rt-wc-add-to-cart,\n\t\t\t\t\t#rt-tpg-container-3705590597 .rt-layout-filter-container .rt-filter-wrap .rt-filter-item-wrap.rt-filter-dropdown-wrap .rt-filter-dropdown,\n\t\t\t\t\t#rt-tpg-container-3705590597 .rt-layout-filter-container .rt-filter-sub-tax.sub-button-group .rt-filter-button-item,\n\t\t\t\t\t#rt-tpg-container-3705590597.rt-tpg-container .rt-pagination-wrap .rt-page-numbers .paginationjs .paginationjs-pages ul li>a,\n\t\t\t\t\t#rt-tpg-container-3705590597 .rt-filter-item-wrap.rt-filter-button-wrap span.rt-filter-button-item,\n\t\t\t\t\t#rt-tpg-container-3705590597.rt-tpg-container .rt-pagination-wrap  .rt-loadmore-btn,\n\t\t\t\t\t#rt-tpg-container-3705590597.rt-tpg-container .rt-pagination-wrap .rt-cb-page-prev-next > *,\n\t\t\t\t\t#rt-tpg-container-3705590597 .rt-read-more,\n\t\t\t\t\t#rt-tooltip-3705590597, #rt-tooltip-3705590597 .rt-tooltip-bottom:after{background-color:#000000;}#rt-tpg-container-3705590597 .rt-filter-item-wrap.rt-filter-button-wrap span.rt-filter-button-item,\n\t\t\t\t\t#rt-tpg-container-3705590597 .rt-layout-filter-container .rt-filter-sub-tax.sub-button-group .rt-filter-button-item{border-color:#000000;}#rt-tpg-container-3705590597.rt-tpg-container .layout17 .rt-holder .overlay a.tpg-zoom .fa{color:#000000;}#rt-tpg-container-3705590597 .rt-holder .read-more a {background-color:#000000;padding: 8px 15px;}#rt-tpg-container-3705590597 .pagination-list li a,\n\t\t\t\t\t#rt-tpg-container-3705590597 .pagination li a,\n\t\t\t\t\t#rt-tpg-container-3705590597 .rt-tpg-isotope-buttons button,\n\t\t\t\t\t#rt-tpg-container-3705590597 .rt-holder .read-more a,\n\t\t\t\t\t#rt-tpg-container-3705590597 .rt-tpg-utility .rt-tpg-load-more button,\n\t\t\t\t\t#rt-tpg-container-3705590597.rt-tpg-container .swiper-navigation .slider-btn,\n\t\t\t\t\t#rt-tpg-container-3705590597 .wc1 .rt-holder .rt-img-holder .overlay .product-more ul li a,\n\t\t\t\t\t#rt-tpg-container-3705590597 .edd1 .rt-holder .rt-img-holder .overlay .product-more ul li a,\n\t\t\t\t\t#rt-tpg-container-3705590597 .wc2 .rt-detail .rt-wc-add-to-cart,\n\t\t\t\t\t#rt-tpg-container-3705590597 .wc3 .rt-detail .rt-wc-add-to-cart,\n\t\t\t\t\t#rt-tpg-container-3705590597 .edd2 .rt-detail .rt-wc-add-to-cart,\n\t\t\t\t\t#rt-tpg-container-3705590597 .wc4 .rt-detail .rt-wc-add-to-cart,\n\t\t\t\t\t#rt-tpg-container-3705590597 .edd3 .rt-detail .rt-wc-add-to-cart,\n\t\t\t\t\t#rt-tpg-container-3705590597 .wc-carousel2 .rt-detail .rt-wc-add-to-cart,\n\t\t\t\t\t#rt-tpg-container-3705590597 .wc-isotope2 .rt-detail .rt-wc-add-to-cart,\n\t\t\t\t\t#rt-tpg-container-3705590597 .rt-tpg-utility .rt-tpg-load-more button,\n\t\t\t\t\t#rt-tooltip-3705590597,\n\t\t\t\t\t#rt-tpg-container-3705590597 .rt-filter-item-wrap.rt-filter-button-wrap span.rt-filter-button-item,\n\t\t\t\t\t#rt-tpg-container-3705590597 .rt-layout-filter-container .rt-filter-sub-tax.sub-button-group .rt-filter-button-item,\n\t\t\t\t\t#rt-tpg-container-3705590597 .rt-layout-filter-container .rt-filter-wrap .rt-filter-item-wrap.rt-sort-order-action,\n\t\t\t\t\t#rt-tpg-container-3705590597 .rt-layout-filter-container .rt-filter-wrap .rt-filter-item-wrap.rt-filter-dropdown-wrap .rt-filter-dropdown .rt-filter-dropdown-item,\n\t\t\t\t\t#rt-tpg-container-3705590597.rt-tpg-container .rt-pagination-wrap .rt-page-numbers .paginationjs .paginationjs-pages ul li>a,\n\t\t\t\t\t#rt-tpg-container-3705590597.rt-tpg-container .rt-pagination-wrap .rt-cb-page-prev-next > *,\n\t\t\t\t\t#rt-tpg-container-3705590597.rt-tpg-container .rt-pagination-wrap  .rt-loadmore-btn,\n\t\t\t\t\t#rt-tpg-container-3705590597 .rt-read-more,\n\t\t\t\t\t#rt-tooltip-3705590597 .rt-tooltip-bottom:after{color:#ffffff;}#rt-tpg-container-3705590597 .read-more a{border-radius:px;}#rt-tpg-container-3705590597 .rt-img-holder img.rt-img-responsive,#rt-tpg-container-3705590597 .rt-img-holder,\n\t\t\t\t\t#rt-tpg-container-3705590597 .rt-post-overlay .post-img,\n\t\t\t\t\t#rt-tpg-container-3705590597 .post-sm .post-img,\n\t\t\t\t\t#rt-tpg-container-3705590597 .rt-post-grid .post-img,\n\t\t\t\t\t#rt-tpg-container-3705590597 .post-img img {border-radius:px;}#rt-tpg-container-3705590597 .layout1 .rt-holder h2.entry-title,\n\t\t\t\t\t#rt-tpg-container-3705590597 .layout1 .rt-holder h3.entry-title,\n\t\t\t\t\t#rt-tpg-container-3705590597 .layout1 .rt-holder h4.entry-title,\n\t\t\t\t\t#rt-tpg-container-3705590597 .layout1 .rt-holder h2.entry-title a,\n\t\t\t\t\t#rt-tpg-container-3705590597 .layout1 .rt-holder h3.entry-title a,\n\t\t\t\t\t#rt-tpg-container-3705590597 .layout1 .rt-holder h4.entry-title a,\n\t\t\t\t\t#rt-tpg-container-3705590597 .rt-holder .rt-woo-info h2 a,\n\t\t\t\t\t#rt-tpg-container-3705590597 .rt-holder .rt-woo-info h3 a,\n\t\t\t\t\t#rt-tpg-container-3705590597 .rt-holder .rt-woo-info h4 a,\n\t\t\t\t\t#rt-tpg-container-3705590597 .post-content .post-title,\n\t\t\t\t\t#rt-tpg-container-3705590597 .rt-post-grid .post-title,\n\t\t\t\t\t#rt-tpg-container-3705590597 .rt-post-grid .post-title a,\n\t\t\t\t\t#rt-tpg-container-3705590597 .post-content .post-title a,\n\t\t\t\t\t#rt-tpg-container-3705590597 .rt-holder .rt-woo-info h2,\n\t\t\t\t\t#rt-tpg-container-3705590597 .rt-holder .rt-woo-info h3,\n\t\t\t\t\t#rt-tpg-container-3705590597 .rt-holder .rt-woo-info h4{color:#ffffff;}<\/style><div class='rt-container-fluid rt-tpg-container tpg-shortcode-main-wrapper ' id='rt-tpg-container-3705590597'   data-layout='layout1' data-grid-style='even' data-desktop-col='1'  data-tab-col='2'  data-mobile-col='1' data-sc-id='11382'><div data-title='Loading ...' class='rt-row rt-content-loader   layout1 tpg-even '><div class=\"rt-col-md-12 rt-col-sm-6 rt-col-xs-12 even-grid-item rt-grid-item\" data-id=\"20163\"><div class=\"rt-holder\"><div class=\"rt-img-holder\"><a data-id=\"20163\" class=\"\" href=\"https:\/\/deberkel.info\/de\/informationsblatt-berkeltal-wrij-juli-2026\/\"><img loading=\"lazy\" decoding=\"async\" width=\"600\" height=\"288\" src=\"https:\/\/deberkel.info\/wp-content\/uploads\/2026\/04\/wrij-ophaalbrug-velhorst-600x422-1-600x288.jpg\" class=\"rt-img-responsive \" alt=\"\" \/><\/a><\/div><div class='rt-detail'><h2 class=\"entry-title\"><a data-id=\"20163\" class=\"\" href=\"https:\/\/deberkel.info\/de\/informationsblatt-berkeltal-wrij-juli-2026\/\">Informationsblatt Berkeltal WRIJ, April 2026<\/a><\/h2><div class='post-meta-user  '><span class='date'><i class='far fa-calendar-alt '><\/i>2 April 2026<\/span><\/div><div class='tpg-excerpt'>\u201aWaterschap Rijn en IJssel\u2018 hat wieder ein Informationsblatt ver\u00f6ffentlicht f\u00fcr das Berkeltal: Version April 2026 <a href=\"https:\/\/deberkel.info\/de\/informationsblatt-berkeltal-wrij-juli-2026\/\">Weiterlesen &rarr;<\/a>...<\/div><div class='post-meta '><span class='read-more'><a data-id='20163' class='' href='https:\/\/deberkel.info\/de\/informationsblatt-berkeltal-wrij-juli-2026\/'>...<\/a><\/span><\/div><\/div><\/div><\/div><div class=\"rt-col-md-12 rt-col-sm-6 rt-col-xs-12 even-grid-item rt-grid-item\" data-id=\"19330\"><div class=\"rt-holder\"><div class=\"rt-img-holder\"><a data-id=\"19330\" class=\"\" href=\"https:\/\/deberkel.info\/de\/informationsblatt-berkeltal-wrij-juli-2025\/\"><img loading=\"lazy\" decoding=\"async\" width=\"500\" height=\"288\" src=\"https:\/\/deberkel.info\/wp-content\/uploads\/2024\/05\/StuwHogeWeide-500x288.jpg\" class=\"rt-img-responsive \" alt=\"\" \/><\/a><\/div><div class='rt-detail'><h2 class=\"entry-title\"><a data-id=\"19330\" class=\"\" href=\"https:\/\/deberkel.info\/de\/informationsblatt-berkeltal-wrij-juli-2025\/\">Informationsblatt Berkeltal, Juli 2025<\/a><\/h2><div class='post-meta-user  '><span class='date'><i class='far fa-calendar-alt '><\/i>20 Juli 2025<\/span><\/div><div class='tpg-excerpt'>\u201aWaterschap Rijn en IJssel\u2018 hat wieder ein Informationsblatt ver\u00f6ffentlicht f\u00fcr das Berkeltal: Version Juli 2025 <a href=\"https:\/\/deberkel.info\/de\/informationsblatt-berkeltal-wrij-juli-2025\/\">Weiterlesen &rarr;<\/a>...<\/div><div class='post-meta '><span class='read-more'><a data-id='19330' class='' href='https:\/\/deberkel.info\/de\/informationsblatt-berkeltal-wrij-juli-2025\/'>...<\/a><\/span><\/div><\/div><\/div><\/div><div class=\"rt-col-md-12 rt-col-sm-6 rt-col-xs-12 even-grid-item rt-grid-item\" data-id=\"20057\"><div class=\"rt-holder\"><div class=\"rt-img-holder\"><a data-id=\"20057\" class=\"\" href=\"https:\/\/deberkel.info\/de\/informationsblatt-berkeltal-wrij-maerz-2025\/\"><img loading=\"lazy\" decoding=\"async\" width=\"600\" height=\"288\" src=\"https:\/\/deberkel.info\/wp-content\/uploads\/2026\/02\/WRIJ-Berkel-Borculo-Lochem-600x450-1-600x288.jpg\" class=\"rt-img-responsive \" alt=\"\" \/><\/a><\/div><div class='rt-detail'><h2 class=\"entry-title\"><a data-id=\"20057\" class=\"\" href=\"https:\/\/deberkel.info\/de\/informationsblatt-berkeltal-wrij-maerz-2025\/\">Informationsblatt Berkeltal WRIJ, m\u00e4rz 2025<\/a><\/h2><div class='post-meta-user  '><span class='date'><i class='far fa-calendar-alt '><\/i>31 M\u00e4rz 2025<\/span><\/div><div class='tpg-excerpt'>'Waterschap Rijn en IJssel' \u00a0hat wieder ein Informationsblatt ver\u00f6ffentlicht f\u00fcr das Berkeltal: Version M\u00e4rz 2025 <a href=\"https:\/\/deberkel.info\/de\/informationsblatt-berkeltal-wrij-maerz-2025\/\">Weiterlesen &rarr;<\/a>...<\/div><div class='post-meta '><span class='read-more'><a data-id='20057' class='' href='https:\/\/deberkel.info\/de\/informationsblatt-berkeltal-wrij-maerz-2025\/'>...<\/a><\/span><\/div><\/div><\/div><\/div><div class=\"rt-col-md-12 rt-col-sm-6 rt-col-xs-12 even-grid-item rt-grid-item\" data-id=\"18243\"><div class=\"rt-holder\"><div class=\"rt-img-holder\"><a data-id=\"18243\" class=\"\" href=\"https:\/\/deberkel.info\/de\/informationsblatt-berkeltal-wrij-mai-2024\/\"><img loading=\"lazy\" decoding=\"async\" width=\"500\" height=\"288\" src=\"https:\/\/deberkel.info\/wp-content\/uploads\/2024\/05\/StuwHogeWeide-500x288.jpg\" class=\"rt-img-responsive \" alt=\"\" \/><\/a><\/div><div class='rt-detail'><h2 class=\"entry-title\"><a data-id=\"18243\" class=\"\" href=\"https:\/\/deberkel.info\/de\/informationsblatt-berkeltal-wrij-mai-2024\/\">Informationsblatt Berkeltal, Mai 2024<\/a><\/h2><div class='post-meta-user  '><span class='date'><i class='far fa-calendar-alt '><\/i>8 Mai 2024<\/span><\/div><div class='tpg-excerpt'>\u201aWaterschap Rijn en IJssel\u2018 hat wieder ein Informationsblatt ver\u00f6ffentlicht f\u00fcr das Berkeltal: Version Mai 2024 <a href=\"https:\/\/deberkel.info\/de\/informationsblatt-berkeltal-wrij-mai-2024\/\">Weiterlesen &rarr;<\/a>...<\/div><div class='post-meta '><span class='read-more'><a data-id='18243' class='' href='https:\/\/deberkel.info\/de\/informationsblatt-berkeltal-wrij-mai-2024\/'>...<\/a><\/span><\/div><\/div><\/div><\/div><div class=\"rt-col-md-12 rt-col-sm-6 rt-col-xs-12 even-grid-item rt-grid-item\" data-id=\"17964\"><div class=\"rt-holder\"><div class=\"rt-img-holder\"><a data-id=\"17964\" class=\"\" href=\"https:\/\/deberkel.info\/de\/informationsblatt-berkeltal-wrij-dezember-2023\/\"><img loading=\"lazy\" decoding=\"async\" width=\"450\" height=\"288\" src=\"https:\/\/deberkel.info\/wp-content\/uploads\/2023\/12\/lochem_almen_infobijeenkomst-2023-450x288.jpg\" class=\"rt-img-responsive \" alt=\"\" \/><\/a><\/div><div class='rt-detail'><h2 class=\"entry-title\"><a data-id=\"17964\" class=\"\" href=\"https:\/\/deberkel.info\/de\/informationsblatt-berkeltal-wrij-dezember-2023\/\">Informationsblatt Berkeltal, Dezember 2023<\/a><\/h2><div class='post-meta-user  '><span class='date'><i class='far fa-calendar-alt '><\/i>16 Dezember 2023<\/span><\/div><div class='tpg-excerpt'>\u201aWaterschap Rijn en IJssel\u2018 hat wieder ein Informationsblatt ver\u00f6ffentlicht f\u00fcr das Berkeltal: Version Dezember 2023 <a href=\"https:\/\/deberkel.info\/de\/informationsblatt-berkeltal-wrij-dezember-2023\/\">Weiterlesen &rarr;<\/a>...<\/div><div class='post-meta '><span class='read-more'><a data-id='17964' class='' href='https:\/\/deberkel.info\/de\/informationsblatt-berkeltal-wrij-dezember-2023\/'>...<\/a><\/span><\/div><\/div><\/div><\/div><div class=\"rt-col-md-12 rt-col-sm-6 rt-col-xs-12 even-grid-item rt-grid-item\" data-id=\"17111\"><div class=\"rt-holder\"><div class=\"rt-img-holder\"><a data-id=\"17111\" class=\"\" href=\"\/de\/plan-neugestaltung-berkel-lochem-almen\/#DefintivEntwurf2023\"><img loading=\"lazy\" decoding=\"async\" width=\"600\" height=\"288\" src=\"https:\/\/deberkel.info\/wp-content\/uploads\/2023\/07\/20230721_DefinitiefLochemAlmenAfbeelding-600x348-1-600x288.jpg\" class=\"rt-img-responsive \" alt=\"\" \/><\/a><\/div><div class='rt-detail'><h2 class=\"entry-title\"><a data-id=\"17111\" class=\"\" href=\"\/de\/plan-neugestaltung-berkel-lochem-almen\/#DefintivEntwurf2023\">Definitiv Entwurf Neugestaltung Berkel (Lochem-Almen)<\/a><\/h2><div class='post-meta-user  '><span class='date'><i class='far fa-calendar-alt '><\/i>10 Oktober 2023<\/span><\/div><div class='tpg-excerpt'>Definitiv Entwurf Neugestaltung Berkel (Lochem-Almen) <a href=\"\/de\/plan-neugestaltung-berkel-lochem-almen\/#DefintivEntwurf2023\">Weiterlesen &rarr;<\/a>...<\/div><div class='post-meta '><span class='read-more'><a data-id='17111' class='' href='\/de\/plan-neugestaltung-berkel-lochem-almen\/#DefintivEntwurf2023'>...<\/a><\/span><\/div><\/div><\/div><\/div><div class=\"rt-col-md-12 rt-col-sm-6 rt-col-xs-12 even-grid-item rt-grid-item\" data-id=\"17796\"><div class=\"rt-holder\"><div class=\"rt-img-holder\"><a data-id=\"17796\" class=\"\" href=\"https:\/\/deberkel.info\/de\/informationsblatt-berkeltal-wrij-herbst-2023\/\"><img loading=\"lazy\" decoding=\"async\" width=\"500\" height=\"288\" src=\"https:\/\/deberkel.info\/wp-content\/uploads\/2023\/09\/lochem_almen__002_-500x288.jpg\" class=\"rt-img-responsive \" alt=\"\" \/><\/a><\/div><div class='rt-detail'><h2 class=\"entry-title\"><a data-id=\"17796\" class=\"\" href=\"https:\/\/deberkel.info\/de\/informationsblatt-berkeltal-wrij-herbst-2023\/\">Informationsblatt Berkeltal, Herbst 2023<\/a><\/h2><div class='post-meta-user  '><span class='date'><i class='far fa-calendar-alt '><\/i>28 September 2023<\/span><\/div><div class='tpg-excerpt'>\u201aWaterschap Rijn en IJssel\u2018 hat wieder ein Informationsblatt ver\u00f6ffentlicht f\u00fcr das Berkeltal: Version Herbst 2023 <a href=\"https:\/\/deberkel.info\/de\/informationsblatt-berkeltal-wrij-herbst-2023\/\">Weiterlesen &rarr;<\/a>...<\/div><div class='post-meta '><span class='read-more'><a data-id='17796' class='' href='https:\/\/deberkel.info\/de\/informationsblatt-berkeltal-wrij-herbst-2023\/'>...<\/a><\/span><\/div><\/div><\/div><\/div><div class=\"rt-col-md-12 rt-col-sm-6 rt-col-xs-12 even-grid-item rt-grid-item\" data-id=\"17089\"><div class=\"rt-holder\"><div class=\"rt-img-holder\"><a data-id=\"17089\" class=\"\" href=\"https:\/\/deberkel.info\/de\/nieuwsbrief-berkeldal-wrij-sommer-2023\/\"><img loading=\"lazy\" decoding=\"async\" width=\"500\" height=\"288\" src=\"https:\/\/deberkel.info\/wp-content\/uploads\/2023\/07\/Ophaalbrug_velhorst_2-500x288.jpg\" class=\"rt-img-responsive \" alt=\"\" \/><\/a><\/div><div class='rt-detail'><h2 class=\"entry-title\"><a data-id=\"17089\" class=\"\" href=\"https:\/\/deberkel.info\/de\/nieuwsbrief-berkeldal-wrij-sommer-2023\/\">Informationsblatt Berkeltal, Sommer 2023<\/a><\/h2><div class='post-meta-user  '><span class='date'><i class='far fa-calendar-alt '><\/i>6 Juli 2023<\/span><\/div><div class='tpg-excerpt'>\u201aWaterschap Rijn en IJssel\u2018 hat wieder ein Informationsblatt ver\u00f6ffentlicht f\u00fcr das Berkeltal: Version Sommer 2023 <a href=\"https:\/\/deberkel.info\/de\/nieuwsbrief-berkeldal-wrij-sommer-2023\/\">Weiterlesen &rarr;<\/a>...<\/div><div class='post-meta '><span class='read-more'><a data-id='17089' class='' href='https:\/\/deberkel.info\/de\/nieuwsbrief-berkeldal-wrij-sommer-2023\/'>...<\/a><\/span><\/div><\/div><\/div><\/div><div class=\"rt-col-md-12 rt-col-sm-6 rt-col-xs-12 even-grid-item rt-grid-item\" data-id=\"16700\"><div class=\"rt-holder\"><div class=\"rt-img-holder\"><a data-id=\"16700\" class=\"\" href=\"https:\/\/deberkel.info\/de\/nieuwsbrief-berkeldal-wrij-februari-2023\/\"><img loading=\"lazy\" decoding=\"async\" width=\"350\" height=\"288\" src=\"https:\/\/deberkel.info\/wp-content\/uploads\/2023\/03\/stuwbrug_de_velhorst-350x288.jpg\" class=\"rt-img-responsive \" alt=\"\" \/><\/a><\/div><div class='rt-detail'><h2 class=\"entry-title\"><a data-id=\"16700\" class=\"\" href=\"https:\/\/deberkel.info\/de\/nieuwsbrief-berkeldal-wrij-februari-2023\/\">Informationsblatt Berkeltal, Februar 2023<\/a><\/h2><div class='post-meta-user  '><span class='date'><i class='far fa-calendar-alt '><\/i>21 M\u00e4rz 2023<\/span><\/div><div class='tpg-excerpt'>\u201aWaterschap Rijn en IJssel\u2018 hat wieder ein Informationsblatt ver\u00f6ffentlicht f\u00fcr das Berkeltal: Version Februar 2023 <a href=\"https:\/\/deberkel.info\/de\/nieuwsbrief-berkeldal-wrij-februari-2023\/\">Weiterlesen &rarr;<\/a>...<\/div><div class='post-meta '><span class='read-more'><a data-id='16700' class='' href='https:\/\/deberkel.info\/de\/nieuwsbrief-berkeldal-wrij-februari-2023\/'>...<\/a><\/span><\/div><\/div><\/div><\/div><div class=\"rt-col-md-12 rt-col-sm-6 rt-col-xs-12 even-grid-item rt-grid-item\" data-id=\"16237\"><div class=\"rt-holder\"><div class=\"rt-img-holder\"><a data-id=\"16237\" class=\"\" href=\"https:\/\/deberkel.info\/de\/informationsblatt-berkeltal-wrij-november-2022\/\"><img loading=\"lazy\" decoding=\"async\" width=\"600\" height=\"264\" src=\"https:\/\/deberkel.info\/wp-content\/uploads\/2022\/12\/TekeningDwarsdoorsnedeBerkelNatuurvriendelijkeOever-600x264-1.jpg\" class=\"rt-img-responsive \" alt=\"\" \/><\/a><\/div><div class='rt-detail'><h2 class=\"entry-title\"><a data-id=\"16237\" class=\"\" href=\"https:\/\/deberkel.info\/de\/informationsblatt-berkeltal-wrij-november-2022\/\">Informationsblatt Berkeltal, WRIJ November 2022<\/a><\/h2><div class='post-meta-user  '><span class='date'><i class='far fa-calendar-alt '><\/i>13 Dezember 2022<\/span><\/div><div class='tpg-excerpt'>Das 'Waterschap Rijn en IJssel' hat wieder ein Informationsblatt ver\u00f6ffentlicht \u00fcber das Berkeltal: Version November 2022 <a href=\"https:\/\/deberkel.info\/de\/informationsblatt-berkeltal-wrij-november-2022\/\">Weiterlesen &rarr;<\/a>...<\/div><div class='post-meta '><span class='read-more'><a data-id='16237' class='' href='https:\/\/deberkel.info\/de\/informationsblatt-berkeltal-wrij-november-2022\/'>...<\/a><\/span><\/div><\/div><\/div><\/div><\/div><div class='rt-pagination-wrap' data-total-pages='2' data-posts-per-page='10' data-type='pagination'  ><div class=\"rt-pagination\" ><ul class=\"pagination-list\"><li class=\"active\"><span>1<\/span><\/li><li><a data-paged='2' href='https:\/\/deberkel.info\/de\/wp-json\/wp\/v2\/pages\/11389\/page\/2\/'>2<\/a><\/li><\/ul><\/div><\/div><\/div>\n","protected":false},"excerpt":{"rendered":"<p>Der Wasserverband &#8218;Rijn en IJssel&#8216; publiziert regelm\u00e4ssig Mitteilungsbl\u00e4tter f\u00fcr das Berkeltal. Auf dieser Seite eine Liste mit Mitteilungsbl\u00e4ttern. <a href=\"https:\/\/deberkel.info\/de\/informationsblatt-berkeltal-wrij-november-2022\/\">Weiterlesen <span class=\"meta-nav\">&rarr;<\/span><\/a><\/p>\n","protected":false},"author":1,"featured_media":0,"parent":0,"menu_order":0,"comment_status":"closed","ping_status":"closed","template":"","meta":{"_exactmetrics_skip_tracking":false,"_exactmetrics_sitenote_active":false,"_exactmetrics_sitenote_note":"","_exactmetrics_sitenote_category":0,"ngg_post_thumbnail":0,"_locale":"de_DE","_original_post":"11386","footnotes":"","_links_to":"","_links_to_target":""},"class_list":["post-11389","page","type-page","status-publish","hentry","de-DE"],"yoast_head":"<!-- This site is optimized with the Yoast SEO plugin v27.5 - https:\/\/yoast.com\/product\/yoast-seo-wordpress\/ -->\n<title>Berkeltal Nachrichten WRIJ - Berkel Info<\/title>\n<meta name=\"robots\" content=\"index, follow, max-snippet:-1, max-image-preview:large, max-video-preview:-1\" \/>\n<link rel=\"canonical\" href=\"https:\/\/deberkel.info\/de\/berkeltal-nachrichten-wrij\/\" \/>\n<meta property=\"og:locale\" content=\"de_DE\" \/>\n<meta property=\"og:type\" content=\"article\" \/>\n<meta property=\"og:title\" content=\"Berkeltal Nachrichten WRIJ - Berkel Info\" \/>\n<meta property=\"og:description\" content=\"Der Wasserverband &#8218;Rijn en IJssel&#8216; publiziert regelm\u00e4ssig Mitteilungsbl\u00e4tter f\u00fcr das Berkeltal. Auf dieser Seite eine Liste mit Mitteilungsbl\u00e4ttern. Weiterlesen &rarr;\" \/>\n<meta property=\"og:url\" content=\"https:\/\/deberkel.info\/de\/berkeltal-nachrichten-wrij\/\" \/>\n<meta property=\"og:site_name\" content=\"Berkel Info\" \/>\n<meta property=\"article:modified_time\" content=\"2019-12-28T21:39:32+00:00\" \/>\n<meta name=\"twitter:card\" content=\"summary_large_image\" \/>\n<script type=\"application\/ld+json\" class=\"yoast-schema-graph\">{\"@context\":\"https:\\\/\\\/schema.org\",\"@graph\":[{\"@type\":\"WebPage\",\"@id\":\"https:\\\/\\\/deberkel.info\\\/de\\\/berkeltal-nachrichten-wrij\\\/\",\"url\":\"https:\\\/\\\/deberkel.info\\\/de\\\/berkeltal-nachrichten-wrij\\\/\",\"name\":\"Berkeltal Nachrichten WRIJ - Berkel Info\",\"isPartOf\":{\"@id\":\"https:\\\/\\\/deberkel.info\\\/#website\"},\"datePublished\":\"2019-12-24T16:37:16+00:00\",\"dateModified\":\"2019-12-28T21:39:32+00:00\",\"breadcrumb\":{\"@id\":\"https:\\\/\\\/deberkel.info\\\/de\\\/berkeltal-nachrichten-wrij\\\/#breadcrumb\"},\"inLanguage\":\"de\",\"potentialAction\":[{\"@type\":\"ReadAction\",\"target\":[\"https:\\\/\\\/deberkel.info\\\/de\\\/berkeltal-nachrichten-wrij\\\/\"]}]},{\"@type\":\"BreadcrumbList\",\"@id\":\"https:\\\/\\\/deberkel.info\\\/de\\\/berkeltal-nachrichten-wrij\\\/#breadcrumb\",\"itemListElement\":[{\"@type\":\"ListItem\",\"position\":1,\"name\":\"Home\",\"item\":\"https:\\\/\\\/deberkel.info\\\/de\\\/\"},{\"@type\":\"ListItem\",\"position\":2,\"name\":\"Berkeltal Nachrichten WRIJ\"}]},{\"@type\":\"WebSite\",\"@id\":\"https:\\\/\\\/deberkel.info\\\/#website\",\"url\":\"https:\\\/\\\/deberkel.info\\\/\",\"name\":\"Berkel Info\",\"description\":\"Alles over de Berkel en het Berkeldal, van Billerbeck tot Zutphen\",\"potentialAction\":[{\"@type\":\"SearchAction\",\"target\":{\"@type\":\"EntryPoint\",\"urlTemplate\":\"https:\\\/\\\/deberkel.info\\\/?s={search_term_string}\"},\"query-input\":{\"@type\":\"PropertyValueSpecification\",\"valueRequired\":true,\"valueName\":\"search_term_string\"}}],\"inLanguage\":\"de\"}]}<\/script>\n<!-- \/ Yoast SEO plugin. -->","yoast_head_json":{"title":"Berkeltal Nachrichten WRIJ - Berkel Info","robots":{"index":"index","follow":"follow","max-snippet":"max-snippet:-1","max-image-preview":"max-image-preview:large","max-video-preview":"max-video-preview:-1"},"canonical":"https:\/\/deberkel.info\/de\/berkeltal-nachrichten-wrij\/","og_locale":"de_DE","og_type":"article","og_title":"Berkeltal Nachrichten WRIJ - Berkel Info","og_description":"Der Wasserverband &#8218;Rijn en IJssel&#8216; publiziert regelm\u00e4ssig Mitteilungsbl\u00e4tter f\u00fcr das Berkeltal. Auf dieser Seite eine Liste mit Mitteilungsbl\u00e4ttern. Weiterlesen &rarr;","og_url":"https:\/\/deberkel.info\/de\/berkeltal-nachrichten-wrij\/","og_site_name":"Berkel Info","article_modified_time":"2019-12-28T21:39:32+00:00","twitter_card":"summary_large_image","schema":{"@context":"https:\/\/schema.org","@graph":[{"@type":"WebPage","@id":"https:\/\/deberkel.info\/de\/berkeltal-nachrichten-wrij\/","url":"https:\/\/deberkel.info\/de\/berkeltal-nachrichten-wrij\/","name":"Berkeltal Nachrichten WRIJ - Berkel Info","isPartOf":{"@id":"https:\/\/deberkel.info\/#website"},"datePublished":"2019-12-24T16:37:16+00:00","dateModified":"2019-12-28T21:39:32+00:00","breadcrumb":{"@id":"https:\/\/deberkel.info\/de\/berkeltal-nachrichten-wrij\/#breadcrumb"},"inLanguage":"de","potentialAction":[{"@type":"ReadAction","target":["https:\/\/deberkel.info\/de\/berkeltal-nachrichten-wrij\/"]}]},{"@type":"BreadcrumbList","@id":"https:\/\/deberkel.info\/de\/berkeltal-nachrichten-wrij\/#breadcrumb","itemListElement":[{"@type":"ListItem","position":1,"name":"Home","item":"https:\/\/deberkel.info\/de\/"},{"@type":"ListItem","position":2,"name":"Berkeltal Nachrichten WRIJ"}]},{"@type":"WebSite","@id":"https:\/\/deberkel.info\/#website","url":"https:\/\/deberkel.info\/","name":"Berkel Info","description":"Alles over de Berkel en het Berkeldal, van Billerbeck tot Zutphen","potentialAction":[{"@type":"SearchAction","target":{"@type":"EntryPoint","urlTemplate":"https:\/\/deberkel.info\/?s={search_term_string}"},"query-input":{"@type":"PropertyValueSpecification","valueRequired":true,"valueName":"search_term_string"}}],"inLanguage":"de"}]}},"rttpg_featured_image_url":null,"rttpg_author":{"display_name":"berkelcompagnie","author_link":"https:\/\/deberkel.info\/author\/berkelcompagnie\/"},"rttpg_comment":0,"rttpg_category":"","rttpg_excerpt":"Der Wasserverband &#8218;Rijn en IJssel&#8216; publiziert regelm\u00e4ssig Mitteilungsbl\u00e4tter f\u00fcr das Berkeltal. Auf dieser Seite eine Liste mit Mitteilungsbl\u00e4ttern. Weiterlesen &rarr;","_links":{"self":[{"href":"https:\/\/deberkel.info\/wp-json\/wp\/v2\/pages\/11389","targetHints":{"allow":["GET"]}}],"collection":[{"href":"https:\/\/deberkel.info\/wp-json\/wp\/v2\/pages"}],"about":[{"href":"https:\/\/deberkel.info\/wp-json\/wp\/v2\/types\/page"}],"author":[{"embeddable":true,"href":"https:\/\/deberkel.info\/wp-json\/wp\/v2\/users\/1"}],"replies":[{"embeddable":true,"href":"https:\/\/deberkel.info\/wp-json\/wp\/v2\/comments?post=11389"}],"version-history":[{"count":2,"href":"https:\/\/deberkel.info\/wp-json\/wp\/v2\/pages\/11389\/revisions"}],"predecessor-version":[{"id":11426,"href":"https:\/\/deberkel.info\/wp-json\/wp\/v2\/pages\/11389\/revisions\/11426"}],"wp:attachment":[{"href":"https:\/\/deberkel.info\/wp-json\/wp\/v2\/media?parent=11389"}],"curies":[{"name":"wp","href":"https:\/\/api.w.org\/{rel}","templated":true}]}}