{"id":1248,"date":"2018-04-05T09:51:15","date_gmt":"2018-04-05T09:51:15","guid":{"rendered":"http:\/\/deberkel.info\/?page_id=1248"},"modified":"2018-04-08T13:06:07","modified_gmt":"2018-04-08T13:06:07","slug":"sitemap","status":"publish","type":"page","link":"https:\/\/deberkel.info\/de\/sitemap\/","title":{"rendered":"Sitemap"},"content":{"rendered":"<div class=\"wsp-container\"><h2 class=\"wsp-pages-title\">Seiten<\/h2>\n<ul class=\"wsp-pages-list\">\n<li class=\"page_item page-item-1065\"><a href=\"https:\/\/deberkel.info\/de\/beleef-de-berkel-almen-zutphen\/\">&#8218;Beleef de Berkel&#8216;: Almen &#8211; Zutphen<\/a><\/li>\n<li class=\"page_item page-item-1198\"><a href=\"https:\/\/deberkel.info\/de\/beleef-de-berkel-borculo\/\">&#8218;Beleef de Berkel&#8216;: Borculo<\/a><\/li>\n<li class=\"page_item page-item-1052\"><a href=\"https:\/\/deberkel.info\/de\/beleef-de-berkel-borculo-almen\/\">&#8218;Beleef de Berkel&#8216;: Borculo &#8211; Almen<\/a><\/li>\n<li class=\"page_item page-item-4210\"><a href=\"https:\/\/deberkel.info\/de\/1e-berkeldalbijeenkomst\/\">1. &#8218;Berkeldalbijeenkomst&#8216;<\/a><\/li>\n<li class=\"page_item page-item-4005\"><a href=\"https:\/\/deberkel.info\/de\/2e-berkeldalbijeenkomst\/\">2. &#8218;Berkeldalbijeenkomst&#8216;<\/a><\/li>\n<li class=\"page_item page-item-3989\"><a href=\"https:\/\/deberkel.info\/de\/3e-berkeldalbijeenkomst-eibergen\/\">3. &#8218;Berkeldalbijeenkomst&#8216; Eibergen<\/a><\/li>\n<li class=\"page_item page-item-8738 page_item_has_children\"><a href=\"https:\/\/deberkel.info\/de\/berkelkompanie\/\">3. Berkelkompanie<\/a>\n<ul class='children'>\n\t<li class=\"page_item page-item-11241\"><a href=\"https:\/\/deberkel.info\/de\/berkelkompanie\/2008-ausflug-bilder\/\">2008 Ausflug Bilder<\/a><\/li>\n\t<li class=\"page_item page-item-1878\"><a href=\"https:\/\/deberkel.info\/de\/berkelkompanie\/2013-ausflug-bilder\/\">2013 Ausflug Bilder<\/a><\/li>\n\t<li class=\"page_item page-item-1752\"><a href=\"https:\/\/deberkel.info\/de\/berkelkompanie\/2014-ausflug-bilder\/\">2014 Ausflug Bilder<\/a><\/li>\n\t<li class=\"page_item page-item-1552\"><a href=\"https:\/\/deberkel.info\/de\/berkelkompanie\/2015-ausflug-bilder\/\">2015 Ausflug Bilder<\/a><\/li>\n\t<li class=\"page_item page-item-938\"><a href=\"https:\/\/deberkel.info\/de\/berkelkompanie\/2016-ausflug-bilder\/\">2016 Ausflug Bilder<\/a><\/li>\n\t<li class=\"page_item page-item-935\"><a href=\"https:\/\/deberkel.info\/de\/berkelkompanie\/2017-ausflug-bilder\/\">2017 Ausflug Bilder<\/a><\/li>\n\t<li class=\"page_item page-item-7538\"><a href=\"https:\/\/deberkel.info\/de\/berkelkompanie\/2018-ausflug-bilder\/\">2018 Ausflug Bilder<\/a><\/li>\n\t<li class=\"page_item page-item-7739\"><a href=\"https:\/\/deberkel.info\/de\/berkelkompanie\/2018-freunde-exkursion\/\">2018 Freunde Exkursion Bericht<\/a><\/li>\n\t<li class=\"page_item page-item-11151\"><a href=\"https:\/\/deberkel.info\/de\/berkelkompanie\/2019-ausflug-bilder\/\">2019 Ausflug Bilder<\/a><\/li>\n\t<li class=\"page_item page-item-11280\"><a href=\"https:\/\/deberkel.info\/de\/berkelkompanie\/2019-freunde-exkursion-bericht\/\">2019 Freunde Exkursion Bericht<\/a><\/li>\n\t<li class=\"page_item page-item-16852\"><a href=\"https:\/\/deberkel.info\/de\/berkelkompanie\/2023-ausflug-bilder\/\">2023 Ausflug Bilder<\/a><\/li>\n\t<li class=\"page_item page-item-18211\"><a href=\"https:\/\/deberkel.info\/de\/berkelkompanie\/2024-ausflug-bilder\/\">2024 Ausflug Bilder<\/a><\/li>\n\t<li class=\"page_item page-item-2397\"><a href=\"https:\/\/deberkel.info\/de\/berkelkompanie\/badende-bilder-1\/\">Badende Bilder 1<\/a><\/li>\n\t<li class=\"page_item page-item-2702\"><a href=\"https:\/\/deberkel.info\/de\/berkelkompanie\/badende-bilder-2\/\">Badende Bilder 2<\/a><\/li>\n\t<li class=\"page_item page-item-2786\"><a href=\"https:\/\/deberkel.info\/de\/berkelkompanie\/badende-bilder-3\/\">Badende Bilder 3<\/a><\/li>\n\t<li class=\"page_item page-item-3643\"><a href=\"https:\/\/deberkel.info\/de\/berkelkompanie\/berkel-bootsfahrt-2006-etappe-1\/\">Berkel Bootsfahrt 2006 &#8211; Etappe 1<\/a><\/li>\n\t<li class=\"page_item page-item-4819\"><a href=\"https:\/\/deberkel.info\/de\/berkelkompanie\/bootsfahrt-vredenzutphen2006\/\">Berkel Bootsfahrt 2006 letzte Etappe<\/a><\/li>\n\t<li class=\"page_item page-item-898\"><a href=\"https:\/\/deberkel.info\/de\/berkelkompanie\/berkelausstellung\/\">Berkelausstellung: Standorte<\/a><\/li>\n\t<li class=\"page_item page-item-4557\"><a href=\"https:\/\/deberkel.info\/de\/berkelkompanie\/berkelausstellung-themen-im-wassermuseum-in-arnheim\/\">Berkelausstellung: Themen im Wassermuseum in Arnheim<\/a><\/li>\n\t<li class=\"page_item page-item-9463\"><a href=\"https:\/\/deberkel.info\/de\/berkelkompanie\/berkelkompanie-neuigkeiten\/\">Berkelkompanie Neuigkeiten<\/a><\/li>\n\t<li class=\"page_item page-item-5010\"><a href=\"https:\/\/deberkel.info\/de\/berkelkompanie\/berkelkonferenz-2013\/\">Berkelkonferenz 2013<\/a><\/li>\n\t<li class=\"page_item page-item-5597\"><a href=\"https:\/\/deberkel.info\/de\/berkelkompanie\/berkelkonferenz-2015\/\">Berkelkonferenz 2015<\/a><\/li>\n\t<li class=\"page_item page-item-1564\"><a href=\"https:\/\/deberkel.info\/de\/berkelkompanie\/berkelkonferenz-2017\/\">Berkelkonferenz 2017<\/a><\/li>\n\t<li class=\"page_item page-item-3372\"><a href=\"https:\/\/deberkel.info\/de\/berkelkompanie\/bilderwettbewerb-2013-2014\/\">Bilderwettbewerb 2013\/2014<\/a><\/li>\n\t<li class=\"page_item page-item-9816\"><a href=\"https:\/\/deberkel.info\/de\/berkelkompanie\/datenschutzerklarung-3-berkelkompanie\/\">Datenschutzerkl\u00e4rung 3. Berkelkompanie<\/a><\/li>\n\t<li class=\"page_item page-item-921\"><a href=\"\/de\/berkelkompanie\/\">Die &#8218;Stichting&#8216;<\/a><\/li>\n\t<li class=\"page_item page-item-14944\"><a href=\"https:\/\/deberkel.info\/de\/berkelkompanie\/hausordnung-freunde-der-3-berkelkompanie\/\">Hausordnung Verein Freunde der 3. Berkelkompanie<\/a><\/li>\n\t<li class=\"page_item page-item-9976\"><a href=\"https:\/\/deberkel.info\/de\/berkelkompanie\/jahresberichte-freunde-3-berkelkompanie\/\">Jahresberichte Freunde 3. Berkelkompanie<\/a><\/li>\n\t<li class=\"page_item page-item-1919\"><a href=\"https:\/\/deberkel.info\/de\/berkelkompanie\/mitglied-werden\/\">Mitglied der 3. Berkelkompanie werden<\/a><\/li>\n\t<li class=\"page_item page-item-9334\"><a href=\"https:\/\/deberkel.info\/de\/berkelkompanie\/nieuwsquellen\/\">NieuwsQuellen<\/a><\/li>\n\t<li class=\"page_item page-item-9826\"><a href=\"https:\/\/deberkel.info\/de\/berkelkompanie\/satzungen-3-berkelkompanie\/\">Satzungen der 3. Berkelkompanie<\/a><\/li>\n\t<li class=\"page_item page-item-12840\"><a href=\"https:\/\/deberkel.info\/de\/berkelkompanie\/satzungen-stichting-3-berkelkompanie\/\">Satzungen der Stichting 3. Berkelkompanie<\/a><\/li>\n\t<li class=\"page_item page-item-9569\"><a href=\"https:\/\/deberkel.info\/de\/berkelkompanie\/zompenrace-2017\/\">Zompenrace 2017<\/a><\/li>\n\t<li class=\"page_item page-item-4937\"><a href=\"https:\/\/deberkel.info\/de\/berkelkompanie\/zompenrace-2018\/\">Zompenrace 2018<\/a><\/li>\n<\/ul>\n<\/li>\n<li class=\"page_item page-item-4233\"><a href=\"https:\/\/deberkel.info\/de\/4e-berkeldalbijeenkomst-zutphen\/\">4. &#8218;Berkeldalbijeenkomst&#8216; Zutphen<\/a><\/li>\n<li class=\"page_item page-item-149\"><a href=\"https:\/\/deberkel.info\/de\/badende-projekt\/\">Badende<\/a><\/li>\n<li class=\"page_item page-item-3743\"><a href=\"https:\/\/deberkel.info\/de\/bedingungen-datenschutz-berkel-kanorally\/\">Bedingungen\/Datenschutz Berkel Kanurallye<\/a><\/li>\n<li class=\"page_item page-item-3954\"><a href=\"https:\/\/deberkel.info\/de\/berichten\/\">Berichten<\/a><\/li>\n<li class=\"page_item page-item-17068\"><a href=\"https:\/\/deberkel.info\/de\/berkel-hanse-festival-2023\/\">Berkel &#8211; Hanse &#8211; Festival 2023<\/a><\/li>\n<li class=\"page_item page-item-5970\"><a href=\"https:\/\/deberkel.info\/de\/berkel-ag\/\">Berkel AG (Berkelaktionstage)<\/a><\/li>\n<li class=\"page_item page-item-5873\"><a href=\"https:\/\/deberkel.info\/de\/berkel-energieerzeugung\/\">Berkel Energieerzeugung<\/a><\/li>\n<li class=\"page_item page-item-13390\"><a href=\"https:\/\/deberkel.info\/de\/berkel-in-der-stadt-zutphen\/\">Berkel in der Stadt (Zutphen)<\/a><\/li>\n<li class=\"page_item page-item-868\"><a href=\"https:\/\/deberkel.info\/de\/berkelkanurallye\/\">Berkel Kanurallye<\/a><\/li>\n<li class=\"page_item page-item-8511\"><a href=\"https:\/\/deberkel.info\/de\/berkelorte\/\">Berkel Orte<\/a><\/li>\n<li class=\"page_item page-item-4642\"><a href=\"https:\/\/deberkel.info\/de\/publikationen\/\">Berkel Publikationen<\/a><\/li>\n<li class=\"page_item page-item-2822\"><a href=\"https:\/\/deberkel.info\/de\/berkelradroute\/\">Berkel Radroute<\/a><\/li>\n<li class=\"page_item page-item-10259\"><a href=\"https:\/\/deberkel.info\/de\/berkel-schwimm-marathon-almen\/\">Berkel Schwimm Marathon Almen<\/a><\/li>\n<li class=\"page_item page-item-13459\"><a href=\"https:\/\/deberkel.info\/de\/berkel-loo-lauf\/\">Berkel-Loo Lauf<\/a><\/li>\n<li class=\"page_item page-item-15182\"><a href=\"https:\/\/deberkel.info\/de\/berkel-run\/\">Berkel-Run: Staffellauf l\u00e4ngs der Berkel<\/a><\/li>\n<li class=\"page_item page-item-9255\"><a href=\"https:\/\/deberkel.info\/de\/berkelfestival-2019\/\">Berkelfestival 2019<\/a><\/li>\n<li class=\"page_item page-item-11632\"><a href=\"https:\/\/deberkel.info\/de\/berkelfestival-2020\/\">Berkelfestival 2020<\/a><\/li>\n<li class=\"page_item page-item-14360\"><a href=\"https:\/\/deberkel.info\/de\/berkelfestival-2021\/\">Berkelfestival 2021<\/a><\/li>\n<li class=\"page_item page-item-15346\"><a href=\"https:\/\/deberkel.info\/de\/berkelfestival-2022\/\">Berkelfestival 2022<\/a><\/li>\n<li class=\"page_item page-item-18392\"><a href=\"https:\/\/deberkel.info\/de\/berkelfestival-2024\/\">Berkelfestival 2024<\/a><\/li>\n<li class=\"page_item page-item-14020\"><a href=\"https:\/\/deberkel.info\/de\/berkelinfo-wrij\/\">Berkelinfo WRIJ<\/a><\/li>\n<li class=\"page_item page-item-5983\"><a href=\"https:\/\/deberkel.info\/de\/berkeln-2018-2020\/\">Berkeln 2018-2020<\/a><\/li>\n<li class=\"page_item page-item-12259\"><a href=\"https:\/\/deberkel.info\/de\/berkelspaziergang-billerbeck\/\">Berkelspaziergang Billerbeck<\/a><\/li>\n<li class=\"page_item page-item-14252\"><a href=\"https:\/\/deberkel.info\/de\/berkeltal-nachrichten\/\">Berkeltal Nachrichten<\/a><\/li>\n<li class=\"page_item page-item-11389\"><a href=\"https:\/\/deberkel.info\/de\/berkeltal-nachrichten-wrij\/\">Berkeltal Nachrichten WRIJ<\/a><\/li>\n<li class=\"page_item page-item-6448\"><a href=\"https:\/\/deberkel.info\/de\/bilder-berkelkanurallye-2018\/\">Bilder Berkelkanurallye 2018<\/a><\/li>\n<li class=\"page_item page-item-10532\"><a href=\"https:\/\/deberkel.info\/de\/bilder-berkelkanurallye-2019\/\">Bilder Berkelkanurallye 2019<\/a><\/li>\n<li class=\"page_item page-item-10411\"><a href=\"https:\/\/deberkel.info\/de\/bilder-praesentation-bert-dijkhuizen-berkelschippers-berkelkonferenz-2019\/\">Bilder Pr\u00e4sentation Bert Dijkhuizen Berkelschippers Berkelkonferenz 2019<\/a><\/li>\n<li class=\"page_item page-item-2951\"><a href=\"https:\/\/deberkel.info\/de\/bilderreise-von-billerbeck-bis-zutphen\/\">Bilderreise von Billerbeck bis Zutphen<\/a><\/li>\n<li class=\"page_item page-item-8955\"><a href=\"https:\/\/deberkel.info\/de\/blog\/\">Blog<\/a><\/li>\n<li class=\"page_item page-item-6805\"><a href=\"https:\/\/deberkel.info\/de\/caarte-van-de-rivier-den-berkel\/\">Caarte van de Rivier den Berkel (1763)<\/a><\/li>\n<li class=\"page_item page-item-6836\"><a href=\"https:\/\/deberkel.info\/de\/die-3-berkelverbesserungen-1893-1977\/\">Die 3 Berkel Verbesserungen (1893 &#8211; 1977)<\/a><\/li>\n<li class=\"page_item page-item-12576\"><a href=\"https:\/\/deberkel.info\/de\/die-berkel-in-borculo-im-laufe-der-zeit\/\">Die Berkel in Borculo im Laufe der Zeit<\/a><\/li>\n<li class=\"page_item page-item-12590\"><a href=\"https:\/\/deberkel.info\/de\/berkel-in-eibergen-im-laufe-der-zeit\/\">Die Berkel in Eibergen im Laufe der Zeit<\/a><\/li>\n<li class=\"page_item page-item-12563\"><a href=\"https:\/\/deberkel.info\/de\/die-berkel-in-lochem-im-laufe-der-zeit\/\">Die Berkel in Lochem im Laufe der Zeit<\/a><\/li>\n<li class=\"page_item page-item-19946\"><a href=\"https:\/\/deberkel.info\/de\/berkel-in-zutphen-im-laufe-der-zeit\/\">Die Berkel in Zutphen im Laufe der Zeit<\/a><\/li>\n<li class=\"page_item page-item-9092\"><a href=\"https:\/\/deberkel.info\/\">Die Berkel und das Berkeltal<\/a><\/li>\n<li class=\"page_item page-item-2808\"><a href=\"https:\/\/deberkel.info\/de\/die-berkel-leben-mit-dem-fluss\/\">Die Berkel! Leben mit dem Fluss: Stadtlohn<\/a><\/li>\n<li class=\"page_item page-item-12732\"><a href=\"https:\/\/deberkel.info\/de\/naechste-informationsblatt-berichte\/\">Die letzte Information \u00fcber die Berkel und das Berkeltal<\/a><\/li>\n<li class=\"page_item page-item-7122\"><a href=\"https:\/\/deberkel.info\/de\/ijsselkai-berkelmuendung-zutphen\/\">IJsselkai \/ Berkelm\u00fcndung Zutphen<\/a><\/li>\n<li class=\"page_item page-item-4414\"><a href=\"https:\/\/deberkel.info\/de\/kanuvereine-an-die-berkel\/\">Kanuvereine an die Berkel<\/a><\/li>\n<li class=\"page_item page-item-5409\"><a href=\"https:\/\/deberkel.info\/de\/lauf-der-berkel-im-mittelalter\/\">Lauf der Berkel im Mittelalter<\/a><\/li>\n<li class=\"page_item page-item-5139\"><a href=\"https:\/\/deberkel.info\/de\/laufen-im-berkel-gebiet\/\">Laufen im Berkel Gebiet<\/a><\/li>\n<li class=\"page_item page-item-6998\"><a href=\"https:\/\/deberkel.info\/de\/leef-in-borculo-plan-de-berkel\/\">Leef! in Borculo: Plan de Berkel<\/a><\/li>\n<li class=\"page_item page-item-950\"><a href=\"https:\/\/deberkel.info\/de\/links\/\">Links<\/a><\/li>\n<li class=\"page_item page-item-4494\"><a href=\"https:\/\/deberkel.info\/de\/nachrichten\/\">Nachrichten<\/a><\/li>\n<li class=\"page_item page-item-3676\"><a href=\"https:\/\/deberkel.info\/de\/naturberkel-coesfeld\/\">NaturBERKEL Coesfeld<\/a><\/li>\n<li class=\"page_item page-item-11947\"><a href=\"https:\/\/deberkel.info\/de\/naturnahe-entwicklung-der-berkel-und-berkelquelle-billerbeck\/\">Naturnahe Entwicklung der Berkel und Berkelquelle (Billerbeck)<\/a><\/li>\n<li class=\"page_item page-item-5728\"><a href=\"https:\/\/deberkel.info\/de\/presseberichte-aelter\/\">Presseberichte (viel) \u00c4lter<\/a><\/li>\n<li class=\"page_item page-item-6097\"><a href=\"https:\/\/deberkel.info\/de\/presseberichte-aus-2001\/\">Presseberichte aus 2001<\/a><\/li>\n<li class=\"page_item page-item-12974\"><a href=\"https:\/\/deberkel.info\/de\/presseberichte-aus-2002\/\">Presseberichte aus 2002<\/a><\/li>\n<li class=\"page_item page-item-3897\"><a href=\"https:\/\/deberkel.info\/de\/presseberichte-aus-2016\/\">Presseberichte aus 2016<\/a><\/li>\n<li class=\"page_item page-item-3891\"><a href=\"https:\/\/deberkel.info\/de\/presseberichte-aus-2017\/\">Presseberichte aus 2017<\/a><\/li>\n<li class=\"page_item page-item-3877\"><a href=\"https:\/\/deberkel.info\/de\/presseberichte-aus-2018\/\">Presseberichte aus 2018<\/a><\/li>\n<li class=\"page_item page-item-8662\"><a href=\"https:\/\/deberkel.info\/de\/presseberichte-aus-2019\/\">Presseberichte aus 2019<\/a><\/li>\n<li class=\"page_item page-item-12954\"><a href=\"https:\/\/deberkel.info\/de\/presseberichte-aus-2020\/\">Presseberichte aus 2020<\/a><\/li>\n<li class=\"page_item page-item-14049\"><a href=\"https:\/\/deberkel.info\/de\/presseberichte-aus-2021\/\">Presseberichte aus 2021<\/a><\/li>\n<li class=\"page_item page-item-15236\"><a href=\"https:\/\/deberkel.info\/de\/presseberichte-aus-2022\/\">Presseberichte aus 2022<\/a><\/li>\n<li class=\"page_item page-item-16293\"><a href=\"https:\/\/deberkel.info\/de\/projekt-neue-bruecke-berkel-borculo\/\">Projekt neue br\u00fccke Berkel Borculo<\/a><\/li>\n<li class=\"page_item page-item-9991\"><a href=\"https:\/\/deberkel.info\/de\/radfahren-durch-das-land-der-berkel-routefuhrer-von-anoda\/\">Radfahren durch das Land der Berkel: Routef\u00fchrer von Anoda<\/a><\/li>\n<li class=\"page_item page-item-4531\"><a href=\"https:\/\/deberkel.info\/de\/radfahren-im-berkel-gebiet\/\">Radfahren im Berkel Gebiet<\/a><\/li>\n<li class=\"page_item page-item-5266\"><a href=\"https:\/\/deberkel.info\/de\/realisierte-berkel-projekte\/\">Realisierte Berkel Projekte<\/a><\/li>\n<li class=\"page_item page-item-11791\"><a href=\"https:\/\/deberkel.info\/de\/renaturierung-berkel-vreden-rekken\/\">Renaturierung Berkel Vreden-Rekken<\/a><\/li>\n<li class=\"page_item page-item-7719\"><a href=\"https:\/\/deberkel.info\/de\/renovierung-anlegestelle-fluesterboote-integration-alter-klostermauer\/\">Renovierung  Anlegestelle  Fl\u00fcsterboote: Integration alter Klostermauer<\/a><\/li>\n<li class=\"page_item page-item-4341\"><a href=\"https:\/\/deberkel.info\/de\/rundfahrten-auf-die-berkel\/\">Rundfahrten auf die Berkel<\/a><\/li>\n<li class=\"page_item page-item-1248\"><a href=\"https:\/\/deberkel.info\/de\/sitemap\/\">Sitemap<\/a><\/li>\n<li class=\"page_item page-item-14455\"><a href=\"https:\/\/deberkel.info\/de\/spirituelle-orte-entlang-der-berkel\/\">Spirituelle Orte entlang der Berkel<\/a><\/li>\n<li class=\"page_item page-item-931\"><a href=\"https:\/\/deberkel.info\/de\/ueber-die-berkel\/\">\u00dcber die Berkel<\/a><\/li>\n<li class=\"page_item page-item-5180\"><a href=\"https:\/\/deberkel.info\/de\/ueberdeckte-berkelbruecken\/\">\u00dcberdeckte Berkelbr\u00fccken<\/a><\/li>\n<li class=\"page_item page-item-1186\"><a href=\"https:\/\/deberkel.info\/de\/berkelstadt-coesfeld\/\">Urbane Berkel in BerkelSTADT Coesfeld<\/a><\/li>\n<li class=\"page_item page-item-4478\"><a href=\"https:\/\/deberkel.info\/de\/kanuverleih-an-die-berkel\/\">Vermietung Kanus und mehr &#8218;Wasserfun&#8216; an die Berkel<\/a><\/li>\n<li class=\"page_item page-item-12616\"><a href=\"https:\/\/deberkel.info\/de\/videofilme\/\">Videofilme<\/a><\/li>\n<li class=\"page_item page-item-13494 page_item_has_children\"><a href=\"https:\/\/deberkel.info\/de\/vrienden-van-de-berkel\/\">Vrienden van de Berkel<\/a>\n<ul class='children'>\n\t<li class=\"page_item page-item-13544\"><a href=\"https:\/\/deberkel.info\/de\/vrienden-van-de-berkel\/vrienden-van-de-berkel-geschichte\/\">Geschichte Vrienden van de Berkel<\/a><\/li>\n\t<li class=\"page_item page-item-13634\"><a href=\"https:\/\/deberkel.info\/de\/vrienden-van-de-berkel\/vrienden-van-de-berkel-die-liste\/\">Liste Vrienden van de Berkel<\/a><\/li>\n\t<li class=\"page_item page-item-13604\"><a href=\"https:\/\/deberkel.info\/de\/vrienden-van-de-berkel\/vrienden-van-de-berkel-nachrichten\/\">Nachrichten &#8218;Vrienden van de Berkel&#8216;<\/a><\/li>\n\t<li class=\"page_item page-item-13483\"><a href=\"https:\/\/deberkel.info\/de\/vrienden-van-de-berkel\/vrienden-van-de-berkel-programm\/\">Programm Vrienden van de Berkel<\/a><\/li>\n\t<li class=\"page_item page-item-13536\"><a href=\"https:\/\/deberkel.info\/de\/vrienden-van-de-berkel\/vrienden-van-de-berkel-region\/\">Region Vrienden van de Berkel<\/a><\/li>\n\t<li class=\"page_item page-item-13527\"><a href=\"https:\/\/deberkel.info\/de\/vrienden-van-de-berkel\/vrienden-van-de-berkel-themen\/\">Themen Vrienden van de Berkel<\/a><\/li>\n\t<li class=\"page_item page-item-13505\"><a href=\"https:\/\/deberkel.info\/de\/vrienden-van-de-berkel\/vrienden-van-de-berkel-videos\/\">Videos Vrienden van de Berkel<\/a><\/li>\n<\/ul>\n<\/li>\n<li class=\"page_item page-item-4312\"><a href=\"https:\/\/deberkel.info\/de\/presentation-mitmachen-berkelfestival\/\">Was ist das Berkelfestival: mach mit<\/a><\/li>\n<li class=\"page_item page-item-11693\"><a href=\"https:\/\/deberkel.info\/de\/zin-in-almen\/\">Zin in Almen<\/a><\/li>\n<li class=\"page_item page-item-144\"><a href=\"https:\/\/deberkel.info\/de\/intro\/\">Intro<\/a><\/li>\n<\/ul>\n<h2 class=\"wsp-posts-title\">Beitr\u00e4ge nach Kategorie<\/h2>\n<ul class=\"wsp-posts-list\">\n\t<li><strong class=\"wsp-category-title\">Kategorie: <a href=\"https:\/\/deberkel.info\/de\/3e-berkelcompagnie-nieuws\/\">3. Berkelkompanie<\/a><\/strong>\n<ul class=\"wsp-posts-list\">\t\t<li class=\"wsp-post\"><a href=\"\/de\/berkelfestival-2026\/\">Neue Informationen zum Berkelfestival 2026 in Coesfeld<\/a><\/li>\n\t\t<li class=\"wsp-post\"><a href=\"\/berkelfestival-2026\/\">Nieuwe informatie Berkelfestival 2026 in Coesfeld<\/a><\/li>\n\t\t<li class=\"wsp-post\"><a href=\"https:\/\/deberkel.info\/de\/nieuwsquelle-22-1\/\">NieuwsQuelle 22-1<\/a><\/li>\n\t\t<li class=\"wsp-post\"><a href=\"https:\/\/deberkel.info\/nieuwsquelle-22-1\/\">NieuwsQuelle 22-1<\/a><\/li>\n\t\t<li class=\"wsp-post\"><a href=\"https:\/\/deberkel.info\/de\/berkelfestival-2026\/\">Berkelfestival 2026 am 6. September in Coesfeld<\/a><\/li>\n\t\t<li class=\"wsp-post\"><a href=\"https:\/\/deberkel.info\/berkelfestival-2026\/\">Berkelfestival 2026 op 6 september in Coesfeld<\/a><\/li>\n\t\t<li class=\"wsp-post\"><a href=\"\/de\/berkelkanurallye\">8. Berkel Kanurallye in 2026 am 12. und 13. September<\/a><\/li>\n\t\t<li class=\"wsp-post\"><a href=\"\/berkelkanorally\">8e Berkel Kanorally in 2026 op12 en 13 september<\/a><\/li>\n\t\t<li class=\"wsp-post\"><a href=\"https:\/\/deberkel.info\/de\/save-the-date-neue-berkelkompanie-exkursion-12-juni-2026\/\">Save the date: Neue Berkelkompanie Exkursion 12. Juni 2026<\/a><\/li>\n\t\t<li class=\"wsp-post\"><a href=\"https:\/\/deberkel.info\/save-the-date-nieuwe-berkelcompagnie-excursie-12-juni-2026\/\">Save the date: Nieuwe Berkelcompagnie Excursie 12 juni 2026<\/a><\/li>\n\t\t<li class=\"wsp-post\"><a href=\"https:\/\/deberkel.info\/de\/berkelkonferenz-2026-in-stadtlohn\/\">Berkelkonferenz 2026 in Stadtlohn<\/a><\/li>\n\t\t<li class=\"wsp-post\"><a href=\"https:\/\/deberkel.info\/berkelconferentie-2026-in-stadtlohn\/\">Berkelconferentie 2026 in Stadtlohn<\/a><\/li>\n\t\t<li class=\"wsp-post\"><a href=\"https:\/\/deberkel.info\/de\/bilder-bericht-berkel-kanurallye-2025\/\">Bilder \/ Bericht Berkel Kanurallye 2025<\/a><\/li>\n\t\t<li class=\"wsp-post\"><a href=\"https:\/\/deberkel.info\/fotos-verslag-berkel-kanorally-2025\/\">Foto&#8217;s \/ Verslag Berkel Kanorally 2025<\/a><\/li>\n\t\t<li class=\"wsp-post\"><a href=\"https:\/\/deberkel.info\/de\/kunst-ohne-grenzen-entlang-der-berkel-von-der-quelle-bis-zur-muendung\/\">Kunst ohne Grenzen entlang der Berkel: von der Quelle bis zur M\u00fcndung<\/a><\/li>\n\t\t<li class=\"wsp-post\"><a href=\"https:\/\/deberkel.info\/kunst-zonder-grenzen-langs-de-berkel-van-de-bron-tot-de-monding\/\">Kunst zonder grenzen langs de Berkel: van de bron tot de monding<\/a><\/li>\n\t\t<li class=\"wsp-post\"><a href=\"https:\/\/deberkel.info\/de\/2025-exkursion-bilder\/\">2025 Exkursion Bilder<\/a><\/li>\n\t\t<li class=\"wsp-post\"><a href=\"https:\/\/deberkel.info\/2025-excursie-fotos\/\">2025 Excursie Foto&#8217;s<\/a><\/li>\n\t\t<li class=\"wsp-post\"><a href=\"https:\/\/deberkel.info\/de\/berkel-exkursion-am-16-mai-2025\/\">Berkel Exkursion am 16. Mai 2025<\/a><\/li>\n\t\t<li class=\"wsp-post\"><a href=\"https:\/\/deberkel.info\/berkel-excursie-op-16-mei-2025\/\">Berkel Excursie op 16 mei 2025<\/a><\/li>\n\t\t<li class=\"wsp-post\"><a href=\"https:\/\/deberkel.info\/de\/nieuwsquelle-21-2\/\">NieuwsQuelle 21-2<\/a><\/li>\n\t\t<li class=\"wsp-post\"><a href=\"https:\/\/deberkel.info\/nieuwsquelle-21-2\/\">NieuwsQuelle 21-2<\/a><\/li>\n\t\t<li class=\"wsp-post\"><a href=\"https:\/\/deberkel.info\/de\/allgemeine-zeitung-berkel-kommunen-gruenden-raad-van-advies\/\">Allgemeine Zeitung: Berkel Kommunen gr\u00fcnden &#8222;Raad van Advies&#8220;<\/a><\/li>\n\t\t<li class=\"wsp-post\"><a href=\"https:\/\/deberkel.info\/allgemeine-zeitung-berkel-gemeentes-richten-raad-van-advies-op\/\">Allgemeine Zeitung: Berkel gemeentes richten Raad van Advies op<\/a><\/li>\n\t\t<li class=\"wsp-post\"><a href=\"https:\/\/deberkel.info\/de\/bilder-berkel-kanurallye-2024\/\">Bilder Berkel Kanurallye 2024<\/a><\/li>\n\t\t<li class=\"wsp-post\"><a href=\"https:\/\/deberkel.info\/fotos-berkel-kanorally-2024\/\">Foto&#8217;s Berkel Kanorally 2024<\/a><\/li>\n\t\t<li class=\"wsp-post\"><a href=\"https:\/\/deberkel.info\/de\/berkelfestival-2024\/#programm\">Programm Berkelfestival 2024 Billerbeck<\/a><\/li>\n\t\t<li class=\"wsp-post\"><a href=\"https:\/\/deberkel.info\/berkelfestival-2024\/#programma\">Programma Berkelfestival 2024 Billerbeck<\/a><\/li>\n\t\t<li class=\"wsp-post\"><a href=\"https:\/\/deberkel.info\/de\/pressebericht-berkelfestival-2024-billerbeck\/\">Pressebericht Berkelfestival 2024 Billerbeck<\/a><\/li>\n\t\t<li class=\"wsp-post\"><a href=\"https:\/\/deberkel.info\/bus-berkelfestival-2024-billerbeck\/\">Met de bus naar het Berkelfestival 2024 in Billerbeck<\/a><\/li>\n\t\t<li class=\"wsp-post\"><a href=\"https:\/\/deberkel.info\/de\/nieuwsquelle-21-1\/\">NieuwsQuelle 21-1<\/a><\/li>\n\t\t<li class=\"wsp-post\"><a href=\"https:\/\/deberkel.info\/nieuwsquelle-21-1\/\">NieuwsQuelle 21-1<\/a><\/li>\n\t\t<li class=\"wsp-post\"><a href=\"\/de\/berkelkonferenz-2024-in-zutphen\/\">Bericht Berkelkonferenz 2024 Zutphen<\/a><\/li>\n\t\t<li class=\"wsp-post\"><a href=\"\/berkelconferentie-2024-in-zutphen\/\">Verslag Berkelconferentie 2024 Zutphen<\/a><\/li>\n\t\t<li class=\"wsp-post\"><a href=\"https:\/\/deberkel.info\/de\/neue-struktur-3-berkelkompanie-in-allgemeine-zeitung\/\">Neue Struktur 3. Berkelkompanie in Allgemeine Zeitung<\/a><\/li>\n\t\t<li class=\"wsp-post\"><a href=\"https:\/\/deberkel.info\/nieuwe-structuur-3e-berkelcompagnie-in-allgemeine-zeitung\/\">Nieuwe structuur 3e Berkelcompagnie in Allgemeine Zeitung<\/a><\/li>\n\t\t<li class=\"wsp-post\"><a href=\"https:\/\/deberkel.info\/de\/berkelkonferenz-2024-in-zutphen\/\">Berkelkonferenz 2024 in Zutphen<\/a><\/li>\n\t\t<li class=\"wsp-post\"><a href=\"https:\/\/deberkel.info\/berkelconferentie-2024-in-zutphen\/\">Berkelconferentie 2024 in Zutphen<\/a><\/li>\n\t\t<li class=\"wsp-post\"><a href=\"\/de\/berkelkompanie\/2024-ausflug-bilder\/\">Bilder Ausflug Mitglieder der 3. Berkelkompanie 2024<\/a><\/li>\n\t\t<li class=\"wsp-post\"><a href=\"\/berkelcompagnie\/2024-excursie-fotos\/\">Foto&#8217;s excursie Leden van de 3e Berkelcompagnie 2024<\/a><\/li>\n\t\t<li class=\"wsp-post\"><a href=\"https:\/\/deberkel.info\/de\/naar-een-nieuwe-vereniging-3e-berkelcompagnie\/\">Auf dem Weg zum Verein \u201c3. Berkelkompanie\u201d<\/a><\/li>\n\t\t<li class=\"wsp-post\"><a href=\"https:\/\/deberkel.info\/naar-een-nieuwe-vereniging-3e-berkelcompagnie\/\">Naar een nieuwe Vereniging 3e Berkelcompagnie<\/a><\/li>\n\t\t<li class=\"wsp-post\"><a href=\"https:\/\/deberkel.info\/de\/nieuwsquelle-20-2\/\">NieuwsQuelle 20-2<\/a><\/li>\n\t\t<li class=\"wsp-post\"><a href=\"https:\/\/deberkel.info\/nieuwsquelle-20-2\/\">NieuwsQuelle 20-2<\/a><\/li>\n\t\t<li class=\"wsp-post\"><a href=\"\/de\/bericht-mit-bilder-berkel-kanurallye-2023\/#Teilnehmerbericht\">Die Berkel (Kanurallye) in Magazin &#8218;Kanotities&#8216; von TKBN<\/a><\/li>\n\t\t<li class=\"wsp-post\"><a href=\"\/fotos-verslag-berkel-kanorally-2023\/#AbKuling\">De Berkel (Kanorally) in magazine &#8218;Kanotities&#8216; van TKBN<\/a><\/li>\n\t\t<li class=\"wsp-post\"><a href=\"https:\/\/deberkel.info\/de\/bericht-mit-bilder-berkel-kanurallye-2023\/\">Bericht mit Bilder Berkel Kanurallye 2023<\/a><\/li>\n\t\t<li class=\"wsp-post\"><a href=\"https:\/\/deberkel.info\/fotos-verslag-berkel-kanorally-2023\/\">Foto&#8217;s \/ Verslag Berkel Kanorally 2023<\/a><\/li>\n\t\t<li class=\"wsp-post\"><a href=\"https:\/\/deberkel.info\/de\/tubantia-aankuendiging-berkel-kanurallye-2023\/\">Tubantia: Ank\u00fcndigung  Berkel Kanurallye 2023<\/a><\/li>\n\t\t<li class=\"wsp-post\"><a href=\"https:\/\/deberkel.info\/tubantia-aankondiging-berkel-kanorally-2023\/\">Tubantia: aankondiging Berkel Kanorally 2023<\/a><\/li>\n\t\t<li class=\"wsp-post\"><a href=\"\/de\/berkel-hanse-festival-2023\/\">Berkel &#8211; Hanse &#8211; Festival in Zutphen am 27. August<\/a><\/li>\n\t\t<li class=\"wsp-post\"><a href=\"\/berkel-hanze-festival-2023\/\">Berkel &#8211; Hanze &#8211; Festival in Zutphen op 27 augustus<\/a><\/li>\n\t\t<li class=\"wsp-post\"><a href=\"https:\/\/deberkel.info\/de\/nieuwsquelle-29\/\">NieuwsQuelle 29<\/a><\/li>\n\t\t<li class=\"wsp-post\"><a href=\"https:\/\/deberkel.info\/nieuwsquelle-29\/\">NieuwsQuelle 29<\/a><\/li>\n\t\t<li class=\"wsp-post\"><a href=\"\/de\/berkelkompanie\/2023-ausflug-bilder\/\">Bilder Ausflug Freunde der 3. Berkelkompanie 2023<\/a><\/li>\n\t\t<li class=\"wsp-post\"><a href=\"\/berkelcompagnie\/2023-excursie-fotos\/\">Foto&#8217;s excursie Vrienden van de 3e Berkelcompagnie 2023<\/a><\/li>\n\t\t<li class=\"wsp-post\"><a href=\"https:\/\/deberkel.info\/de\/nieuwsquelle-28\/\">NieuwsQuelle 28<\/a><\/li>\n\t\t<li class=\"wsp-post\"><a href=\"https:\/\/deberkel.info\/nieuwsquelle-28\/\">NieuwsQuelle 28<\/a><\/li>\n\t\t<li class=\"wsp-post\"><a href=\"https:\/\/deberkel.info\/de\/bilder-berkel-kanurallye-2022\/\">Bilder Berkel Kanurallye 2022<\/a><\/li>\n\t\t<li class=\"wsp-post\"><a href=\"https:\/\/deberkel.info\/fotos-berkel-kanorally-2022\/\">Foto&#8217;s Berkel Kanorally 2022<\/a><\/li>\n\t\t<li class=\"wsp-post\"><a href=\"\/de\/berkelkanurallye\">Berkel Kanurallye am 27. und 28. August 2022<\/a><\/li>\n\t\t<li class=\"wsp-post\"><a href=\"\/berkelkanorally\">Berkel Kanorally op 27 en 28 augustus 2022<\/a><\/li>\n\t\t<li class=\"wsp-post\"><a href=\"https:\/\/deberkel.info\/de\/dank-fuer-marja-schulenberg-wegen-19-jahre-bei-der-stichting-3e-berkelcompagnie\/\">Dank f\u00fcr Marja Schulenberg wegen 19 Jahre bei der Stichting 3e Berkelcompagnie<\/a><\/li>\n\t\t<li class=\"wsp-post\"><a href=\"https:\/\/deberkel.info\/marja-schulenberg-bedankt-voor-19-jaar-bij-de-stichting-3e-berkelcompagnie\/\">Marja Schulenberg bedankt voor 19 jaar bij de Stichting 3e Berkelcompagnie<\/a><\/li>\n\t\t<li class=\"wsp-post\"><a href=\"https:\/\/deberkel.info\/de\/berkelkonferenz-in-gescher\/\">Berkelkonferenz in Gescher<\/a><\/li>\n\t\t<li class=\"wsp-post\"><a href=\"https:\/\/deberkel.info\/berkelconferentie-in-gescher\/\">Berkelconferentie in Gescher<\/a><\/li>\n\t\t<li class=\"wsp-post\"><a href=\"\/de\/berkelkompanie\/berkel-run\/\">Berkel Run: Neuer Staffellauf l\u00e4ngs der Berkel<\/a><\/li>\n\t\t<li class=\"wsp-post\"><a href=\"\/berkelcompagnie\/berkel-run\/\">Berkel Run: Nieuwe estafetteloop langs de Berkel<\/a><\/li>\n\t\t<li class=\"wsp-post\"><a href=\"https:\/\/deberkel.info\/jaarverslag-2020-en-huishoudelijk-reglement-vrienden-van-de-3e-berkelcompagnie\/\">Jaarverslag 2020 en Huishoudelijk reglement Vrienden van de 3e Berkelcompagnie<\/a><\/li>\n\t\t<li class=\"wsp-post\"><a href=\"https:\/\/deberkel.info\/de\/jahresbericht-2020-und-hausordnung-freunde-der-3-berkelkompanie\/\">Jahresbericht 2020 und Hausordnung Freunde der 3. Berkelkompanie<\/a><\/li>\n\t\t<li class=\"wsp-post\"><a href=\"https:\/\/deberkel.info\/de\/nieuwsquelle-27\/\">NieuwsQuelle 27<\/a><\/li>\n\t\t<li class=\"wsp-post\"><a href=\"https:\/\/deberkel.info\/nieuwsquelle-27\/\">NieuwsQuelle 27<\/a><\/li>\n\t\t<li class=\"wsp-post\"><a href=\"https:\/\/deberkel.info\/badende-borculo-heeft-weer-een-plek-aan-de-berkel\/\">Badende Borculo heeft weer een plek aan de Berkel<\/a><\/li>\n\t\t<li class=\"wsp-post\"><a href=\"https:\/\/deberkel.info\/de\/badende-borculo-hat-wieder-eine-stelle-an-die-berkel\/\">Badende Borculo hat wieder eine Stelle an die Berkel<\/a><\/li>\n\t\t<li class=\"wsp-post\"><a href=\"https:\/\/deberkel.info\/de\/verabschiedung-arnold-gerritsen-als-vorzitzender-stiftung-3-berkelkompanie\/\">Verabschiedung Arnold Gerritsen als Vorzitzender Stiftung 3. Berkelkompanie<\/a><\/li>\n\t\t<li class=\"wsp-post\"><a href=\"https:\/\/deberkel.info\/afscheid-arnold-gerritsen-als-voorzitter-stichting-3e-berkelcompagnie\/\">Afscheid Arnold Gerritsen als voorzitter Stichting 3e Berkelcompagnie<\/a><\/li>\n\t\t<li class=\"wsp-post\"><a href=\"https:\/\/deberkel.info\/de\/12-people-to-people-euregio-preis-fuer-3-berkelkompanie\/\">12. People-to-people-EUREGIO-Preis f\u00fcr 3. Berkelkompanie<\/a><\/li>\n\t\t<li class=\"wsp-post\"><a href=\"https:\/\/deberkel.info\/12e-people-to-people-euregio-prijs-voor-3e-berkelcompagnie\/\">12e People-to-people-EUREGIO-prijs voor 3e Berkelcompagnie<\/a><\/li>\n\t\t<li class=\"wsp-post\"><a href=\"https:\/\/berkelcompagnie.com\/berkelkanorally\/#Informatie%20en%20Inschrijven\">Berkel Kanorally: er kan weer ingeschreven worden!<\/a><\/li>\n\t\t<li class=\"wsp-post\"><a href=\"https:\/\/berkelcompagnie.com\/de\/berkelkanurallye\/#Information%20und%20anmelden\">Berkel Kanurallye: Anmeldung wieder ge\u00f6ffnet!<\/a><\/li>\n\t\t<li class=\"wsp-post\"><a href=\"\/nieuwsquelle-26\/\">Nieuwsquelle Dezember 2019<\/a><\/li>\n\t\t<li class=\"wsp-post\"><a href=\"\/nieuwsquelle-26\/\">Nieuwsquelle december 2019<\/a><\/li>\n\t\t<li class=\"wsp-post\"><a href=\"\/de\/berkelkompanie\/2019-freunde-exkursion-bericht\/\">Bericht Freunde Exkursion 2019 verf\u00fcgbar<\/a><\/li>\n\t\t<li class=\"wsp-post\"><a href=\"\/berkelcompagnie\/2019-vrienden-excursie-verslag\/\">Verslag Vrienden Excursie 2019 beschikbaar<\/a><\/li>\n\t\t<li class=\"wsp-post\"><a href=\"\/de\/berkelkompanie\/2019-ausflug-bilder\/\">Bilder erfolgreiche Berkel Ausflug f\u00fcr Freunde der 3. Berkelkompanie<\/a><\/li>\n\t\t<li class=\"wsp-post\"><a href=\"\/berkelcompagnie\/2019-excursie-fotos\/\">Foto&#8217;s van de geslaagde Berkel Excursie voor Vrienden van de 3e Berkelcompagnie<\/a><\/li>\n\t\t<li class=\"wsp-post\"><a href=\"https:\/\/deberkel.info\/save-the-date-nieuwe-vrienden-excursie-25-oktober\/\">Save the date: Nieuwe Vrienden Excursie 25 Oktober<\/a><\/li>\n\t\t<li class=\"wsp-post\"><a href=\"https:\/\/deberkel.info\/de\/save-the-date-neue-freunden-exkursion-25-oktober\/\">Save the date: Neue Freunden Exkursion 25 Oktober<\/a><\/li>\n\t\t<li class=\"wsp-post\"><a href=\"https:\/\/deberkel.info\/stem-op-berkel-kanorally-bij-hart-voor-de-achterhoek\/\">Stem op Berkel Kanorally bij Hart voor de Achterhoek<\/a><\/li>\n\t\t<li class=\"wsp-post\"><a href=\"\/de\/bilder-berkelkanurallye-2019\/\">Bilder Berkel Kanurallye 2019<\/a><\/li>\n\t\t<li class=\"wsp-post\"><a href=\"\/fotos-berkelkanorally-2019\/\">Foto&#8217;s Berkel Kanorally 2019<\/a><\/li>\n\t\t<li class=\"wsp-post\"><a href=\"https:\/\/deberkel.info\/berkel-kanorally-weer-super-gezellig\/\">Berkel Kanorally weer super gezellig<\/a><\/li>\n\t\t<li class=\"wsp-post\"><a href=\"https:\/\/deberkel.info\/de\/berkel-kanurallye-wieder-super-gemutlich\/\">Berkel Kanurallye wieder super gem\u00fctlich<\/a><\/li>\n\t\t<li class=\"wsp-post\"><a href=\"\/de\/berkelkonferenz-2019\/#presentaties\">Pr\u00e4sentationen Berkelkonferenz 2019 in Gemeindehaus Berkelland platziert<\/a><\/li>\n\t\t<li class=\"wsp-post\"><a href=\"\/berkelconferentie-2019\/#presentaties\">Presentaties Berkelconferentie 2019 in gemeentehuis Berkelland geplaatst<\/a><\/li>\n\t\t<li class=\"wsp-post\"><a href=\"https:\/\/deberkel.info\/de\/stentor-konferenz-fur-beteiligte-bei-berkel\/\">Stentor: Konferenz f\u00fcr Beteiligte bei Berkel<\/a><\/li>\n\t\t<li class=\"wsp-post\"><a href=\"https:\/\/deberkel.info\/bestuurslid-vrienden-van-de-berkel-wim-ter-meulen-ridder-in-de-orde-van-oranje-nassau\/\">Bestuurslid Vrienden van de Berkelcompagnie, Wim ter Meulen, Ridder in de Orde van Oranje-Nassau<\/a><\/li>\n\t\t<li class=\"wsp-post\"><a href=\"https:\/\/deberkel.info\/de\/vorstandsmitglied-freunde-der-berkel-wim-ter-meulen-ridder-in-de-orde-van-oranje-nassau\/\">Vorstandsmitglied Freunde der Berkelkompanie, Wim ter Meulen, &#8218;Ridder in de Orde van Oranje-Nassau&#8216;<\/a><\/li>\n\t\t<li class=\"wsp-post\"><a href=\"https:\/\/deberkel.info\/de\/jaarverslag-2018-vrienden-van-de-berkelcompagnie\/\">Jahresbericht 2018 Freunde der 3. Berkelkompanie<\/a><\/li>\n\t\t<li class=\"wsp-post\"><a href=\"https:\/\/deberkel.info\/jaarverslag-2018-vrienden-van-de-berkelcompagnie\/\">Jaarverslag 2018 Vrienden van de 3e Berkelcompagnie<\/a><\/li>\n\t\t<li class=\"wsp-post\"><a href=\"https:\/\/deberkel.info\/berkelconferentie-2019\/\">Berkelconferentie 2019<\/a><\/li>\n\t\t<li class=\"wsp-post\"><a href=\"https:\/\/deberkel.info\/de\/berkelkonferenz-2019\/\">Berkelkonferenz 2019<\/a><\/li>\n\t\t<li class=\"wsp-post\"><a href=\"https:\/\/deberkel.info\/doek-valt-voor-stichting-cultuur-sport-en-spel-initiator-3e-berkelcompagnie\/\">Doek valt voor Stichting Cultuur Sport en Spel: initiator 3e Berkelcompagnie<\/a><\/li>\n\t\t<li class=\"wsp-post\"><a href=\"https:\/\/deberkel.info\/de\/ende-fuer-stichting-cultuur-sport-en-spel-initiator-3-berkelkompanie\/\">Ende f\u00fcr &#8218;Stichting Cultuur Sport en Spel&#8216;: Initiator 3. Berkelkompanie<\/a><\/li>\n\t\t<li class=\"wsp-post\"><a href=\"https:\/\/deberkel.info\/verslag-excursie-2018-geplaatst\/\">Verslag Excursie 2018<\/a><\/li>\n\t\t<li class=\"wsp-post\"><a href=\"https:\/\/deberkel.info\/de\/bericht-ausflug-2018-verfugbar\/\">Bericht Ausflug 2018<\/a><\/li>\n\t\t<li class=\"wsp-post\"><a href=\"https:\/\/deberkel.info\/de\/schicksal-als-chance-reparatur-der-badende\/\">Reparatur der Badende in Borculo, mit Begleitung zu einer besseren Zukunft<\/a><\/li>\n\t\t<li class=\"wsp-post\"><a href=\"https:\/\/deberkel.info\/lot-als-kans-herstel-borculose-badende\/\">Herstel Borculose Badende, met begeleiding naar een betere toekomst<\/a><\/li>\n\t\t<li class=\"wsp-post\"><a href=\"https:\/\/deberkel.info\/duitse-berkel-excursie-2018\/\">Duitse Berkel excursie weer zeer interessant (\u00e9n gezellig)<\/a><\/li>\n\t\t<li class=\"wsp-post\"><a href=\"https:\/\/deberkel.info\/de\/deutscher-berkel-ausflug-2018\/\">Deutscher Berkel Ausflug wieder sehr interessant (\u00fand gem\u00fctlig)<\/a><\/li>\n\t\t<li class=\"wsp-post\"><a href=\"https:\/\/deberkel.info\/de\/save-the-date-neue-freunden-exkursion-26-oktober\/\">Save the date: Neue Freunden Exkursion 26 Oktober<\/a><\/li>\n\t\t<li class=\"wsp-post\"><a href=\"https:\/\/deberkel.info\/save-the-date-nieuwe-vrienden-excursie-26-oktober\/\">Save the date: Nieuwe Vrienden Excursie 26 Oktober<\/a><\/li>\n\t\t<li class=\"wsp-post\"><a href=\"https:\/\/deberkel.info\/de\/berkel-kanurallye-erfolgreich\/\">Berkel Kanurallye erfolgreich<\/a><\/li>\n\t\t<li class=\"wsp-post\"><a href=\"https:\/\/deberkel.info\/berkel-kanorally-succesvol-verlopen\/\">Berkel Kanorally succesvol verlopen<\/a><\/li>\n\t\t<li class=\"wsp-post\"><a href=\"https:\/\/deberkel.info\/de\/flyers-berkel-kanuralley\/\">Flyers Berkel Kanurallye<\/a><\/li>\n\t\t<li class=\"wsp-post\"><a href=\"https:\/\/deberkel.info\/flyers-berkel-kanorally\/\">Flyers Berkel Kanorally<\/a><\/li>\n\t\t<li class=\"wsp-post\"><a href=\"https:\/\/deberkel.info\/de\/badende-borculo-wieder-zerstoert\/\">Badende Borculo wieder zerst\u00f6rt<\/a><\/li>\n\t\t<li class=\"wsp-post\"><a href=\"https:\/\/deberkel.info\/badende-borculo-weer-vernield\/\">Badende Borculo weer vernield<\/a><\/li>\n\t\t<li class=\"wsp-post\"><a href=\"https:\/\/deberkel.info\/de\/die-niederlaendische-badendes-stehen-wieder-da\/\">Die Niederl\u00e4ndische Badendes stehen wieder da<\/a><\/li>\n\t\t<li class=\"wsp-post\"><a href=\"https:\/\/deberkel.info\/de-nederlandse-badendes-staan-weer-op-hun-plek\/\">De Nederlandse Badendes staan weer op hun plek<\/a><\/li>\n\t\t<li class=\"wsp-post\"><a href=\"https:\/\/deberkel.info\/fotoalbum-berkel-boottocht-2016-toegevoegd\/\">Fotoalbum Berkel boottocht 2006<\/a><\/li>\n\t\t<li class=\"wsp-post\"><a href=\"https:\/\/deberkel.info\/de\/fotoalbum-berkel-bootsfahrt-2016-zugefuegt\/\">Fotoalbum Berkel Bootsfahrt 2006<\/a><\/li>\n\t\t<li class=\"wsp-post\"><a href=\"https:\/\/deberkel.info\/jaarverslag-2017-vrienden-van-de-3e-berkelcompagnie\/\">Jaarverslag 2017 Vrienden van de 3e Berkelcompagnie<\/a><\/li>\n\t\t<li class=\"wsp-post\"><a href=\"https:\/\/deberkel.info\/berkel-kanorally-2\/\">Berkel Kanorally<\/a><\/li>\n\t\t<li class=\"wsp-post\"><a href=\"https:\/\/deberkel.info\/de\/berkel-kanorally\/\">Berkel Kanurallye<\/a><\/li>\n\t\t<li class=\"wsp-post\"><a href=\"https:\/\/deberkel.info\/de\/jahresbericht-2017-freunde-der-3-berkelkompanie\/\">Jahresbericht 2017 Freunde der 3. Berkelkompanie<\/a><\/li>\n\t\t<li class=\"wsp-post\"><a href=\"https:\/\/deberkel.info\/jaarverslag-2016-vrienden-van-de-3e-berkelcompagnie\/\">Jaarverslag 2016 Vrienden van de 3e Berkelcompagnie<\/a><\/li>\n\t\t<li class=\"wsp-post\"><a href=\"https:\/\/deberkel.info\/de\/jahresbericht-2016-freunde-der-3-berkelkompanie\/\">Jahresbericht 2016 Freunde der 3. Berkelkompanie<\/a><\/li>\n\t\t<li class=\"wsp-post\"><a href=\"https:\/\/deberkel.info\/de\/jaarverslag-2015-vrienden-van-de-3e-berkelcompagnie\/\">Jahresbericht 2015 Freunde der 3. Berkelkompanie<\/a><\/li>\n\t\t<li class=\"wsp-post\"><a href=\"https:\/\/deberkel.info\/jaarverslag-2015-vrienden-van-de-3e-berkelcompagnie\/\">Jaarverslag 2015 Vrienden van de 3e Berkelcompagnie<\/a><\/li>\n\t\t<li class=\"wsp-post\"><a href=\"https:\/\/deberkel.info\/jaarverslag-2014-vrienden-van-de-3e-berkelcompagnie\/\">Jaarverslag 2014 Vrienden van de 3e Berkelcompagnie<\/a><\/li>\n\t\t<li class=\"wsp-post\"><a href=\"https:\/\/deberkel.info\/de\/jahresbericht-2014-freunde-der-3-berkelkompanie\/\">Jahresbericht 2014 Freunde der 3. Berkelkompanie<\/a><\/li>\n\t\t<li class=\"wsp-post\"><a href=\"https:\/\/deberkel.info\/jaarverslag-2013-vrienden-van-de-3e-berkelcompagnie\/\">Jaarverslag 2013 Vrienden van de 3e Berkelcompagnie<\/a><\/li>\n\t\t<li class=\"wsp-post\"><a href=\"https:\/\/deberkel.info\/de\/jahresbericht-2013-freunde-der-3-berkelkompanie\/\">Jahresbericht 2013 Freunde der 3. Berkelkompanie<\/a><\/li>\n\t\t<li class=\"wsp-post\"><a href=\"https:\/\/deberkel.info\/de\/jahresbericht-2012-freunde-der-3-berkelkompanie\/\">Jahresbericht 2012 Freunde der 3. Berkelkompanie<\/a><\/li>\n\t\t<li class=\"wsp-post\"><a href=\"https:\/\/deberkel.info\/jaarverslag-2012-vrienden-van-de-3e-berkelcompagnie\/\">Jaarverslag 2012 Vrienden van de 3e Berkelcompagnie<\/a><\/li>\n\t<li><strong class=\"wsp-category-title\">Kategorie: <a href=\"https:\/\/deberkel.info\/de\/3e-berkelcompagnie-nieuws\/berkelconferentie\/\">Berkelconferentie<\/a><\/strong>\n<\/li>\n<\/ul><\/li>\n\t<li><strong class=\"wsp-category-title\">Kategorie: <a href=\"https:\/\/deberkel.info\/de\/berichtenlijsten\/\">Projekte<\/a><\/strong>\n<ul class=\"wsp-posts-list\">\t<li><strong class=\"wsp-category-title\">Kategorie: <a href=\"https:\/\/deberkel.info\/de\/berichtenlijsten\/beleef-de-berkel-borculo-almen\/\">Beleef de Berkel: Borculo - Almen<\/a><\/strong>\n<ul class=\"wsp-posts-list\">\t\t<li class=\"wsp-post\"><a href=\"https:\/\/deberkel.info\/de\/informationsblatt-berkeltal-wrij-juli-2026\/\">Informationsblatt Berkeltal WRIJ, April 2026<\/a><\/li>\n\t\t<li class=\"wsp-post\"><a href=\"https:\/\/deberkel.info\/nieuwsbrief-berkeldal-wrij-april-2026\/\">Nieuwsbrief Berkeldal WRIJ, april 2026<\/a><\/li>\n\t\t<li class=\"wsp-post\"><a href=\"https:\/\/deberkel.info\/de\/informationsblatt-berkeltal-wrij-juli-2025\/\">Informationsblatt Berkeltal, Juli 2025<\/a><\/li>\n\t\t<li class=\"wsp-post\"><a href=\"https:\/\/deberkel.info\/nieuwsbrief-berkeldal-wrij-juli-2025\/\">Nieuwsbrief Berkeldal WRIJ, juli 2025<\/a><\/li>\n\t\t<li class=\"wsp-post\"><a href=\"https:\/\/deberkel.info\/de\/informationsblatt-berkeltal-wrij-maerz-2025\/\">Informationsblatt Berkeltal WRIJ, m\u00e4rz 2025<\/a><\/li>\n\t\t<li class=\"wsp-post\"><a href=\"https:\/\/deberkel.info\/nieuwsbrief-berkeldal-wrij-maart-2025\/\">Nieuwsbrief Berkeldal WRIJ, maart 2025<\/a><\/li>\n\t\t<li class=\"wsp-post\"><a href=\"https:\/\/deberkel.info\/de\/informationsblatt-berkeltal-wrij-mai-2024\/\">Informationsblatt Berkeltal, Mai 2024<\/a><\/li>\n\t\t<li class=\"wsp-post\"><a href=\"https:\/\/deberkel.info\/nieuwsbrief-berkeldal-wrij-mei-2024\/\">Nieuwsbrief Berkeldal WRIJ, mei 2024<\/a><\/li>\n\t\t<li class=\"wsp-post\"><a href=\"https:\/\/deberkel.info\/de\/informationsblatt-berkeltal-wrij-dezember-2023\/\">Informationsblatt Berkeltal, Dezember 2023<\/a><\/li>\n\t\t<li class=\"wsp-post\"><a href=\"https:\/\/deberkel.info\/nieuwsbrief-berkeldal-wrij-december-2023\/\">Nieuwsbrief Berkeldal WRIJ, december 2023<\/a><\/li>\n\t\t<li class=\"wsp-post\"><a href=\"\/de\/plan-neugestaltung-berkel-lochem-almen\/#DefintivEntwurf2023\">Definitiv Entwurf Neugestaltung Berkel (Lochem-Almen)<\/a><\/li>\n\t\t<li class=\"wsp-post\"><a href=\"\/plan-herinrichting-berkel-lochem-almen\/#DefintiefOntwerp2023\">Definitief ontwerp Herinrichting Berkel (Lochem-Almen)<\/a><\/li>\n\t\t<li class=\"wsp-post\"><a href=\"https:\/\/deberkel.info\/de\/informationsblatt-berkeltal-wrij-herbst-2023\/\">Informationsblatt Berkeltal, Herbst 2023<\/a><\/li>\n\t\t<li class=\"wsp-post\"><a href=\"https:\/\/deberkel.info\/nieuwsbrief-berkeldal-wrij-herfst-2023\/\">Nieuwsbrief Berkeldal WRIJ, herfst 2023<\/a><\/li>\n\t\t<li class=\"wsp-post\"><a href=\"https:\/\/deberkel.info\/de\/nieuwsbrief-berkeldal-wrij-sommer-2023\/\">Informationsblatt Berkeltal, Sommer 2023<\/a><\/li>\n\t\t<li class=\"wsp-post\"><a href=\"https:\/\/deberkel.info\/nieuwsbrief-berkeldal-wrij-zomer-2023\/\">Nieuwsbrief Berkeldal WRIJ, zomer 2023<\/a><\/li>\n\t\t<li class=\"wsp-post\"><a href=\"https:\/\/deberkel.info\/de\/nieuwsbrief-berkeldal-wrij-februari-2023\/\">Informationsblatt Berkeltal, Februar 2023<\/a><\/li>\n\t\t<li class=\"wsp-post\"><a href=\"https:\/\/deberkel.info\/nieuwsbrief-berkeldal-wrij-februari-2023\/\">Nieuwsbrief Berkeldal WRIJ, februari 2023<\/a><\/li>\n\t\t<li class=\"wsp-post\"><a href=\"https:\/\/deberkel.info\/de\/informationsblatt-berkeltal-wrij-november-2022\/\">Informationsblatt Berkeltal, WRIJ November 2022<\/a><\/li>\n\t\t<li class=\"wsp-post\"><a href=\"https:\/\/deberkel.info\/nieuwsbrief-berkeldal-wrij-november-2022\/\">Nieuwsbrief Berkeldal WRIJ, november 2022<\/a><\/li>\n\t\t<li class=\"wsp-post\"><a href=\"https:\/\/deberkel.info\/de\/informationsblatt-berkeltal-wrij-juli-2022\/\">Informationsblatt Berkeltal, WRIJ Juli 2022<\/a><\/li>\n\t\t<li class=\"wsp-post\"><a href=\"https:\/\/deberkel.info\/nieuwsbrief-berkeldal-wrij-juli-2022\/\">Nieuwsbrief Berkeldal WRIJ, juli 2022<\/a><\/li>\n\t\t<li class=\"wsp-post\"><a href=\"https:\/\/deberkel.info\/de\/entwurf-neugestaltung-heksenlaak\/\">Entwurf Neugestaltung Heksenlaak pr\u00e4sentiert<\/a><\/li>\n\t\t<li class=\"wsp-post\"><a href=\"https:\/\/deberkel.info\/ontwerp-herinrichting-heksenlaak\/\">Ontwerp herinrichting Heksenlaak gepresenteerd<\/a><\/li>\n\t\t<li class=\"wsp-post\"><a href=\"https:\/\/deberkel.info\/de\/administrativ-plattform-berkel-aufgehoben\/\">Administrativ Plattform Berkel aufgehoben, Bereichsleiter Wechsel auf Berkel Projekte<\/a><\/li>\n\t\t<li class=\"wsp-post\"><a href=\"https:\/\/deberkel.info\/bestuurlijk-platform-berkel-opgeheven\/\">Bestuurlijk platform Berkel opgeheven, nieuwe gebiedsmanager op de Berkel projecten<\/a><\/li>\n\t\t<li class=\"wsp-post\"><a href=\"\/de\/plan-neugestaltung-berkel-lochem-almen\/\">Seite Renaturierung Berkel Lochem Almen aktualisiert<\/a><\/li>\n\t\t<li class=\"wsp-post\"><a href=\"\/plan-herinrichting-berkel-lochem-almen\/\">Pagina herinrichting Berkel Lochem Almen bijgewerkt<\/a><\/li>\n\t\t<li class=\"wsp-post\"><a href=\"https:\/\/deberkel.info\/project-zijwatergangen-berkeldal-tussen-borculo-en-lochem-goed-op-dreef\/\">Project zijwatergangen Berkeldal tussen Borculo en Lochem, goed op dreef<\/a><\/li>\n\t\t<li class=\"wsp-post\"><a href=\"https:\/\/deberkel.info\/de\/projekt-seiten-graben-berkel-zwischen-borculo-und-lochem-gut-in-gang\/\">Projekt Seiten Graben Berkel zwischen Borculo und Lochem gut in Gang<\/a><\/li>\n\t\t<li class=\"wsp-post\"><a href=\"https:\/\/deberkel.info\/plan-beleef-de-berkel-borculo-lochem-aangepast\/\">Plan &#8218;Beleef de Berkel&#8216; Borculo &#8211; Lochem aangepast<\/a><\/li>\n\t\t<li class=\"wsp-post\"><a href=\"https:\/\/deberkel.info\/de\/plan-beleef-de-berkel-borculo-lochem-angepasst\/\">Plan &#8218;Beleef de Berkel&#8216; Borculo &#8211; Lochem angepasst<\/a><\/li>\n\t\t<li class=\"wsp-post\"><a href=\"https:\/\/deberkel.info\/de\/informationsblatt-berkeltal-wrij-november-2020\/\">Informationsblatt Berkeltal WRIJ, November 2020<\/a><\/li>\n\t\t<li class=\"wsp-post\"><a href=\"https:\/\/deberkel.info\/nieuwsbrief-berkeldal-wrij-november-2020\/\">Nieuwsbrief Berkeldal WRIJ, november 2020<\/a><\/li>\n\t\t<li class=\"wsp-post\"><a href=\"https:\/\/deberkel.info\/de\/informationsblatt-berkeltal-wrij-juni-2020\/\">Informationsblatt Berkeltal WRIJ, Juni 2020<\/a><\/li>\n\t\t<li class=\"wsp-post\"><a href=\"https:\/\/deberkel.info\/nieuwsbrief-berkeldal-wrij-juni-2020\/\">Nieuwsbrief Berkeldal WRIJ, juni 2020<\/a><\/li>\n\t\t<li class=\"wsp-post\"><a href=\"https:\/\/deberkel.info\/de\/plan-neugestaltung-berkel-lochem-almen\/\">Plan Neugestaltung Berkel Lochem Almen<\/a><\/li>\n\t\t<li class=\"wsp-post\"><a href=\"https:\/\/deberkel.info\/de\/veroffentlichung-bericht-de-berkel-tussen-borculo-en-lochem\/\">Ver\u00f6ffentlichung Bericht &#8218;De Berkel tussen Borculo en Lochem&#8216;<\/a><\/li>\n\t\t<li class=\"wsp-post\"><a href=\"https:\/\/deberkel.info\/publicatie-rapport-de-berkel-tussen-borculo-en-lochem\/\">Publicatie rapport &#8218;De Berkel tussen Borculo en Lochem&#8216;<\/a><\/li>\n\t\t<li class=\"wsp-post\"><a href=\"https:\/\/deberkel.info\/kavelruilproces-lochem-almen-in-eindfase\/\">Kavelruilproces Lochem-Almen in eindfase<\/a><\/li>\n\t\t<li class=\"wsp-post\"><a href=\"https:\/\/deberkel.info\/de\/grundstuck-austausch-prozess-lochem-almen-nahert-ende\/\">Grundst\u00fcck Austausch Prozess Lochem-Almen n\u00e4hert Ende<\/a><\/li>\n\t\t<li class=\"wsp-post\"><a href=\"https:\/\/deberkel.info\/de\/projekt-seiten-graben-berkel-im-gang\/\">Projekt Seiten Graben Berkel im Gang<\/a><\/li>\n\t\t<li class=\"wsp-post\"><a href=\"https:\/\/deberkel.info\/project-zijwatergangen-berkel-in-uitvoering\/\">Project zijwatergangen Berkel in uitvoering<\/a><\/li>\n\t\t<li class=\"wsp-post\"><a href=\"https:\/\/deberkel.info\/plan-herinrichting-berkel-lochem-almen\/\">Plan herinrichting Berkel Lochem Almen<\/a><\/li>\n\t\t<li class=\"wsp-post\"><a href=\"https:\/\/deberkel.info\/de\/informationsblatt-berkel-wrij-juli-2019\/\">Informationsblatt Berkel WRIJ, Juli 2019<\/a><\/li>\n\t\t<li class=\"wsp-post\"><a href=\"https:\/\/deberkel.info\/nieuwsbrief-berkel-wrij-juli-2019\/\">Nieuwsbrief Berkel WRIJ, juli 2019<\/a><\/li>\n\t\t<li class=\"wsp-post\"><a href=\"https:\/\/deberkel.info\/de\/vision-anpassung-berkel-borculo-lochem-prasentiert\/\">Vision Anpassung Berkel Borculo &#8211; Lochem pr\u00e4sentiert<\/a><\/li>\n\t\t<li class=\"wsp-post\"><a href=\"https:\/\/deberkel.info\/visie-aanpassing-berkel-borculo-lochem-gepresenteerd\/\">Visie aanpassing Berkel Borculo &#8211; Lochem gepresenteerd<\/a><\/li>\n\t\t<li class=\"wsp-post\"><a href=\"https:\/\/deberkel.info\/gebiedsbijeenkomst-gebiedsvisie-berkel-borculo-lochem-27-juni-bij-de-melktap-geesteren\/\">Gebiedsbijeenkomst Gebiedsvisie Berkel Borculo-Lochem: 27 juni bij de Melktap (Geesteren)<\/a><\/li>\n\t\t<li class=\"wsp-post\"><a href=\"https:\/\/deberkel.info\/de\/gebiets-versammlung-gebiets-vision-berkel-borculo-lochem-27-juni-am-melktap-geesteren\/\">Gebiets Versammlung Gebiets Vision Berkel Borculo-Lochem: 27. Juni am Melktap (Geesteren)<\/a><\/li>\n\t\t<li class=\"wsp-post\"><a href=\"https:\/\/deberkel.info\/je-kunt-niet-met-100-man-op-5-snoeken-vissen-ruimte-is-belangrijk\/\">Je kunt niet met 100 man op 5 snoeken vissen: ruimte is belangrijk<\/a><\/li>\n\t\t<li class=\"wsp-post\"><a href=\"https:\/\/deberkel.info\/de\/mitt-100-mann-auf-5-hechte-angeln-geht-nicht-platz-ist-wichtig\/\">Mitt 100 Mann auf 5 Hechte angeln geht nicht: Platz ist wichtig<\/a><\/li>\n\t\t<li class=\"wsp-post\"><a href=\"https:\/\/deberkel.info\/project-zijwatergangen-berkeldal-samen-aan-de-slag-met-een-pilot-en-nieuw-model\/\">Project zijwatergangen Berkeldal: Samen aan de slag met een pilot en nieuw model<\/a><\/li>\n\t\t<li class=\"wsp-post\"><a href=\"https:\/\/deberkel.info\/de\/projekt-seitliche-wasserwege-berkeltal-zusammen-an-die-arbeit-mit-einem-pilotprojekt-und-einem-neuen-model\/\">Projekt seitliche Wasserwege Berkeltal: zusammen an die Arbeit mit einem Pilotprojekt und einem neuen Model<\/a><\/li>\n\t\t<li class=\"wsp-post\"><a href=\"https:\/\/deberkel.info\/nieuwsbrief-berkel-wrij-april-2019\/\">Nieuwsbrief Berkel WRIJ, april 2019<\/a><\/li>\n\t\t<li class=\"wsp-post\"><a href=\"https:\/\/deberkel.info\/de\/informationsblatt-berkel-wrij-april-2019\/\">Informationsblatt Berkel WRIJ, April 2019<\/a><\/li>\n\t\t<li class=\"wsp-post\"><a href=\"https:\/\/www.wrij.nl\/thema\/actueel\/projecten\/actuele-projecten\/beleef-berkel-almen\/nieuws\/geslaagde\/\">Erfolgreicher Starttreffen Freiwillige Grundst\u00fccks Austausch: \u2018Zusammenarbeit zentral\u2019<\/a><\/li>\n\t\t<li class=\"wsp-post\"><a href=\"https:\/\/www.wrij.nl\/thema\/actueel\/projecten\/actuele-projecten\/beleef-berkel-almen\/nieuws\/geslaagde\/\">Geslaagde startbijeenkomst vrijwillige kavelruil: \u2018samenwerking staat centraal\u2019<\/a><\/li>\n\t\t<li class=\"wsp-post\"><a href=\"https:\/\/www.wrij.nl\/thema\/actueel\/projecten\/actuele-projecten\/beleef-berkel-almen\/nieuws\/keukentafel-wim\/\">Am K\u00fcchentisch mit Wim Ruiterkamp, secret\u00e4r Grundst\u00fcck Austausch Kommission &#8218;De Graafschap&#8216;<\/a><\/li>\n\t\t<li class=\"wsp-post\"><a href=\"https:\/\/www.wrij.nl\/thema\/actueel\/projecten\/actuele-projecten\/beleef-berkel-almen\/nieuws\/keukentafel-wim\/\">Aan de keukentafel met Wim Ruiterkamp, secretaris Kavelruilcommissie De Graafschap<\/a><\/li>\n\t\t<li class=\"wsp-post\"><a href=\"https:\/\/www.wrij.nl\/thema\/actueel\/projecten\/actuele-projecten\/beleef-berkel-almen\/nieuws\/kansen-benutten\/\">Chance benutzen rund Berkel zwischen Borculo und Lochem<\/a><\/li>\n\t\t<li class=\"wsp-post\"><a href=\"https:\/\/www.wrij.nl\/thema\/actueel\/projecten\/actuele-projecten\/beleef-berkel-almen\/nieuws\/kansen-benutten\/\">Kansen benutten rond Berkel tussen Borculo en Lochem<\/a><\/li>\n\t\t<li class=\"wsp-post\"><a href=\"https:\/\/www.wrij.nl\/thema\/actueel\/projecten\/actuele-projecten\/beleef-berkel-almen\/nieuws\/herinrichting\/\">Herinrichting Heksenlaak<\/a><\/li>\n\t\t<li class=\"wsp-post\"><a href=\"https:\/\/www.wrij.nl\/thema\/actueel\/projecten\/actuele-projecten\/beleef-berkel-almen\/nieuws\/herinrichting\/\">Neugestaltung Heksenlaak<\/a><\/li>\n\t\t<li class=\"wsp-post\"><a href=\"https:\/\/www.wrij.nl\/thema\/actueel\/projecten\/actuele-projecten\/beleef-berkel-almen\/nieuws\/borculo-lochem-start\/\">Borculo-Lochem: Start Entwurf Phase<\/a><\/li>\n\t\t<li class=\"wsp-post\"><a href=\"https:\/\/www.wrij.nl\/thema\/actueel\/projecten\/actuele-projecten\/beleef-berkel-almen\/nieuws\/startbijeenkomst\/\">Start Treffen Freiwillige Grundst\u00fccks Austausch<\/a><\/li>\n\t\t<li class=\"wsp-post\"><a href=\"https:\/\/www.wrij.nl\/thema\/actueel\/projecten\/actuele-projecten\/beleef-berkel-almen\/nieuws\/startbijeenkomst\/\">Startbijeenkomst vrijwillige kavelruil<\/a><\/li>\n\t\t<li class=\"wsp-post\"><a href=\"https:\/\/www.wrij.nl\/thema\/actueel\/projecten\/actuele-projecten\/beleef-berkel-almen\/nieuws\/herziening\/\">Herziening peilbesluit beneden-Berkel<\/a><\/li>\n\t\t<li class=\"wsp-post\"><a href=\"https:\/\/www.wrij.nl\/thema\/actueel\/projecten\/actuele-projecten\/beleef-berkel-almen\/nieuws\/lochem-noord-drempel\/\">Lochem-Noord op drempel kavelruil<\/a><\/li>\n\t\t<li class=\"wsp-post\"><a href=\"https:\/\/www.wrij.nl\/thema\/actueel\/projecten\/actuele-projecten\/beleef-berkel-almen\/nieuws\/natuurmonumenten\/\">Natuurmonumenten verkent Berkel Almen-Lochem<\/a><\/li>\n\t\t<li class=\"wsp-post\"><a href=\"https:\/\/www.wrij.nl\/thema\/actueel\/projecten\/actuele-projecten\/beleef-berkel-almen\/nieuws\/natuurmonumenten\/\">Natuurmonumenten erforscht Berkel Almen-Lochem<\/a><\/li>\n\t\t<li class=\"wsp-post\"><a href=\"https:\/\/www.wrij.nl\/thema\/actueel\/projecten\/actuele-projecten\/beleef-berkel-almen\/nieuws\/borculo-lochem-start\/\">Borculo-Lochem: Start ontwerpfase<\/a><\/li>\n\t\t<li class=\"wsp-post\"><a href=\"https:\/\/deberkel.info\/de\/informationsblatt-mai2018-beleef-de-berkel-borculo-almen\/\">Informationsblatt Mai 2018 &#8218;Beleef de Berkel&#8216;: Borculo Almen<\/a><\/li>\n\t\t<li class=\"wsp-post\"><a href=\"https:\/\/deberkel.info\/nieuwsbrief-mei2018-beleef-de-berkel-borculo-almen\/\">Nieuwsbrief mei 2018 Beleef de Berkel: Borculo Almen<\/a><\/li>\n\t\t<li class=\"wsp-post\"><a href=\"https:\/\/www.wrij.nl\/thema\/actueel\/projecten\/actuele-projecten\/beleef-berkel-almen\/nieuws\/actuele\/\">Aktuelle Entwicklungen Heksenlaak<\/a><\/li>\n\t\t<li class=\"wsp-post\"><a href=\"https:\/\/www.wrij.nl\/thema\/actueel\/projecten\/actuele-projecten\/beleef-berkel-almen\/nieuws\/actuele\/\">Actuele ontwikkelingen Heksenlaak<\/a><\/li>\n\t\t<li class=\"wsp-post\"><a href=\"https:\/\/www.wrij.nl\/thema\/actueel\/projecten\/actuele-projecten\/beleef-berkel-almen\/nieuws\/herziening\/\">\u00dcberarbeitung Pegelh\u00f6he Beschluss beneden-Berkel<\/a><\/li>\n\t\t<li class=\"wsp-post\"><a href=\"https:\/\/www.wrij.nl\/thema\/actueel\/projecten\/actuele-projecten\/beleef-berkel-almen\/nieuws\/lochem-noord-drempel\/\">Lochem-Nord auf der Schwelle zu Grundst\u00fccks Austausch<\/a><\/li>\n\t\t<li class=\"wsp-post\"><a href=\"https:\/\/deberkel.info\/de\/beleef-de-berkel-borculo-almen\/\">\u2018Beleef de Berkel\u2019: Borculo \u2013 Almen<\/a><\/li>\n\t\t<li class=\"wsp-post\"><a href=\"https:\/\/deberkel.info\/beleef-de-berkel-borculo-almen-2\/\">\u2018Beleef de Berkel\u2019: Borculo \u2013 Almen<\/a><\/li>\n<\/ul><\/li>\n\t<li><strong class=\"wsp-category-title\">Kategorie: <a href=\"https:\/\/deberkel.info\/de\/berichtenlijsten\/berkelindestadzutphen\/\">Berkel in de Stad (Zutphen)<\/a><\/strong>\n<ul class=\"wsp-posts-list\">\t\t<li class=\"wsp-post\"><a href=\"https:\/\/deberkel.info\/de\/neustart-projekts-attraktive-berkel-innenstadt-in-zutphen\/\">Neustart des Projekts \u201eAttraktive Berkel Innenstadt&#8220; in Zutphen<\/a><\/li>\n\t\t<li class=\"wsp-post\"><a href=\"https:\/\/deberkel.info\/doorstart-project-aantrekkelijke-berkel-binnenstad-zutphen\/\">Doorstart project aantrekkelijke Berkel binnenstad Zutphen<\/a><\/li>\n\t\t<li class=\"wsp-post\"><a href=\"https:\/\/deberkel.info\/de\/vision-berkel-in-de-stad-zutphen\/\">Vision &#8218;Berkel in de Stad&#8216; (Zutphen)<\/a><\/li>\n\t\t<li class=\"wsp-post\"><a href=\"https:\/\/deberkel.info\/visie-berkel-in-de-stad-zutphen\/\">Visie &#8218;Berkel in de Stad&#8216; (Zutphen)<\/a><\/li>\n\t\t<li class=\"wsp-post\"><a href=\"https:\/\/deberkel.info\/de\/stentor-in-zutphen-soll-die-berkel-wieder-sinnvoll-werden-fuer-bewohner\/\">Stentor: in Zutphen soll die Berkel wieder sinnvoll werden f\u00fcr Bewohner<\/a><\/li>\n\t\t<li class=\"wsp-post\"><a href=\"https:\/\/deberkel.info\/de\/contact-zutphen-warnsveld-beteiligte-buerger-wollen-erlebbare-berkel\/\">Contact Zutphen Warnsveld: Beteiligte B\u00fcrger wollen erlebbare Berkel<\/a><\/li>\n\t\t<li class=\"wsp-post\"><a href=\"https:\/\/deberkel.info\/stentor-zutphenaren-willen-berkel-weer-functie-geven-voor-stadsbewoners\/\">Stentor: Zutphenaren willen Berkel weer functie geven voor stadsbewoners<\/a><\/li>\n\t\t<li class=\"wsp-post\"><a href=\"https:\/\/deberkel.info\/contact-zutphen-warnsveld-betrokken-burgers-willen-beleefbare-berkel\/\">Contact Zutphen Warnsveld: Betrokken burgers willen beleefbare Berkel<\/a><\/li>\n\t\t<li class=\"wsp-post\"><a href=\"https:\/\/deberkel.info\/de\/stentor-berkel-in-de-stad-zutphen\/\">Stentor: Berkel in de Stad (Zutphen)<\/a><\/li>\n\t\t<li class=\"wsp-post\"><a href=\"https:\/\/deberkel.info\/stentor-berkel-in-de-stad-zutphen\/\">Stentor: Berkel in de Stad (Zutphen)<\/a><\/li>\n<\/ul><\/li>\n\t<li><strong class=\"wsp-category-title\">Kategorie: <a href=\"https:\/\/deberkel.info\/de\/berichtenlijsten\/berkelrun\/\">Berkel Run<\/a><\/strong>\n<ul class=\"wsp-posts-list\">\t\t<li class=\"wsp-post\"><a href=\"\/de\/berkel-run\/\">Berkel Run abgesagt<\/a><\/li>\n\t\t<li class=\"wsp-post\"><a href=\"\/berkel-run\/\">Berkel Run geannuleerd<\/a><\/li>\n<\/ul><\/li>\n\t<li><strong class=\"wsp-category-title\">Kategorie: <a href=\"https:\/\/deberkel.info\/de\/berichtenlijsten\/berkelwalking\/\">Berkel Walking<\/a><\/strong>\n<ul class=\"wsp-posts-list\">\t\t<li class=\"wsp-post\"><a href=\"https:\/\/deberkel.info\/de\/berkel-trail-en-adventure-run-laufen-bei-borculo\/\">Berkel Trail en Adventure run: laufen bei Borculo<\/a><\/li>\n\t\t<li class=\"wsp-post\"><a href=\"https:\/\/deberkel.info\/berkel-trail-en-adventure-run-lopen-bij-borculo\/\">Berkel Trail en Adventure run: lopen bij Borculo<\/a><\/li>\n\t\t<li class=\"wsp-post\"><a href=\"https:\/\/deberkel.info\/de\/berkel-waypoint-trail\/\">Berkel Waypoint Trail<\/a><\/li>\n\t\t<li class=\"wsp-post\"><a href=\"https:\/\/deberkel.info\/berkel-waypoint-trail\/\">Berkel Waypoint Trail<\/a><\/li>\n<\/ul><\/li>\n\t<li><strong class=\"wsp-category-title\">Kategorie: <a href=\"https:\/\/deberkel.info\/de\/berichtenlijsten\/berkel-waypoint-trail\/\">Berkel Waypoint Trail<\/a><\/strong>\n<\/li>\n\t<li><strong class=\"wsp-category-title\">Kategorie: <a href=\"https:\/\/deberkel.info\/de\/berichtenlijsten\/berkel-zwemmarathon-almen\/\">Berkel Zwemmarathon Almen<\/a><\/strong>\n<ul class=\"wsp-posts-list\">\t\t<li class=\"wsp-post\"><a href=\"https:\/\/deberkel.info\/de\/stentor-jaehrliche-berkel-schwimm-marathon-in-almen-am-7-juli\/\">Stentor: J\u00e4hrliche Berkel Schwimm Marathon in Almen am 7. Juli 2019<\/a><\/li>\n\t\t<li class=\"wsp-post\"><a href=\"https:\/\/deberkel.info\/stentor-jaarlijkse-berkel-zwemmarathon-in-almen-op-7-juli\/\">Stentor: Jaarlijkse Berkel zwemmarathon in Almen op 7 juli 2019<\/a><\/li>\n<\/ul><\/li>\n\t<li><strong class=\"wsp-category-title\">Kategorie: <a href=\"https:\/\/deberkel.info\/de\/berichtenlijsten\/berkel-loo-loop\/\">Berkel-Loo loop<\/a><\/strong>\n<ul class=\"wsp-posts-list\">\t\t<li class=\"wsp-post\"><a href=\"https:\/\/deberkel.info\/de\/berkel-loo-loop-am-sontag-13-november\/\">Berkel Loo loop am Sontag13. November 2022<\/a><\/li>\n\t\t<li class=\"wsp-post\"><a href=\"https:\/\/deberkel.info\/berkel-loo-loop-van-zondag-13-november\/\">Berkel Loo loop van zondag13 november 2022<\/a><\/li>\n\t\t<li class=\"wsp-post\"><a href=\"https:\/\/deberkel.info\/de\/2-edition-berkel-loo-loop\/\">2. Edition Berkel Loo Loop Sontag 13. November 2022<\/a><\/li>\n\t\t<li class=\"wsp-post\"><a href=\"https:\/\/deberkel.info\/2e-editie-berkel-loo-loop\/\">2e editie Berkel Loo Loop zondag 13 november 2022<\/a><\/li>\n\t\t<li class=\"wsp-post\"><a href=\"https:\/\/deberkel.info\/de\/15-november-2021-tubantia-berkel-loo-lauf\/\">15. November 2021 Tubantia: Berkel Loo Lauf<\/a><\/li>\n\t\t<li class=\"wsp-post\"><a href=\"https:\/\/deberkel.info\/15-november-2021-tubantia-berkel-loo-loop\/\">15 november 2021 Tubantia: Berkel Loo Loop<\/a><\/li>\n\t\t<li class=\"wsp-post\"><a href=\"https:\/\/deberkel.info\/1e-berkel-loo-loop-op-14-november-2021-doorgegaan\/\">1e Berkel Loo Loop op 14 november 2021 doorgegaan<\/a><\/li>\n\t\t<li class=\"wsp-post\"><a href=\"https:\/\/deberkel.info\/de\/1-berkel-loo-lauf-hat-am-14-november-2021-stattgefunden\/\">1. Berkel Loo Lauf hat am 14. November 2021 stattgefunden<\/a><\/li>\n\t\t<li class=\"wsp-post\"><a href=\"https:\/\/deberkel.info\/de\/neue-veranstaltung-bei-der-berkel-in-eibergen-berkel-loo-lauf\/\">Neue Veranstaltung bei der Berkel in Eibergen: Berkel-Loo Lauf<\/a><\/li>\n\t\t<li class=\"wsp-post\"><a href=\"https:\/\/deberkel.info\/nieuw-evenement-bij-de-berkel-in-eibergen-berkel-loo-loop\/\">Nieuw evenement bij de Berkel in Eibergen: Berkel-Loo loop<\/a><\/li>\n<\/ul><\/li>\n\t<li><strong class=\"wsp-category-title\">Kategorie: <a href=\"https:\/\/deberkel.info\/de\/berichtenlijsten\/berkeldal-nieuwsbrieven-wrij\/\">Berkeldal Nieuwsbrieven WRIJ<\/a><\/strong>\n<ul class=\"wsp-posts-list\">\t\t<li class=\"wsp-post\"><a href=\"https:\/\/deberkel.info\/de\/informationsblatt-berkeltal-wrij-januar-2022\/\">Informationsblatt Berkeltal, WRIJ Januar 2022<\/a><\/li>\n\t\t<li class=\"wsp-post\"><a href=\"https:\/\/deberkel.info\/nieuwsbrief-berkeldal-wrij-januari-2022\/\">Nieuwsbrief Berkeldal WRIJ, januari 2022<\/a><\/li>\n\t\t<li class=\"wsp-post\"><a href=\"https:\/\/deberkel.info\/de\/informationsblatt-berkeltal-wrij-april-2021\/\">Informationsblatt Berkeltal WRIJ, April 2021<\/a><\/li>\n\t\t<li class=\"wsp-post\"><a href=\"https:\/\/deberkel.info\/nieuwsbrief-berkeldal-wrij-april-2021\/\">Nieuwsbrief Berkeldal WRIJ, april 2021<\/a><\/li>\n\t\t<li class=\"wsp-post\"><a href=\"https:\/\/deberkel.info\/nieuwsbrief-berkel-wrij-december-2019\/\">Nieuwsbrief Berkel WRIJ, december 2019<\/a><\/li>\n\t\t<li class=\"wsp-post\"><a href=\"https:\/\/deberkel.info\/de\/informationsblatt-berkel-wrij-dezember-2019\/\">Informationsblatt Berkel WRIJ, Dezember 2019<\/a><\/li>\n<\/ul><\/li>\n\t<li><strong class=\"wsp-category-title\">Kategorie: <a href=\"https:\/\/deberkel.info\/de\/berichtenlijsten\/berkelfestival-2019\/\">Berkelfestival 2019<\/a><\/strong>\n<ul class=\"wsp-posts-list\">\t\t<li class=\"wsp-post\"><a href=\"https:\/\/deberkel.info\/de\/berkelfestival-nachstes-jahr-in-eibergen-bilder-2019-publiziert\/\">Berkelfestival n\u00e4chstes Jahr in Eibergen, Bilder 2019 publiziert<\/a><\/li>\n\t\t<li class=\"wsp-post\"><a href=\"https:\/\/deberkel.info\/berkelfestival-volgend-jaar-in-eibergen-fotos-2019-gepubliceerd\/\">Berkelfestival volgend jaar in Eibergen, foto&#8217;s 2019 gepubliceerd<\/a><\/li>\n\t\t<li class=\"wsp-post\"><a href=\"https:\/\/deberkel.info\/berkelland-nieuws-jarig-gescher-epicentrum-berkelfestival\/\">Berkelland Nieuws: jarig Gescher epicentrum Berkelfestival<\/a><\/li>\n\t\t<li class=\"wsp-post\"><a href=\"https:\/\/deberkel.info\/de\/berkelland-nieuws-gescher-hat-geburtstag-und-ist-epizentrum-berkelfestival\/\">Berkelland Nieuws: Gescher hat Geburtstag und ist Epizentrum Berkelfestival<\/a><\/li>\n\t\t<li class=\"wsp-post\"><a href=\"https:\/\/deberkel.info\/19-3-2019-informatiebijeenkomst-berkelfestival-2019-lochem\/\">19-3-2019: Informatiebijeenkomst Berkelfestival 2019 Lochem<\/a><\/li>\n\t\t<li class=\"wsp-post\"><a href=\"https:\/\/deberkel.info\/de\/19-3-2019-informatiebijeenkomst-berkelfestival-2019-lochem\/\">19-3-2019: Informatiebijeenkomst Berkelfestival 2019 Lochem<\/a><\/li>\n\t\t<li class=\"wsp-post\"><a href=\"https:\/\/deberkel.info\/de\/22-02-2019-erfolgreiche-infoveranstaltung-zum-berkelfestival-2019\/\">22.02.2019: Erfolgreiche Infoveranstaltung zum Berkelfestival 2019<\/a><\/li>\n\t\t<li class=\"wsp-post\"><a href=\"https:\/\/deberkel.info\/22-02-2019-erfolgreiche-infoveranstaltung-zum-berkelfestival-2019\/\">22-02-2019: Succesvolle bijeenkomst voor het Berkelfestival 2019<\/a><\/li>\n\t\t<li class=\"wsp-post\"><a href=\"https:\/\/deberkel.info\/berkelfestival-2019-mitmacher-gesucht\/\">20-2-2019: Berkelfestival 2019 \u2013 Mitmacher gesucht!<\/a><\/li>\n\t\t<li class=\"wsp-post\"><a href=\"https:\/\/deberkel.info\/de\/berkelfestival-2019-mitmacher-gesucht\/\">20.2.2019: Berkelfestival 2019 \u2013 Mitmacher gesucht!<\/a><\/li>\n\t\t<li class=\"wsp-post\"><a href=\"https:\/\/deberkel.info\/de\/treffen-zum-berkelfestival-deutsche-seite-in-gescher\/\">Treffen zum Berkelfestival Deutsche Seite in Gescher<\/a><\/li>\n\t\t<li class=\"wsp-post\"><a href=\"https:\/\/deberkel.info\/brainstormbijeenkomst-berkelfestival-duitse-kant-in-gescher\/\">Brainstormbijeenkomst Berkelfestival Duitse kant in Gescher<\/a><\/li>\n<\/ul><\/li>\n\t<li><strong class=\"wsp-category-title\">Kategorie: <a href=\"https:\/\/deberkel.info\/de\/berichtenlijsten\/berkelfestival-2020\/\">Berkelfestival 2020<\/a><\/strong>\n<ul class=\"wsp-posts-list\">\t\t<li class=\"wsp-post\"><a href=\"https:\/\/deberkel.info\/groet-berkelfestival\/\">Groet Berkelfestival<\/a><\/li>\n\t\t<li class=\"wsp-post\"><a href=\"https:\/\/deberkel.info\/de\/gruss-berkelfestival\/\">Gru\u00df Berkelfestival<\/a><\/li>\n\t\t<li class=\"wsp-post\"><a href=\"https:\/\/deberkel.info\/de\/berkelfestival-2020-abgesagt\/\">Berkelfestival abgesagt<\/a><\/li>\n\t\t<li class=\"wsp-post\"><a href=\"https:\/\/deberkel.info\/berkelfestival-2020-geannuleerd\/\">Berkelfestival geannuleerd<\/a><\/li>\n\t\t<li class=\"wsp-post\"><a href=\"https:\/\/deberkel.info\/de\/inspiration-session-berkelfestival2020-erfolgreich\/\">Inspiration Session Berkelfestival erfolgreich, ideen melden<\/a><\/li>\n\t\t<li class=\"wsp-post\"><a href=\"https:\/\/deberkel.info\/inspiratiesessie-berkelfestival2020-geslaagd\/\">Inspiratiesessie Berkelfestival geslaagd, idee\u00ebn doorgeven<\/a><\/li>\n\t\t<li class=\"wsp-post\"><a href=\"https:\/\/deberkel.info\/de\/berkelpilgern-berkelfestival-2020\/\">Berkelpilgern rund um und w\u00e4hrend des Berkelfestivals 2020<\/a><\/li>\n\t\t<li class=\"wsp-post\"><a href=\"https:\/\/deberkel.info\/berkelpilgern-berkelfestival-2020\/\">Berkelpilgern rondom en tijdens het Berkelfestival 2020<\/a><\/li>\n\t\t<li class=\"wsp-post\"><a href=\"https:\/\/deberkel.info\/de\/achterhoek-nieuws-berkelfestival-berkelpaviljoen-und-berkelbeach\/\">Achterhoek Nieuws: Berkelfestival, Berkelpaviljoen und Berkelbeach<\/a><\/li>\n\t\t<li class=\"wsp-post\"><a href=\"https:\/\/deberkel.info\/achterhoek-nieuws-berkelfestival-berkelpaviljoen-en-berkelbeach\/\">Achterhoek Nieuws: Berkelfestival, Berkelpaviljoen en Berkelbeach<\/a><\/li>\n\t\t<li class=\"wsp-post\"><a href=\"https:\/\/deberkel.info\/de\/berkelfestival-inspirations-session-fuer-eibergen\/\">Berkelfestival Inspirations Session f\u00fcr Eibergen<\/a><\/li>\n\t\t<li class=\"wsp-post\"><a href=\"https:\/\/deberkel.info\/berkelfestival-inspiratiesessie-voor-eibergen\/\">Berkelfestival Inspiratiesessie voor Eibergen<\/a><\/li>\n<\/ul><\/li>\n\t<li><strong class=\"wsp-category-title\">Kategorie: <a href=\"https:\/\/deberkel.info\/de\/berichtenlijsten\/berkelfestival-2021\/\">Berkelfestival 2021<\/a><\/strong>\n<ul class=\"wsp-posts-list\">\t\t<li class=\"wsp-post\"><a href=\"https:\/\/deberkel.info\/de\/tubantia-berkelfestival-dieses-jahr-organisiert-von-openluchttheater-eibergen\/\">Tubantia: Berkelfestival dieses Jahr organisiert von Openluchttheater Eibergen<\/a><\/li>\n\t\t<li class=\"wsp-post\"><a href=\"https:\/\/deberkel.info\/tubantia-berkelfestival-dit-jaar-georganiseerd-door-openluchttheater-eibergen\/\">Tubantia: Berkelfestival dit jaar georganiseerd door Openluchttheater Eibergen<\/a><\/li>\n\t\t<li class=\"wsp-post\"><a href=\"https:\/\/deberkel.info\/de\/nieuws-uit-berkelland-freiluftbuehne-und-gemeinde-arbeiten-zusammen-beim-berkelfestival\/\">Nieuws uit Berkelland: Freiluftb\u00fchne und Gemeinde arbeiten zusammen beim Berkelfestival<\/a><\/li>\n\t\t<li class=\"wsp-post\"><a href=\"https:\/\/deberkel.info\/nieuws-uit-berkelland-openluchttheater-en-gemeente-werken-samen-bij-berkelfestival\/\">Nieuws uit Berkelland: openluchttheater  en gemeente werken samen bij Berkelfestival<\/a><\/li>\n<\/ul><\/li>\n\t<li><strong class=\"wsp-category-title\">Kategorie: <a href=\"https:\/\/deberkel.info\/de\/berichtenlijsten\/berkelfestival-2022\/\">Berkelfestival 2022<\/a><\/strong>\n<ul class=\"wsp-posts-list\">\t\t<li class=\"wsp-post\"><a href=\"https:\/\/deberkel.info\/de\/programme-berkelfestival-2022\/\">Programme Berkelfestival 2022<\/a><\/li>\n\t\t<li class=\"wsp-post\"><a href=\"https:\/\/deberkel.info\/programmas-berkelfestival-2022\/\">Programma&#8217;s Berkelfestival 2022<\/a><\/li>\n\t\t<li class=\"wsp-post\"><a href=\"https:\/\/deberkel.info\/de\/berkelfestival-2022-aktivitaet-anmelden\/\">Berkelfestival 2022: Aktivit\u00e4t anmelden<\/a><\/li>\n\t\t<li class=\"wsp-post\"><a href=\"https:\/\/deberkel.info\/berkelfestival-2022-activiteit-aanmelden\/\">Berkelfestival 2022: activiteit aanmelden<\/a><\/li>\n\t\t<li class=\"wsp-post\"><a href=\"https:\/\/deberkel.info\/tubantia-berkelfestival-van-de-bron-tot-aan-de-monding-2022\/\">Tubantia: Berkelfestival van de bron tot aan de monding 2022<\/a><\/li>\n\t\t<li class=\"wsp-post\"><a href=\"\/de\/berkelfestival-2022\/\">Berkelfestival 2022 in Mai in Stadtlohn<\/a><\/li>\n\t\t<li class=\"wsp-post\"><a href=\"\/berkelfestival-2022\/\">Berkelfestival 2022 in mei in Stadtlohn<\/a><\/li>\n<\/ul><\/li>\n\t<li><strong class=\"wsp-category-title\">Kategorie: <a href=\"https:\/\/deberkel.info\/de\/berichtenlijsten\/berkelfestival-2023\/\">Berkelfestival 2023<\/a><\/strong>\n<ul class=\"wsp-posts-list\">\t\t<li class=\"wsp-post\"><a href=\"https:\/\/deberkel.info\/de\/bilder-berkel-hanse-festival-2023-zutphen\/\">Bilder Berkel-Hanse-Festival 2023 Zutphen<\/a><\/li>\n\t\t<li class=\"wsp-post\"><a href=\"https:\/\/deberkel.info\/fotos-berkel-hanze-festival-2023-zutphen\/\">Foto&#8217;s Berkel-Hanze-Festival 2023 Zutphen<\/a><\/li>\n\t\t<li class=\"wsp-post\"><a href=\"https:\/\/deberkel.info\/de\/pressebericht-berkel-hanse-festival-2023\/\">Pressebericht Berkel-Hanse-Festival 2023<\/a><\/li>\n\t\t<li class=\"wsp-post\"><a href=\"https:\/\/deberkel.info\/persbericht-berkel-hanze-festival-2023\/\">Persbericht Berkel-Hanze-festival 2023<\/a><\/li>\n<\/ul><\/li>\n\t<li><strong class=\"wsp-category-title\">Kategorie: <a href=\"https:\/\/deberkel.info\/de\/berichtenlijsten\/berkelfestival-2024\/\">Berkelfestival 2024<\/a><\/strong>\n<ul class=\"wsp-posts-list\">\t\t<li class=\"wsp-post\"><a href=\"https:\/\/deberkel.info\/de\/stadtfest-billerbeck-und-berkelfestival-2024-in-allgemeine-zeitung\/\">Stadtfest Billerbeck und Berkelfestival 2024 in Allgemeine Zeitung<\/a><\/li>\n\t\t<li class=\"wsp-post\"><a href=\"https:\/\/deberkel.info\/stadtfest-billerbeck-en-berkelfestival-2024-in-allgemeine-zeitung\/\">Stadtfest Billerbeck en Berkelfestival 2024 in Allgemeine Zeitung<\/a><\/li>\n<\/ul><\/li>\n\t<li><strong class=\"wsp-category-title\">Kategorie: <a href=\"https:\/\/deberkel.info\/de\/berichtenlijsten\/berkeln2018-2020\/\">Berkeln2018-2020<\/a><\/strong>\n<ul class=\"wsp-posts-list\">\t\t<li class=\"wsp-post\"><a href=\"https:\/\/deberkel.info\/de\/abschluss-projekt-interreg-berkeln-2018-2020\/\">Abschluss Projekt Interreg Berkeln 2018 &#8211; 2020<\/a><\/li>\n\t\t<li class=\"wsp-post\"><a href=\"https:\/\/deberkel.info\/afsluiting-project-interreg-berkeln-2018-2020\/\">Afsluiting project Interreg Berkeln 2018 &#8211; 2020<\/a><\/li>\n\t\t<li class=\"wsp-post\"><a href=\"\/de\/berkelfestival-2022\/\">Berkelfestival 2022<\/a><\/li>\n\t\t<li class=\"wsp-post\"><a href=\"\/berkelfestival-2022\/\">Berkelfestival 2022<\/a><\/li>\n\t\t<li class=\"wsp-post\"><a href=\"\/de\/berkelfestival-2021\/\">Berkelfestival 2021<\/a><\/li>\n\t\t<li class=\"wsp-post\"><a href=\"\/berkelfestival-2021\/\">Berkelfestival 2021<\/a><\/li>\n\t\t<li class=\"wsp-post\"><a href=\"https:\/\/deberkel.info\/de\/berkel-bed-box-zu-vermieten-in-gescher-fur-ins-berkeltal\/\">Berkel.Bed.Box zu vermieten in Gescher f\u00fcr ins Berkeltal<\/a><\/li>\n\t\t<li class=\"wsp-post\"><a href=\"https:\/\/deberkel.info\/berkel-bed-box-te-huur-gescher-voor-in-het-berkeldal\/\">Berkel.Bed.Box te huur in Gescher voor in het Berkeldal<\/a><\/li>\n\t\t<li class=\"wsp-post\"><a href=\"\/de\/spirituelle-orte-entlang-der-berkel\/\">Spirituelle Orte entlang der Berkel<\/a><\/li>\n\t\t<li class=\"wsp-post\"><a href=\"\/spirituele-plaatsen-langs-de-berkel\/\">Spirituele plaatsen langs de Berkel<\/a><\/li>\n\t\t<li class=\"wsp-post\"><a href=\"\/de\/berkelfestival-2020\/\">Berkelfestival 2020<\/a><\/li>\n\t\t<li class=\"wsp-post\"><a href=\"\/berkelfestival-2020\/\">Berkelfestival 2020<\/a><\/li>\n\t\t<li class=\"wsp-post\"><a href=\"https:\/\/deberkel.info\/de\/branding-berkel\/\">Branding Berkel<\/a><\/li>\n\t\t<li class=\"wsp-post\"><a href=\"https:\/\/deberkel.info\/branding-berkel\/\">Branding Berkel<\/a><\/li>\n\t\t<li class=\"wsp-post\"><a href=\"https:\/\/deberkel.info\/de\/projektpartner-treffen-berkeln-2018-2020\/\">Projektpartner Treffen Berkeln 2018 &#8211; 2020<\/a><\/li>\n\t\t<li class=\"wsp-post\"><a href=\"https:\/\/deberkel.info\/projectpartner-ontmoeting-berkeln-2018-2020\/\">Projectpartner ontmoeting Berkeln 2018 &#8211; 2020<\/a><\/li>\n\t\t<li class=\"wsp-post\"><a href=\"https:\/\/deberkel.info\/de\/website-berkeln-2018-2020-online\/\">Website Berkeln 2018-2020 online<\/a><\/li>\n\t\t<li class=\"wsp-post\"><a href=\"https:\/\/deberkel.info\/website-berkeln-2018-2020-online\/\">Website Berkeln 2018-2020 online<\/a><\/li>\n\t\t<li class=\"wsp-post\"><a href=\"\/de\/berkelfestival-2019\/\">Berkelfestival 2019<\/a><\/li>\n\t\t<li class=\"wsp-post\"><a href=\"\/berkelfestival-2019\/\">Berkelfestival 2019<\/a><\/li>\n\t\t<li class=\"wsp-post\"><a href=\"https:\/\/deberkel.info\/de\/kickoff-meeting-berkeln-2018-2020-in-zutphen\/\">Kickoff meeting Berkeln 2018-2020 in Zutphen<\/a><\/li>\n\t\t<li class=\"wsp-post\"><a href=\"https:\/\/deberkel.info\/kickoff-meeting-berkeln-2018-2020-in-zutphen\/\">Kickoff meeting Berkeln 2018-2020 in Zutphen<\/a><\/li>\n\t\t<li class=\"wsp-post\"><a href=\"https:\/\/deberkel.info\/de\/projektmanagement-berkeln-2018-2020-vergeben-an-buro-projaegt-uit-ahaus\/\">Projektmanagement Berkeln 2018-2020 vergeben an B\u00fcro projaegt aus Ahaus<\/a><\/li>\n\t\t<li class=\"wsp-post\"><a href=\"https:\/\/deberkel.info\/projectmanagement-berkeln-2018-2020-toegewezen-aan-bureau-projaegt-uit-ahaus\/\">Projectmanagement Berkeln 2018-2020 toegewezen aan bureau projaegt uit Ahaus<\/a><\/li>\n\t\t<li class=\"wsp-post\"><a href=\"https:\/\/deberkel.info\/de\/zuschuss-interreg-verleiht-fuer-berkeln-2018-2020\/\">Zuschuss Interreg verleiht f\u00fcr Berkeln 2018-2020<\/a><\/li>\n\t\t<li class=\"wsp-post\"><a href=\"https:\/\/deberkel.info\/subsidie-interreg-toegekend-voor-berkeln-2018-2020\/\">Subsidie Interreg toegekend voor Berkeln 2018-2020<\/a><\/li>\n<\/ul><\/li>\n\t<li><strong class=\"wsp-category-title\">Kategorie: <a href=\"https:\/\/deberkel.info\/de\/berichtenlijsten\/filmpjes\/\">Filmpjes<\/a><\/strong>\n<ul class=\"wsp-posts-list\">\t\t<li class=\"wsp-post\"><a href=\"https:\/\/deberkel.info\/de\/wehr-warken-in-der-berkel\/\">Film: Wehr Warken in der Berkel<\/a><\/li>\n\t\t<li class=\"wsp-post\"><a href=\"https:\/\/deberkel.info\/stuw-warken-in-de-berkel\/\">Film: Stuw Warken in de Berkel<\/a><\/li>\n\t\t<li class=\"wsp-post\"><a href=\"https:\/\/deberkel.info\/de\/film-die-berkel-von-billerbeck-nach-zutphen\/\">Film: Die Berkel von Billerbeck nach Zutphen<\/a><\/li>\n\t\t<li class=\"wsp-post\"><a href=\"https:\/\/deberkel.info\/film-de-berkel-van-billerbeck-naar-zutphen\/\">Film: De Berkel van Billerbeck naar Zutphen<\/a><\/li>\n\t\t<li class=\"wsp-post\"><a href=\"https:\/\/deberkel.info\/de\/ode-aan-het-landschap-auf-der-berkel\/\">&#8218;Ode aan het Landschap&#8216; auf der Berkel<\/a><\/li>\n\t\t<li class=\"wsp-post\"><a href=\"https:\/\/deberkel.info\/ode-aan-het-landschap-op-de-berkel\/\">Ode aan het Landschap op de Berkel<\/a><\/li>\n\t\t<li class=\"wsp-post\"><a href=\"https:\/\/deberkel.info\/de\/1-teil-video-serie-mien-achterhook-slinge-und-berkel\/\">1. Teil Video Serie &#8218;Mien Achterhook&#8216;: Slinge und Berkel<\/a><\/li>\n\t\t<li class=\"wsp-post\"><a href=\"https:\/\/deberkel.info\/deel-1-uit-de-video-serie-mien-achterhook-slinge-en-berkel\/\">Deel 1 uit de Video serie &#8218;Mien Achterhook&#8216;: Slinge en Berkel<\/a><\/li>\n\t\t<li class=\"wsp-post\"><a href=\"https:\/\/deberkel.info\/de\/suche-der-einsame-kanufahrer-auf-der-berkel\/\">Suche der einsame Kanufahrer auf der Berkel<\/a><\/li>\n\t\t<li class=\"wsp-post\"><a href=\"https:\/\/deberkel.info\/op-zoek-naar-de-eenzame-kanovaarder-op-de-berkel\/\">Op zoek naar de eenzame kanovaarder op de Berkel<\/a><\/li>\n\t\t<li class=\"wsp-post\"><a href=\"https:\/\/deberkel.info\/mallumse-molen-van-boven\/\">Mallumse molen van boven<\/a><\/li>\n\t\t<li class=\"wsp-post\"><a href=\"https:\/\/deberkel.info\/de\/mallumse-muehle-von-oben\/\">Mallumse M\u00fchle von oben<\/a><\/li>\n\t\t<li class=\"wsp-post\"><a href=\"https:\/\/deberkel.info\/de\/berkelbuigers-wie-verlegt-man-ein-fluss\/\">&#8222;BerkelBuigers&#8220;: Wie verlegt man ein Flu\u00df?<\/a><\/li>\n\t\t<li class=\"wsp-post\"><a href=\"https:\/\/deberkel.info\/berkelbuigers-hoe-verleg-je-een-rivier\/\">&#8222;BerkelBuigers&#8220;: Hoe verleg je een rivier?<\/a><\/li>\n\t\t<li class=\"wsp-post\"><a href=\"https:\/\/deberkel.info\/de\/fluesterbot-fahrt-auf-der-berkel-in-zutphen-im-bild\/\">Fl\u00fcsterbot Fahrt auf der Berkel in Zutphen im Bild<\/a><\/li>\n\t\t<li class=\"wsp-post\"><a href=\"https:\/\/deberkel.info\/fluisterboot-vaart-op-de-berkel-in-zutphen-in-beeld\/\">Fluisterboot vaart op de Berkel in Zutphen in beeld<\/a><\/li>\n\t\t<li class=\"wsp-post\"><a href=\"https:\/\/deberkel.info\/de\/video-ablauf-hochwasserschutz-projekt-stadtlohn\/\">Video Ablauf Hochwasserschutz Projekt Stadtlohn<\/a><\/li>\n\t\t<li class=\"wsp-post\"><a href=\"https:\/\/deberkel.info\/video-gepland-verloop-hochwasserschutz-project-stadtlohn\/\">Video Gepland Verloop Hochwasserschutz Project Stadtlohn<\/a><\/li>\n\t\t<li class=\"wsp-post\"><a href=\"https:\/\/deberkel.info\/de\/test-neue-fluesterbooten-kai\/\">Test neue fl\u00fcsterbooten Kai<\/a><\/li>\n\t\t<li class=\"wsp-post\"><a href=\"https:\/\/deberkel.info\/test-nieuwe-fluisterboten-kade\/\">Test nieuwe fluisterboten kade<\/a><\/li>\n\t\t<li class=\"wsp-post\"><a href=\"https:\/\/deberkel.info\/project-video-naturlich-berkel-stadtlohn-op-natuerlich-berkel-de\/\">Project video Nat\u00fcrlich Berkel Stadtlohn op natuerlich-berkel.de<\/a><\/li>\n\t\t<li class=\"wsp-post\"><a href=\"https:\/\/deberkel.info\/de\/projekt-video-natuerlich-berkel-stadtlohn-auf-natuerlich-berkel-de\/\">Projekt Video Nat\u00fcrlich Berkel Stadtlohn auf natuerlich-berkel.de<\/a><\/li>\n\t\t<li class=\"wsp-post\"><a href=\"https:\/\/deberkel.info\/de\/bauarbeiten-haltestelle-fluesterboote-21-1-2021\/\">Bauarbeiten Haltestelle Fl\u00fcsterboote 21.1.2021<\/a><\/li>\n\t\t<li class=\"wsp-post\"><a href=\"https:\/\/deberkel.info\/bouwwerkzaamheden-opstapplaats-fluisterboten-21-1-2021\/\">Bouwwerkzaamheden Opstapplaats Fluisterboten 21-1-2021<\/a><\/li>\n\t\t<li class=\"wsp-post\"><a href=\"https:\/\/deberkel.info\/de\/fluesterbotensteg-15-januar-2021\/\">Fl\u00fcsterbotensteg 15. Januar 2021<\/a><\/li>\n\t\t<li class=\"wsp-post\"><a href=\"https:\/\/deberkel.info\/fluisterbotensteiger-15-januari-2021\/\">Fluisterbotensteiger 15 januari 2021<\/a><\/li>\n\t\t<li class=\"wsp-post\"><a href=\"https:\/\/deberkel.info\/film-de-berkel-de-baas\/\">Film De Berkel de baas<\/a><\/li>\n\t\t<li class=\"wsp-post\"><a href=\"https:\/\/deberkel.info\/de\/film-de-berkel-de-baas\/\">Film De Berkel de baas<\/a><\/li>\n\t\t<li class=\"wsp-post\"><a href=\"https:\/\/deberkel.info\/film-de-berkel-beschouwd\/\">Film De Berkel Beschouwd<\/a><\/li>\n\t\t<li class=\"wsp-post\"><a href=\"https:\/\/deberkel.info\/de\/film-de-berkel-beschouwd\/\">Film De Berkel Beschouwd<\/a><\/li>\n\t\t<li class=\"wsp-post\"><a href=\"https:\/\/deberkel.info\/mooi-filmpje-overstroming-berkel-1947\/\">Mooi filmpje overstroming Berkel 1947<\/a><\/li>\n\t\t<li class=\"wsp-post\"><a href=\"https:\/\/deberkel.info\/de\/video-uberschwemmung-berkel-1947\/\">Video \u00dcberschwemmung Berkel 1947<\/a><\/li>\n\t\t<li class=\"wsp-post\"><a href=\"https:\/\/deberkel.info\/de\/trailer-berkelfilm-museum-staal-berkelbeeld\/\">Trailer Berkelfilm Museum Staal: Berkelbeeld<\/a><\/li>\n\t\t<li class=\"wsp-post\"><a href=\"https:\/\/deberkel.info\/trailer-berkelfilm-museum-staal-berkelbeeld\/\">Trailer Berkelfilm museum Staal: Berkelbeeld<\/a><\/li>\n\t\t<li class=\"wsp-post\"><a href=\"https:\/\/deberkel.info\/de\/ueberdacht-bauen-an-fluesterboten-kai\/\">\u00dcberdacht bauen an Fl\u00fcsterboten Kai<\/a><\/li>\n\t\t<li class=\"wsp-post\"><a href=\"https:\/\/deberkel.info\/overdekt-bouwen-aan-fluisterboten-kade\/\">Overdekt bouwen aan fluisterboten kade<\/a><\/li>\n\t\t<li class=\"wsp-post\"><a href=\"https:\/\/deberkel.info\/eibergen-van-boven-rondom-de-berkel\/\">Eibergen van boven &#8211; Rondom de Berkel<\/a><\/li>\n\t\t<li class=\"wsp-post\"><a href=\"https:\/\/deberkel.info\/de\/eibergen-von-oben-rund-um-die-berkel\/\">Eibergen von oben &#8211; Rund um die Berkel<\/a><\/li>\n\t\t<li class=\"wsp-post\"><a href=\"https:\/\/deberkel.info\/de\/flusterschiffer-beschaftigt-am-denkmal-besichtigungstag\/\">Fl\u00fcsterschiffer besch\u00e4ftigt am Denkmal Besichtigungstag (2019)<\/a><\/li>\n\t\t<li class=\"wsp-post\"><a href=\"https:\/\/deberkel.info\/fluisterboten-druk-met-open-monumentendag\/\">Fluisterboten druk met open monumentendag (2019)<\/a><\/li>\n\t\t<li class=\"wsp-post\"><a href=\"https:\/\/deberkel.info\/mooi-fluisterboten-filmpje\/\">Mooi fluisterboten filmpje (2013)<\/a><\/li>\n\t\t<li class=\"wsp-post\"><a href=\"https:\/\/deberkel.info\/de\/schones-flusterboot-video\/\">Sch\u00f6nes Fl\u00fcsterboot Video (2013)<\/a><\/li>\n\t\t<li class=\"wsp-post\"><a href=\"https:\/\/deberkel.info\/de\/fliegen-oberhalb-von-der-berkel-bei-eibergen\/\">Fliegen oberhalb von der Berkel bei Eibergen<\/a><\/li>\n\t\t<li class=\"wsp-post\"><a href=\"https:\/\/deberkel.info\/stukje-vliegen-boven-de-berkel-bij-eibergen\/\">Stukje vliegen boven de Berkel bij Eibergen<\/a><\/li>\n<\/ul><\/li>\n\t<li><strong class=\"wsp-category-title\">Kategorie: <a href=\"https:\/\/deberkel.info\/de\/berichtenlijsten\/leben-mit-dem-fluss-stadtlohn\/\">Leben mit dem Fluss: Stadtlohn<\/a><\/strong>\n<ul class=\"wsp-posts-list\">\t\t<li class=\"wsp-post\"><a href=\"https:\/\/natuerlich-berkel.de\/2024\/06\/11\/tag-der-offenen-tuer-ein-vielfaeltiges-programm-am-muehlenplatz\/\">Tag der offenen T\u00fcr Berkelm\u00fchle Stadtlohn: Arbeiten fertig<\/a><\/li>\n\t\t<li class=\"wsp-post\"><a href=\"https:\/\/natuerlich-berkel.de\/2024\/06\/11\/tag-der-offenen-tuer-ein-vielfaeltiges-programm-am-muehlenplatz\/\">Open dag Berkelmolen Stadtlohn: werkzaamheden gereed<\/a><\/li>\n\t\t<li class=\"wsp-post\"><a href=\"https:\/\/deberkel.info\/2e-berkeldialoog-op-17-11-2021-in-stadshal-stadtlohn\/\">2e Berkeldialoog op 17-11-2021 in stadshal Stadtlohn<\/a><\/li>\n\t\t<li class=\"wsp-post\"><a href=\"https:\/\/deberkel.info\/de\/2-berkeldialog-am-17-11-2021-in-stadthalle-stadtlohn\/\">2. Berkeldialog am 17.11.2021 in Stadthalle Stadtlohn<\/a><\/li>\n\t\t<li class=\"wsp-post\"><a href=\"https:\/\/deberkel.info\/de\/entwicklungen-berkelmuehle-stadtlohn-dezember-2020\/\">Entwicklungen Berkelm\u00fchle Stadtlohn Dezember 2020<\/a><\/li>\n\t\t<li class=\"wsp-post\"><a href=\"https:\/\/deberkel.info\/ontwikkelingen-berkelmolen-stadtlohn-december-2020\/\">Ontwikkelingen Berkelmolen Stadtlohn december 2020<\/a><\/li>\n\t\t<li class=\"wsp-post\"><a href=\"https:\/\/deberkel.info\/de\/entwicklungen-berkelmuehle-stadtlohn\/\">Entwicklungen Berkelm\u00fchle Stadtlohn<\/a><\/li>\n\t\t<li class=\"wsp-post\"><a href=\"https:\/\/deberkel.info\/ontwikkelingen-berkelmolen-stadtlohn\/\">Ontwikkelingen Berkelmolen Stadtlohn<\/a><\/li>\n\t\t<li class=\"wsp-post\"><a href=\"https:\/\/deberkel.info\/de\/ruilverkaveling-stadtlohn\/\">Flurbereinigung Stadtlohn<\/a><\/li>\n\t\t<li class=\"wsp-post\"><a href=\"https:\/\/deberkel.info\/ruilverkaveling-stadtlohn\/\">Ruilverkaveling Stadtlohn<\/a><\/li>\n\t\t<li class=\"wsp-post\"><a href=\"https:\/\/deberkel.info\/de\/informatiebrochure-naturlich-berkel-gereed\/\">Informations brosch\u00fcre Nat\u00fcrlich Berkel fertig<\/a><\/li>\n\t\t<li class=\"wsp-post\"><a href=\"https:\/\/deberkel.info\/informatiebrochure-naturlich-berkel-gereed\/\">Informatiebrochure Nat\u00fcrlich Berkel gereed<\/a><\/li>\n\t\t<li class=\"wsp-post\"><a href=\"https:\/\/deberkel.info\/de\/stadtlohn-treppenturm-berkelmuhle-steht-auf-betonpfahlen\/\">Stadtlohn: Treppenturm Berkelm\u00fchle steht auf Betonpf\u00e4hlen<\/a><\/li>\n\t\t<li class=\"wsp-post\"><a href=\"https:\/\/deberkel.info\/stadtlohn-treppenturm-berkelmuhle-steht-auf-betonpfahlen\/\">Stadtlohn: Treppenturm Berkelm\u00fchle steht auf Betonpf\u00e4hlen<\/a><\/li>\n\t\t<li class=\"wsp-post\"><a href=\"https:\/\/deberkel.info\/de\/stadtlohn-naturlich-berkel-was-passiert-2021\/\">Stadtlohn: \u201cnat\u00fcrlich berkel\u201d \u2013 Was passiert 2021?<\/a><\/li>\n\t\t<li class=\"wsp-post\"><a href=\"https:\/\/deberkel.info\/stadtlohn-naturlich-berkel-was-passiert-2021\/\">Stadtlohn: \u201cnat\u00fcrlich berkel\u201d \u2013 Was passiert 2021?<\/a><\/li>\n\t\t<li class=\"wsp-post\"><a href=\"https:\/\/deberkel.info\/de\/stadtlohn-einblicke-ins-innere-der-berkelmuhle\/\">Stadtlohn: Einblicke ins Innere der Berkelm\u00fchle<\/a><\/li>\n\t\t<li class=\"wsp-post\"><a href=\"https:\/\/deberkel.info\/stadtlohn-einblicke-ins-innere-der-berkelmuhle\/\">Stadtlohn: Einblicke ins Innere der Berkelm\u00fchle<\/a><\/li>\n\t\t<li class=\"wsp-post\"><a href=\"https:\/\/deberkel.info\/de\/stadtlohn-2-berkeldialog-mit-fish-bowl-im-oktober\/\">Stadtlohn: 2. Berkeldialog mit Fish-Bowl im Oktober<\/a><\/li>\n\t\t<li class=\"wsp-post\"><a href=\"https:\/\/deberkel.info\/stadtlohn-2-berkeldialog-mit-fish-bowl-im-oktober\/\">Stadtlohn: 2. Berkeldialog mit Fish-Bowl im Oktober<\/a><\/li>\n\t\t<li class=\"wsp-post\"><a href=\"https:\/\/deberkel.info\/funderingsresten-zaagmolen-stadtlohn-verwijderd\/\">Funderingsresten zaagmolen Stadtlohn verwijderd<\/a><\/li>\n\t\t<li class=\"wsp-post\"><a href=\"https:\/\/deberkel.info\/de\/grundungsreste-sagemuhle-stadtlohn-entfernt\/\">Gr\u00fcndungsreste S\u00e4gem\u00fchle Stadtlohn entfernt<\/a><\/li>\n\t\t<li class=\"wsp-post\"><a href=\"https:\/\/deberkel.info\/aanvang-ruwbouw-berkelmolen-stadtlohn\/\">Aanvang ruwbouw Berkelmolen Stadtlohn<\/a><\/li>\n\t\t<li class=\"wsp-post\"><a href=\"https:\/\/deberkel.info\/de\/beginn-rohbauarbeiten-an-der-berkelmuhle\/\">Beginn Rohbauarbeiten an der Berkelm\u00fchle<\/a><\/li>\n\t\t<li class=\"wsp-post\"><a href=\"https:\/\/deberkel.info\/nieuwe-website-voor-de-berkel-projecten-in-stadtlohn\/\">Nieuwe website voor de Berkel projecten in Stadtlohn<\/a><\/li>\n\t\t<li class=\"wsp-post\"><a href=\"https:\/\/deberkel.info\/de\/neue-webseite-fuer-die-berkel-projekte-in-stadtlohn\/\">Neue Webseite f\u00fcr die Berkel Projekte in Stadtlohn<\/a><\/li>\n\t\t<li class=\"wsp-post\"><a href=\"https:\/\/deberkel.info\/de\/hotelplaene-bei-berkelmuehle-stadtlohn-liegen-auf-eis\/\">M\u00fcnsterland Zeitung: Hotelpl\u00e4ne Berkelm\u00fchle Stadtlohn liegen auf Eis<\/a><\/li>\n\t\t<li class=\"wsp-post\"><a href=\"https:\/\/deberkel.info\/hotelplannen-bij-berkelmolen-stadtlohn-liggen-op-ijs\/\">M\u00fcnsterland Zeitung: Hotelplannen Berkelm\u00fchle Stadtlohn liggen op ijs<\/a><\/li>\n\t\t<li class=\"wsp-post\"><a href=\"https:\/\/deberkel.info\/de\/munsterland-zeitung-stadlohn-greift-hochwasser-an\/\">M\u00fcnsterland Zeitung: Stadlohn greift hochwasser an<\/a><\/li>\n\t\t<li class=\"wsp-post\"><a href=\"https:\/\/deberkel.info\/munsterland-zeitung-stadlohn-gaat-hoogwater-te-lijf\/\">M\u00fcnsterland Zeitung: Stadlohn gaat hoogwater te lijf<\/a><\/li>\n\t\t<li class=\"wsp-post\"><a href=\"https:\/\/deberkel.info\/de\/graber-graben-am-fundament-der-berkelmuhle-in-stadtlohn\/\">M\u00fcnsterland Zeitung: Graber graben am Fundament der Berkelm\u00fchle in Stadtlohn<\/a><\/li>\n\t\t<li class=\"wsp-post\"><a href=\"https:\/\/deberkel.info\/graafmachines-graven-bij-het-fundament-van-de-berkelmolen-in-stadtlohn\/\">M\u00fcnsterland Zeitung: Graafmachines graven bij het fundament van de Berkelmolen in Stadtlohn<\/a><\/li>\n\t\t<li class=\"wsp-post\"><a href=\"https:\/\/deberkel.info\/de\/umbau-der-berkelmuhle-stadtlohn\/\">Umbau der Berkelm\u00fchle Stadtlohn<\/a><\/li>\n\t\t<li class=\"wsp-post\"><a href=\"https:\/\/deberkel.info\/verbouwing-berkelmuhle-stadtlohn\/\">Verbouwing Berkelm\u00fchle Stadtlohn<\/a><\/li>\n\t\t<li class=\"wsp-post\"><a href=\"https:\/\/deberkel.info\/de\/umbau-gebaude-muehle-stadtlohn-sollte-im-herbst-2020-fertig-sein-muessen\/\">M\u00fcnsterland Zeitung: Umbau Geb\u00e4ude M\u00fchle Stadtlohn sollte im Herbst 2020 fertig sein mussen<\/a><\/li>\n\t\t<li class=\"wsp-post\"><a href=\"https:\/\/deberkel.info\/verbouwing-gebouw-molen-stadtlohn-zou-in-de-herfst-van-2020-gereed-moeten-zijn\/\">M\u00fcnsterland Zeitung: Verbouwing gebouw molen Stadtlohn zou in de herfst van 2020 gereed moeten zijn<\/a><\/li>\n\t\t<li class=\"wsp-post\"><a href=\"https:\/\/deberkel.info\/de\/millionen-fur-berkel-hochwasserschutz-stadtlohn\/\">M\u00fcnsterland Zeitung: Millionen f\u00fcr Berkel Hochwasserschutz Stadtlohn<\/a><\/li>\n\t\t<li class=\"wsp-post\"><a href=\"https:\/\/deberkel.info\/miljoenen-voor-berkel-hoogwaterbescherming-stadtlohn\/\">M\u00fcnsterland Zeitung: Miljoenen voor Berkel hoogwaterbescherming Stadtlohn<\/a><\/li>\n\t\t<li class=\"wsp-post\"><a href=\"https:\/\/deberkel.info\/de\/prasentation-plane-umbau-gebaude-berkelmuhle-stadtlohn\/\">Pr\u00e4sentation Pl\u00e4ne Umbau Geb\u00e4ude Berkelm\u00fchle Stadtlohn<\/a><\/li>\n\t\t<li class=\"wsp-post\"><a href=\"https:\/\/deberkel.info\/presentatie-plannen-verbouwing-gebouw-berkelmolen-stadtlohn\/\">Presentatie plannen verbouwing gebouw Berkelmolen Stadtlohn<\/a><\/li>\n<\/ul><\/li>\n\t<li><strong class=\"wsp-category-title\">Kategorie: <a href=\"https:\/\/deberkel.info\/de\/berichtenlijsten\/nieuwe-berkelbrug-borculo-2023\/\">Nieuwe Berkelbrug Borculo 2023<\/a><\/strong>\n<ul class=\"wsp-posts-list\">\t\t<li class=\"wsp-post\"><a href=\"https:\/\/deberkel.info\/de\/nieuwe-berkel-brug-burg-bloemersstraat-gereed-thomas-lijferingbrug\/\">Neue Berkel Br\u00fccke Burg. Bloemersstraat fertig: Thomas Lijferingbrug<\/a><\/li>\n\t\t<li class=\"wsp-post\"><a href=\"https:\/\/deberkel.info\/nieuwe-berkel-brug-burg-bloemersstraat-gereed-thomas-lijferingbrug\/\">Nieuwe Berkel brug Burg. Bloemersstraat gereed: Thomas Lijferingbrug<\/a><\/li>\n\t\t<li class=\"wsp-post\"><a href=\"https:\/\/deberkel.info\/de\/neue-berkel-bruecke-burg-bloemersstraat-borculo-kurz-vor-fertigstellung\/\">Neue Berkel Br\u00fccke Burg. Bloemersstraat Borculo kurz vor Fertigstellung<\/a><\/li>\n\t\t<li class=\"wsp-post\"><a href=\"https:\/\/deberkel.info\/nieuwe-berkel-brug-burg-bloemersstraat-borculo-nadert-voltooiing\/\">Nieuwe Berkel brug Burg. Bloemersstraat Borculo nadert voltooiing<\/a><\/li>\n\t\t<li class=\"wsp-post\"><a href=\"https:\/\/deberkel.info\/de\/stentor-brautspaare-auf-der-berkel-in-hochzeitszomp\/\">Stentor: Brautspaare auf der Berkel in &#8218;Hochzeitszomp&#8216;<\/a><\/li>\n\t\t<li class=\"wsp-post\"><a href=\"https:\/\/deberkel.info\/stentor-bruidsparen-op-de-berkel-in-huwelijkszomp\/\">Stentor: Bruidsparen op de Berkel in &#8218;huwelijkszomp&#8216;<\/a><\/li>\n<\/ul><\/li>\n\t<li><strong class=\"wsp-category-title\">Kategorie: <a href=\"https:\/\/deberkel.info\/de\/berichtenlijsten\/project-leef-in-borculo\/\">Projekt Leef! in Borculo<\/a><\/strong>\n<ul class=\"wsp-posts-list\">\t\t<li class=\"wsp-post\"><a href=\"https:\/\/deberkel.info\/de\/alte-berkel-hafen-und-tunnel-leerinkbeek-zurueck-im-herzen-borculo\/\">Alte Berkel Hafen und Tunnel Leerinkbeek zur\u00fcck im Herzen Borculo<\/a><\/li>\n\t\t<li class=\"wsp-post\"><a href=\"https:\/\/deberkel.info\/oude-berkel-haven-en-tunnel-leerinkbeek-terug-in-hartje-borculo\/\">Oude Berkel haven en tunnel Leerinkbeek terug in hartje Borculo<\/a><\/li>\n\t\t<li class=\"wsp-post\"><a href=\"https:\/\/deberkel.info\/samenvatting-binnengekomen-ideeen-leef-in-borculo\/\">Samenvatting binnengekomen idee\u00ebn<\/a><\/li>\n\t\t<li class=\"wsp-post\"><a href=\"https:\/\/deberkel.info\/de\/zusammenfassung-eingekommen-ideeen-leef-in-borculo\/\">Zusammenfassung eingekommen Ideeen<\/a><\/li>\n\t\t<li class=\"wsp-post\"><a href=\"https:\/\/deberkel.info\/presentatie-uitgewerkte-inbreng-leef-in-borculo\/\">Presentatie uitgewerkte inbreng Leef! in Borculo<\/a><\/li>\n<\/ul><\/li>\n\t<li><strong class=\"wsp-category-title\">Kategorie: <a href=\"https:\/\/deberkel.info\/de\/berichtenlijsten\/project-overdekte-berkelbruggen\/\">Projekt \u00dcberdeckte Berkelbr\u00fcggen<\/a><\/strong>\n<ul class=\"wsp-posts-list\">\t\t<li class=\"wsp-post\"><a href=\"https:\/\/deberkel.info\/stentor-20-mei-2019-project-berkelbruggen-in-duigen\/\">Stentor 20 mei 2019: Project Berkelbruggen in duigen?<\/a><\/li>\n\t\t<li class=\"wsp-post\"><a href=\"https:\/\/deberkel.info\/de\/stentor-20-mai-2019-projekt-berkelbrucke-scheitert\/\">Stentor 20 Mai 2019: Projekt Berkelbr\u00fccke scheitert?<\/a><\/li>\n\t\t<li class=\"wsp-post\"><a href=\"https:\/\/deberkel.info\/overdekte-berkelbruggen-moeten-in-2020-gereed-zijn\/\">Overdekte Berkelbruggen moeten in 2020 gereed zijn<\/a><\/li>\n<\/ul><\/li>\n\t<li><strong class=\"wsp-category-title\">Kategorie: <a href=\"https:\/\/deberkel.info\/de\/berichtenlijsten\/renovatie-aanlegsteigers-fluisterschippers\/\">RenovatieAanlegsteigersFluisterschippers<\/a><\/strong>\n<ul class=\"wsp-posts-list\">\t\t<li class=\"wsp-post\"><a href=\"https:\/\/deberkel.info\/de\/voortgang-fluisterbotensteiger-18-december-2020\/\">Fortschritt Bau Steg Fl\u00fcsterboten 18. Dezember 2020<\/a><\/li>\n\t\t<li class=\"wsp-post\"><a href=\"https:\/\/deberkel.info\/voortgang-fluisterbotensteiger-18-december-2020\/\">Voortgang fluisterbotensteiger 18 december 2020<\/a><\/li>\n\t\t<li class=\"wsp-post\"><a href=\"https:\/\/deberkel.info\/de\/spundwand-bau-neuer-steg-fluesterboten-steiger\/\">Spundwand Bau neuer Steg Fl\u00fcsterboten<\/a><\/li>\n\t\t<li class=\"wsp-post\"><a href=\"https:\/\/deberkel.info\/damwand-bouw-nieuwe-fluisterboten-steiger\/\">Damwand bouw nieuwe Fluisterboten steiger<\/a><\/li>\n\t\t<li class=\"wsp-post\"><a href=\"https:\/\/deberkel.info\/damwand-plaatsing-bij-nieuwe-fluisterboten-kade-in-zutphen\/\">Damwand plaatsing bij nieuwe Fluisterboten kade in Zutphen<\/a><\/li>\n\t\t<li class=\"wsp-post\"><a href=\"https:\/\/deberkel.info\/de\/spundwand-platzierung-bei-neuem-fluesterboten-kai-in-zutphen\/\">Spundwand Platzierung bei neuem Fl\u00fcsterboten Kai in Zutphen<\/a><\/li>\n\t\t<li class=\"wsp-post\"><a href=\"https:\/\/deberkel.info\/de\/stentor-stukje-klooster-uit-14e-eeuw-blootgelegd\/\">Stentor: Kloster Teil aus 14. Jahrhundert freigelegt<\/a><\/li>\n\t\t<li class=\"wsp-post\"><a href=\"https:\/\/deberkel.info\/stentor-stukje-klooster-uit-14e-eeuw-blootgelegd\/\">Stentor: Stukje klooster uit 14e eeuw blootgelegd<\/a><\/li>\n\t\t<li class=\"wsp-post\"><a href=\"https:\/\/deberkel.info\/de\/renovierung-anlegestelle-fleusterboote\/\">Renovierung  Anlegestelle  Fl\u00fcsterboote<\/a><\/li>\n\t\t<li class=\"wsp-post\"><a href=\"https:\/\/deberkel.info\/renovatie-aanlegsteiger-fluisterboten-2\/\">Renovatie aanlegsteiger fluisterboten<\/a><\/li>\n<\/ul><\/li>\n\t<li><strong class=\"wsp-category-title\">Kategorie: <a href=\"https:\/\/deberkel.info\/de\/berichtenlijsten\/spirituele-plaatsen-berichten\/\">Spirituele plaatsen berichten<\/a><\/strong>\n<ul class=\"wsp-posts-list\">\t\t<li class=\"wsp-post\"><a href=\"https:\/\/deberkel.info\/de\/2-preis-heimat-preis-kreis-borken-fuer-spirituelle-orte\/\">2. Preis Heimat Preis Kreis Borken f\u00fcr Spirituelle Orte<\/a><\/li>\n\t\t<li class=\"wsp-post\"><a href=\"https:\/\/deberkel.info\/2e-prijs-heimat-preis-kreis-borken-voor-spirituele-plaatsen\/\">2e prijs Heimat Preis Kreis Borken voor Spirituele plaatsen<\/a><\/li>\n\t\t<li class=\"wsp-post\"><a href=\"https:\/\/deberkel.info\/de\/spiritueile-orte-entlang-der-berkel-war-nominiert-fuer-den-erfgoed-berkelland-preis\/\">Spirituele Orte entlang der Berkel war nominiert f\u00fcr den &#8218;Erfgoed Berkelland&#8216; Preis<\/a><\/li>\n\t\t<li class=\"wsp-post\"><a href=\"https:\/\/deberkel.info\/spirituele-plaatsen-langs-de-berkel-was-genomineerd-voor-de-erfgoed-berkelland-prijs\/\">Spirituele plaatsen langs de Berkel was genomineerd voor de Erfgoed Berkelland prijs<\/a><\/li>\n\t\t<li class=\"wsp-post\"><a href=\"https:\/\/deberkel.info\/de\/regionale-promotion-spirituelle-orte\/\">Regionale Promotion Spirituelle Orte<\/a><\/li>\n\t\t<li class=\"wsp-post\"><a href=\"https:\/\/deberkel.info\/regionale-promotie-spirituele-plaatsen\/\">Regionale promotie Spirituele plaatsen<\/a><\/li>\n\t\t<li class=\"wsp-post\"><a href=\"https:\/\/deberkel.info\/de\/protokoll-seminar-weiterentwiclung-spirituelle-orte-antoniuskirche-rekken\/\">Protokoll Seminar Weiterentwicklung Spirituelle Orte Antoniuskirche Rekken<\/a><\/li>\n\t\t<li class=\"wsp-post\"><a href=\"https:\/\/deberkel.info\/verslag-seminar-doorontwikkeling-spirituele-plaatsen-antoniuskerk-rekken\/\">Verslag Seminar Doorontwikkeling Spirituele Plaatsen Antoniuskerk Rekken<\/a><\/li>\n<\/ul><\/li>\n<\/ul><\/li>\n\t<li><strong class=\"wsp-category-title\">Kategorie: <a href=\"https:\/\/deberkel.info\/de\/eerstvolgende-nieuwsbrief-berichten\/\">Eerstvolgende Nieuwsbrief Berichten<\/a><\/strong>\n<ul class=\"wsp-posts-list\">\t\t<li class=\"wsp-post\"><a href=\"https:\/\/deberkel.info\/de\/neue-fluesterbotenkai-immer-weiter-fertig\/\">Neue Fl\u00fcsterboten Kai immer weiter fertig<\/a><\/li>\n\t\t<li class=\"wsp-post\"><a href=\"https:\/\/deberkel.info\/nieuwe-fluisterbotenkade-steeds-verder-gereed\/\">Nieuwe fluisterbotenkade steeds verder gereed<\/a><\/li>\n\t\t<li class=\"wsp-post\"><a href=\"https:\/\/deberkel.info\/de\/lindenbaum-und-1925-blumenzwiebeln-gepflanzt-laengs-die-berkel\/\">Lindenbaum und 1925 Blumenzwiebeln gepflanzt l\u00e4ngs die Berkel<\/a><\/li>\n\t\t<li class=\"wsp-post\"><a href=\"https:\/\/deberkel.info\/linde-en-1925-bloembollen-geplant-langs-de-berkel\/\">Linde en 1925 bloembollen geplant langs de Berkel<\/a><\/li>\n\t\t<li class=\"wsp-post\"><a href=\"https:\/\/deberkel.info\/de\/fortsetzung-neue-bistimmung-hema-grundstueck-borculo\/\">Fortsetzung neue Bestimming Hema Grundst\u00fcck Borculo<\/a><\/li>\n\t\t<li class=\"wsp-post\"><a href=\"https:\/\/deberkel.info\/vervolg-nieuwe-bestemming-hema-terrein-borculo\/\">Vervolg nieuwe bestemming Hema terrein Borculo<\/a><\/li>\n\t\t<li class=\"wsp-post\"><a href=\"https:\/\/deberkel.info\/de\/tubantia-stromerzeugung-mit-wehr-mallem\/\">Tubantia: Stromerzeugung mit Wehr Mallem?<\/a><\/li>\n\t\t<li class=\"wsp-post\"><a href=\"https:\/\/deberkel.info\/tubantia-energieopwekking-met-stuw-mallem\/\">Tubantia: Energieopwekking met Stuw Mallem?<\/a><\/li>\n\t\t<li class=\"wsp-post\"><a href=\"https:\/\/deberkel.info\/de\/berkel-videospiel-in-entwicklung\/\">Berkel Videospiel in Entwicklung<\/a><\/li>\n\t\t<li class=\"wsp-post\"><a href=\"https:\/\/deberkel.info\/berkelgame-in-ontwikkeling\/\">Berkelgame in ontwikkeling<\/a><\/li>\n\t\t<li class=\"wsp-post\"><a href=\"https:\/\/deberkel.info\/de\/badende-in-der-zeitung-in-coesfeld\/\">Badende Briefmarken in der Zeitung in Coesfeld<\/a><\/li>\n\t\t<li class=\"wsp-post\"><a href=\"https:\/\/deberkel.info\/badende-postzegels-halen-de-krant-in-coesfeld\/\">Badende postzegels halen de krant in Coesfeld<\/a><\/li>\n\t\t<li class=\"wsp-post\"><a href=\"https:\/\/deberkel.info\/de\/kommunenuebergreifendes-berkelpegelmesssystem\/\">Kommunen\u00fcbergreifendes Berkelpegelmesssystem<\/a><\/li>\n\t\t<li class=\"wsp-post\"><a href=\"https:\/\/deberkel.info\/gemeente-overschrijdend-berkelmeetsysteem\/\">Gemeente overschrijdend Berkelmeetsysteem<\/a><\/li>\n\t\t<li class=\"wsp-post\"><a href=\"\/de\/berkelkanurallye\/#abgesagt\">Berkel Kanurallye abgesagt<\/a><\/li>\n\t\t<li class=\"wsp-post\"><a href=\"\/berkelkanorally\/#afgelast\">Berkel Kanorally geannuleerd<\/a><\/li>\n\t\t<li class=\"wsp-post\"><a href=\"https:\/\/deberkel.info\/de\/de-berkelpoort-in-zutphen-im-laufe-der-jahre\/\">De Berkelpoort in Zutphen im Laufe der Jahre<\/a><\/li>\n\t\t<li class=\"wsp-post\"><a href=\"https:\/\/deberkel.info\/de-berkelpoort-in-zutphen-door-de-jaren-heen\/\">De Berkelpoort in Zutphen door de jaren heen<\/a><\/li>\n\t\t<li class=\"wsp-post\"><a href=\"https:\/\/deberkel.info\/de\/die-berkel-von-oben\/\">Die Berkel von oben (2020)<\/a><\/li>\n\t\t<li class=\"wsp-post\"><a href=\"https:\/\/deberkel.info\/de-berkel-van-boven\/\">De Berkel van boven (2020)<\/a><\/li>\n\t\t<li class=\"wsp-post\"><a href=\"https:\/\/deberkel.info\/de\/eibergen-mit-der-berkel-von-oben\/\">Eibergen (mit der Berkel) von oben<\/a><\/li>\n\t\t<li class=\"wsp-post\"><a href=\"https:\/\/deberkel.info\/eibergen-met-de-berkel-van-boven\/\">Eibergen (met de Berkel) van boven<\/a><\/li>\n\t\t<li class=\"wsp-post\"><a href=\"https:\/\/deberkel.info\/de\/stentor-aanlegsteiger-fluisterschippers-tijdelijk-verplaatst\/\">Stentor: Steg Fl\u00fcsterschiffer zeitweilig verlegt<\/a><\/li>\n\t\t<li class=\"wsp-post\"><a href=\"https:\/\/deberkel.info\/stentor-aanlegsteiger-fluisterschippers-tijdelijk-verplaatst\/\">Stentor: aanlegsteiger Fluisterschippers tijdelijk verplaatst<\/a><\/li>\n\t\t<li class=\"wsp-post\"><a href=\"https:\/\/deberkel.info\/de\/alte-berkelbilder-eibergen-borculo-lochem\/\">Alte Berkelbilder Eibergen, Borculo und Lochem<\/a><\/li>\n\t\t<li class=\"wsp-post\"><a href=\"https:\/\/deberkel.info\/oude-berkelfotos-eibergen-borculo-lochem\/\">Oude Berkelfoto&#8217;s Eibergen, Borculo en Lochem<\/a><\/li>\n\t\t<li class=\"wsp-post\"><a href=\"https:\/\/deberkel.info\/de\/berkel-windmuehlen-noch-keine-beschlossene-sache\/\">Nieuws Uit Berkelland: Windm\u00fchlen enlang der Berkel noch keine beschlossene Sache<\/a><\/li>\n\t\t<li class=\"wsp-post\"><a href=\"https:\/\/deberkel.info\/nieuws-uit-berkelland-windmolens-langs-de-berkel-nog-geen-uitgemaakte-zaak\/\">Nieuws Uit Berkelland: Windmolens langs de Berkel nog geen uitgemaakte zaak<\/a><\/li>\n\t\t<li class=\"wsp-post\"><a href=\"https:\/\/deberkel.info\/de\/jappe-wieder-auf-der-berkel\/\">Jappe wieder auf der Berkel<\/a><\/li>\n\t\t<li class=\"wsp-post\"><a href=\"https:\/\/deberkel.info\/jappe-weer-op-de-berkel\/\">Jappe weer op de Berkel<\/a><\/li>\n\t\t<li class=\"wsp-post\"><a href=\"https:\/\/deberkel.info\/de\/tubantia-windmolens-langs-de-berkel\/\">Tubantia: Windm\u00fchlen l\u00e4ngs der Berkel<\/a><\/li>\n\t\t<li class=\"wsp-post\"><a href=\"https:\/\/deberkel.info\/tubantia-windmolens-langs-de-berkel\/\">Tubantia: Windmolens langs de Berkel<\/a><\/li>\n\t\t<li class=\"wsp-post\"><a href=\"https:\/\/deberkel.info\/de\/turbinenhaeuschen-berkelmuehle-geschichte\/\">Turbinenh\u00e4uschen Berkelm\u00fchle Geschichte<\/a><\/li>\n\t\t<li class=\"wsp-post\"><a href=\"https:\/\/deberkel.info\/turbinehuisje-berkelmolen-stadtlohn-geschiedenis\/\">Turbinehuisje Berkelmolen Stadtlohn Geschiedenis<\/a><\/li>\n<\/ul><\/li>\n\t<li><strong class=\"wsp-category-title\">Kategorie: <a href=\"https:\/\/deberkel.info\/de\/geen-categorie-nl\/\">Keine Kategorie<\/a><\/strong>\n<ul class=\"wsp-posts-list\">\t\t<li class=\"wsp-post\"><a href=\"https:\/\/deberkel.info\/de\/ausstellung-trinkbare-berkel\/\">Mobile Ausstellung Trinkbare Berkel<\/a><\/li>\n\t\t<li class=\"wsp-post\"><a href=\"https:\/\/deberkel.info\/expositie-drinkbare-berkel\/\">Mobiele Expositie Drinkbare Berkel<\/a><\/li>\n\t\t<li class=\"wsp-post\"><a href=\"https:\/\/deberkel.info\/de\/berkelschiffahrt\/\">Berkelschiffahrt vom 17. Jahrhundert bis heute<\/a><\/li>\n\t\t<li class=\"wsp-post\"><a href=\"https:\/\/deberkel.info\/berkelscheepvaart\/\">Berkelscheepvaart van de 17e eeuw tot heden<\/a><\/li>\n\t\t<li class=\"wsp-post\"><a href=\"https:\/\/deberkel.info\/de\/2025-exkursion-bilder-schulenberg\/\">2025 Exkursion Bilder Schulenberg<\/a><\/li>\n\t\t<li class=\"wsp-post\"><a href=\"https:\/\/deberkel.info\/2025-excursie-fotos-schulenberg\/\">2025 Excursie Foto&#8217;s Schulenberg<\/a><\/li>\n\t\t<li class=\"wsp-post\"><a href=\"https:\/\/deberkel.info\/de\/2025-eksursion-bilder-heinz-ohmann\/\">2025 Ekskursion Bilder Heinz \u00d6hmann<\/a><\/li>\n\t\t<li class=\"wsp-post\"><a href=\"https:\/\/deberkel.info\/2025-excursie-fotos-heinz-ohmann\/\">2025 Excursie Foto&#8217;s Heinz \u00d6hmann<\/a><\/li>\n\t\t<li class=\"wsp-post\"><a href=\"https:\/\/deberkel.info\/de\/rapport-de-berkel-tussen-borculo-en-lochem-een-halfnatuurlijk-beekdallandschap\/\">Bericht &#8218;De Berkel tussen Borculo en Lochem, een halfnatuurlijk beekdallandschap&#8216;<\/a><\/li>\n\t\t<li class=\"wsp-post\"><a href=\"https:\/\/deberkel.info\/rapport-de-berkel-tussen-borculo-en-lochem-een-halfnatuurlijk-beekdallandschap\/\">Rapport &#8218;De Berkel tussen Borculo en Lochem, een halfnatuurlijk beekdallandschap&#8216;<\/a><\/li>\n\t\t<li class=\"wsp-post\"><a href=\"https:\/\/deberkel.info\/de\/rad-wandertouren-spirituellen-orten\/\">Rad- \/ Wandertouren spirituellen Orten<\/a><\/li>\n\t\t<li class=\"wsp-post\"><a href=\"https:\/\/deberkel.info\/fiets-wandel-tochten-spirituele-plaatsen\/\">Fiets- \/ Wandeltochten Spirituele plaatsen<\/a><\/li>\n\t\t<li class=\"wsp-post\"><a href=\"https:\/\/deberkel.info\/de\/nieuwsquellen-liste\/\">NieuwsQuellen: die Zeitung der Freunde<\/a><\/li>\n\t\t<li class=\"wsp-post\"><a href=\"https:\/\/deberkel.info\/nieuwsquelles-lijst\/\">NieuwsQuelles: het blad van de vrienden<\/a><\/li>\n<\/ul><\/li>\n\t<li><strong class=\"wsp-category-title\">Kategorie: <a href=\"https:\/\/deberkel.info\/de\/nieuwsquelle\/\">Nieuwsquelle<\/a><\/strong>\n<ul class=\"wsp-posts-list\">\t\t<li class=\"wsp-post\"><a href=\"https:\/\/deberkel.info\/de\/nieuwsquelle-26\/\">NieuwsQuelle 26<\/a><\/li>\n\t\t<li class=\"wsp-post\"><a href=\"https:\/\/deberkel.info\/nieuwsquelle-26\/\">NieuwsQuelle 26<\/a><\/li>\n\t\t<li class=\"wsp-post\"><a href=\"https:\/\/deberkel.info\/nieuwsquelle-25\/\">NieuwsQuelle 25<\/a><\/li>\n\t\t<li class=\"wsp-post\"><a href=\"https:\/\/deberkel.info\/de\/nieuwsquelle-25\/\">NieuwsQuelle 25<\/a><\/li>\n\t\t<li class=\"wsp-post\"><a href=\"https:\/\/deberkel.info\/de\/nieuwsquelle-6\/\">NieuwsQuelle  6<\/a><\/li>\n\t\t<li class=\"wsp-post\"><a href=\"https:\/\/deberkel.info\/de\/nieuwsquelle-10\/\">NieuwsQuelle 10<\/a><\/li>\n\t\t<li class=\"wsp-post\"><a href=\"https:\/\/deberkel.info\/de\/nieuwsquelle-1\/\">NieuwsQuelle  1<\/a><\/li>\n\t\t<li class=\"wsp-post\"><a href=\"https:\/\/deberkel.info\/nieuwsquelle-1\/\">NieuwsQuelle  1<\/a><\/li>\n\t\t<li class=\"wsp-post\"><a href=\"https:\/\/deberkel.info\/de\/nieuwsquelle-2\/\">NieuwsQuelle  2<\/a><\/li>\n\t\t<li class=\"wsp-post\"><a href=\"https:\/\/deberkel.info\/nieuwsquelle-2\/\">NieuwsQuelle  2<\/a><\/li>\n\t\t<li class=\"wsp-post\"><a href=\"https:\/\/deberkel.info\/de\/nieuwsquelle-3\/\">NieuwsQuelle  3<\/a><\/li>\n\t\t<li class=\"wsp-post\"><a href=\"https:\/\/deberkel.info\/nieuwsquelle-3\/\">NieuwsQuelle  3<\/a><\/li>\n\t\t<li class=\"wsp-post\"><a href=\"https:\/\/deberkel.info\/de\/nieuwsquelle-4\/\">NieuwsQuelle  4<\/a><\/li>\n\t\t<li class=\"wsp-post\"><a href=\"https:\/\/deberkel.info\/nieuwsquelle-4\/\">NieuwsQuelle  4<\/a><\/li>\n\t\t<li class=\"wsp-post\"><a href=\"https:\/\/deberkel.info\/de\/nieuwsquelle-5\/\">NieuwsQuelle  5<\/a><\/li>\n\t\t<li class=\"wsp-post\"><a href=\"https:\/\/deberkel.info\/nieuwsquelle-5\/\">NieuwsQuelle  5<\/a><\/li>\n\t\t<li class=\"wsp-post\"><a href=\"https:\/\/deberkel.info\/nieuwsquelle-6\/\">NieuwsQuelle  6<\/a><\/li>\n\t\t<li class=\"wsp-post\"><a href=\"https:\/\/deberkel.info\/de\/nieuwsquelle-7\/\">NieuwsQuelle  7<\/a><\/li>\n\t\t<li class=\"wsp-post\"><a href=\"https:\/\/deberkel.info\/nieuwsquelle-7\/\">NieuwsQuelle  7<\/a><\/li>\n\t\t<li class=\"wsp-post\"><a href=\"https:\/\/deberkel.info\/de\/nieuwsquelle-8\/\">NieuwsQuelle  8<\/a><\/li>\n\t\t<li class=\"wsp-post\"><a href=\"https:\/\/deberkel.info\/nieuwsquelle-8\/\">NieuwsQuelle  8<\/a><\/li>\n\t\t<li class=\"wsp-post\"><a href=\"https:\/\/deberkel.info\/de\/nieuwsquelle-09\/\">NieuwsQuelle  9<\/a><\/li>\n\t\t<li class=\"wsp-post\"><a href=\"https:\/\/deberkel.info\/nieuwsquelle-9\/\">NieuwsQuelle  9<\/a><\/li>\n\t\t<li class=\"wsp-post\"><a href=\"https:\/\/deberkel.info\/nieuwsquelle-10\/\">NieuwsQuelle 10<\/a><\/li>\n\t\t<li class=\"wsp-post\"><a href=\"https:\/\/deberkel.info\/de\/nieuwsquelle-11\/\">NieuwsQuelle 11<\/a><\/li>\n\t\t<li class=\"wsp-post\"><a href=\"https:\/\/deberkel.info\/nieuwsquelle-11\/\">NieuwsQuelle 11<\/a><\/li>\n\t\t<li class=\"wsp-post\"><a href=\"https:\/\/deberkel.info\/de\/nieuwsquelle-12\/\">NieuwsQuelle 12<\/a><\/li>\n\t\t<li class=\"wsp-post\"><a href=\"https:\/\/deberkel.info\/nieuwsquelle-12\/\">NieuwsQuelle 12<\/a><\/li>\n\t\t<li class=\"wsp-post\"><a href=\"https:\/\/deberkel.info\/de\/nieuwsquelle-13\/\">NieuwsQuelle 13<\/a><\/li>\n\t\t<li class=\"wsp-post\"><a href=\"https:\/\/deberkel.info\/nieuwsquelle-13\/\">NieuwsQuelle 13<\/a><\/li>\n\t\t<li class=\"wsp-post\"><a href=\"https:\/\/deberkel.info\/de\/nieuwsquelle-14\/\">NieuwsQuelle 14<\/a><\/li>\n\t\t<li class=\"wsp-post\"><a href=\"https:\/\/deberkel.info\/nieuwsquelle-14\/\">NieuwsQuelle 14<\/a><\/li>\n\t\t<li class=\"wsp-post\"><a href=\"https:\/\/deberkel.info\/de\/nieuwsquelle-15\/\">NieuwsQuelle 15<\/a><\/li>\n\t\t<li class=\"wsp-post\"><a href=\"https:\/\/deberkel.info\/nieuwsquelle-15\/\">NieuwsQuelle 15<\/a><\/li>\n\t\t<li class=\"wsp-post\"><a href=\"https:\/\/deberkel.info\/de\/nieuwsquelle-16\/\">NieuwsQuelle 16<\/a><\/li>\n\t\t<li class=\"wsp-post\"><a href=\"https:\/\/deberkel.info\/nieuwsquelle-16\/\">NieuwsQuelle 16<\/a><\/li>\n\t\t<li class=\"wsp-post\"><a href=\"https:\/\/deberkel.info\/de\/nieuwsquelle-17\/\">NieuwsQuelle 17<\/a><\/li>\n\t\t<li class=\"wsp-post\"><a href=\"https:\/\/deberkel.info\/nieuwsquelle-17\/\">NieuwsQuelle 17<\/a><\/li>\n\t\t<li class=\"wsp-post\"><a href=\"https:\/\/deberkel.info\/de\/nieuwsquelle-18\/\">NieuwsQuelle 18<\/a><\/li>\n\t\t<li class=\"wsp-post\"><a href=\"https:\/\/deberkel.info\/nieuwsquelle-18\/\">NieuwsQuelle 18<\/a><\/li>\n\t\t<li class=\"wsp-post\"><a href=\"https:\/\/deberkel.info\/de\/nieuwsquelle-19\/\">NieuwsQuelle 19<\/a><\/li>\n\t\t<li class=\"wsp-post\"><a href=\"https:\/\/deberkel.info\/nieuwsquelle-19\/\">NieuwsQuelle 19<\/a><\/li>\n\t\t<li class=\"wsp-post\"><a href=\"https:\/\/deberkel.info\/de\/nieuwsquelle-20\/\">NieuwsQuelle 20<\/a><\/li>\n\t\t<li class=\"wsp-post\"><a href=\"https:\/\/deberkel.info\/nieuwsquelle-20\/\">NieuwsQuelle 20<\/a><\/li>\n\t\t<li class=\"wsp-post\"><a href=\"https:\/\/deberkel.info\/de\/nieuwsquelle-21\/\">NieuwsQuelle 21<\/a><\/li>\n\t\t<li class=\"wsp-post\"><a href=\"https:\/\/deberkel.info\/nieuwsquelle-21\/\">NieuwsQuelle 21<\/a><\/li>\n\t\t<li class=\"wsp-post\"><a href=\"https:\/\/deberkel.info\/de\/nieuwsquelle-22\/\">NieuwsQuelle 22<\/a><\/li>\n\t\t<li class=\"wsp-post\"><a href=\"https:\/\/deberkel.info\/nieuwsquelle-22\/\">NieuwsQuelle 22<\/a><\/li>\n\t\t<li class=\"wsp-post\"><a href=\"https:\/\/deberkel.info\/de\/nieuwsquelle-23\/\">NieuwsQuelle 23<\/a><\/li>\n\t\t<li class=\"wsp-post\"><a href=\"https:\/\/deberkel.info\/nieuwsquelle-23\/\">NieuwsQuelle 23<\/a><\/li>\n\t\t<li class=\"wsp-post\"><a href=\"https:\/\/deberkel.info\/de\/nieuwsquelle-24\/\">NieuwsQuelle 24<\/a><\/li>\n\t\t<li class=\"wsp-post\"><a href=\"https:\/\/deberkel.info\/nieuwsquelle-24\/\">NieuwsQuelle 24<\/a><\/li>\n<\/ul><\/li>\n\t<li><strong class=\"wsp-category-title\">Kategorie: <a href=\"https:\/\/deberkel.info\/de\/persberichtenuit2002\/\">Persberichten uit 2002<\/a><\/strong>\n<ul class=\"wsp-posts-list\">\t\t<li class=\"wsp-post\"><a href=\"https:\/\/deberkel.info\/de\/tubantia-berkelburen-von-quelle-bis-muendung-zutphen\/\">Tubantia: Berkelnachbarn von Quelle bis M\u00fcndung: Zutphen<\/a><\/li>\n\t\t<li class=\"wsp-post\"><a href=\"https:\/\/deberkel.info\/tubantia-berkelburen-van-bron-tot-monding-zutphen\/\">Tubantia: Berkelburen van bron tot monding: Zutphen<\/a><\/li>\n\t\t<li class=\"wsp-post\"><a href=\"https:\/\/deberkel.info\/de\/tubantia-berkelburen-von-quelle-bis-muendung-lochem\/\">Tubantia: Berkelnachbarn von Quelle bis M\u00fcndung: Lochem<\/a><\/li>\n\t\t<li class=\"wsp-post\"><a href=\"https:\/\/deberkel.info\/tubantia-berkelburen-van-bron-tot-monding-lochem\/\">Tubantia: Berkelburen van bron tot monding: Lochem<\/a><\/li>\n\t\t<li class=\"wsp-post\"><a href=\"https:\/\/deberkel.info\/de\/tubantia-berkelburen-von-quelle-bis-muendung-borculo\/\">Tubantia: Berkelnachbarn von Quelle bis M\u00fcndung: Borculo<\/a><\/li>\n\t\t<li class=\"wsp-post\"><a href=\"https:\/\/deberkel.info\/tubantia-berkelburen-van-bron-tot-monding-borculo\/\">Tubantia: Berkelburen van bron tot monding: Borculo<\/a><\/li>\n\t\t<li class=\"wsp-post\"><a href=\"https:\/\/deberkel.info\/de\/tubantia-berkelburen-von-quelle-bis-muendung-wasserklaeranlage-haarlo\/\">Tubantia: Berkelnachbarn von Quelle bis M\u00fcndung: Wasserkl\u00e4ranlage Haarlo<\/a><\/li>\n\t\t<li class=\"wsp-post\"><a href=\"https:\/\/deberkel.info\/tubantia-berkelburen-van-bron-tot-monding-waterzuivering-haarlo\/\">Tubantia: Berkelburen van bron tot monding: waterzuivering Haarlo<\/a><\/li>\n\t\t<li class=\"wsp-post\"><a href=\"https:\/\/deberkel.info\/de\/tubantia-berkelburen-von-quelle-bis-muendung-von-rekken-nach-eibergen\/\">Tubantia: Berkelnachbarn von Quelle bis M\u00fcndung: von Rekken nach Eibergen<\/a><\/li>\n\t\t<li class=\"wsp-post\"><a href=\"https:\/\/deberkel.info\/tubantia-berkelburen-van-bron-tot-monding-van-rekken-naar-eibergen\/\">Tubantia: Berkelburen van bron tot monding: van Rekken naar Eibergen<\/a><\/li>\n\t\t<li class=\"wsp-post\"><a href=\"https:\/\/deberkel.info\/de\/tubantia-berkelburen-von-quelle-bis-muendung-vreden\/\">Tubantia: Berkelnachbarn von Quelle bis M\u00fcndung: Vreden<\/a><\/li>\n\t\t<li class=\"wsp-post\"><a href=\"https:\/\/deberkel.info\/tubantia-berkelburen-van-bron-tot-monding-vreden\/\">Tubantia: Berkelburen van bron tot monding: Vreden<\/a><\/li>\n\t\t<li class=\"wsp-post\"><a href=\"https:\/\/deberkel.info\/de\/tubantia-berkelburen-von-quelle-bis-muendung-gescher\/\">Tubantia: Berkelnachbarn von Quelle bis M\u00fcndung: Gescher<\/a><\/li>\n\t\t<li class=\"wsp-post\"><a href=\"https:\/\/deberkel.info\/tubantia-berkelburen-van-bron-tot-monding-gescher\/\">Tubantia: Berkelburen van bron tot monding: Gescher<\/a><\/li>\n\t\t<li class=\"wsp-post\"><a href=\"https:\/\/deberkel.info\/de\/tubantia-berkelburen-von-quelle-bis-muendung-coesfeld\/\">Tubantia: Berkelnachbarn von Quelle bis M\u00fcndung: Coesfeld<\/a><\/li>\n\t\t<li class=\"wsp-post\"><a href=\"https:\/\/deberkel.info\/tubantia-berkelburen-van-bron-tot-monding-coesfeld\/\">Tubantia: Berkelburen van bron tot monding: Coesfeld<\/a><\/li>\n\t\t<li class=\"wsp-post\"><a href=\"https:\/\/deberkel.info\/de\/tubantia-berkelburen-von-quelle-bis-muendung-billerbeck\/\">Tubantia: Berkelnachbarn von Quelle bis M\u00fcndung: Billerbeck<\/a><\/li>\n\t\t<li class=\"wsp-post\"><a href=\"https:\/\/deberkel.info\/tubantia-berkelburen-van-bron-tot-monding-billerbeck\/\">Tubantia: Berkelburen van bron tot monding: Billerbeck<\/a><\/li>\n<\/ul><\/li>\n\t<li><strong class=\"wsp-category-title\">Kategorie: <a href=\"https:\/\/deberkel.info\/de\/persberichtenuit2019\/\">Presseberichte aus 2019<\/a><\/strong>\n<ul class=\"wsp-posts-list\">\t\t<li class=\"wsp-post\"><a href=\"https:\/\/deberkel.info\/de\/achterhoek-nieuws-verschmutzung-berkel-kombination-von-faktoren\/\">Achterhoek Nieuws: Verschmutzung Berkel Kombination von Faktoren<\/a><\/li>\n\t\t<li class=\"wsp-post\"><a href=\"https:\/\/deberkel.info\/achterhoek-nieuws-verontreiniging-berkel-combinatie-van-factoren\/\">Achterhoek Nieuws: Verontreiniging Berkel combinatie van factoren<\/a><\/li>\n\t\t<li class=\"wsp-post\"><a href=\"https:\/\/deberkel.info\/de\/druck-in-rohrleitung-fuehrte-zu-drama-in-berkel\/\">Stentor: Druck in Rohrleitung f\u00fchrte zu Drama in Berkel<\/a><\/li>\n\t\t<li class=\"wsp-post\"><a href=\"https:\/\/deberkel.info\/stentor-te-hoge-druk-in-pijpleiding-leidde-tot-drama-in-berkel\/\">Stentor: Te hoge druk in pijpleiding leidde tot drama in Berkel<\/a><\/li>\n\t\t<li class=\"wsp-post\"><a href=\"https:\/\/deberkel.info\/stentor-tubantia-presentatie-plannen-leef-in-borculo\/\">Stentor \/ Tubantia: Presentatie plannen Leef! in Borculo<\/a><\/li>\n\t\t<li class=\"wsp-post\"><a href=\"https:\/\/deberkel.info\/de\/stentor-tubantia-prasentation-plane-leef-in-borculo\/\">Stentor \/ Tubantia: Pr\u00e4sentation Pl\u00e4ne &#8218;Leef! in Borculo&#8216;<\/a><\/li>\n\t\t<li class=\"wsp-post\"><a href=\"https:\/\/deberkel.info\/de\/stentor-zuschuss-fur-restaurierung-klostermauer-in-zutphen\/\">Stentor: Zuschuss f\u00fcr Restaurierung Klostermauer in Zutphen<\/a><\/li>\n\t\t<li class=\"wsp-post\"><a href=\"https:\/\/deberkel.info\/stentor-subsidie-voor-restauratie-kloostermuur-in-zutphen\/\">Stentor: Subsidie voor restauratie kloostermuur in Zutphen<\/a><\/li>\n\t\t<li class=\"wsp-post\"><a href=\"https:\/\/deberkel.info\/achterhoek-nieuws-zompendag-in-historisch-borculo\/\">Achterhoek Nieuws: Zompendag in historisch Borculo<\/a><\/li>\n\t\t<li class=\"wsp-post\"><a href=\"https:\/\/deberkel.info\/de\/achterhoek-nieuws-zompentag-in-historisch-borculo\/\">Achterhoek Nieuws: Zompentag in historisch Borculo<\/a><\/li>\n\t\t<li class=\"wsp-post\"><a href=\"https:\/\/deberkel.info\/de\/winken-wenn-jappe-vorbei-faehrt\/\">Tubantia: Winken wenn Jappe vorbei f\u00e4hrt<\/a><\/li>\n\t\t<li class=\"wsp-post\"><a href=\"https:\/\/deberkel.info\/zwaaien-als-jappe-passeert\/\">Tubantia: Zwaaien als Jappe passeert<\/a><\/li>\n\t\t<li class=\"wsp-post\"><a href=\"https:\/\/deberkel.info\/de\/jappe-hat-geburtstag-und-neue-schleuse-in-borculo-geoffnet\/\">Jappe hat Geburtstag und neue Schleuse in Borculo ge\u00f6ffnet<\/a><\/li>\n\t\t<li class=\"wsp-post\"><a href=\"https:\/\/deberkel.info\/jappe-jarig-en-nieuwe-sluis-in-borculo-geopend\/\">Jappe jarig en nieuwe sluis in Borculo geopend<\/a><\/li>\n\t\t<li class=\"wsp-post\"><a href=\"https:\/\/deberkel.info\/avondwandeling-rond-mallumse-molen\/\">Avondwandeling rond Mallumse molen<\/a><\/li>\n\t\t<li class=\"wsp-post\"><a href=\"https:\/\/deberkel.info\/de\/abend-spaziergang-rund-mallumse-muhle\/\">Abend Spaziergang rund Mallumse M\u00fchle<\/a><\/li>\n\t\t<li class=\"wsp-post\"><a href=\"https:\/\/deberkel.info\/achterhoek-nieuws-30-jaar-jappe\/\">Achterhoek Nieuws: 30 jaar Jappe<\/a><\/li>\n\t\t<li class=\"wsp-post\"><a href=\"https:\/\/deberkel.info\/de\/achterhoek-nieuws-30-jahre-jappe\/\">Achterhoek Nieuws: 30 Jahre Jappe<\/a><\/li>\n\t\t<li class=\"wsp-post\"><a href=\"https:\/\/deberkel.info\/leef-in-borculo-van-start\/\">Leef! in Borculo van start<\/a><\/li>\n\t\t<li class=\"wsp-post\"><a href=\"https:\/\/deberkel.info\/de\/leef-in-borculo-fangt-an\/\">Leef! in Borculo f\u00e4ngt an<\/a><\/li>\n\t\t<li class=\"wsp-post\"><a href=\"https:\/\/deberkel.info\/de\/tubantia-stentor-projekt-uberdeckte-berkelbrucken-zum-ende\/\">Tubantia \/ Stentor: Projekt \u00dcberdeckte Berkelbr\u00fccken zu Ende<\/a><\/li>\n\t\t<li class=\"wsp-post\"><a href=\"https:\/\/deberkel.info\/tubantia-stentor-overdekte-berkelbruggen-van-de-baan\/\">Tubantia \/ Stentor: Overdekte Berkelbruggen van de baan<\/a><\/li>\n\t\t<li class=\"wsp-post\"><a href=\"https:\/\/deberkel.info\/de\/stentor-bauplan-berkelufer-in-lochem-bringt-nachbarschaft-in-protest\/\">Stentor: Bauplan Berkelufer in Lochem bringt Nachbarschaft in Protest<\/a><\/li>\n\t\t<li class=\"wsp-post\"><a href=\"https:\/\/deberkel.info\/stentor-bouwplan-berkeloevers-in-lochem-brengt-buurt-in-verzet\/\">Stentor: Bouwplan Berkeloevers in Lochem brengt buurt in verzet<\/a><\/li>\n\t\t<li class=\"wsp-post\"><a href=\"https:\/\/deberkel.info\/tubantia-twentekanaalwater-houdt-berkel-stromend\/\">Tubantia: Twentekanaalwater houdt Berkel stromend<\/a><\/li>\n\t\t<li class=\"wsp-post\"><a href=\"https:\/\/deberkel.info\/de\/tubantia-twentekanaal-wasser-halt-berkel-stromend\/\">Tubantia: Twentekanaal Wasser h\u00e4lt Berkel str\u00f6mend<\/a><\/li>\n\t\t<li class=\"wsp-post\"><a href=\"https:\/\/deberkel.info\/fluisterschippers-in-de-stentor\/\">Fluisterschippers in de Stentor<\/a><\/li>\n\t\t<li class=\"wsp-post\"><a href=\"https:\/\/deberkel.info\/de\/flusterschiffer-in-de-stentor\/\">Fl\u00fcsterschiffer in &#8218;de Stentor&#8216;<\/a><\/li>\n\t\t<li class=\"wsp-post\"><a href=\"https:\/\/deberkel.info\/de\/achterhoek-nieuws-radtour-entlang-die-berkel\/\">Achterhoek Nieuws: Radtour entlang die Berkel<\/a><\/li>\n\t\t<li class=\"wsp-post\"><a href=\"https:\/\/deberkel.info\/achterhoek-nieuws-fietstocht-langs-de-berkel\/\">Achterhoek Nieuws: Fietstocht langs de Berkel<\/a><\/li>\n\t\t<li class=\"wsp-post\"><a href=\"https:\/\/deberkel.info\/de\/achterhoek-nieuws-schulenfahrtprojekt-auf-der-berkel\/\">Achterhoek Nieuws: Schulenfahrtprojekt auf der Berkel<\/a><\/li>\n\t\t<li class=\"wsp-post\"><a href=\"https:\/\/deberkel.info\/achterhoek-nieuws-scholenvaartproject-op-de-berkel\/\">Achterhoek Nieuws: Scholenvaartproject op de Berkel<\/a><\/li>\n\t\t<li class=\"wsp-post\"><a href=\"https:\/\/deberkel.info\/de\/stentor-bombe-aufgefischt-aus-der-berkel\/\">Stentor: Bombe aufgefischt aus der Berkel<\/a><\/li>\n\t\t<li class=\"wsp-post\"><a href=\"https:\/\/deberkel.info\/stentor-bom-opgevist-uit-de-berkel\/\">Stentor: bom opgevist uit de Berkel<\/a><\/li>\n\t\t<li class=\"wsp-post\"><a href=\"https:\/\/deberkel.info\/zutphense-koerier-kom-op-verhaal-met-berkelfluisteraar\/\">Zutphense Koerier: Kom op verhaal met Berkelfluisteraar<\/a><\/li>\n\t\t<li class=\"wsp-post\"><a href=\"https:\/\/deberkel.info\/de\/zutphense-koerier-kom-op-verhaal-met-berkelfluisteraar\/\">Zutphense Koerier: Kom op verhaal met Berkelfluisteraar<\/a><\/li>\n\t\t<li class=\"wsp-post\"><a href=\"https:\/\/deberkel.info\/de\/das-neue-jan-nieuwburg-ins-wasser-gelassen-auf-der-berkel-in-zutphen\/\">Das neue &#8222;Jan Nieuwburg&#8220; ins Wasser gelassen auf der Berkel in Zutphen<\/a><\/li>\n\t\t<li class=\"wsp-post\"><a href=\"https:\/\/deberkel.info\/de-nieuwe-jan-nieuwburg-te-water-gelaten-op-de-berkel-in-zutphen\/\">De nieuwe &#8222;Jan Nieuwburg&#8220; te water gelaten op de Berkel in Zutphen<\/a><\/li>\n\t\t<li class=\"wsp-post\"><a href=\"https:\/\/deberkel.info\/fluisterschippers-nemen-de-jan-nieuwburg-in-de-vaart\/\">Fluisterschippers nemen de &#8218;Jan Nieuwburg&#8216; in de vaart<\/a><\/li>\n\t\t<li class=\"wsp-post\"><a href=\"https:\/\/deberkel.info\/de\/stentor-neue-karpfen-in-der-berkel\/\">Stentor: neue Karpfen in der Berkel<\/a><\/li>\n\t\t<li class=\"wsp-post\"><a href=\"https:\/\/deberkel.info\/stentor-karperstand-in-de-berkel-weer-opgekrikt\/\">Stentor: karperstand in de Berkel weer opgekrikt<\/a><\/li>\n\t\t<li class=\"wsp-post\"><a href=\"https:\/\/deberkel.info\/de-gids-berkelzomp-de-ente-weer-te-water\/\">De Gids: Berkelzomp de Ente weer te water<\/a><\/li>\n\t\t<li class=\"wsp-post\"><a href=\"https:\/\/deberkel.info\/de\/de-gids-berkelzomp-die-ente-wieder-ins-wasser\/\">De Gids: Berkelzomp die Ente wieder ins Wasser<\/a><\/li>\n\t\t<li class=\"wsp-post\"><a href=\"https:\/\/deberkel.info\/berkelzomp-jappe-weer-te-water-gelaten\/\">Berkelzomp Jappe weer te water gelaten<\/a><\/li>\n\t\t<li class=\"wsp-post\"><a href=\"https:\/\/deberkel.info\/de\/berkelzomp-jappe-wieder-ins-wasser\/\">Berkelzomp Jappe wieder ins Wasser<\/a><\/li>\n\t\t<li class=\"wsp-post\"><a href=\"https:\/\/deberkel.info\/de\/tubantia-noabers-und-freiwilligen-arbeiten-um-sicht-auf-die-berkel-wiederherzustellen\/\">Tubantia: &#8218;Noabers&#8216; und Freiwilligen arbeiten um Sicht auf die Berkel  wiederherzustellen<\/a><\/li>\n\t\t<li class=\"wsp-post\"><a href=\"https:\/\/deberkel.info\/tubantia-noabers-en-vrijwilligers-steken-handen-uit-mouwen-om-zicht-op-berkel-te-herstellen\/\">Tubantia: Noabers en vrijwilligers steken handen uit mouwen om zicht op Berkel te herstellen<\/a><\/li>\n\t\t<li class=\"wsp-post\"><a href=\"https:\/\/deberkel.info\/berkeloevers-snoeien-met-marke-mallem\/\">Berkeloevers snoeien met Marke Mallem<\/a><\/li>\n\t\t<li class=\"wsp-post\"><a href=\"https:\/\/deberkel.info\/de\/berkeloevers-snoeien-met-marke-mallem\/\">Berkeloevers snoeien met Marke Mallem<\/a><\/li>\n\t\t<li class=\"wsp-post\"><a href=\"https:\/\/deberkel.info\/schoonmaken-berkel-kost-zeker-8-ton\/\">Schoonmaken Berkel kost zeker 8 ton<\/a><\/li>\n\t\t<li class=\"wsp-post\"><a href=\"https:\/\/deberkel.info\/de\/sauber-machen-berkel-kostet-mindestens-8-hunderttausend-euro\/\">Sauber machen Berkel kostet mindestens 8 hunderttausend Euro<\/a><\/li>\n\t\t<li class=\"wsp-post\"><a href=\"https:\/\/deberkel.info\/de\/marke-mallem-sucht-neuer-vorsitzender\/\">Marke Mallem sucht neuer Vorsitzender<\/a><\/li>\n\t\t<li class=\"wsp-post\"><a href=\"https:\/\/deberkel.info\/de\/sagen-hacken-und-schneiden-entlang-die-berkel\/\">S\u00e4gen, hacken und schneiden entlang die Berkel<\/a><\/li>\n\t\t<li class=\"wsp-post\"><a href=\"https:\/\/deberkel.info\/de\/praesentation-ausgearbeitete-beitrage-leef-in-borculo\/\">Pr\u00e4sentation ausgearbeitete Beitr\u00e4ge Leef! in Borculo<\/a><\/li>\n\t\t<li class=\"wsp-post\"><a href=\"https:\/\/deberkel.info\/de\/ueberdeckte-berkelbruecken-mussen-in-2020-fertig-sein\/\">\u00dcberdeckte Berkelbr\u00fccken m\u00fcssen in 2020 fertig sein<\/a><\/li>\n\t\t<li class=\"wsp-post\"><a href=\"https:\/\/deberkel.info\/de\/trailer-borculo-beleef-de-berkelstad\/\">Trailer &#8218;Borculo Beleef de Berkelstad&#8216;<\/a><\/li>\n\t\t<li class=\"wsp-post\"><a href=\"https:\/\/deberkel.info\/de\/neuer-berg-entlang-die-berkel-tubantia\/\">Neuer Berg entlang die Berkel und N18 (Tubantia)<\/a><\/li>\n\t\t<li class=\"wsp-post\"><a href=\"https:\/\/deberkel.info\/de\/folgetreffen-leef-in-borculo\/\">Folgetreffen Leef! in Borculo<\/a><\/li>\n<\/ul><\/li>\n\t<li><strong class=\"wsp-category-title\">Kategorie: <a href=\"https:\/\/deberkel.info\/de\/persberichtenuit2020\/\">Persberichten uit 2020<\/a><\/strong>\n<ul class=\"wsp-posts-list\">\t\t<li class=\"wsp-post\"><a href=\"https:\/\/deberkel.info\/de\/achterhoek-nieuws-berkelgame\/\">Achterhoek Nieuws: Berkelgame<\/a><\/li>\n\t\t<li class=\"wsp-post\"><a href=\"https:\/\/deberkel.info\/de\/2-otter-in-der-berkel-bei-rekken\/\">2. Otter in der Berkel bei Rekken<\/a><\/li>\n\t\t<li class=\"wsp-post\"><a href=\"https:\/\/deberkel.info\/2e-otter-in-de-berkel-bij-rekken\/\">2e Otter in de Berkel bij Rekken<\/a><\/li>\n\t\t<li class=\"wsp-post\"><a href=\"https:\/\/deberkel.info\/de\/berkelbode-lochem-energie-waterkracht-sucht-ein-neuer-plan\/\">Berkelbode: &#8218;Lochem Energie Waterkracht&#8216; sucht ein neuer Plan<\/a><\/li>\n\t\t<li class=\"wsp-post\"><a href=\"https:\/\/deberkel.info\/berkelbode-lochem-energie-waterkracht-broedt-op-een-nieuw-plan\/\">Berkelbode: Lochem Energie Waterkracht broedt op een nieuw plan<\/a><\/li>\n\t\t<li class=\"wsp-post\"><a href=\"https:\/\/deberkel.info\/de\/stecker-aus-eefde-waterkracht\/\">Stecker aus &#8218;Eefde Waterkracht&#8216;<\/a><\/li>\n\t\t<li class=\"wsp-post\"><a href=\"https:\/\/deberkel.info\/stekker-uit-eefde-waterkracht\/\">Stekker uit Eefde Waterkracht<\/a><\/li>\n\t\t<li class=\"wsp-post\"><a href=\"https:\/\/deberkel.info\/de\/neue-wanderroute-entlang-die-berkel-berkelpad\/\">Neue Wanderroute entlang die Berkel: Berkelpfad<\/a><\/li>\n\t\t<li class=\"wsp-post\"><a href=\"https:\/\/deberkel.info\/nieuwe-wandelroute-langs-de-berkel-berkelpad\/\">Nieuwe wandelroute langs de Berkel: Berkelpad<\/a><\/li>\n\t\t<li class=\"wsp-post\"><a href=\"https:\/\/deberkel.info\/de\/27-million-verfuegbar-fuer-vision-von-leef-in-borculo\/\">2,7 Million verf\u00fcgbar f\u00fcr Vison von Leef! in Borculo<\/a><\/li>\n\t\t<li class=\"wsp-post\"><a href=\"https:\/\/deberkel.info\/27-miljoen-beschikbaar-voor-visie-van-leef-in-borculo\/\">2,7 miljoen beschikbaar voor visie van Leef! in Borculo<\/a><\/li>\n\t\t<li class=\"wsp-post\"><a href=\"https:\/\/deberkel.info\/de\/samen-bouwen-aan-een-bruisend-centrum-van-borculo\/\">Zusammen bauen an ein brausend Zentrum von Borculo<\/a><\/li>\n\t\t<li class=\"wsp-post\"><a href=\"https:\/\/deberkel.info\/samen-bouwen-aan-een-bruisend-centrum-van-borculo\/\">Samen bouwen aan een bruisend centrum van Borculo<\/a><\/li>\n\t\t<li class=\"wsp-post\"><a href=\"https:\/\/deberkel.info\/achterhoek-nieuws-berkelgame\/\">Achterhoek Nieuws: Berkelgame<\/a><\/li>\n\t\t<li class=\"wsp-post\"><a href=\"https:\/\/deberkel.info\/de\/stentor-nein-verkaufen-beim-fluesterbot-in-zutphen\/\">Stentor: &#8218;Nein&#8216; verkaufen beim Fl\u00fcsterbot in Zutphen<\/a><\/li>\n\t\t<li class=\"wsp-post\"><a href=\"https:\/\/deberkel.info\/stentor-nee-verkopen-bij-de-fluisterboot-in-zutphen\/\">Stentor: &#8218;Nee&#8216; verkopen bij de fluisterboot in Zutphen<\/a><\/li>\n\t\t<li class=\"wsp-post\"><a href=\"https:\/\/deberkel.info\/berkel-thema-in-museum-staal-almen\/\">Berkel thema in museum Staal (Almen)<\/a><\/li>\n\t\t<li class=\"wsp-post\"><a href=\"https:\/\/deberkel.info\/de\/berkel-thema-in-museum-staal-almen\/\">Berkel Thema in Museum Staal (Almen)<\/a><\/li>\n\t\t<li class=\"wsp-post\"><a href=\"https:\/\/deberkel.info\/de\/gebaude-hema-borculo-abgerissen-hafen-zurueck\/\">Gebaude Hema Borculo abgerissen, Hafen zur\u00fcck?<\/a><\/li>\n\t\t<li class=\"wsp-post\"><a href=\"https:\/\/deberkel.info\/gebouw-hema-borculo-weg-haven-terug\/\">Gebouw Hema Borculo weg, haven terug?<\/a><\/li>\n\t\t<li class=\"wsp-post\"><a href=\"https:\/\/deberkel.info\/de\/achterhoek-nieuws-badende-borculo-nach-zeitweiliger-stelle\/\">Achterhoek Nieuws: Badende Borculo nach zeitweiliger Stelle<\/a><\/li>\n\t\t<li class=\"wsp-post\"><a href=\"https:\/\/deberkel.info\/achterhoek-nieuws-borculose-badende-naar-tijdelijke-locatie\/\">Achterhoek Nieuws: Borculose Badende naar tijdelijke locatie<\/a><\/li>\n\t\t<li class=\"wsp-post\"><a href=\"https:\/\/deberkel.info\/de\/tubantia-die-badende-zeitweilig-in-verbannung\/\">Tubantia: Die Badende zeitweilig in Verbannung<\/a><\/li>\n\t\t<li class=\"wsp-post\"><a href=\"https:\/\/deberkel.info\/tubantia-die-badende-tijdelijk-in-ballingschap\/\">Tubantia: Die Badende tijdelijk in ballingschap<\/a><\/li>\n\t\t<li class=\"wsp-post\"><a href=\"https:\/\/deberkel.info\/de\/fluesterschiffer-fahren-auch-wieder\/\">Fl\u00fcsterschiffer fahren auch wieder<\/a><\/li>\n\t\t<li class=\"wsp-post\"><a href=\"https:\/\/deberkel.info\/fluisterschippers-varen-ook-weer\/\">Fluisterschippers varen ook weer<\/a><\/li>\n\t\t<li class=\"wsp-post\"><a href=\"https:\/\/deberkel.info\/de\/tubantia-30-mai-neue-inhaber-muldershuis-eibergen\/\">Tubantia 30. Mai: Neue Inhaber Muldershuis Eibergen<\/a><\/li>\n\t\t<li class=\"wsp-post\"><a href=\"https:\/\/deberkel.info\/tubantia-30-mei-nieuwe-uitbaters-muldershuis-eibergen\/\">Tubantia 30 mei: Nieuwe uitbaters Muldershuis Eibergen<\/a><\/li>\n\t\t<li class=\"wsp-post\"><a href=\"https:\/\/deberkel.info\/de\/die-arbeiten-am-fluesterschifferkai-sind-begonnen\/\">Die Arbeiten am Fl\u00fcsterschifferkai sind begonnen<\/a><\/li>\n\t\t<li class=\"wsp-post\"><a href=\"https:\/\/deberkel.info\/het-werk-aan-de-fluisterschipperskade-is-begonnen\/\">Het werk aan de Fluisterschipperskade is begonnen<\/a><\/li>\n\t\t<li class=\"wsp-post\"><a href=\"https:\/\/deberkel.info\/de\/nieuwsblad-stedendriehoek-mehr-platz-fuer-fluesterschiffers-bei-berkelpoort\/\">&#8218;Nieuwsblad Stedendriehoek&#8216;: Mehr Platz f\u00fcr Fl\u00fcsterschiffer bei &#8218;Berkelpoort&#8216;<\/a><\/li>\n\t\t<li class=\"wsp-post\"><a href=\"https:\/\/deberkel.info\/nieuwsblad-stedendriehoek-meer-ruimte-voor-fluisterschippers-bij-berkelpoort\/\">Nieuwsblad Stedendriehoek: Meer ruimte voor fluisterschippers bij Berkelpoort<\/a><\/li>\n\t\t<li class=\"wsp-post\"><a href=\"https:\/\/deberkel.info\/achterhoek-nieuws-wim-kootstra-presenteert-8-januari-de-film-de-berkel-in-ruurlo\/\">Achterhoek Nieuws: Wim Kootstra presenteert 8 januari de film de Berkel in Ruurlo<\/a><\/li>\n\t\t<li class=\"wsp-post\"><a href=\"https:\/\/deberkel.info\/de\/achterhoek-nieuws-wim-kootstra-prasentiert-8-januar-der-film-die-berkel-in-ruurlo\/\">Achterhoek Nieuws: Wim Kootstra pr\u00e4sentiert 8. Januar der Film die Berkel in Ruurlo<\/a><\/li>\n<\/ul><\/li>\n\t<li><strong class=\"wsp-category-title\">Kategorie: <a href=\"https:\/\/deberkel.info\/de\/persberichtenuit2020-2\/\">Persberichten uit 2021<\/a><\/strong>\n<ul class=\"wsp-posts-list\">\t\t<li class=\"wsp-post\"><a href=\"https:\/\/deberkel.info\/de\/12000e-bezoeker-fluisterschippers-zutphen\/\">12000. Besucher Fl\u00fcsterschiffer Zutphen<\/a><\/li>\n\t\t<li class=\"wsp-post\"><a href=\"https:\/\/deberkel.info\/12000e-bezoeker-fluisterschippers-zutphen\/\">12000e bezoeker Fluisterschippers Zutphen<\/a><\/li>\n\t\t<li class=\"wsp-post\"><a href=\"https:\/\/deberkel.info\/speurtocht-naar-een-toverdrank-de-berkelgame\/\">Speurtocht naar een toverdrank: de Berkelgame<\/a><\/li>\n\t\t<li class=\"wsp-post\"><a href=\"https:\/\/deberkel.info\/de\/digitaler-schnitzeljagd-nach-zaubertrank-das-berkelgame\/\">Digitaler Schnitzeljagd nach Zaubertrank: das BerkelGame<\/a><\/li>\n\t\t<li class=\"wsp-post\"><a href=\"https:\/\/deberkel.info\/de\/fluesterbooten-in-zutphen-auch-zugaenglich-fuer-behinderten\/\">Fl\u00fcsterbooten in Zutphen auch zug\u00e4nglich fuer Behinderten<\/a><\/li>\n\t\t<li class=\"wsp-post\"><a href=\"https:\/\/deberkel.info\/fluisterboten-in-zutphen-ook-toegankelijk-voor-minder-validen\/\">Fluisterboten in Zutphen ook toegankelijk voor minder validen<\/a><\/li>\n\t\t<li class=\"wsp-post\"><a href=\"https:\/\/deberkel.info\/de\/fluesterboten-kai-berkel-zutphen-fertig\/\">Fluesterboten Kai Berkel Zutphen fertig<\/a><\/li>\n\t\t<li class=\"wsp-post\"><a href=\"https:\/\/deberkel.info\/fluisterbotenkade-berkel-zutphen-opgeleverd\/\">Fluisterbotenkade Berkel Zutphen opgeleverd<\/a><\/li>\n\t\t<li class=\"wsp-post\"><a href=\"https:\/\/deberkel.info\/de\/fortschritt-fluesterboten-kai-berkel-zutphen\/\">Fortschritt Fl\u00fcsterboten Kai Berkel Zutphen<\/a><\/li>\n\t\t<li class=\"wsp-post\"><a href=\"https:\/\/deberkel.info\/voortgang-fluisterbotenkade-berkel-zutphen\/\">Voortgang Fluisterbotenkade Berkel Zutphen<\/a><\/li>\n\t\t<li class=\"wsp-post\"><a href=\"https:\/\/deberkel.info\/de\/winter-horn-plantage-an-der-berkel\/\">Winter Horn Plantage an der Berkel<\/a><\/li>\n\t\t<li class=\"wsp-post\"><a href=\"https:\/\/deberkel.info\/midwinterhoornplantage-aan-de-berkel\/\">Midwinterhoornplantage aan de Berkel<\/a><\/li>\n\t\t<li class=\"wsp-post\"><a href=\"https:\/\/deberkel.info\/schaatsen-op-de-berkel-in-zutphen\/\">Schaatsen op de Berkel in Zutphen<\/a><\/li>\n\t\t<li class=\"wsp-post\"><a href=\"https:\/\/deberkel.info\/de\/eislaufen-auf-der-berkel-in-zutphen\/\">Eislaufen auf der Berkel in Zutphen<\/a><\/li>\n\t\t<li class=\"wsp-post\"><a href=\"https:\/\/deberkel.info\/kosten-friesland-campina-leidingbreuk-grotendeels-voor-waterschap\/\">Kosten Friesland Campina leidingbreuk grotendeels voor Waterschap<\/a><\/li>\n\t\t<li class=\"wsp-post\"><a href=\"https:\/\/deberkel.info\/de\/kosten-friesland-campina-rohrbruch-groesstenteils-fuer-wasserverband\/\">Kosten Friesland Campina Rohrbruch gr\u00f6\u00dftenteils f\u00fcr Wasserverband<\/a><\/li>\n\t\t<li class=\"wsp-post\"><a href=\"https:\/\/deberkel.info\/de\/neue-berkelbruecke-burg-bloemersstraat-borculo\/\">Neue Berkelbr\u00fccke Burg. Bloemersstraat Borculo<\/a><\/li>\n\t\t<li class=\"wsp-post\"><a href=\"https:\/\/deberkel.info\/nieuwe-berkelbrug-burg-bloemersstraat-borculo\/\">Nieuwe Berkelbrug Burg. Bloemersstraat Borculo<\/a><\/li>\n\t\t<li class=\"wsp-post\"><a href=\"https:\/\/deberkel.info\/de\/puzzle-berkelpoort-zutphen\/\">Puzzle Berkelpoort Zutphen<\/a><\/li>\n\t\t<li class=\"wsp-post\"><a href=\"https:\/\/deberkel.info\/legpuzzel-berkelpoort-zutphen\/\">Legpuzzel Berkelpoort Zutphen<\/a><\/li>\n\t\t<li class=\"wsp-post\"><a href=\"https:\/\/deberkel.info\/de\/tubantia-winterschimmen-in-die-berkel\/\">Tubantia: Winterschwimmen in die Berkel<\/a><\/li>\n\t\t<li class=\"wsp-post\"><a href=\"https:\/\/deberkel.info\/tubantia-winterzwemmen-in-de-berkel\/\">Tubantia: Winterzwemmen in de Berkel<\/a><\/li>\n<\/ul><\/li>\n\t<li><strong class=\"wsp-category-title\">Kategorie: <a href=\"https:\/\/deberkel.info\/de\/persberichtenuit2022\/\">Persberichten uit 2022<\/a><\/strong>\n<ul class=\"wsp-posts-list\">\t\t<li class=\"wsp-post\"><a href=\"https:\/\/deberkel.info\/de\/stentor-neue-bruecke-ueber-die-berkel-bei-almen-wieder-zur-diskussion\/\">Stentor: Neue Br\u00fccke \u00fcber die Berkel bei Almen wieder zur Diskussion<\/a><\/li>\n\t\t<li class=\"wsp-post\"><a href=\"https:\/\/deberkel.info\/stentor-nieuwe-brug-over-de-berkel-bij-almen-weer-ter-discussie\/\">Stentor: Nieuwe brug over de Berkel bij Almen weer ter discussie<\/a><\/li>\n\t\t<li class=\"wsp-post\"><a href=\"https:\/\/deberkel.info\/de\/stentor-chance-auf-neuer-rohrbruch-und-verschmutzung-berkel\/\">Stentor: Chance auf neuer Rohrbruch und Verschmutzung Berkel<\/a><\/li>\n\t\t<li class=\"wsp-post\"><a href=\"https:\/\/deberkel.info\/stentor-kans-op-nieuwe-leidingbreuk-en-vervuiling-berkel\/\">Stentor: Kans op nieuwe leidingbreuk en vervuiling Berkel<\/a><\/li>\n\t\t<li class=\"wsp-post\"><a href=\"https:\/\/deberkel.info\/de\/neue-berkel-bruecke-bei-almen\/\">Neue Berkel Br\u00fccke bei Almen<\/a><\/li>\n\t\t<li class=\"wsp-post\"><a href=\"https:\/\/deberkel.info\/nieuwe-brug-over-de-berkel-bij-almen\/\">Nieuwe brug over de Berkel bij Almen<\/a><\/li>\n\t\t<li class=\"wsp-post\"><a href=\"https:\/\/deberkel.info\/ode-aan-het-landschap-berkelschippers-borculo\/\">Ode aan het landschap: Berkelschippers Borculo<\/a><\/li>\n\t\t<li class=\"wsp-post\"><a href=\"https:\/\/deberkel.info\/de\/ode-zur-landschaft-berkelschiffer-borculo\/\">Ode zur Landschaft: Berkelschiffer Borculo<\/a><\/li>\n\t\t<li class=\"wsp-post\"><a href=\"https:\/\/deberkel.info\/de\/berkel-kunstwerk-zompenloze-borculo\/\">Berkel Kunstwerk Zompenloze Borculo<\/a><\/li>\n\t\t<li class=\"wsp-post\"><a href=\"https:\/\/deberkel.info\/berkel-kunstwerk-zompenloze-borculo\/\">Berkel kunstwerk Zompenloze Borculo<\/a><\/li>\n\t\t<li class=\"wsp-post\"><a href=\"https:\/\/deberkel.info\/de\/tubantia-berkelzomp-nach-mallem\/\">Tubantia: Berkelzomp nach Mallem<\/a><\/li>\n\t\t<li class=\"wsp-post\"><a href=\"https:\/\/deberkel.info\/tubantia-berkelzomp-naar-mallem\/\">Tubantia: Berkelzomp naar Mallem<\/a><\/li>\n\t\t<li class=\"wsp-post\"><a href=\"https:\/\/deberkel.info\/de\/ente-als-treckschute-an-der-berkel\/\">Ente als Treckschute an der Berkel<\/a><\/li>\n\t\t<li class=\"wsp-post\"><a href=\"https:\/\/deberkel.info\/ente-als-trekschuit-op-de-berkel\/\">Ente als trekschuit op de Berkel<\/a><\/li>\n\t\t<li class=\"wsp-post\"><a href=\"https:\/\/deberkel.info\/de\/eerste-vrouwelijke-fluisterschipper-in-zutphen\/\">Erste weibliche Fl\u00fcsterschiffer in Zutphen<\/a><\/li>\n\t\t<li class=\"wsp-post\"><a href=\"https:\/\/deberkel.info\/eerste-vrouwelijke-fluisterschipper-in-zutphen\/\">Eerste vrouwelijke fluisterschipper in Zutphen<\/a><\/li>\n\t\t<li class=\"wsp-post\"><a href=\"https:\/\/deberkel.info\/de\/rennen-fuer-kriegopfer-laengs-der-berkel\/\">Rennen f\u00fcr Kriegopfer l\u00e4ngs der Berkel<\/a><\/li>\n\t\t<li class=\"wsp-post\"><a href=\"https:\/\/deberkel.info\/rennen-voor-oorlogslachtoffers-langs-de-berkel\/\">Rennen voor oorlogslachtoffers langs de Berkel<\/a><\/li>\n\t\t<li class=\"wsp-post\"><a href=\"https:\/\/deberkel.info\/de\/neuer-anlegeplatz-fluesterschiffer-zutphen-geoeffnet\/\">Neuer Anlegeplatz Fl\u00fcsterschiffer Zutphen ge\u00f6ffnet<\/a><\/li>\n\t\t<li class=\"wsp-post\"><a href=\"https:\/\/deberkel.info\/nieuwe-aanlegkade-fluisterschippers-zutphen-geopend\/\">Nieuwe aanlegkade Fluisterschippers Zutphen geopend<\/a><\/li>\n<\/ul><\/li>\n\t<li><strong class=\"wsp-category-title\">Kategorie: <a href=\"https:\/\/deberkel.info\/de\/persberichtenuit2023\/\">Persberichten uit 2023<\/a><\/strong>\n<ul class=\"wsp-posts-list\">\t\t<li class=\"wsp-post\"><a href=\"https:\/\/deberkel.info\/de\/hebelift-bei-der-berkel-zomp-in-eibergen\/\">Hebelift bei der Berkel Zomp in Eibergen<\/a><\/li>\n\t\t<li class=\"wsp-post\"><a href=\"https:\/\/deberkel.info\/tillift-bij-de-zompenloze-in-eibergen\/\">Tillift bij de zompenloze in Eibergen<\/a><\/li>\n\t\t<li class=\"wsp-post\"><a href=\"https:\/\/deberkel.info\/de\/hafen-borculo-kommt-zurueck\/\">Hafen Borculo kommt zur\u00fcck<\/a><\/li>\n\t\t<li class=\"wsp-post\"><a href=\"https:\/\/deberkel.info\/haven-borculo-komt-terug\/\">Haven Borculo komt terug<\/a><\/li>\n\t\t<li class=\"wsp-post\"><a href=\"https:\/\/deberkel.info\/de\/initiative-fuer-besseren-schutz-berkel-und-berkeltal\/\">Initiative f\u00fcr besseren Schutz Berkel und Berkeltal<\/a><\/li>\n\t\t<li class=\"wsp-post\"><a href=\"https:\/\/deberkel.info\/initiatief-voor-betere-bescherming-berkel-en-berkeldal\/\">Initiatief voor betere bescherming Berkel en Berkeldal<\/a><\/li>\n\t\t<li class=\"wsp-post\"><a href=\"https:\/\/deberkel.info\/de\/berkelpoort-in-zutphen-jede-letzte-sonntag-im-monat-geoeffnet\/\">Berkelpoort in Zutphen jede letzte Sonntag im Monat ge\u00f6ffnet<\/a><\/li>\n\t\t<li class=\"wsp-post\"><a href=\"https:\/\/deberkel.info\/berkelpoort-in-zutphen-elke-laatste-zondag-van-de-maand-open\/\">Berkelpoort in Zutphen elke laatste zondag van de maand open<\/a><\/li>\n\t\t<li class=\"wsp-post\"><a href=\"https:\/\/deberkel.info\/de\/eroeffnung-marke-rekken-an-der-berkel\/\">Er\u00f6ffnung &#8218;Marke Rekken&#8216; an der Berkel<\/a><\/li>\n\t\t<li class=\"wsp-post\"><a href=\"https:\/\/deberkel.info\/opening-marke-rekken-aan-de-berkel\/\">Opening Marke Rekken aan de Berkel<\/a><\/li>\n\t\t<li class=\"wsp-post\"><a href=\"https:\/\/deberkel.info\/de\/berkelbode-vleermuizenhotel-aan-de-berkel\/\">Berkelbode: Flederm\u00e4use Hotel an der Berkel?<\/a><\/li>\n\t\t<li class=\"wsp-post\"><a href=\"https:\/\/deberkel.info\/berkelbode-vleermuizenhotel-aan-de-berkel\/\">Berkelbode: Vleermuizenhotel aan de Berkel?<\/a><\/li>\n\t\t<li class=\"wsp-post\"><a href=\"https:\/\/deberkel.info\/de\/hoevenbrug-ueber-die-berkel-in-lochem-bei-reudink-in-schechtem-zustand\/\">Hoevenbrug \u00fcber die Berkel in Lochem bei Reudink in schlechtem Zustand<\/a><\/li>\n\t\t<li class=\"wsp-post\"><a href=\"https:\/\/deberkel.info\/hoevenbrug-over-de-berkel-in-lochem-bij-reudink-in-verval\/\">Hoevenbrug over de Berkel in Lochem bij Reudink in verval<\/a><\/li>\n\t\t<li class=\"wsp-post\"><a href=\"https:\/\/deberkel.info\/de\/nieuwsblad-stedendriehoek-fute-almen-gerestaureerd-weer-in-de-berkel\/\">Nieuwsblad Stedendriehoek: Fute Almen wiederhergestellt zur\u00fcck auf der Berkel<\/a><\/li>\n\t\t<li class=\"wsp-post\"><a href=\"https:\/\/deberkel.info\/nieuwsblad-stedendriehoek-fute-almen-gerestaureerd-weer-op-de-berkel\/\">Nieuwsblad Stedendriehoek: Fute Almen gerestaureerd weer op de Berkel<\/a><\/li>\n\t\t<li class=\"wsp-post\"><a href=\"\/de\/projekt-neue-bruecke-berkel-borculo\/\">Neue bruecke Berkel Borculo<\/a><\/li>\n\t\t<li class=\"wsp-post\"><a href=\"\/project-nieuwe-brug-berkel-borculo\/\">Nieuwe brug Berkel Borculo<\/a><\/li>\n\t\t<li class=\"wsp-post\"><a href=\"https:\/\/deberkel.info\/de\/seminar-spirituelle-orte-laengs-der-berkel\/\">Seminar Spirituelle Orte l\u00e4ngs der Berkel<\/a><\/li>\n\t\t<li class=\"wsp-post\"><a href=\"https:\/\/deberkel.info\/seminar-spirituele-plaatsen-langs-de-berkel\/\">Seminar Spirituele plaatsen langs de Berkel<\/a><\/li>\n<\/ul><\/li>\n\t<li><strong class=\"wsp-category-title\">Kategorie: <a href=\"https:\/\/deberkel.info\/de\/nieuws\/\">Titelseite Nachrichten<\/a><\/strong>\n<ul class=\"wsp-posts-list\">\t\t<li class=\"wsp-post\"><a href=\"\/de\/ausstellung-trinkbare-berkel\/#Almen\">Mobile Berkel-Ausstellung in Almen<\/a><\/li>\n\t\t<li class=\"wsp-post\"><a href=\"\/expositie-drinkbare-berkel\/#Almen\">Mobiele Berkel Expositie in Almen<\/a><\/li>\n\t\t<li class=\"wsp-post\"><a href=\"https:\/\/deberkel.info\/de\/trinkbare-berkel-wanderung-coesfeld\/\">Trinkbare Berkel Wanderung Coesfeld<\/a><\/li>\n\t\t<li class=\"wsp-post\"><a href=\"https:\/\/deberkel.info\/drinkbare-berkel-wandeling-coesfeld\/\">Drinkbare Berkel wandeling Coesfeld<\/a><\/li>\n\t\t<li class=\"wsp-post\"><a href=\"https:\/\/deberkel.info\/de\/bedrohende-vorschriften-fuer-berkelschiffer\/\">Bedrohende Vorschriften f\u00fcr Berkelschiffer<\/a><\/li>\n\t\t<li class=\"wsp-post\"><a href=\"https:\/\/deberkel.info\/bedreigende-regelgeving-voor-de-berkelschippers\/\">Bedreigende regelgeving voor de Berkelschippers<\/a><\/li>\n\t\t<li class=\"wsp-post\"><a href=\"https:\/\/deberkel.info\/de\/berkelbuch-jan-baggen-beste-boek-achterhoek-liemers-2025\/\">Berkelbuch Jan Baggen &#8222;Beste Boek Achterhoek Liemers 2025&#8220;<\/a><\/li>\n\t\t<li class=\"wsp-post\"><a href=\"https:\/\/deberkel.info\/berkelboek-jan-baggen-beste-boek-achterhoek-liemers-2025\/\">Berkelboek Jan Baggen Beste Boek Achterhoek Liemers 2025<\/a><\/li>\n\t\t<li class=\"wsp-post\"><a href=\"https:\/\/deberkel.info\/de\/badende-entlang-der-berkel-bei-eibergen-zerstoert\/\">Badende entlang der Berkel bei Eibergen zerst\u00f6rt<\/a><\/li>\n\t\t<li class=\"wsp-post\"><a href=\"https:\/\/deberkel.info\/badende-langs-de-berkel-bij-eibergen-vernield\/\">Badende langs de Berkel bij Eibergen vernield<\/a><\/li>\n\t\t<li class=\"wsp-post\"><a href=\"https:\/\/deberkel.info\/de\/energieerzeugung-in-der-berkel-bei-lochem-und-eefde-wieder-aufgenommen\/\">Energieerzeugung in der Berkel bei Lochem und Eefde wieder aufgenommen<\/a><\/li>\n\t\t<li class=\"wsp-post\"><a href=\"https:\/\/deberkel.info\/energieopwekking-in-de-berkel-bij-lochem-en-eefde-weer-opgepakt\/\">Energieopwekking in de Berkel bij Lochem en Eefde weer opgepakt<\/a><\/li>\n\t\t<li class=\"wsp-post\"><a href=\"\/de\/ausstellung-trinkbare-berkel\/#Lochem\">Mobile Berkel-Ausstellung in Lochem<\/a><\/li>\n\t\t<li class=\"wsp-post\"><a href=\"\/expositie-drinkbare-berkel\/#Lochem\">Mobiele Berkel Expositie in Lochem<\/a><\/li>\n\t\t<li class=\"wsp-post\"><a href=\"https:\/\/deberkel.info\/de\/neuer-klompenpad-und-zugfaehre-ueber-die-berkel-bei-haarlo\/\">Neuer &#8222;Klompenpad&#8220; und Zugf\u00e4hre \u00fcber die Berkel bei Haarlo<\/a><\/li>\n\t\t<li class=\"wsp-post\"><a href=\"https:\/\/deberkel.info\/nieuw-klompenpad-en-trekpontje-over-de-berkel-bij-haarlo\/\">Nieuw klompenpad \u00e9n trekpontje over de Berkel bij Haarlo<\/a><\/li>\n\t\t<li class=\"wsp-post\"><a href=\"https:\/\/deberkel.info\/de\/neues-berkel-buch-von-jan-baggen\/\">Neues Berkel Buch von Jan Baggen<\/a><\/li>\n\t\t<li class=\"wsp-post\"><a href=\"https:\/\/deberkel.info\/nieuw-berkel-boek-van-jan-baggen\/\">Nieuw Berkel boek van Jan Baggen<\/a><\/li>\n\t\t<li class=\"wsp-post\"><a href=\"https:\/\/deberkel.info\/de\/trinkbare-berkel-wanderung-2025-coesfeld\/\">Trinkbare Berkel Wanderung 2025 Coesfeld abgesagt<\/a><\/li>\n\t\t<li class=\"wsp-post\"><a href=\"https:\/\/deberkel.info\/drinkbare-berkel-wandeling-2025-coesfeld\/\">Drinkbare Berkel Wandeling 2025 Coesfeld geannuleerd<\/a><\/li>\n\t\t<li class=\"wsp-post\"><a href=\"\/de\/sommer-oper-an-der-berkel\/#Stentor\">Sommer Oper an der Berkel Bericht<\/a><\/li>\n\t\t<li class=\"wsp-post\"><a href=\"\/zomer-opera-aan-de-berkel\/#Stentor\">Zomer opera aan de Berkel verslag<\/a><\/li>\n\t\t<li class=\"wsp-post\"><a href=\"https:\/\/deberkel.info\/de\/die-berkel-im-muensterland\/\">Die Berkel im M\u00fcnsterland<\/a><\/li>\n\t\t<li class=\"wsp-post\"><a href=\"https:\/\/deberkel.info\/de-berkel-in-het-munsterland\/\">De Berkel in het M\u00fcnsterland<\/a><\/li>\n\t\t<li class=\"wsp-post\"><a href=\"https:\/\/deberkel.info\/de\/wasserrad-olliemolle-in-borculo-ersetzt\/\">Wasserrad \u00d6lliem\u00f6lle in Borculo ersetzt<\/a><\/li>\n\t\t<li class=\"wsp-post\"><a href=\"https:\/\/deberkel.info\/waterrad-olliemolle-in-borculo-vervangen\/\">Waterrad \u00d6lliem\u00f6lle in Borculo vervangen<\/a><\/li>\n\t\t<li class=\"wsp-post\"><a href=\"https:\/\/deberkel.info\/de\/ivn-wanderung-bei-der-berkel-in-almen\/\">IVN Wanderung bei der Berkel in Almen<\/a><\/li>\n\t\t<li class=\"wsp-post\"><a href=\"https:\/\/deberkel.info\/ivn-wandeling-bij-de-berkel-in-almen\/\">IVN wandeling bij de Berkel in Almen<\/a><\/li>\n\t\t<li class=\"wsp-post\"><a href=\"https:\/\/deberkel.info\/de\/sommer-oper-an-der-berkel\/\">Sommer Oper an der Berkel<\/a><\/li>\n\t\t<li class=\"wsp-post\"><a href=\"https:\/\/deberkel.info\/zomer-opera-aan-de-berkel\/\">Zomer opera aan de Berkel<\/a><\/li>\n\t\t<li class=\"wsp-post\"><a href=\"https:\/\/deberkel.info\/de\/drone-bilder-boudewijn-ten-boom-berkel-kanorally-2024\/\">Drone Bilder Boudewijn ten Boom Berkel Kanorally 2024<\/a><\/li>\n\t\t<li class=\"wsp-post\"><a href=\"https:\/\/deberkel.info\/dronebeelden-boudewijn-ten-boom-berkel-kanorally-2024\/\">Dronebeelden Boudewijn ten Boom Berkel Kanorally 2024<\/a><\/li>\n\t\t<li class=\"wsp-post\"><a href=\"\/de\/radfahren-im-berkel-gebiet\/#HapTrapNeedeDiepenheim\">Neue Hap Trap Fahrradroute im Berkeltal<\/a><\/li>\n\t\t<li class=\"wsp-post\"><a href=\"\/fietsen-in-het-berkel-gebied\/#HapTrapNeedeDiepenheim\">Nieuwe Hap Trap fietsroute in het Berkeldal<\/a><\/li>\n\t\t<li class=\"wsp-post\"><a href=\"\/de\/trinkbare-berkel\/\">Trinkbare Berkel Wanderung unterwegs<\/a><\/li>\n\t\t<li class=\"wsp-post\"><a href=\"\/drinkbare-berkel\/\">Drinkbare Berkel Wandeling onderweg<\/a><\/li>\n\t\t<li class=\"wsp-post\"><a href=\"\/de\/berkelstadt-coesfeld\/#LetzteTeil\">Projekt Urbane Berkel in Coesfeld abgeschlossen<\/a><\/li>\n\t\t<li class=\"wsp-post\"><a href=\"\/berkelstadt-coesfeld\/#LetzteTeil\">Project Urbane Berkel in Coesfeld afgesloten<\/a><\/li>\n\t\t<li class=\"wsp-post\"><a href=\"https:\/\/deberkel.info\/de\/trinkbare-berkel\/\">Trinkbare Berkel<\/a><\/li>\n\t\t<li class=\"wsp-post\"><a href=\"https:\/\/deberkel.info\/drinkbare-berkel\/\">Drinkbare Berkel<\/a><\/li>\n\t\t<li class=\"wsp-post\"><a href=\"https:\/\/deberkel.info\/de\/berkel-schwimmstaffel-rekken-zutphen\/\">Berkel Schwimmstaffel: Rekken &#8211; Zutphen<\/a><\/li>\n\t\t<li class=\"wsp-post\"><a href=\"https:\/\/deberkel.info\/berkel-zwemestafette-rekken-zutphen\/\">Berkel Zwemestafette: Rekken &#8211; Zutphen<\/a><\/li>\n\t\t<li class=\"wsp-post\"><a href=\"\/de\/publikationen\/#AndereFilmpjes\">3 Berkel Video zugefuegt<\/a><\/li>\n\t\t<li class=\"wsp-post\"><a href=\"\/publicaties\/#AndereFilmpjes\">3 Berkelfilmpjes toegevoegd<\/a><\/li>\n\t\t<li class=\"wsp-post\"><a href=\"https:\/\/deberkel.info\/de\/grenzueberschreitendes-symposium-locale-democratie-in-gronau\/\">Grenz\u00fcberschreitendes Symposium lokale Demokratie in Gronau<\/a><\/li>\n\t\t<li class=\"wsp-post\"><a href=\"https:\/\/deberkel.info\/grensoverschrijdend-symposium-locale-democratie-in-gronau\/\">Grensoverschrijdend Symposium locale democratie in Gronau<\/a><\/li>\n\t\t<li class=\"wsp-post\"><a href=\"https:\/\/deberkel.info\/de\/stentor-lochem-moet-vleermuistoren-bouwen\/\">Stentor: Lochem muss Fledermaus Turm bauen<\/a><\/li>\n\t\t<li class=\"wsp-post\"><a href=\"https:\/\/deberkel.info\/stentor-lochem-moet-vleermuistoren-bouwen\/\">Stentor: Lochem moet vleermuistoren bouwen<\/a><\/li>\n\t\t<li class=\"wsp-post\"><a href=\"https:\/\/deberkel.info\/de\/25-jaehrig-jubilaeum-fluesterschiffer-zutphen\/\">25 j\u00e4hrig Jubil\u00e4um Fl\u00fcsterschiffer Zutphen<\/a><\/li>\n\t\t<li class=\"wsp-post\"><a href=\"https:\/\/deberkel.info\/25-jarig-jubileum-fluisterschippers-zutphen\/\">25 jarig jubileum Fluisterschippers Zutphen<\/a><\/li>\n\t\t<li class=\"wsp-post\"><a href=\"\/de\/spirituelle-orte-entlang-der-berkel\/#Vreden\">Spirituelle Orte l\u00e4ngs der Berkel vollst\u00e4ndig mit Vreden und Billerbeck<\/a><\/li>\n\t\t<li class=\"wsp-post\"><a href=\"\/spirituele-plaatsen-langs-de-berkel\/#Vreden\">Spirituele plaatsen langs de Berkel compleet met Vreden en Billerbeck<\/a><\/li>\n\t\t<li class=\"wsp-post\"><a href=\"https:\/\/deberkel.info\/de\/spirituelle-route-lochem-geoeffnet-am-7-mai-2022\/\">Spirituelle Route Lochem ge\u00f6ffnet am 7. Mai 2022<\/a><\/li>\n\t\t<li class=\"wsp-post\"><a href=\"https:\/\/deberkel.info\/spirituele-route-lochem-geopend-op-7-mei-2022\/\">Spirituele Route Lochem geopend op 7 mei 2022<\/a><\/li>\n\t\t<li class=\"wsp-post\"><a href=\"https:\/\/deberkel.info\/de\/dnavandeberkel\/\">Dna van de Berkel: Interessante neue Berkel Website<\/a><\/li>\n\t\t<li class=\"wsp-post\"><a href=\"https:\/\/deberkel.info\/dnavandeberkel\/\">Dna van de Berkel: Interessante nieuwe Berkel Website<\/a><\/li>\n\t\t<li class=\"wsp-post\"><a href=\"\/de\/spirituelle-orte-entlang-der-berkel\/#Index\">Spirituelle Routen l\u00e4ngs der Berkel in Zutphen und Lochem jetzt auch verf\u00fcgbar<\/a><\/li>\n\t\t<li class=\"wsp-post\"><a href=\"\/spirituele-plaatsen-langs-de-berkel\/#Index\">Spirituele routes langs de Berkel in Zutphen en Lochem nu ook beschikbaar<\/a><\/li>\n\t\t<li class=\"wsp-post\"><a href=\"https:\/\/deberkel.info\/de\/tubantia-hoch-wasser-berkel-7-2-2022\/\">Tubantia: Hoch Wasser in der Berkel am Montag 7. Februar 2022<\/a><\/li>\n\t\t<li class=\"wsp-post\"><a href=\"https:\/\/deberkel.info\/tubantia-hoog-water-in-de-berkel-7-2-2022\/\">Tubantia: Hoog water in de Berkel op maandag 7 februari 2022<\/a><\/li>\n\t\t<li class=\"wsp-post\"><a href=\"https:\/\/deberkel.info\/berkelgame-in-eibergen\/\">Berkelgame in Eibergen<\/a><\/li>\n\t\t<li class=\"wsp-post\"><a href=\"https:\/\/deberkel.info\/de\/berkelgame-in-eibergen\/\">Berkelgame in Eibergen<\/a><\/li>\n\t\t<li class=\"wsp-post\"><a href=\"https:\/\/deberkel.info\/de\/bilder-ksv-vreden-berkel-kanurallye-2021\/\">Bilder KSV Vreden Berkel Kanurallye 2021<\/a><\/li>\n\t\t<li class=\"wsp-post\"><a href=\"https:\/\/deberkel.info\/beeldmateriaal-ksv-vreden-berkel-kanorally-2021\/\">Beeldmateriaal KSV Vreden Berkel Kanorally 2021<\/a><\/li>\n\t\t<li class=\"wsp-post\"><a href=\"https:\/\/deberkel.info\/de\/bilder-berkel-kanurallye-2021\/\">Bilder Berkel Kanurallye 2021<\/a><\/li>\n\t\t<li class=\"wsp-post\"><a href=\"https:\/\/deberkel.info\/fotos-berkel-kanorally-2021\/\">Foto&#8217;s Berkel Kanorally 2021<\/a><\/li>\n\t\t<li class=\"wsp-post\"><a href=\"https:\/\/deberkel.info\/de\/berkel-kanurallye-findet-statt-start-in-ellewick\/\">Berkel Kanurallye findet statt, Start in Ellewick<\/a><\/li>\n\t\t<li class=\"wsp-post\"><a href=\"https:\/\/deberkel.info\/berkel-kanorally-gaat-door-start-in-ellewick\/\">Berkel Kanorally gaat door, start in Ellewick<\/a><\/li>\n\t\t<li class=\"wsp-post\"><a href=\"\/de\/spirituelle-orte-entlang-der-berkel\/#Borculo\">Spirituelle Orte Orte entlang der Berkel in Borculo und Haarlo<\/a><\/li>\n\t\t<li class=\"wsp-post\"><a href=\"\/spirituele-plaatsen-langs-de-berkel\/#Borculo\">Spirituele plaatsen langs de Berkel in Borculo en Haarlo<\/a><\/li>\n\t\t<li class=\"wsp-post\"><a href=\"\/de\/berkel-bed-box-zu-vermieten-in-gescher-oder-almen-fur-ins-berkeltal\/#TubantiaFilmpje\">Sch\u00f6ner Artikel in Tubantia \u00fcber die berkel.bed.box<\/a><\/li>\n\t\t<li class=\"wsp-post\"><a href=\"\/berkel-bed-box-te-huur-in-almen-of-gescher-voor-in-het-berkeldal\/#TubantiaFilmpje\">Leuk artikel in Tubantia over de berkel.bed.box<\/a><\/li>\n\t\t<li class=\"wsp-post\"><a href=\"\/de\/spirituelle-orte-entlang-der-berkel\/#Eibergen\">Spirituelle Orte Orte entlang der Berkel in Eibergen zugef\u00fcgt<\/a><\/li>\n\t\t<li class=\"wsp-post\"><a href=\"\/spirituele-plaatsen-langs-de-berkel\/#Eibergen\">Spirituele plaatsen langs de Berkel in Eibergen toegevoegd<\/a><\/li>\n\t\t<li class=\"wsp-post\"><a href=\"\/de\/berkel-waypoint-trail\/#Teilnehmerberichte\">Teilnehmer Bericht Berkel Waypoint Trail<\/a><\/li>\n\t\t<li class=\"wsp-post\"><a href=\"\/berkel-waypoint-trail\/#Deelnemersverslagen\">Mooi deelnemersverslag Berkel Waypoint Trail<\/a><\/li>\n\t\t<li class=\"wsp-post\"><a href=\"https:\/\/deberkel.info\/berkel-bij-warnsveld-in-schilderijen\/\">Berkel bij Warnsveld in Schilderijen<\/a><\/li>\n\t\t<li class=\"wsp-post\"><a href=\"https:\/\/deberkel.info\/de\/berkel-bei-warnsveld-in-gemaelde\/\">Berkel bei Warnsveld in Gem\u00e4lde<\/a><\/li>\n\t\t<li class=\"wsp-post\"><a href=\"\/de\/berkelfestival-2021\/\">Freiluftb\u00fchne Eibergen organisiert Berkelfestival mit Gemeinde<\/a><\/li>\n\t\t<li class=\"wsp-post\"><a href=\"\/berkelfestival-2021\/\">Openluchttheater Eibergen organiseert Berkelfestival met gemeente<\/a><\/li>\n\t\t<li class=\"wsp-post\"><a href=\"https:\/\/deberkel.info\/de\/schoenes-bild-beim-berkelport\/\">Sch\u00f6nes Bild beim Berkelport<\/a><\/li>\n\t\t<li class=\"wsp-post\"><a href=\"https:\/\/deberkel.info\/mooi-plaatje-bij-de-berkelpoort\/\">Mooi plaatje bij de Berkelpoort<\/a><\/li>\n\t\t<li class=\"wsp-post\"><a href=\"\/de\/berkel-thema-in-museum-staal-almen\/#Badendepostzegels\">Badende Briefmarken<\/a><\/li>\n\t\t<li class=\"wsp-post\"><a href=\"\/berkel-thema-in-museum-staal-almen\/#Badendepostzegels\">Badende postzegels<\/a><\/li>\n\t\t<li class=\"wsp-post\"><a href=\"\/berkel-in-de-stad-zutphen\/\">Burgeriniatief: Berkel in de Stad (Zutphen)<\/a><\/li>\n\t\t<li class=\"wsp-post\"><a href=\"\/de\/berkel-in-de-stad-zutphen\/\">B\u00fcrgeriniative: &#8218;Berkel in de Stad&#8216; (Zutphen)<\/a><\/li>\n\t\t<li class=\"wsp-post\"><a href=\"https:\/\/deberkel.info\/berkelplatz-und-berkelbalkon-hochwasserschutz-an-der-berkel-vreden\/\">Berkelplatz und Berkelbalkon \/ Hochwasserschutz an der Berkel Vreden<\/a><\/li>\n\t\t<li class=\"wsp-post\"><a href=\"https:\/\/deberkel.info\/de\/berkelplatz-und-berkelbalkon-hochwasserschutz-an-der-berkel-vreden\/\">Berkelplatz und Berkelbalkon \/ Hochwasserschutz an der Berkel Vreden<\/a><\/li>\n\t\t<li class=\"wsp-post\"><a href=\"https:\/\/deberkel.info\/tubantia-berkelpaviljoen-in-eibergen\/\">Tubantia: Berkelpaviljoen in Eibergen<\/a><\/li>\n\t\t<li class=\"wsp-post\"><a href=\"https:\/\/deberkel.info\/de\/tubantia-berkel-pavillon-in-eibergen\/\">Tubantia: Berkel Pavillon in Eibergen<\/a><\/li>\n\t\t<li class=\"wsp-post\"><a href=\"https:\/\/deberkel.info\/windmolenpark-berkel-bolksbeek-protesten-gaan-verder\/\">Windmolenpark Berkel\/Bolksbeek: protesten gaan verder<\/a><\/li>\n\t\t<li class=\"wsp-post\"><a href=\"https:\/\/deberkel.info\/de\/windpark-berkel-bolksbeek-proteste-gehen-weiter\/\">Windpark Berkel\/Bolksbeek: Proteste gehen weiter<\/a><\/li>\n\t\t<li class=\"wsp-post\"><a href=\"https:\/\/deberkel.info\/de\/berkelzompen-fahren-wieder\/\">Berkelzompen fahren wieder<\/a><\/li>\n\t\t<li class=\"wsp-post\"><a href=\"https:\/\/deberkel.info\/berkelzompen-gaan-weer-varen\/\">Berkelzompen gaan weer varen<\/a><\/li>\n\t\t<li class=\"wsp-post\"><a href=\"\/de\/presseberichte-aus-2002\/\">Berkelartikel Reihe von Tubantia aus 2002<\/a><\/li>\n\t\t<li class=\"wsp-post\"><a href=\"\/persberichten-uit-2002\/\">Berkelartikelenserie van Tubantia uit 2002<\/a><\/li>\n\t\t<li class=\"wsp-post\"><a href=\"\/de\/zin-in-almen\/#top\">Zin in Almen: Video Protokoll Treffen &#8222;Korte verhalen in Almen&#8220;<\/a><\/li>\n\t\t<li class=\"wsp-post\"><a href=\"\/zin-in-almen\/#top\">Zin in Almen: videoverslag bijeenkomst &#8222;Korte verhalen in Almen&#8220;<\/a><\/li>\n\t\t<li class=\"wsp-post\"><a href=\"https:\/\/deberkel.info\/de\/tubantia-wandgemaelde-hilda-haselberg-im-zompenloze-borculo\/\">Tubantia: Wandgem\u00e4lde Hilda Haselberg im Zompenloze Borculo<\/a><\/li>\n\t\t<li class=\"wsp-post\"><a href=\"https:\/\/deberkel.info\/tubantia-muurschilderingen-hilda-haselberg-in-zompenloze-borculo\/\">Tubantia: Muurschilderingen Hilda Haselberg in Zompenloze Borculo<\/a><\/li>\n\t\t<li class=\"wsp-post\"><a href=\"https:\/\/deberkel.info\/de\/stimm-berkel-kanurallye-bei-hart-voor-de-achterhoek\/\">Stimm Berkel Kanurallye bei Hart voor de Achterhoek<\/a><\/li>\n\t\t<li class=\"wsp-post\"><a href=\"\/die-berkel-leben-mit-dem-fluss\/\">Projectpagina \u2018Die Berkel! Leben mit dem Fluss\u2019: Stadtlohn bijgewerkt<\/a><\/li>\n\t\t<li class=\"wsp-post\"><a href=\"\/de\/die-berkel-leben-mit-dem-fluss\/\">Projekt Seite \u2018Die Berkel! Leben mit dem Fluss\u2019: Stadtlohn erneuert<\/a><\/li>\n\t\t<li class=\"wsp-post\"><a href=\"https:\/\/deberkel.info\/de\/solarpark-enlang-die-berkel-bei-lochem\/\">Solarpark enlang die Berkel bei Lochem<\/a><\/li>\n\t\t<li class=\"wsp-post\"><a href=\"https:\/\/deberkel.info\/zonnepark-langs-de-berkel-bij-lochem\/\">Zonnepark langs de Berkel bij Lochem<\/a><\/li>\n\t\t<li class=\"wsp-post\"><a href=\"https:\/\/deberkel.info\/verkoeling-op-de-berkel\/\">Verkoeling op de Berkel<\/a><\/li>\n\t\t<li class=\"wsp-post\"><a href=\"https:\/\/deberkel.info\/de\/abkuhlung-am-berkel\/\">Abk\u00fchlung am Berkel<\/a><\/li>\n\t\t<li class=\"wsp-post\"><a href=\"https:\/\/deberkel.info\/de\/renovierung-berkelbrucke-in-vreden\/\">Renovierung  Berkelbr\u00fccke in Vreden<\/a><\/li>\n\t\t<li class=\"wsp-post\"><a href=\"https:\/\/deberkel.info\/renovatie-berkelbrug-in-vreden\/\">Renovatie Berkelbrug in Vreden<\/a><\/li>\n\t\t<li class=\"wsp-post\"><a href=\"https:\/\/deberkel.info\/bogen-oude-berkel-spoorbrug-terug-in-borculo\/\">Bogen oude Berkel spoorbrug terug in Borculo<\/a><\/li>\n\t\t<li class=\"wsp-post\"><a href=\"https:\/\/deberkel.info\/de\/bogen-alte-berkel-eisenbahnbrucke-zuruck-in-borculo\/\">Bogen alte Berkel Eisenbahnbr\u00fccke zur\u00fcck in Borculo<\/a><\/li>\n\t\t<li class=\"wsp-post\"><a href=\"https:\/\/deberkel.info\/bootexcursies-op-de-oude-ijssel-en-berkel\/\">Bootexcursies op de Oude IJssel en Berkel<\/a><\/li>\n\t\t<li class=\"wsp-post\"><a href=\"https:\/\/deberkel.info\/de\/botexkursionen-auf-oude-ijssel-und-berkel\/\">Botexkursionen auf Oude IJssel und Berkel<\/a><\/li>\n\t\t<li class=\"wsp-post\"><a href=\"https:\/\/deberkel.info\/de\/achterhoek-nieuws-tau-fahrt-mit-berkelschiffer\/\">Achterhoek Nieuws: Tau Fahrt mit Berkelschiffer<\/a><\/li>\n\t\t<li class=\"wsp-post\"><a href=\"https:\/\/deberkel.info\/achterhoek-nieuws-dauwvaren-met-de-berkelschippers\/\">Achterhoek Nieuws: Dauwvaren met de Berkelschippers<\/a><\/li>\n\t\t<li class=\"wsp-post\"><a href=\"https:\/\/deberkel.info\/schapenopvang-langs-de-berkel\/\">Schapenopvang langs de Berkel<\/a><\/li>\n\t\t<li class=\"wsp-post\"><a href=\"https:\/\/deberkel.info\/de\/schafe-entlang-die-berkel\/\">Schafe entlang die Berkel<\/a><\/li>\n\t\t<li class=\"wsp-post\"><a href=\"https:\/\/deberkel.info\/stentor-conferentie-voor-betrokkenen-bij-berkel\/\">Stentor: Conferentie voor betrokkenen bij Berkel<\/a><\/li>\n\t\t<li class=\"wsp-post\"><a href=\"https:\/\/deberkel.info\/de\/fute-in-almen-auch-wieder-ins-wasser\/\">Fute in Almen auch wieder ins Wasser<\/a><\/li>\n\t\t<li class=\"wsp-post\"><a href=\"https:\/\/deberkel.info\/fute-in-almen-ook-weer-te-water\/\">Fute in Almen ook weer te water<\/a><\/li>\n\t\t<li class=\"wsp-post\"><a href=\"https:\/\/deberkel.info\/gids-met-fietsroutes-door-het-berkeldal-van-billerbeck-tot-zutphen\/\">Gids met fietsroutes door het Berkeldal van Billerbeck tot Zutphen<\/a><\/li>\n\t\t<li class=\"wsp-post\"><a href=\"https:\/\/deberkel.info\/de\/fuhrer-mit-fahrradrouten-durch-das-berkeltal-von-billerbeck-bis-zutphen\/\">F\u00fchrer mit Fahrradrouten durch das Berkeltal von Billerbeck bis Zutphen<\/a><\/li>\n\t\t<li class=\"wsp-post\"><a href=\"https:\/\/deberkel.info\/270-vissen-uitgezet-in-de-berkel\/\">270 vissen uitgezet in de Berkel<\/a><\/li>\n\t\t<li class=\"wsp-post\"><a href=\"https:\/\/deberkel.info\/de\/besatz-270-fische-in-die-berkel\/\">Besatz 270 Fische in die Berkel<\/a><\/li>\n\t\t<li class=\"wsp-post\"><a href=\"https:\/\/deberkel.info\/de\/wiederherstellung-fischbestand-in-de-berkel\/\">Wiederherstellung Fischbestand Berkel<\/a><\/li>\n\t\t<li class=\"wsp-post\"><a href=\"https:\/\/deberkel.info\/herstel-visstand-in-de-berkel\/\">Herstel visstand in de Berkel<\/a><\/li>\n\t\t<li class=\"wsp-post\"><a href=\"https:\/\/deberkel.info\/de\/neugestaltung-berkel-graaf-wichmanstraat-borculo-beinahe-fertig\/\">Neugestaltung Berkel-Graaf Wichmanstraat Borculo beinahe fertig<\/a><\/li>\n\t\t<li class=\"wsp-post\"><a href=\"https:\/\/deberkel.info\/herinrichting-berkel-graaf-wichmanstraat-borculo-bijna-klaar\/\">Herinrichting Berkel-Graaf Wichmanstraat Borculo bijna klaar<\/a><\/li>\n\t\t<li class=\"wsp-post\"><a href=\"https:\/\/deberkel.info\/marke-mallem-zoekt-nieuwe-voorzitter\/\">Marke Mallem zoekt nieuwe voorzitter<\/a><\/li>\n\t\t<li class=\"wsp-post\"><a href=\"https:\/\/deberkel.info\/zagen-hakken-en-knippen-langs-de-berkel\/\">Zagen, hakken en knippen langs de Berkel<\/a><\/li>\n\t\t<li class=\"wsp-post\"><a href=\"https:\/\/deberkel.info\/trailer-borculo-beleef-de-berkelstad-2\/\">Trailer &#8218;Borculo Beleef de Berkelstad&#8216;<\/a><\/li>\n\t\t<li class=\"wsp-post\"><a href=\"https:\/\/deberkel.info\/nieuwe-berg-langs-de-berkel-tubantia\/\">Nieuwe berg langs de Berkel en N18 (Tubantia)<\/a><\/li>\n\t\t<li class=\"wsp-post\"><a href=\"https:\/\/deberkel.info\/onderdelen-stuw-besselink-hergebruikt\/\">Onderdelen stuw Besselink hergebruikt<\/a><\/li>\n\t\t<li class=\"wsp-post\"><a href=\"https:\/\/deberkel.info\/de\/bestandteile-wehr-besselink-wiederverwertet\/\">Bestandteile Wehr Besselink wiederverwertet<\/a><\/li>\n\t\t<li class=\"wsp-post\"><a href=\"https:\/\/deberkel.info\/nieuwsbrief-de-berkel-december-2018-2\/\">Nieuwsbrief De Berkel december 2018<\/a><\/li>\n\t\t<li class=\"wsp-post\"><a href=\"https:\/\/deberkel.info\/de\/informationsblatt-de-berkel-december-2018-2\/\">Informationsblatt &#8218;De Berkel&#8216; December 2018<\/a><\/li>\n\t\t<li class=\"wsp-post\"><a href=\"https:\/\/deberkel.info\/vervolgbijeenkomst-leef-in-borculo\/\">Vervolgbijeenkomst Leef! in Borculo<\/a><\/li>\n\t\t<li class=\"wsp-post\"><a href=\"https:\/\/deberkel.info\/de-berkel-de-baas-mooie-film-over-de-3e-berkelverbetering-in-1965-1968\/\">De Berkel de baas: mooie film over de 3e Berkelverbetering in 1965 \/ 1968<\/a><\/li>\n\t\t<li class=\"wsp-post\"><a href=\"https:\/\/deberkel.info\/de\/de-berkel-de-baas-schone-film-uber-die-3-berkelverbesserung-in-1965-1968\/\">&#8218;De Berkel de baas&#8216;: sch\u00f6ne Film \u00fcber die 3. Berkelverbesserung in 1965 \/ 1968<\/a><\/li>\n\t\t<li class=\"wsp-post\"><a href=\"https:\/\/deberkel.info\/de\/neue-nieuwsquelle\/\">Die neue Nieuwsquelle ist da<\/a><\/li>\n\t\t<li class=\"wsp-post\"><a href=\"https:\/\/deberkel.info\/nieuwe-nieuwsquelle\/\">De Nieuwe Nieuwsquelle<\/a><\/li>\n\t\t<li class=\"wsp-post\"><a href=\"https:\/\/deberkel.info\/berkel-lochem-warken-weer-schoon\/\">Berkel Lochem &#8211; Warken weer schoon, stuwen weer open<\/a><\/li>\n\t\t<li class=\"wsp-post\"><a href=\"https:\/\/deberkel.info\/de\/berkel-lochem-warken-wieder-sauber\/\">Berkel Lochem &#8211; Warken wieder sauber, Wehre wieder ge\u00f6ffnet<\/a><\/li>\n\t\t<li class=\"wsp-post\"><a href=\"https:\/\/deberkel.info\/de\/die-berkel-erhalt-ein-breiteres-bett-in-stadtlohn\/\">Die Berkel erh\u00e4lt ein breiteres Bett in Stadtlohn<\/a><\/li>\n\t\t<li class=\"wsp-post\"><a href=\"https:\/\/deberkel.info\/de-berkel-krijgt-een-bredere-bedding-in-stadtlohn\/\">De Berkel krijgt een bredere bedding in Stadtlohn<\/a><\/li>\n\t\t<li class=\"wsp-post\"><a href=\"https:\/\/deberkel.info\/badende-eibergen-naar-winterstalling\/\">Badende Eibergen naar winterstalling<\/a><\/li>\n\t\t<li class=\"wsp-post\"><a href=\"https:\/\/deberkel.info\/de\/badende-eibergen-zur-winterstallung\/\">Badende Eibergen zur Winterstallung<\/a><\/li>\n\t\t<li class=\"wsp-post\"><a href=\"https:\/\/deberkel.info\/uitbreiding-fondsenwerving-eefde-waterkracht\/\">Uitbreiding fondsenwerving Eefde Waterkracht<\/a><\/li>\n\t\t<li class=\"wsp-post\"><a href=\"https:\/\/deberkel.info\/de\/ausweiterung-mittelbeschaffung-eefde-waterkracht\/\">Erweiterung Mittelbeschaffung &#8218;Eefde Waterkracht&#8216;<\/a><\/li>\n\t\t<li class=\"wsp-post\"><a href=\"https:\/\/deberkel.info\/berkelreparatie-na-leidingreparatie-2\/\">Berkelreparatie na Leidingreparatie<\/a><\/li>\n\t\t<li class=\"wsp-post\"><a href=\"https:\/\/deberkel.info\/de\/berkelreparatie-na-leidingreparatie\/\">Berkel Wiederherstellung nach Leitung Wiederherstellung<\/a><\/li>\n\t\t<li class=\"wsp-post\"><a href=\"https:\/\/deberkel.info\/renovatie-aanlegsteiger-fluisterboten\/\">Renovatie aanlegsteiger fluisterboten: integratie oude kloostermuur<\/a><\/li>\n\t\t<li class=\"wsp-post\"><a href=\"https:\/\/deberkel.info\/de\/renovierung-anlegestelle-fluesterboote\/\">Renovierung  Anlegestelle  Fl\u00fcsterboote: Integration alter Klostermauer<\/a><\/li>\n\t\t<li class=\"wsp-post\"><a href=\"https:\/\/deberkel.info\/suggestie-invulling-voorstad-borculo-met-o-a-haven\/\">Suggestie invulling Voorstad Borculo met o.a. haven<\/a><\/li>\n\t\t<li class=\"wsp-post\"><a href=\"https:\/\/deberkel.info\/de\/vorschlag-gestaltung-voorstad-borculo-mit-u-a-hafen\/\">Vorschlag neue Gestaltung der Voorstad Borculo mit u.a. Hafen<\/a><\/li>\n\t\t<li class=\"wsp-post\"><a href=\"https:\/\/deberkel.info\/lening-25-000-euro-voor-centrale-eefde\/\">Lening 25.000 Euro voor centrale Eefde<\/a><\/li>\n\t\t<li class=\"wsp-post\"><a href=\"https:\/\/deberkel.info\/de\/kredit-25-000-euro-fur-zentrale-eefde\/\">Kredit 25.000 Euro f\u00fcr Zentrale Eefde<\/a><\/li>\n\t\t<li class=\"wsp-post\"><a href=\"https:\/\/deberkel.info\/de\/nieuwe-fluisterboot-in-zutphen\/\">Neue &#8218;Fluisterboot&#8216; in Zutphen ers\u00e4tzt ein anderes<\/a><\/li>\n\t\t<li class=\"wsp-post\"><a href=\"https:\/\/deberkel.info\/nieuwe-fluisterboot-in-zutphen-2\/\">Nieuwe fluisterboot in Zutphen vervangt een andere<\/a><\/li>\n\t\t<li class=\"wsp-post\"><a href=\"https:\/\/deberkel.info\/de\/fotos-zompendag-2018-borculo\/\">Bilder Zompentag 2018 Borculo<\/a><\/li>\n\t\t<li class=\"wsp-post\"><a href=\"https:\/\/deberkel.info\/fotos-zompendag-2018-borculo-2\/\">Foto&#8217;s zompendag 2018 Borculo<\/a><\/li>\n\t\t<li class=\"wsp-post\"><a href=\"https:\/\/deberkel.info\/de\/de-berkel-als-onderdeel-van-stadsvernieuwing-in-borculo\/\">Die Berkel Teil von Stadt Erneuerung in Borculo<\/a><\/li>\n\t\t<li class=\"wsp-post\"><a href=\"https:\/\/deberkel.info\/de-berkel-als-onderdeel-van-stadsvernieuwing-in-borculo-2\/\">De Berkel onderdeel van stadsvernieuwing in Borculo<\/a><\/li>\n\t\t<li class=\"wsp-post\"><a href=\"https:\/\/deberkel.info\/de\/30000e-bezoeker-fluisterboten-zutphen\/\">30.000e bezoeker fluisterboten Zutphen<\/a><\/li>\n\t\t<li class=\"wsp-post\"><a href=\"https:\/\/deberkel.info\/30000e-bezoeker-fluisterboten-zutphen-2\/\">30.000e bezoeker fluisterboten Zutphen<\/a><\/li>\n\t\t<li class=\"wsp-post\"><a href=\"https:\/\/deberkel.info\/de\/6963\/\">Stentor: Zompentag mit Fute in Borculo<\/a><\/li>\n\t\t<li class=\"wsp-post\"><a href=\"https:\/\/deberkel.info\/6963-2\/\">Stentor: Zompendag met Fute in Borculo<\/a><\/li>\n\t\t<li class=\"wsp-post\"><a href=\"https:\/\/deberkel.info\/nieuw-op-de-site-caarte-van-de-rivier-den-berkel\/\">Nieuw op de site: &#8218;Caarte van de rivier den Berkel&#8216;<\/a><\/li>\n\t\t<li class=\"wsp-post\"><a href=\"https:\/\/deberkel.info\/de\/neu-auf-der-webseite-caarte-van-de-rivier-den-berkel\/\">Neu auf der Webseite: &#8218;Caarte van de rivier den Berkel&#8216;<\/a><\/li>\n\t\t<li class=\"wsp-post\"><a href=\"https:\/\/deberkel.info\/de\/nieuwsbrief-de-berkel-september-2018\/\">Informationsblatt &#8218;De Berkel\u2019 September 2018<\/a><\/li>\n\t\t<li class=\"wsp-post\"><a href=\"https:\/\/deberkel.info\/nieuwsbrief-de-berkel-september-2018-2\/\">Nieuwsbrief De Berkel september 2018<\/a><\/li>\n\t\t<li class=\"wsp-post\"><a href=\"https:\/\/deberkel.info\/de\/nieuwe-berkelbrug-bij-almen\/\">Neue Berkelbr\u00fccke bei Almen<\/a><\/li>\n\t\t<li class=\"wsp-post\"><a href=\"https:\/\/deberkel.info\/nieuwe-berkelbrug-bij-almen-2\/\">Nieuwe Berkelbrug bij Almen<\/a><\/li>\n\t\t<li class=\"wsp-post\"><a href=\"https:\/\/deberkel.info\/de\/interreg-subsidie-berkeln-2018-2010-toegekend\/\">Interreg Zuschuss Berkeln 2018-2010 verleiht<\/a><\/li>\n\t\t<li class=\"wsp-post\"><a href=\"https:\/\/deberkel.info\/interreg-subsidie-berkeln-2018-2010-toegekend-2\/\">Interreg subsidie Berkeln 2018-2010 toegekend<\/a><\/li>\n\t\t<li class=\"wsp-post\"><a href=\"https:\/\/deberkel.info\/de\/sauerstoffeintrag-berkel-in-vreden\/\">Sauerstoffeintrag Berkel in Vreden<\/a><\/li>\n\t\t<li class=\"wsp-post\"><a href=\"https:\/\/deberkel.info\/zuurstoftoevoer-berkel-in-vreden\/\">Zuurstoftoevoer Berkel in Vreden<\/a><\/li>\n\t\t<li class=\"wsp-post\"><a href=\"https:\/\/deberkel.info\/berkelregio-grensoverschrijdend-verder-ontwikkelen\/\">Berkelregio grensoverschrijdend verder ontwikkelen<\/a><\/li>\n\t\t<li class=\"wsp-post\"><a href=\"https:\/\/deberkel.info\/de\/berkelregion-grenzueberschreitend-weiter-entwickeln\/\">Berkelregion grenz\u00fcberschreitend weiter entwickeln<\/a><\/li>\n\t\t<li class=\"wsp-post\"><a href=\"https:\/\/deberkel.info\/berkelconcert-lochem\/\">Berkelconcert Lochem<\/a><\/li>\n\t\t<li class=\"wsp-post\"><a href=\"https:\/\/deberkel.info\/de\/berkelkonzert-lochem\/\">Berkelkonzert Lochem<\/a><\/li>\n\t\t<li class=\"wsp-post\"><a href=\"https:\/\/deberkel.info\/de\/stadtstadtlohnunterhaeltberkelwiederselber\/\">Stadt Stadtlohn unterh\u00e4lt Berkel wieder selber<\/a><\/li>\n\t\t<li class=\"wsp-post\"><a href=\"https:\/\/deberkel.info\/stadtstadtlohnunterhaeltberkelwiederselber\/\">Stadt Stadtlohn unterh\u00e4lt Berkel wieder selber<\/a><\/li>\n\t\t<li class=\"wsp-post\"><a href=\"https:\/\/deberkel.info\/de\/handfaehre-ueber-die-berkel-in-rekken\/\">Handf\u00e4hre \u00fcber die Berkel in Rekken<\/a><\/li>\n\t\t<li class=\"wsp-post\"><a href=\"https:\/\/deberkel.info\/trekveer-over-de-berkel-in-rekken\/\">Trekveer over de Berkel in Rekken<\/a><\/li>\n\t\t<li class=\"wsp-post\"><a href=\"https:\/\/deberkel.info\/de\/vernieler-badende-aangehouden\/\">Zerst\u00f6rer Badende festgenommen<\/a><\/li>\n\t\t<li class=\"wsp-post\"><a href=\"https:\/\/deberkel.info\/vernieler-badende-aangehouden-2\/\">Vernieler Badende aangehouden<\/a><\/li>\n\t\t<li class=\"wsp-post\"><a href=\"https:\/\/deberkel.info\/de\/die-badende-in-vreden-hat-gesellschaft-bekommen\/\">Die Badende in Vreden hat Gesellschaft bekommen<\/a><\/li>\n\t\t<li class=\"wsp-post\"><a href=\"https:\/\/deberkel.info\/de-badende-in-vreden-heeft-gezelschap-gekregen\/\">De Badende in Vreden heeft gezelschap gekregen<\/a><\/li>\n\t\t<li class=\"wsp-post\"><a href=\"https:\/\/deberkel.info\/de\/levendig-world-cafe-berkeldal-in-de-burgerzaal-te-zutphen\/\">Lebendig World Caf\u00e9 \u2018Berkeldal\u2019 in der &#8218;Burgerzaal&#8216; in Zutphen<\/a><\/li>\n\t\t<li class=\"wsp-post\"><a href=\"https:\/\/deberkel.info\/levendig-world-cafe-berkeldal-in-de-burgerzaal-te-zutphen-2\/\">Levendig World Caf\u00e9 \u2018Berkeldal\u2019 in de Burgerzaal te Zutphen<\/a><\/li>\n<\/ul><\/li>\n\t<li><strong class=\"wsp-category-title\">Kategorie: <a href=\"https:\/\/deberkel.info\/de\/vriendenvandeberkel\/\">Vrienden van de Berkel<\/a><\/strong>\n<ul class=\"wsp-posts-list\">\t<li><strong class=\"wsp-category-title\">Kategorie: <a href=\"https:\/\/deberkel.info\/de\/vriendenvandeberkel\/vrienden-van-de-berkel-filmpjes\/\">Filmpjes Vrienden van de Berkel<\/a><\/strong>\n<ul class=\"wsp-posts-list\">\t\t<li class=\"wsp-post\"><a href=\"https:\/\/deberkel.info\/vrienden-van-de-berkel-filmpje-gerard-tiemessen\/\">Filmpje Gerard Tiemessen<\/a><\/li>\n\t\t<li class=\"wsp-post\"><a href=\"https:\/\/deberkel.info\/de\/vrienden-van-de-berkel-video-gerard-tiemessen\/\">Video Gerard Tiemessen<\/a><\/li>\n\t\t<li class=\"wsp-post\"><a href=\"https:\/\/deberkel.info\/de\/vrienden-van-de-berkel-video-joke-pot\/\">Video Joke Pot<\/a><\/li>\n\t\t<li class=\"wsp-post\"><a href=\"https:\/\/deberkel.info\/vrienden-van-de-berkel-filmpje-joke-pot\/\">Filmpje Joke Pot<\/a><\/li>\n\t\t<li class=\"wsp-post\"><a href=\"https:\/\/deberkel.info\/de\/vrienden-van-de-berkel-video-jan-tiggeloven\/\">Video Jan Tiggeloven<\/a><\/li>\n\t\t<li class=\"wsp-post\"><a href=\"https:\/\/deberkel.info\/vrienden-van-de-berkel-filmpje-jan-tiggeloven\/\">Filmpje Jan Tiggeloven<\/a><\/li>\n\t\t<li class=\"wsp-post\"><a href=\"https:\/\/deberkel.info\/de\/vrienden-van-de-berkel-videos-henk-jan-bouwhuis\/\">Video Henk-Jan Bouwhuis<\/a><\/li>\n\t\t<li class=\"wsp-post\"><a href=\"https:\/\/deberkel.info\/vrienden-van-de-berkel-filmpje-henk-jan-bouwhuis\/\">Filmpje Henk-Jan Bouwhuis<\/a><\/li>\n<\/ul><\/li>\n\t<li><strong class=\"wsp-category-title\">Kategorie: <a href=\"https:\/\/deberkel.info\/de\/vriendenvandeberkel\/vrienden-van-de-berkel-lijst\/\">Lijst Vrienden van de Berkel<\/a><\/strong>\n<ul class=\"wsp-posts-list\">\t\t<li class=\"wsp-post\"><a href=\"https:\/\/deberkel.info\/de\/vrienden-van-de-berkel-martin-bouwmeesters\/\">Martin Bouwmeesters<\/a><\/li>\n\t\t<li class=\"wsp-post\"><a href=\"https:\/\/deberkel.info\/vrienden-van-de-berkel-martin-bouwmeesters\/\">Martin Bouwmeesters<\/a><\/li>\n\t\t<li class=\"wsp-post\"><a href=\"https:\/\/deberkel.info\/vrienden-van-de-berkel-gemma-brinkhuis\/\">Gemma Brinkhuis<\/a><\/li>\n\t\t<li class=\"wsp-post\"><a href=\"https:\/\/deberkel.info\/de\/vrienden-van-de-berkel-gemma-brinkhuis\/\">Gemma Brinkhuis<\/a><\/li>\n\t\t<li class=\"wsp-post\"><a href=\"https:\/\/deberkel.info\/vrienden-van-de-berkel-gerard-tiemessen\/\">Gerard Tiemessen<\/a><\/li>\n\t\t<li class=\"wsp-post\"><a href=\"https:\/\/deberkel.info\/de\/vrienden-van-de-berkel-gerard-tiemessen\/\">Gerard Tiemessen<\/a><\/li>\n\t\t<li class=\"wsp-post\"><a href=\"https:\/\/deberkel.info\/de\/vrienden-van-de-berkel-kees-schieven\/\">Kees Schieven<\/a><\/li>\n\t\t<li class=\"wsp-post\"><a href=\"https:\/\/deberkel.info\/vrienden-van-de-berkel-kees-schieven\/\">Kees Schieven<\/a><\/li>\n\t\t<li class=\"wsp-post\"><a href=\"https:\/\/deberkel.info\/de\/vrienden-van-de-berkel-joke-pot\/\">Joke Pot<\/a><\/li>\n\t\t<li class=\"wsp-post\"><a href=\"https:\/\/deberkel.info\/vrienden-van-de-berkel-joke-pot\/\">Joke Pot<\/a><\/li>\n\t\t<li class=\"wsp-post\"><a href=\"https:\/\/deberkel.info\/vrienden-van-de-berkel-henk-jan-bouwhuis\/\">Henk-Jan Bouwhuis<\/a><\/li>\n\t\t<li class=\"wsp-post\"><a href=\"https:\/\/deberkel.info\/de\/vrienden-van-de-berkel-henk-jan-bouwhuis\/\">Henk-Jan Bouwhuis<\/a><\/li>\n\t\t<li class=\"wsp-post\"><a href=\"https:\/\/deberkel.info\/vrienden-van-de-berkel-marja-schulenberg-van-der-werf\/\">Marja Schulenberg-van der Werf<\/a><\/li>\n\t\t<li class=\"wsp-post\"><a href=\"https:\/\/deberkel.info\/de\/vrienden-van-de-berkel-marja-schulenberg-van-der-werf\/\">Marja Schulenberg-van der Werf<\/a><\/li>\n\t\t<li class=\"wsp-post\"><a href=\"https:\/\/deberkel.info\/de\/vrienden-van-de-berkel-peter-van-heek\/\">Peter van Heek<\/a><\/li>\n\t\t<li class=\"wsp-post\"><a href=\"https:\/\/deberkel.info\/vrienden-van-de-berkel-peter-van-heek\/\">Peter van Heek<\/a><\/li>\n\t\t<li class=\"wsp-post\"><a href=\"https:\/\/deberkel.info\/vrienden-van-de-berkel-ben-ter-braak\/\">Ben ter Braak<\/a><\/li>\n\t\t<li class=\"wsp-post\"><a href=\"https:\/\/deberkel.info\/de\/vrienden-van-de-berkel-ben-ter-braak\/\">Ben ter Braak<\/a><\/li>\n\t\t<li class=\"wsp-post\"><a href=\"https:\/\/deberkel.info\/de\/vrienden-van-de-berkel-hans-migchelbrink\/\">Hans Migchelbrink<\/a><\/li>\n\t\t<li class=\"wsp-post\"><a href=\"https:\/\/deberkel.info\/vrienden-van-de-berkel-hans-migchelbrink\/\">Hans Migchelbrink<\/a><\/li>\n\t\t<li class=\"wsp-post\"><a href=\"https:\/\/deberkel.info\/de\/vrienden-van-de-berkel-henk-tiemessen\/\">Henk Tiemessen<\/a><\/li>\n\t\t<li class=\"wsp-post\"><a href=\"https:\/\/deberkel.info\/vrienden-van-de-berkel-henk-tiemessen\/\">Henk Tiemessen<\/a><\/li>\n\t\t<li class=\"wsp-post\"><a href=\"https:\/\/deberkel.info\/vrienden-van-de-berkel-henk-braakman\/\">Henk Braakman<\/a><\/li>\n\t\t<li class=\"wsp-post\"><a href=\"https:\/\/deberkel.info\/de\/vrienden-van-de-berkel-henk-braakman\/\">Henk Braakman<\/a><\/li>\n\t\t<li class=\"wsp-post\"><a href=\"https:\/\/deberkel.info\/theo-ten-brinke\/\">Theo ten Brinke<\/a><\/li>\n\t\t<li class=\"wsp-post\"><a href=\"https:\/\/deberkel.info\/de\/theo-ten-brinke\/\">Theo ten Brinke<\/a><\/li>\n\t\t<li class=\"wsp-post\"><a href=\"https:\/\/deberkel.info\/de\/vrienden-van-de-berkel-walter-stellaart\/\">Walter Stellaart<\/a><\/li>\n\t\t<li class=\"wsp-post\"><a href=\"https:\/\/deberkel.info\/vrienden-van-de-berkel-walter-stellaart\/\">Walter Stellaart<\/a><\/li>\n\t\t<li class=\"wsp-post\"><a href=\"https:\/\/deberkel.info\/de\/vrienden-van-de-berkel-arnold-kion\/\">Arnold Kion<\/a><\/li>\n\t\t<li class=\"wsp-post\"><a href=\"https:\/\/deberkel.info\/vrienden-van-de-berkel-arnold-kion\/\">Arnold Kion<\/a><\/li>\n\t\t<li class=\"wsp-post\"><a href=\"https:\/\/deberkel.info\/de\/vrienden-van-de-berkel-wim-ter-meulen\/\">Wim ter Meulen<\/a><\/li>\n\t\t<li class=\"wsp-post\"><a href=\"https:\/\/deberkel.info\/vrienden-van-de-berkel-wim-ter-meulen\/\">Wim ter Meulen<\/a><\/li>\n\t\t<li class=\"wsp-post\"><a href=\"https:\/\/deberkel.info\/de\/vrienden-van-de-berkel-jan-nieuwburg\/\">Jan Nieuwburg<\/a><\/li>\n\t\t<li class=\"wsp-post\"><a href=\"https:\/\/deberkel.info\/vrienden-van-de-berkel-jan-nieuwburg\/\">Jan Nieuwburg<\/a><\/li>\n\t\t<li class=\"wsp-post\"><a href=\"https:\/\/deberkel.info\/de\/vrienden-van-de-berkel-tonni-wormgoor\/\">Tonni Wormgoor<\/a><\/li>\n\t\t<li class=\"wsp-post\"><a href=\"https:\/\/deberkel.info\/vrienden-van-de-berkel-tonni-wormgoor\/\">Tonni Wormgoor<\/a><\/li>\n\t\t<li class=\"wsp-post\"><a href=\"https:\/\/deberkel.info\/vrienden-van-de-berkel-jan-tiggeloven\/\">Jan Tiggeloven<\/a><\/li>\n\t\t<li class=\"wsp-post\"><a href=\"https:\/\/deberkel.info\/de\/vrienden-van-de-berkel-jan-tiggeloven\/\">Jan Tiggeloven<\/a><\/li>\n<\/ul><\/li>\n\t<li><strong class=\"wsp-category-title\">Kategorie: <a href=\"https:\/\/deberkel.info\/de\/vriendenvandeberkel\/vrienden-van-de-berkel-nieuws\/\">Nieuws Vrienden van de Berkel<\/a><\/strong>\n<ul class=\"wsp-posts-list\">\t\t<li class=\"wsp-post\"><a href=\"https:\/\/deberkel.info\/de\/ergebnis-vrienden-van-de-berkel-bei-wahlen-fuer-wrij-2023-definitiv\/\">Ergebnis &#8218;Vrienden van de Berkel&#8216; bei Wahlen f\u00fcr WRIJ 2023 definitiv<\/a><\/li>\n\t\t<li class=\"wsp-post\"><a href=\"https:\/\/deberkel.info\/definitieve-uitslag-vrienden-van-de-berkel-bij-de-verkiezingen-van-wrij-2023\/\">Definitieve uitslag Vrienden van de Berkel bij de verkiezingen van WRIJ 2023<\/a><\/li>\n\t\t<li class=\"wsp-post\"><a href=\"https:\/\/deberkel.info\/de\/kampagne-fuer-die-2-sitze-von-vrienden-van-de-berkel\/\">Kampagne f\u00fcr die 2 Sitze von &#8218;Vrienden van de Berkel&#8216;<\/a><\/li>\n\t\t<li class=\"wsp-post\"><a href=\"https:\/\/deberkel.info\/flyeren-voor-de-2-zetels-van-vrienden-van-de-berkel\/\">Flyeren voor de 2 zetels van Vrienden van de Berkel<\/a><\/li>\n\t\t<li class=\"wsp-post\"><a href=\"https:\/\/deberkel.info\/de\/vrienden-van-de-berkel-weer-2-zetels-bij-waterschap-rijn-en-ijssel\/\">&#8218;Vrienden van de Berkel&#8216; wieder 2 Sitze bei &#8218;Waterschap Rijn en IJssel&#8216;<\/a><\/li>\n\t\t<li class=\"wsp-post\"><a href=\"https:\/\/deberkel.info\/vrienden-van-de-berkel-weer-2-zetels-bij-waterschap-rijn-en-ijssel\/\">Vrienden van de Berkel weer 2 zetels bij Waterschap Rijn en IJssel<\/a><\/li>\n\t\t<li class=\"wsp-post\"><a href=\"https:\/\/deberkel.info\/de\/vrienden-van-de-berkel-wieder-bei-den-wahlen-fuer-wasserbehoerde-wrij\/\">&#8218;Vrienden van de Berkel&#8216; wieder bei den Wahlen f\u00fcr Wasserbeh\u00f6rde WRIJ<\/a><\/li>\n\t\t<li class=\"wsp-post\"><a href=\"https:\/\/deberkel.info\/vrienden-van-de-berkel-weer-bij-de-verkiezingen-van-waterschap-wrij\/\">Vrienden van de Berkel weer bij de verkiezingen van Waterschap WRIJ<\/a><\/li>\n\t\t<li class=\"wsp-post\"><a href=\"https:\/\/deberkel.info\/de\/vrienden-van-de-berkel-bewirtschaftungsvertrag-waterschap-rijn-en-ijssel-2019-2023\/\">Vrienden van de Berkel: Bewirtschaftungsvertrag &#8218;Waterschap Rijn en IJssel&#8216; 2019 \u2013 2023<\/a><\/li>\n\t\t<li class=\"wsp-post\"><a href=\"https:\/\/deberkel.info\/vrienden-van-de-berkel-bestuursovereenkomst-waterschap-rijn-en-ijssel-2019-2023\/\">Vrienden van de Berkel: Bestuursovereenkomst Waterschap Rijn en IJssel 2019 \u2013 2023<\/a><\/li>\n\t\t<li class=\"wsp-post\"><a href=\"https:\/\/deberkel.info\/vrienden-van-de-berkel-campagne-afsluiting\/\">Campagne afsluiting Vrienden van de Berkel<\/a><\/li>\n\t\t<li class=\"wsp-post\"><a href=\"https:\/\/deberkel.info\/de\/vrienden-van-de-berkel-kampagne-abschluss\/\">Kampagne Abschluss Vrienden van de Berkel<\/a><\/li>\n\t\t<li class=\"wsp-post\"><a href=\"https:\/\/deberkel.info\/de\/vereniging-vrienden-van-de-berkel-vorstand-mit-joke-und-jan-installiert\/\">Vorstand mit Joke und Jan installiert: Vrienden van de Berkel<\/a><\/li>\n\t\t<li class=\"wsp-post\"><a href=\"https:\/\/deberkel.info\/vereniging-vrienden-van-de-berkel-nieuw-ab-met-joke-en-jan-geinstalleerd\/\">Nieuw AB met Joke en Jan ge\u00efnstalleerd: Vrienden van de Berkel<\/a><\/li>\n\t\t<li class=\"wsp-post\"><a href=\"https:\/\/deberkel.info\/de\/vrienden-van-de-berkel-ergebnis-definitiv\/\">Ergebnis Definitiv Vrienden van de Berkel<\/a><\/li>\n\t\t<li class=\"wsp-post\"><a href=\"https:\/\/deberkel.info\/vrienden-van-de-berkel-definitieve-uitslag\/\">Definitieve uitslag Vrienden van de Berkel<\/a><\/li>\n\t\t<li class=\"wsp-post\"><a href=\"https:\/\/deberkel.info\/de\/vrienden-van-de-berkel-joke-pot-und-jan-tiggeloven-im-vorstand-von-waterschap-rijn-en-ijssel\/\">Joke Pot und Jan Tiggeloven im Vorstand von &#8218;Waterschap Rijn en IJssel&#8216;<\/a><\/li>\n\t\t<li class=\"wsp-post\"><a href=\"https:\/\/deberkel.info\/vrienden-van-de-berkel-joke-pot-en-jan-tiggeloven-in-het-algemeen-bestuur-van-waterschap-rijn-en-ijssel\/\">Joke Pot en Jan Tiggeloven in het AB van waterschap Rijn en IJssel<\/a><\/li>\n\t\t<li class=\"wsp-post\"><a href=\"https:\/\/deberkel.info\/de\/vrienden-van-de-berkel-tubantia-vrienden-van-de-berkel-weithin-groeste-in-berkelland\/\">Tubantia: Vrienden van de Berkel weithin gr\u00f6\u00dfte in Berkelland<\/a><\/li>\n\t\t<li class=\"wsp-post\"><a href=\"https:\/\/deberkel.info\/vrienden-van-de-berkel-tubantia-vrienden-van-de-berkel-veruit-de-grootste-in-berkelland\/\">Tubantia: Vrienden van de Berkel veruit de grootste in Berkelland<\/a><\/li>\n\t\t<li class=\"wsp-post\"><a href=\"https:\/\/deberkel.info\/de\/vrienden-van-de-berkel-ergebnis-2019\/\">Ergebnis Wasserschafts Wahlen Vrienden van de Berkel<\/a><\/li>\n\t\t<li class=\"wsp-post\"><a href=\"https:\/\/deberkel.info\/vrienden-van-de-berkel-uitslag-2019\/\">Uitslag waterschapsverkiezingen Vrienden van de Berkel<\/a><\/li>\n<\/ul><\/li>\n<\/ul><\/li>\n\t<li><strong class=\"wsp-category-title\">Kategorie: <a href=\"https:\/\/deberkel.info\/de\/vriendenberkelcompagniejaarverslagen\/\">VriendenBerkelcompagnieJaarverslagen<\/a><\/strong>\n<ul class=\"wsp-posts-list\">\t\t<li class=\"wsp-post\"><a href=\"https:\/\/deberkel.info\/de\/jahresbericht-2020-freunde-der-3-berkelkompanie\/\">Jahresbericht 2020 Freunde der 3. Berkelkompanie<\/a><\/li>\n\t\t<li class=\"wsp-post\"><a href=\"https:\/\/deberkel.info\/jaarverslag-2020-vrienden-van-de-3e-berkelcompagnie\/\">Jaarverslag 2020 Vrienden van de 3e Berkelcompagnie<\/a><\/li>\n\t\t<li class=\"wsp-post\"><a href=\"https:\/\/deberkel.info\/de\/jahresbericht-2019-freunde-der-3-berkelkompanie\/\">Jahresbericht 2019 Freunde der 3. Berkelkompanie<\/a><\/li>\n\t\t<li class=\"wsp-post\"><a href=\"https:\/\/deberkel.info\/jaarverslag-2019-vrienden-van-de-3e-berkelcompagnie\/\">Jaarverslag 2019 Vrienden van de 3e Berkelcompagnie<\/a><\/li>\n<\/ul><\/li>\n\t<li><strong class=\"wsp-category-title\">Kategorie: <a href=\"https:\/\/deberkel.info\/de\/zondercategorie\/\">Zonder categorie<\/a><\/strong>\n<ul class=\"wsp-posts-list\">\t\t<li class=\"wsp-post\"><a href=\"https:\/\/deberkel.info\/de\/fotogalerie-berkel-kanurallye-2025-sontag\/\">Fotogalerie Berkel Kanurallye 2025 Sontag<\/a><\/li>\n\t\t<li class=\"wsp-post\"><a href=\"https:\/\/deberkel.info\/fotogalerij-berkel-kanorally-2025-zondag\/\">Fotogalerij Berkel Kanorally 2025 zondag<\/a><\/li>\n\t\t<li class=\"wsp-post\"><a href=\"https:\/\/deberkel.info\/de\/fotogalerie-berkel-kanurallye-2025-samstag\/\">Fotogalerie Berkel Kanurallye 2025 Samstag<\/a><\/li>\n\t\t<li class=\"wsp-post\"><a href=\"https:\/\/deberkel.info\/fotogalerij-berkel-kanorally-2025-zaterdag\/\">Fotogalerij Berkel Kanorally 2025 zaterdag<\/a><\/li>\n\t\t<li class=\"wsp-post\"><a href=\"https:\/\/deberkel.info\/fotogalerij-berkel-kanorally-2024\/\">Fotogalerij Berkel Kanorally 2024<\/a><\/li>\n\t\t<li class=\"wsp-post\"><a href=\"https:\/\/deberkel.info\/de\/willkommen-auf-der-webseite-ueber-dem-berkelfluss\/\">Willkommen auf der Webseite \u00fcber dem Berkelfluss<\/a><\/li>\n\t\t<li class=\"wsp-post\"><a href=\"https:\/\/deberkel.info\/de\/film-repertoire-ben-tragter-mit-vielen-berkelfilmen\/\">Film Repertoire Ben Tragter mit vielen Berkelfilmen<\/a><\/li>\n\t\t<li class=\"wsp-post\"><a href=\"https:\/\/deberkel.info\/filmrepertoire-ben-tragter-met-veel-berkelfilms\/\">Filmrepertoire Ben Tragter met veel Berkelfilms<\/a><\/li>\n\t\t<li class=\"wsp-post\"><a href=\"https:\/\/deberkel.info\/welkom-op-de-website-over-de-rivier-de-berkel\/\">Welkom op de website over de rivier de Berkel<\/a><\/li>\n<\/ul><\/li>\n<\/ul>\n<\/div>\n","protected":false},"excerpt":{"rendered":"","protected":false},"author":1,"featured_media":0,"parent":0,"menu_order":0,"comment_status":"closed","ping_status":"closed","template":"sidebar-page.php","meta":{"_exactmetrics_skip_tracking":false,"_exactmetrics_sitenote_active":false,"_exactmetrics_sitenote_note":"","_exactmetrics_sitenote_category":0,"ngg_post_thumbnail":0,"_locale":"de_DE","_original_post":"1245","footnotes":"","_links_to":"","_links_to_target":""},"class_list":["post-1248","page","type-page","status-publish","hentry","de-DE"],"yoast_head":"<!-- This site is optimized with the Yoast SEO plugin v27.5 - https:\/\/yoast.com\/product\/yoast-seo-wordpress\/ -->\n<title>Sitemap - Berkel Info<\/title>\n<meta name=\"robots\" content=\"index, follow, max-snippet:-1, max-image-preview:large, max-video-preview:-1\" \/>\n<link rel=\"canonical\" href=\"https:\/\/deberkel.info\/de\/sitemap\/\" \/>\n<meta property=\"og:locale\" content=\"de_DE\" \/>\n<meta property=\"og:type\" content=\"article\" \/>\n<meta property=\"og:title\" content=\"Sitemap - Berkel Info\" \/>\n<meta property=\"og:url\" content=\"https:\/\/deberkel.info\/de\/sitemap\/\" \/>\n<meta property=\"og:site_name\" content=\"Berkel Info\" \/>\n<meta property=\"article:modified_time\" content=\"2018-04-08T13:06:07+00:00\" \/>\n<meta name=\"twitter:card\" content=\"summary_large_image\" \/>\n<script type=\"application\/ld+json\" class=\"yoast-schema-graph\">{\"@context\":\"https:\\\/\\\/schema.org\",\"@graph\":[{\"@type\":\"WebPage\",\"@id\":\"https:\\\/\\\/deberkel.info\\\/de\\\/sitemap\\\/\",\"url\":\"https:\\\/\\\/deberkel.info\\\/de\\\/sitemap\\\/\",\"name\":\"Sitemap - Berkel Info\",\"isPartOf\":{\"@id\":\"https:\\\/\\\/deberkel.info\\\/#website\"},\"datePublished\":\"2018-04-05T09:51:15+00:00\",\"dateModified\":\"2018-04-08T13:06:07+00:00\",\"breadcrumb\":{\"@id\":\"https:\\\/\\\/deberkel.info\\\/de\\\/sitemap\\\/#breadcrumb\"},\"inLanguage\":\"de\",\"potentialAction\":[{\"@type\":\"ReadAction\",\"target\":[\"https:\\\/\\\/deberkel.info\\\/de\\\/sitemap\\\/\"]}]},{\"@type\":\"BreadcrumbList\",\"@id\":\"https:\\\/\\\/deberkel.info\\\/de\\\/sitemap\\\/#breadcrumb\",\"itemListElement\":[{\"@type\":\"ListItem\",\"position\":1,\"name\":\"Home\",\"item\":\"https:\\\/\\\/deberkel.info\\\/de\\\/\"},{\"@type\":\"ListItem\",\"position\":2,\"name\":\"Sitemap\"}]},{\"@type\":\"WebSite\",\"@id\":\"https:\\\/\\\/deberkel.info\\\/#website\",\"url\":\"https:\\\/\\\/deberkel.info\\\/\",\"name\":\"Berkel Info\",\"description\":\"Alles over de Berkel en het Berkeldal, van Billerbeck tot Zutphen\",\"potentialAction\":[{\"@type\":\"SearchAction\",\"target\":{\"@type\":\"EntryPoint\",\"urlTemplate\":\"https:\\\/\\\/deberkel.info\\\/?s={search_term_string}\"},\"query-input\":{\"@type\":\"PropertyValueSpecification\",\"valueRequired\":true,\"valueName\":\"search_term_string\"}}],\"inLanguage\":\"de\"}]}<\/script>\n<!-- \/ Yoast SEO plugin. -->","yoast_head_json":{"title":"Sitemap - Berkel Info","robots":{"index":"index","follow":"follow","max-snippet":"max-snippet:-1","max-image-preview":"max-image-preview:large","max-video-preview":"max-video-preview:-1"},"canonical":"https:\/\/deberkel.info\/de\/sitemap\/","og_locale":"de_DE","og_type":"article","og_title":"Sitemap - Berkel Info","og_url":"https:\/\/deberkel.info\/de\/sitemap\/","og_site_name":"Berkel Info","article_modified_time":"2018-04-08T13:06:07+00:00","twitter_card":"summary_large_image","schema":{"@context":"https:\/\/schema.org","@graph":[{"@type":"WebPage","@id":"https:\/\/deberkel.info\/de\/sitemap\/","url":"https:\/\/deberkel.info\/de\/sitemap\/","name":"Sitemap - Berkel Info","isPartOf":{"@id":"https:\/\/deberkel.info\/#website"},"datePublished":"2018-04-05T09:51:15+00:00","dateModified":"2018-04-08T13:06:07+00:00","breadcrumb":{"@id":"https:\/\/deberkel.info\/de\/sitemap\/#breadcrumb"},"inLanguage":"de","potentialAction":[{"@type":"ReadAction","target":["https:\/\/deberkel.info\/de\/sitemap\/"]}]},{"@type":"BreadcrumbList","@id":"https:\/\/deberkel.info\/de\/sitemap\/#breadcrumb","itemListElement":[{"@type":"ListItem","position":1,"name":"Home","item":"https:\/\/deberkel.info\/de\/"},{"@type":"ListItem","position":2,"name":"Sitemap"}]},{"@type":"WebSite","@id":"https:\/\/deberkel.info\/#website","url":"https:\/\/deberkel.info\/","name":"Berkel Info","description":"Alles over de Berkel en het Berkeldal, van Billerbeck tot Zutphen","potentialAction":[{"@type":"SearchAction","target":{"@type":"EntryPoint","urlTemplate":"https:\/\/deberkel.info\/?s={search_term_string}"},"query-input":{"@type":"PropertyValueSpecification","valueRequired":true,"valueName":"search_term_string"}}],"inLanguage":"de"}]}},"rttpg_featured_image_url":null,"rttpg_author":{"display_name":"berkelcompagnie","author_link":"https:\/\/deberkel.info\/author\/berkelcompagnie\/"},"rttpg_comment":0,"rttpg_category":null,"rttpg_excerpt":null,"_links":{"self":[{"href":"https:\/\/deberkel.info\/wp-json\/wp\/v2\/pages\/1248","targetHints":{"allow":["GET"]}}],"collection":[{"href":"https:\/\/deberkel.info\/wp-json\/wp\/v2\/pages"}],"about":[{"href":"https:\/\/deberkel.info\/wp-json\/wp\/v2\/types\/page"}],"author":[{"embeddable":true,"href":"https:\/\/deberkel.info\/wp-json\/wp\/v2\/users\/1"}],"replies":[{"embeddable":true,"href":"https:\/\/deberkel.info\/wp-json\/wp\/v2\/comments?post=1248"}],"version-history":[{"count":3,"href":"https:\/\/deberkel.info\/wp-json\/wp\/v2\/pages\/1248\/revisions"}],"predecessor-version":[{"id":1269,"href":"https:\/\/deberkel.info\/wp-json\/wp\/v2\/pages\/1248\/revisions\/1269"}],"wp:attachment":[{"href":"https:\/\/deberkel.info\/wp-json\/wp\/v2\/media?parent=1248"}],"curies":[{"name":"wp","href":"https:\/\/api.w.org\/{rel}","templated":true}]}}