{"id":5728,"date":"2018-06-28T21:16:14","date_gmt":"2018-06-28T21:16:14","guid":{"rendered":"http:\/\/deberkel.info\/?page_id=5728"},"modified":"2020-06-08T14:09:16","modified_gmt":"2020-06-08T14:09:16","slug":"presseberichte-aelter","status":"publish","type":"page","link":"https:\/\/deberkel.info\/de\/presseberichte-aelter\/","title":{"rendered":"Presseberichte (viel) \u00c4lter"},"content":{"rendered":"<p>Hier eine \u00dcbersicht von alten Artikeln \u00fcber die Berkel.<\/p>\n<hr>\n<h3 id=\"februari1946carlheckingstadtlohn\">27 Februar 1946<\/h3>\n<p><a href=\"\/wp-content\/uploads\/2018\/06\/Artikel-Carl-Hecking-sen-1946.jpg\" rel=\"noopener\"><img loading=\"lazy\" decoding=\"async\" class=\"alignnone wp-image-5724\" src=\"\/wp-content\/uploads\/2018\/06\/Artikel-Carl-Hecking-sen-1946-261x300.jpg\" alt=\"\" width=\"300\" height=\"345\" srcset=\"https:\/\/deberkel.info\/wp-content\/uploads\/2018\/06\/Artikel-Carl-Hecking-sen-1946-261x300.jpg 261w, https:\/\/deberkel.info\/wp-content\/uploads\/2018\/06\/Artikel-Carl-Hecking-sen-1946-768x882.jpg 768w, https:\/\/deberkel.info\/wp-content\/uploads\/2018\/06\/Artikel-Carl-Hecking-sen-1946-892x1024.jpg 892w, https:\/\/deberkel.info\/wp-content\/uploads\/2018\/06\/Artikel-Carl-Hecking-sen-1946.jpg 1631w\" sizes=\"auto, (max-width: 300px) 100vw, 300px\" \/><\/a><br \/>\n<a href=\"\/wp-content\/uploads\/2018\/06\/Artikel-Carl-Hecking-sen-1946.jpg\" rel=\"noopener\">Stadtlohn<\/a><\/p>\n<hr>\n<h3 id=\"1934avinkstuwgereedhaarlo\">1934<\/h3>\n<p><a href=\"\/wp-content\/uploads\/2018\/09\/AvinkstuwGereed1934.jpg\" rel=\"noopener\"><img loading=\"lazy\" decoding=\"async\" class=\"alignnone wp-image-6896\" src=\"\/wp-content\/uploads\/2018\/09\/AvinkstuwGereed1934-300x270.jpg\" alt=\"\" width=\"400\" height=\"361\" srcset=\"https:\/\/deberkel.info\/wp-content\/uploads\/2018\/09\/AvinkstuwGereed1934-300x270.jpg 300w, https:\/\/deberkel.info\/wp-content\/uploads\/2018\/09\/AvinkstuwGereed1934-768x692.jpg 768w, https:\/\/deberkel.info\/wp-content\/uploads\/2018\/09\/AvinkstuwGereed1934.jpg 1024w, https:\/\/deberkel.info\/wp-content\/uploads\/2018\/09\/AvinkstuwGereed1934-333x300.jpg 333w\" sizes=\"auto, (max-width: 400px) 100vw, 400px\" \/><\/a><br \/>\n<a href=\"\/wp-content\/uploads\/2018\/09\/AvinkstuwGereed1934.jpg\" rel=\"noopener\">Avink Wehr fertig, Haarlo<\/a><\/p>\n<hr>\n<h3 id=\"december1837arnhemschecourant\">30 DeZember 1837<\/h3>\n<p><a href=\"\/wp-content\/uploads\/2018\/06\/18371230-ArnhemseCourantArtikel.png\" rel=\"noopener\"><img loading=\"lazy\" decoding=\"async\" class=\"alignnone wp-image-5723\" src=\"\/wp-content\/uploads\/2018\/06\/18371230-ArnhemseCourantArtikel-150x150.png\" alt=\"\" width=\"400\" height=\"552\" srcset=\"https:\/\/deberkel.info\/wp-content\/uploads\/2018\/06\/18371230-ArnhemseCourantArtikel-218x300.png 218w, https:\/\/deberkel.info\/wp-content\/uploads\/2018\/06\/18371230-ArnhemseCourantArtikel.png 530w\" sizes=\"auto, (max-width: 400px) 100vw, 400px\" \/><\/a><br \/>\n<a href=\"\/wp-content\/uploads\/2018\/06\/18371230-ArnhemseCourantArtikel.png\" rel=\"noopener\">Arnhemsche Courant<\/a><\/p>\n<hr>\n<h3>1770<\/h3>\n<p><a href=\"\/wp-content\/uploads\/2020\/06\/Vrachtlijst-uit-1770-origineel-bewaard-1200x846-1.jpg\"><img loading=\"lazy\" decoding=\"async\" class=\"alignnone wp-image-13040\" src=\"\/wp-content\/uploads\/2020\/06\/Vrachtlijst-uit-1770-origineel-bewaard-1200x846-1.jpg\" alt=\"\" width=\"400\" height=\"282\" srcset=\"https:\/\/deberkel.info\/wp-content\/uploads\/2020\/06\/Vrachtlijst-uit-1770-origineel-bewaard-1200x846-1.jpg 1200w, https:\/\/deberkel.info\/wp-content\/uploads\/2020\/06\/Vrachtlijst-uit-1770-origineel-bewaard-1200x846-1-300x212.jpg 300w, https:\/\/deberkel.info\/wp-content\/uploads\/2020\/06\/Vrachtlijst-uit-1770-origineel-bewaard-1200x846-1-1024x722.jpg 1024w, https:\/\/deberkel.info\/wp-content\/uploads\/2020\/06\/Vrachtlijst-uit-1770-origineel-bewaard-1200x846-1-768x541.jpg 768w, https:\/\/deberkel.info\/wp-content\/uploads\/2020\/06\/Vrachtlijst-uit-1770-origineel-bewaard-1200x846-1-426x300.jpg 426w\" sizes=\"auto, (max-width: 400px) 100vw, 400px\" \/><\/a><\/p>\n<p><a href=\"\/wp-content\/uploads\/2020\/06\/Vrachtlijst-uit-1770-origineel-bewaard-1200x846-1.jpg\">Original Frachliste aus 1770<\/a><\/p>\n","protected":false},"excerpt":{"rendered":"<p>Hier eine \u00dcbersicht von alten Artikeln \u00fcber die Berkel. 27 Februar 1946 Stadtlohn 1934 Avink Wehr fertig, Haarlo 30 DeZember 1837 Arnhemsche Courant 1770 Original Frachliste aus 1770<\/p>\n","protected":false},"author":1,"featured_media":0,"parent":0,"menu_order":0,"comment_status":"closed","ping_status":"closed","template":"sidebar-page.php","meta":{"_exactmetrics_skip_tracking":false,"_exactmetrics_sitenote_active":false,"_exactmetrics_sitenote_note":"","_exactmetrics_sitenote_category":0,"ngg_post_thumbnail":0,"_locale":"de_DE","_original_post":"5722","footnotes":"","_links_to":"","_links_to_target":""},"class_list":["post-5728","page","type-page","status-publish","hentry","de-DE"],"yoast_head":"<!-- This site is optimized with the Yoast SEO plugin v27.5 - https:\/\/yoast.com\/product\/yoast-seo-wordpress\/ -->\n<title>Presseberichte (viel) \u00c4lter - Berkel Info<\/title>\n<meta name=\"description\" content=\"Alte Presseberichte \u00fcber die Berkel - 3e Berkelcompagnie, 3. Berkelkompanie\" \/>\n<meta name=\"robots\" content=\"index, follow, max-snippet:-1, max-image-preview:large, max-video-preview:-1\" \/>\n<link rel=\"canonical\" href=\"https:\/\/deberkel.info\/de\/presseberichte-aelter\/\" \/>\n<meta property=\"og:locale\" content=\"de_DE\" \/>\n<meta property=\"og:type\" content=\"article\" \/>\n<meta property=\"og:title\" content=\"Presseberichte (viel) \u00c4lter - Berkel Info\" \/>\n<meta property=\"og:description\" content=\"Alte Presseberichte \u00fcber die Berkel - 3e Berkelcompagnie, 3. Berkelkompanie\" \/>\n<meta property=\"og:url\" content=\"https:\/\/deberkel.info\/de\/presseberichte-aelter\/\" \/>\n<meta property=\"og:site_name\" content=\"Berkel Info\" \/>\n<meta property=\"article:modified_time\" content=\"2020-06-08T14:09:16+00:00\" \/>\n<meta property=\"og:image\" content=\"https:\/\/deberkel.info\/wp-content\/uploads\/2018\/06\/Artikel-Carl-Hecking-sen-1946-261x300.jpg\" \/>\n<meta name=\"twitter:card\" content=\"summary_large_image\" \/>\n<script type=\"application\/ld+json\" class=\"yoast-schema-graph\">{\"@context\":\"https:\\\/\\\/schema.org\",\"@graph\":[{\"@type\":\"WebPage\",\"@id\":\"https:\\\/\\\/deberkel.info\\\/de\\\/presseberichte-aelter\\\/\",\"url\":\"https:\\\/\\\/deberkel.info\\\/de\\\/presseberichte-aelter\\\/\",\"name\":\"Presseberichte (viel) \u00c4lter - Berkel Info\",\"isPartOf\":{\"@id\":\"https:\\\/\\\/deberkel.info\\\/#website\"},\"datePublished\":\"2018-06-28T21:16:14+00:00\",\"dateModified\":\"2020-06-08T14:09:16+00:00\",\"description\":\"Alte Presseberichte \u00fcber die Berkel - 3e Berkelcompagnie, 3. Berkelkompanie\",\"breadcrumb\":{\"@id\":\"https:\\\/\\\/deberkel.info\\\/de\\\/presseberichte-aelter\\\/#breadcrumb\"},\"inLanguage\":\"de\",\"potentialAction\":[{\"@type\":\"ReadAction\",\"target\":[\"https:\\\/\\\/deberkel.info\\\/de\\\/presseberichte-aelter\\\/\"]}]},{\"@type\":\"BreadcrumbList\",\"@id\":\"https:\\\/\\\/deberkel.info\\\/de\\\/presseberichte-aelter\\\/#breadcrumb\",\"itemListElement\":[{\"@type\":\"ListItem\",\"position\":1,\"name\":\"Home\",\"item\":\"https:\\\/\\\/deberkel.info\\\/de\\\/\"},{\"@type\":\"ListItem\",\"position\":2,\"name\":\"Presseberichte (viel) \u00c4lter\"}]},{\"@type\":\"WebSite\",\"@id\":\"https:\\\/\\\/deberkel.info\\\/#website\",\"url\":\"https:\\\/\\\/deberkel.info\\\/\",\"name\":\"Berkel Info\",\"description\":\"Alles over de Berkel en het Berkeldal, van Billerbeck tot Zutphen\",\"potentialAction\":[{\"@type\":\"SearchAction\",\"target\":{\"@type\":\"EntryPoint\",\"urlTemplate\":\"https:\\\/\\\/deberkel.info\\\/?s={search_term_string}\"},\"query-input\":{\"@type\":\"PropertyValueSpecification\",\"valueRequired\":true,\"valueName\":\"search_term_string\"}}],\"inLanguage\":\"de\"}]}<\/script>\n<!-- \/ Yoast SEO plugin. -->","yoast_head_json":{"title":"Presseberichte (viel) \u00c4lter - Berkel Info","description":"Alte Presseberichte \u00fcber die Berkel - 3e Berkelcompagnie, 3. Berkelkompanie","robots":{"index":"index","follow":"follow","max-snippet":"max-snippet:-1","max-image-preview":"max-image-preview:large","max-video-preview":"max-video-preview:-1"},"canonical":"https:\/\/deberkel.info\/de\/presseberichte-aelter\/","og_locale":"de_DE","og_type":"article","og_title":"Presseberichte (viel) \u00c4lter - Berkel Info","og_description":"Alte Presseberichte \u00fcber die Berkel - 3e Berkelcompagnie, 3. Berkelkompanie","og_url":"https:\/\/deberkel.info\/de\/presseberichte-aelter\/","og_site_name":"Berkel Info","article_modified_time":"2020-06-08T14:09:16+00:00","og_image":[{"url":"https:\/\/deberkel.info\/wp-content\/uploads\/2018\/06\/Artikel-Carl-Hecking-sen-1946-261x300.jpg","type":"","width":"","height":""}],"twitter_card":"summary_large_image","schema":{"@context":"https:\/\/schema.org","@graph":[{"@type":"WebPage","@id":"https:\/\/deberkel.info\/de\/presseberichte-aelter\/","url":"https:\/\/deberkel.info\/de\/presseberichte-aelter\/","name":"Presseberichte (viel) \u00c4lter - Berkel Info","isPartOf":{"@id":"https:\/\/deberkel.info\/#website"},"datePublished":"2018-06-28T21:16:14+00:00","dateModified":"2020-06-08T14:09:16+00:00","description":"Alte Presseberichte \u00fcber die Berkel - 3e Berkelcompagnie, 3. Berkelkompanie","breadcrumb":{"@id":"https:\/\/deberkel.info\/de\/presseberichte-aelter\/#breadcrumb"},"inLanguage":"de","potentialAction":[{"@type":"ReadAction","target":["https:\/\/deberkel.info\/de\/presseberichte-aelter\/"]}]},{"@type":"BreadcrumbList","@id":"https:\/\/deberkel.info\/de\/presseberichte-aelter\/#breadcrumb","itemListElement":[{"@type":"ListItem","position":1,"name":"Home","item":"https:\/\/deberkel.info\/de\/"},{"@type":"ListItem","position":2,"name":"Presseberichte (viel) \u00c4lter"}]},{"@type":"WebSite","@id":"https:\/\/deberkel.info\/#website","url":"https:\/\/deberkel.info\/","name":"Berkel Info","description":"Alles over de Berkel en het Berkeldal, van Billerbeck tot Zutphen","potentialAction":[{"@type":"SearchAction","target":{"@type":"EntryPoint","urlTemplate":"https:\/\/deberkel.info\/?s={search_term_string}"},"query-input":{"@type":"PropertyValueSpecification","valueRequired":true,"valueName":"search_term_string"}}],"inLanguage":"de"}]}},"rttpg_featured_image_url":null,"rttpg_author":{"display_name":"berkelcompagnie","author_link":"https:\/\/deberkel.info\/author\/berkelcompagnie\/"},"rttpg_comment":0,"rttpg_category":null,"rttpg_excerpt":"Hier eine \u00dcbersicht von alten Artikeln \u00fcber die Berkel. 27 Februar 1946 Stadtlohn 1934 Avink Wehr fertig, Haarlo 30 DeZember 1837 Arnhemsche Courant 1770 Original Frachliste aus 1770","_links":{"self":[{"href":"https:\/\/deberkel.info\/wp-json\/wp\/v2\/pages\/5728","targetHints":{"allow":["GET"]}}],"collection":[{"href":"https:\/\/deberkel.info\/wp-json\/wp\/v2\/pages"}],"about":[{"href":"https:\/\/deberkel.info\/wp-json\/wp\/v2\/types\/page"}],"author":[{"embeddable":true,"href":"https:\/\/deberkel.info\/wp-json\/wp\/v2\/users\/1"}],"replies":[{"embeddable":true,"href":"https:\/\/deberkel.info\/wp-json\/wp\/v2\/comments?post=5728"}],"version-history":[{"count":10,"href":"https:\/\/deberkel.info\/wp-json\/wp\/v2\/pages\/5728\/revisions"}],"predecessor-version":[{"id":13041,"href":"https:\/\/deberkel.info\/wp-json\/wp\/v2\/pages\/5728\/revisions\/13041"}],"wp:attachment":[{"href":"https:\/\/deberkel.info\/wp-json\/wp\/v2\/media?parent=5728"}],"curies":[{"name":"wp","href":"https:\/\/api.w.org\/{rel}","templated":true}]}}