{"id":6836,"date":"2018-09-24T18:43:28","date_gmt":"2018-09-24T18:43:28","guid":{"rendered":"http:\/\/deberkel.info\/?page_id=6836"},"modified":"2025-06-17T18:19:33","modified_gmt":"2025-06-17T16:19:33","slug":"die-3-berkelverbesserungen-1893-1977","status":"publish","type":"page","link":"https:\/\/deberkel.info\/de\/die-3-berkelverbesserungen-1893-1977\/","title":{"rendered":"Die 3 Berkel Verbesserungen (1893 &#8211; 1977)"},"content":{"rendered":"<p>Im Laufe des 19. und 20. Jahrhunderts hat sich die Landwirtschaft entwickelt und wurde immer mehr wuestes Land kultiviert. Das passierte auch mit den Tiefl\u00e4ndern die viel wasser speicherten.<br \/>\nWasser wurde jetzt abgef\u00fchrt zu den Fl\u00fcssen wie die Berkel die dadurch \u00fcberbelastet wurden.<br \/>\nDie Anzahl \u00dcberschwemmungen steigerte so enorm, sehe <a href=\"#fotosoverstroming\">das Video und die Bilder weiter nach unten<\/a>.<br \/>\nUm das zu stoppen wurde in 1882 demn\u00e4chst in den Niederlanden das &#8218;<a href=\"https:\/\/nl.wikipedia.org\/wiki\/Waterschap_van_de_Berkel\" target=\"_blank\" rel=\"noopener\">Waterschap van de Berkel<\/a>&#8218; gegr\u00fcndet.<br \/>\nEin&nbsp;<a href=\"\/de\/publikationen\/#deberkelenhaarwaterschap\" target=\"_blank\" rel=\"noopener\">Exemplar<\/a>&nbsp;von Zeitschrift &#8218;Old Ni-js&#8216; von <a href=\"https:\/\/www.historischekringeibergen.nl\/\" target=\"_blank\" rel=\"noopener\">Historische Kring Eibergen<\/a>&nbsp;geht \u00fcber das Wasserschaft. Hierunten das Wappen:<\/p>\n<p><a href=\"\/wp-content\/uploads\/2018\/09\/wapen_waterschapvandeberkel.jpg\"><img loading=\"lazy\" decoding=\"async\" class=\"alignnone wp-image-6944 size-medium\" src=\"\/wp-content\/uploads\/2018\/09\/wapen_waterschapvandeberkel-189x300.jpg\" alt=\"\" width=\"189\" height=\"300\" srcset=\"https:\/\/deberkel.info\/wp-content\/uploads\/2018\/09\/wapen_waterschapvandeberkel-189x300.jpg 189w, https:\/\/deberkel.info\/wp-content\/uploads\/2018\/09\/wapen_waterschapvandeberkel-768x1222.jpg 768w, https:\/\/deberkel.info\/wp-content\/uploads\/2018\/09\/wapen_waterschapvandeberkel-644x1024.jpg 644w, https:\/\/deberkel.info\/wp-content\/uploads\/2018\/09\/wapen_waterschapvandeberkel.jpg 965w\" sizes=\"auto, (max-width: 189px) 100vw, 189px\" \/><\/a><\/p>\n<p>Total wurden 3 Verbesserungs Projekt ausgef\u00fchrt wobei die Berkel im ganzen 3 mal so Breit und anderthalb mal so Tief geworden ist. Sehe auch das Bild hierunten aus dem Buch &#8222;<a href=\"\/publicaties\/#deberkelbeschouwd\">De Berkel Beschouwd<\/a>&#8220; vom &#8218;Waterschap van de Berkel&#8216; (klick f\u00fcr gro\u00dferes Bild):<a href=\"\/wp-content\/uploads\/2018\/09\/BerkelVerbredingenDeBerkelBeschouwd.jpg\"><img loading=\"lazy\" decoding=\"async\" class=\"aligncenter wp-image-6817 size-large\" style=\"width: 584px; height: 349px;\" src=\"\/wp-content\/uploads\/2018\/09\/BerkelVerbredingenDeBerkelBeschouwd-1024x612.jpg\" alt=\"\" width=\"584\" height=\"349\" srcset=\"https:\/\/deberkel.info\/wp-content\/uploads\/2018\/09\/BerkelVerbredingenDeBerkelBeschouwd-1024x612.jpg 1024w, https:\/\/deberkel.info\/wp-content\/uploads\/2018\/09\/BerkelVerbredingenDeBerkelBeschouwd-300x179.jpg 300w, https:\/\/deberkel.info\/wp-content\/uploads\/2018\/09\/BerkelVerbredingenDeBerkelBeschouwd-768x459.jpg 768w, https:\/\/deberkel.info\/wp-content\/uploads\/2018\/09\/BerkelVerbredingenDeBerkelBeschouwd-500x300.jpg 500w\" sizes=\"auto, (max-width: 584px) 100vw, 584px\" \/><\/a>Auch wurde die Berkel kanalisiert: die viele Meander wurden rechtgezogen und an einigen Stellen kam ein komplett neuer Verlauf wie bei Eibergen.<\/p>\n<p>Die 3 Verbesserungen in Zeit:<\/p>\n<ul>\n<li>1882-1900: erste Berkelverbesserung.&nbsp;<br \/>\nDie Berkel wurde vor allem verbreitet und rechter gezogen.<br \/>\nMit leider ungen\u00fcgend Resultat sodass ein n\u00e4chster Schritt notwendig war.<\/li>\n<li>1920-1963: zweite Berkelverbesserung.<br \/>\nWeitere Verbreitung und \u00c4nderungen des Verlaufs.<br \/>\nMit erneut ungen\u00fcgend Resultat wonach eine 3. Verbesserung aufgestartet wurde.<\/li>\n<li>1963-1977: dritte Berkelverbesserung.<br \/>\nWeitere Ausbau der Ma\u00dfnahmen der 2. Verbesserung: noch breiter und noch weiter verlegd verlegt.<\/li>\n<\/ul>\n<p>Sehe auch die Beschreibung auf der <a href=\"https:\/\/www.wrij.nl\/statisch\/berkel\/kopie-algemene-0\/historie\/#h4dca5399-2d05-4d40-9103-98f367dc0e52\" target=\"_blank\" rel=\"noopener\">Webseite vom &#8218;Waterschap Rijn en IJssel&#8216;<\/a> wo das &#8218;Waterschap van de Berkel&#8216; in aufgegangen ist.<br \/>\nUnd betreffende Eibergen ist est beschrieben auf der&nbsp;<a href=\"https:\/\/www.heerlijkheidborculo.nl\/blog\/2016\/02\/18\/eibergse-berkelgeschiedenis\/\" target=\"_blank\" rel=\"noopener\">Seite vond Heerlijkheid Borculo<\/a>.<\/p>\n<p>Inzwischen l\u00e4uft praktisch die vierte Berkelverbesserung nachdem deutlich geworden ist das die gew\u00e4hlte L\u00f6sungen auch viele Nachteile haben.<br \/>\nViel hat sich jetzt schon wieder ge\u00e4ndert, sehe daf\u00fcr&nbsp;<a href=\"\/de\/realisierte-berkel-projekte\/\">Realisierte Berkel Projekte<\/a>.<\/p>\n<h2><a id=\"VideosBilder\"><\/a>Videos \/ Bilder<\/h2>\n<div style=\"width: 70%;\">\n<!-- NOTE: If you need to make changes to this file, copy it to your current theme's main\n\tdirectory so your changes won't be overwritten when the plugin is upgraded. -->\n\n<!-- Post Wrap Start-->\n<div class=\"post hentry ivycat-post\">\n\n\n\t<!-- \tThis outputs the post TITLE -->\n\t<h2 class=\"entry-title\"><a href=\"https:\/\/deberkel.info\/de\/film-de-berkel-de-baas\/\">Film De Berkel de baas<\/a><\/h2>\n\n\t<!-- \tThis outputs the post EXCERPT.  To display full content including images and html,\n\t\treplace the_excerpt(); with the_content();  below. -->\n\t\t\n\t<div class=\"entry-summary\">\n\t<!-- was: featured-image -->\n\t\t<div class=\"img-responsive\"> \n<!--\t\t<div class=\"rt-image-holder img-responsive\">  -->\n\t\t\t<a href=\"https:\/\/deberkel.info\/de\/film-de-berkel-de-baas\/\">\n<!--\t\t\t\t<img loading=\"lazy\" decoding=\"async\" width=\"180\" height=\"113\" src=\"https:\/\/deberkel.info\/wp-content\/uploads\/2025\/06\/DeBerkelDeBaas-600x375-1.jpg\" class=\"alignleft wp-post-image\" alt=\"\" srcset=\"https:\/\/deberkel.info\/wp-content\/uploads\/2025\/06\/DeBerkelDeBaas-600x375-1.jpg 600w, https:\/\/deberkel.info\/wp-content\/uploads\/2025\/06\/DeBerkelDeBaas-600x375-1-300x188.jpg 300w, https:\/\/deberkel.info\/wp-content\/uploads\/2025\/06\/DeBerkelDeBaas-600x375-1-480x300.jpg 480w\" sizes=\"auto, (max-width: 180px) 100vw, 180px\" \/> -->\n\t\t\t\t<img loading=\"lazy\" decoding=\"async\" width=\"600\" height=\"375\" src=\"https:\/\/deberkel.info\/wp-content\/uploads\/2025\/06\/DeBerkelDeBaas-600x375-1.jpg\" class=\"attachment-600x9999 size-600x9999 wp-post-image\" alt=\"\" srcset=\"https:\/\/deberkel.info\/wp-content\/uploads\/2025\/06\/DeBerkelDeBaas-600x375-1.jpg 600w, https:\/\/deberkel.info\/wp-content\/uploads\/2025\/06\/DeBerkelDeBaas-600x375-1-300x188.jpg 300w, https:\/\/deberkel.info\/wp-content\/uploads\/2025\/06\/DeBerkelDeBaas-600x375-1-480x300.jpg 480w\" sizes=\"auto, (max-width: 600px) 100vw, 600px\" \/>\t\t\t\t<\/a>\n\t\t<\/div>\n\t\t<p>Film \u201aDe Berkel de baas\u2018 aus 1965 \/1968 \u00fcber die Berkel Anpassungen durch das \u201aWaterschap van de Berkel\u2018 <a href=\"https:\/\/deberkel.info\/de\/film-de-berkel-de-baas\/\">Weiterlesen <span class=\"meta-nav\">&rarr;<\/span><\/a><\/p>\n\t<\/div>\n\n\n\t<!--\tThis outputs the post META information -->\n\t<div class=\"entry-utility\">\n<!--\t\n\t\t\t\t\t<span class=\"cat-links\">\n\t\t\t\t<span class=\"entry-utility-prep entry-utility-prep-cat-links\">Posted in<\/span> <a href=\"https:\/\/deberkel.info\/de\/berichtenlijsten\/filmpjes\/\" rel=\"category tag\">Filmpjes<\/a>\t\t\t<\/span>\n\t\t\t<span class=\"meta-sep\">|<\/span>\n\t\t\t\t\t\t<span class=\"comments-link\">\n\t\t\t<span>Kommentare deaktiviert<span class=\"screen-reader-text\"> f\u00fcr Film De Berkel de baas<\/span><\/span>\t\t<\/span>\n\t\t\t<\/div>\n-->\n<\/div>\n<!-- \/\/ Post Wrap End -->\n\n<!-- NOTE: If you need to make changes to this file, copy it to your current theme's main\n\tdirectory so your changes won't be overwritten when the plugin is upgraded. -->\n\n<!-- Post Wrap Start-->\n<div class=\"post hentry ivycat-post\">\n\n\n\t<!-- \tThis outputs the post TITLE -->\n\t<h2 class=\"entry-title\"><a href=\"https:\/\/deberkel.info\/de\/film-de-berkel-beschouwd\/\">Film De Berkel Beschouwd<\/a><\/h2>\n\n\t<!-- \tThis outputs the post EXCERPT.  To display full content including images and html,\n\t\treplace the_excerpt(); with the_content();  below. -->\n\t\t\n\t<div class=\"entry-summary\">\n\t<!-- was: featured-image -->\n\t\t<div class=\"img-responsive\"> \n<!--\t\t<div class=\"rt-image-holder img-responsive\">  -->\n\t\t\t<a href=\"https:\/\/deberkel.info\/de\/film-de-berkel-beschouwd\/\">\n<!--\t\t\t\t<img loading=\"lazy\" decoding=\"async\" width=\"180\" height=\"124\" src=\"https:\/\/deberkel.info\/wp-content\/uploads\/2025\/06\/DeBerkelBeschouwd-600x419-1-e1750174280647.jpg\" class=\"alignleft wp-post-image\" alt=\"\" srcset=\"https:\/\/deberkel.info\/wp-content\/uploads\/2025\/06\/DeBerkelBeschouwd-600x419-1-e1750174280647.jpg 600w, https:\/\/deberkel.info\/wp-content\/uploads\/2025\/06\/DeBerkelBeschouwd-600x419-1-e1750174280647-300x207.jpg 300w, https:\/\/deberkel.info\/wp-content\/uploads\/2025\/06\/DeBerkelBeschouwd-600x419-1-e1750174280647-435x300.jpg 435w\" sizes=\"auto, (max-width: 180px) 100vw, 180px\" \/> -->\n\t\t\t\t<img loading=\"lazy\" decoding=\"async\" width=\"600\" height=\"414\" src=\"https:\/\/deberkel.info\/wp-content\/uploads\/2025\/06\/DeBerkelBeschouwd-600x419-1-e1750174280647.jpg\" class=\"attachment-600x9999 size-600x9999 wp-post-image\" alt=\"\" srcset=\"https:\/\/deberkel.info\/wp-content\/uploads\/2025\/06\/DeBerkelBeschouwd-600x419-1-e1750174280647.jpg 600w, https:\/\/deberkel.info\/wp-content\/uploads\/2025\/06\/DeBerkelBeschouwd-600x419-1-e1750174280647-300x207.jpg 300w, https:\/\/deberkel.info\/wp-content\/uploads\/2025\/06\/DeBerkelBeschouwd-600x419-1-e1750174280647-435x300.jpg 435w\" sizes=\"auto, (max-width: 600px) 100vw, 600px\" \/>\t\t\t\t<\/a>\n\t\t<\/div>\n\t\t<p>Film \u201eDe Berkel beschouwd\u201c: ein Film \u00fcber die Berkel und was das \u201aWaterschap van de Berkel\u2018 daf\u00fcr bedeuted hat <a href=\"https:\/\/deberkel.info\/de\/film-de-berkel-beschouwd\/\">Weiterlesen <span class=\"meta-nav\">&rarr;<\/span><\/a><\/p>\n\t<\/div>\n\n\n\t<!--\tThis outputs the post META information -->\n\t<div class=\"entry-utility\">\n<!--\t\n\t\t\t\t\t<span class=\"cat-links\">\n\t\t\t\t<span class=\"entry-utility-prep entry-utility-prep-cat-links\">Posted in<\/span> <a href=\"https:\/\/deberkel.info\/de\/berichtenlijsten\/filmpjes\/\" rel=\"category tag\">Filmpjes<\/a>\t\t\t<\/span>\n\t\t\t<span class=\"meta-sep\">|<\/span>\n\t\t\t\t\t\t<span class=\"comments-link\">\n\t\t\t<span>Kommentare deaktiviert<span class=\"screen-reader-text\"> f\u00fcr Film De Berkel Beschouwd<\/span><\/span>\t\t<\/span>\n\t\t\t<\/div>\n-->\n<\/div>\n<!-- \/\/ Post Wrap End -->\n\n<!-- NOTE: If you need to make changes to this file, copy it to your current theme's main\n\tdirectory so your changes won't be overwritten when the plugin is upgraded. -->\n\n<!-- Post Wrap Start-->\n<div class=\"post hentry ivycat-post\">\n\n\n\t<!-- \tThis outputs the post TITLE -->\n\t<h2 class=\"entry-title\"><a href=\"https:\/\/deberkel.info\/de\/video-uberschwemmung-berkel-1947\/\">Video \u00dcberschwemmung Berkel 1947<\/a><\/h2>\n\n\t<!-- \tThis outputs the post EXCERPT.  To display full content including images and html,\n\t\treplace the_excerpt(); with the_content();  below. -->\n\t\t\n\t<div class=\"entry-summary\">\n\t<!-- was: featured-image -->\n\t\t<div class=\"img-responsive\"> \n<!--\t\t<div class=\"rt-image-holder img-responsive\">  -->\n\t\t\t<a href=\"https:\/\/deberkel.info\/de\/video-uberschwemmung-berkel-1947\/\">\n<!--\t\t\t\t<img loading=\"lazy\" decoding=\"async\" width=\"180\" height=\"99\" src=\"https:\/\/deberkel.info\/wp-content\/uploads\/2020\/12\/BerkelOverstromingHaarlo1947-600x331-1.jpg\" class=\"alignleft wp-post-image\" alt=\"\" srcset=\"https:\/\/deberkel.info\/wp-content\/uploads\/2020\/12\/BerkelOverstromingHaarlo1947-600x331-1.jpg 600w, https:\/\/deberkel.info\/wp-content\/uploads\/2020\/12\/BerkelOverstromingHaarlo1947-600x331-1-300x166.jpg 300w, https:\/\/deberkel.info\/wp-content\/uploads\/2020\/12\/BerkelOverstromingHaarlo1947-600x331-1-500x276.jpg 500w\" sizes=\"auto, (max-width: 180px) 100vw, 180px\" \/> -->\n\t\t\t\t<img loading=\"lazy\" decoding=\"async\" width=\"600\" height=\"331\" src=\"https:\/\/deberkel.info\/wp-content\/uploads\/2020\/12\/BerkelOverstromingHaarlo1947-600x331-1.jpg\" class=\"attachment-600x9999 size-600x9999 wp-post-image\" alt=\"\" srcset=\"https:\/\/deberkel.info\/wp-content\/uploads\/2020\/12\/BerkelOverstromingHaarlo1947-600x331-1.jpg 600w, https:\/\/deberkel.info\/wp-content\/uploads\/2020\/12\/BerkelOverstromingHaarlo1947-600x331-1-300x166.jpg 300w, https:\/\/deberkel.info\/wp-content\/uploads\/2020\/12\/BerkelOverstromingHaarlo1947-600x331-1-500x276.jpg 500w\" sizes=\"auto, (max-width: 600px) 100vw, 600px\" \/>\t\t\t\t<\/a>\n\t\t<\/div>\n\t\t<p>Video auf YouTube, von Foto Kluivers, der \u00dcberschwemmung der Berkel in 1947 bei Haarlo \/ Neede. <a href=\"https:\/\/deberkel.info\/de\/video-uberschwemmung-berkel-1947\/\">Weiterlesen <span class=\"meta-nav\">&rarr;<\/span><\/a><\/p>\n\t<\/div>\n\n\n\t<!--\tThis outputs the post META information -->\n\t<div class=\"entry-utility\">\n<!--\t\n\t\t\t\t\t<span class=\"cat-links\">\n\t\t\t\t<span class=\"entry-utility-prep entry-utility-prep-cat-links\">Posted in<\/span> <a href=\"https:\/\/deberkel.info\/de\/berichtenlijsten\/filmpjes\/\" rel=\"category tag\">Filmpjes<\/a>, <a href=\"https:\/\/deberkel.info\/de\/nieuws\/\" rel=\"category tag\">Titelseite Nachrichten<\/a>\t\t\t<\/span>\n\t\t\t<span class=\"meta-sep\">|<\/span>\n\t\t\t\t\t\t<span class=\"comments-link\">\n\t\t\t<span>Kommentare deaktiviert<span class=\"screen-reader-text\"> f\u00fcr Video \u00dcberschwemmung Berkel 1947<\/span><\/span>\t\t<\/span>\n\t\t\t<\/div>\n-->\n<\/div>\n<!-- \/\/ Post Wrap End -->\n<\/div>\n<div>&nbsp;<\/div>\n<div id=\"fotosoverstroming\">Und hierunten <a href=\"#Fotos\">Bilder<\/a> die zeigen das es wirklich notwendig war das was passierte:<\/div>\n<div id=\"Fotos\" style=\"width: 80%;\">ngg_shortcode_0_placeholder<\/div>\n","protected":false},"excerpt":{"rendered":"<p>Im Laufe des 19. und 20. Jahrhunderts hat sich die Landwirtschaft entwickelt und wurde immer mehr wuestes Land kultiviert. Das passierte auch mit den Tiefl\u00e4ndern die viel wasser speicherten. Wasser wurde jetzt abgef\u00fchrt zu den Fl\u00fcssen wie die Berkel die &hellip; <a href=\"https:\/\/deberkel.info\/de\/video-uberschwemmung-berkel-1947\/\">Weiterlesen <span class=\"meta-nav\">&rarr;<\/span><\/a> <a href=\"https:\/\/deberkel.info\/de\/video-uberschwemmung-berkel-1947\/\">Weiterlesen <span class=\"meta-nav\">&rarr;<\/span><\/a><\/p>\n","protected":false},"author":1,"featured_media":0,"parent":0,"menu_order":0,"comment_status":"closed","ping_status":"closed","template":"sidebar-page.php","meta":{"_exactmetrics_skip_tracking":false,"_exactmetrics_sitenote_active":false,"_exactmetrics_sitenote_note":"","_exactmetrics_sitenote_category":0,"ngg_post_thumbnail":0,"_locale":"de_DE","_original_post":"5468","footnotes":"","_links_to":"","_links_to_target":""},"class_list":["post-6836","page","type-page","status-publish","hentry","de-DE"],"yoast_head":"<!-- This site is optimized with the Yoast SEO plugin v27.5 - https:\/\/yoast.com\/product\/yoast-seo-wordpress\/ -->\n<title>Die 3 Berkel Verbesserungen (1893 - 1977) - Berkel Info<\/title>\n<meta name=\"robots\" content=\"index, follow, max-snippet:-1, max-image-preview:large, max-video-preview:-1\" \/>\n<link rel=\"canonical\" href=\"https:\/\/deberkel.info\/de\/die-3-berkelverbesserungen-1893-1977\/\" \/>\n<meta property=\"og:locale\" content=\"de_DE\" \/>\n<meta property=\"og:type\" content=\"article\" \/>\n<meta property=\"og:title\" content=\"Die 3 Berkel Verbesserungen (1893 - 1977) - Berkel Info\" \/>\n<meta property=\"og:description\" content=\"Im Laufe des 19. und 20. Jahrhunderts hat sich die Landwirtschaft entwickelt und wurde immer mehr wuestes Land kultiviert. Das passierte auch mit den Tiefl\u00e4ndern die viel wasser speicherten. Wasser wurde jetzt abgef\u00fchrt zu den Fl\u00fcssen wie die Berkel die &hellip; Weiterlesen &rarr; Weiterlesen &rarr;\" \/>\n<meta property=\"og:url\" content=\"https:\/\/deberkel.info\/de\/die-3-berkelverbesserungen-1893-1977\/\" \/>\n<meta property=\"og:site_name\" content=\"Berkel Info\" \/>\n<meta property=\"article:modified_time\" content=\"2025-06-17T16:19:33+00:00\" \/>\n<meta name=\"twitter:card\" content=\"summary_large_image\" \/>\n<meta name=\"twitter:label1\" content=\"Gesch\u00e4tzte Lesezeit\" \/>\n\t<meta name=\"twitter:data1\" content=\"2\u00a0Minuten\" \/>\n<script type=\"application\/ld+json\" class=\"yoast-schema-graph\">{\"@context\":\"https:\\\/\\\/schema.org\",\"@graph\":[{\"@type\":\"WebPage\",\"@id\":\"https:\\\/\\\/deberkel.info\\\/de\\\/die-3-berkelverbesserungen-1893-1977\\\/\",\"url\":\"https:\\\/\\\/deberkel.info\\\/de\\\/die-3-berkelverbesserungen-1893-1977\\\/\",\"name\":\"Die 3 Berkel Verbesserungen (1893 - 1977) - Berkel Info\",\"isPartOf\":{\"@id\":\"https:\\\/\\\/deberkel.info\\\/#website\"},\"datePublished\":\"2018-09-24T18:43:28+00:00\",\"dateModified\":\"2025-06-17T16:19:33+00:00\",\"breadcrumb\":{\"@id\":\"https:\\\/\\\/deberkel.info\\\/de\\\/die-3-berkelverbesserungen-1893-1977\\\/#breadcrumb\"},\"inLanguage\":\"de\",\"potentialAction\":[{\"@type\":\"ReadAction\",\"target\":[\"https:\\\/\\\/deberkel.info\\\/de\\\/die-3-berkelverbesserungen-1893-1977\\\/\"]}]},{\"@type\":\"BreadcrumbList\",\"@id\":\"https:\\\/\\\/deberkel.info\\\/de\\\/die-3-berkelverbesserungen-1893-1977\\\/#breadcrumb\",\"itemListElement\":[{\"@type\":\"ListItem\",\"position\":1,\"name\":\"Home\",\"item\":\"https:\\\/\\\/deberkel.info\\\/de\\\/\"},{\"@type\":\"ListItem\",\"position\":2,\"name\":\"Die 3 Berkel Verbesserungen (1893 &#8211; 1977)\"}]},{\"@type\":\"WebSite\",\"@id\":\"https:\\\/\\\/deberkel.info\\\/#website\",\"url\":\"https:\\\/\\\/deberkel.info\\\/\",\"name\":\"Berkel Info\",\"description\":\"Alles over de Berkel en het Berkeldal, van Billerbeck tot Zutphen\",\"potentialAction\":[{\"@type\":\"SearchAction\",\"target\":{\"@type\":\"EntryPoint\",\"urlTemplate\":\"https:\\\/\\\/deberkel.info\\\/?s={search_term_string}\"},\"query-input\":{\"@type\":\"PropertyValueSpecification\",\"valueRequired\":true,\"valueName\":\"search_term_string\"}}],\"inLanguage\":\"de\"}]}<\/script>\n<!-- \/ Yoast SEO plugin. -->","yoast_head_json":{"title":"Die 3 Berkel Verbesserungen (1893 - 1977) - Berkel Info","robots":{"index":"index","follow":"follow","max-snippet":"max-snippet:-1","max-image-preview":"max-image-preview:large","max-video-preview":"max-video-preview:-1"},"canonical":"https:\/\/deberkel.info\/de\/die-3-berkelverbesserungen-1893-1977\/","og_locale":"de_DE","og_type":"article","og_title":"Die 3 Berkel Verbesserungen (1893 - 1977) - Berkel Info","og_description":"Im Laufe des 19. und 20. Jahrhunderts hat sich die Landwirtschaft entwickelt und wurde immer mehr wuestes Land kultiviert. Das passierte auch mit den Tiefl\u00e4ndern die viel wasser speicherten. Wasser wurde jetzt abgef\u00fchrt zu den Fl\u00fcssen wie die Berkel die &hellip; Weiterlesen &rarr; Weiterlesen &rarr;","og_url":"https:\/\/deberkel.info\/de\/die-3-berkelverbesserungen-1893-1977\/","og_site_name":"Berkel Info","article_modified_time":"2025-06-17T16:19:33+00:00","twitter_card":"summary_large_image","twitter_misc":{"Gesch\u00e4tzte Lesezeit":"2\u00a0Minuten"},"schema":{"@context":"https:\/\/schema.org","@graph":[{"@type":"WebPage","@id":"https:\/\/deberkel.info\/de\/die-3-berkelverbesserungen-1893-1977\/","url":"https:\/\/deberkel.info\/de\/die-3-berkelverbesserungen-1893-1977\/","name":"Die 3 Berkel Verbesserungen (1893 - 1977) - Berkel Info","isPartOf":{"@id":"https:\/\/deberkel.info\/#website"},"datePublished":"2018-09-24T18:43:28+00:00","dateModified":"2025-06-17T16:19:33+00:00","breadcrumb":{"@id":"https:\/\/deberkel.info\/de\/die-3-berkelverbesserungen-1893-1977\/#breadcrumb"},"inLanguage":"de","potentialAction":[{"@type":"ReadAction","target":["https:\/\/deberkel.info\/de\/die-3-berkelverbesserungen-1893-1977\/"]}]},{"@type":"BreadcrumbList","@id":"https:\/\/deberkel.info\/de\/die-3-berkelverbesserungen-1893-1977\/#breadcrumb","itemListElement":[{"@type":"ListItem","position":1,"name":"Home","item":"https:\/\/deberkel.info\/de\/"},{"@type":"ListItem","position":2,"name":"Die 3 Berkel Verbesserungen (1893 &#8211; 1977)"}]},{"@type":"WebSite","@id":"https:\/\/deberkel.info\/#website","url":"https:\/\/deberkel.info\/","name":"Berkel Info","description":"Alles over de Berkel en het Berkeldal, van Billerbeck tot Zutphen","potentialAction":[{"@type":"SearchAction","target":{"@type":"EntryPoint","urlTemplate":"https:\/\/deberkel.info\/?s={search_term_string}"},"query-input":{"@type":"PropertyValueSpecification","valueRequired":true,"valueName":"search_term_string"}}],"inLanguage":"de"}]}},"rttpg_featured_image_url":null,"rttpg_author":{"display_name":"berkelcompagnie","author_link":"https:\/\/deberkel.info\/author\/berkelcompagnie\/"},"rttpg_comment":0,"rttpg_category":"","rttpg_excerpt":"Im Laufe des 19. und 20. Jahrhunderts hat sich die Landwirtschaft entwickelt und wurde immer mehr wuestes Land kultiviert. Das passierte auch mit den Tiefl\u00e4ndern die viel wasser speicherten. Wasser wurde jetzt abgef\u00fchrt zu den Fl\u00fcssen wie die Berkel die &hellip; Weiterlesen &rarr; Weiterlesen &rarr;","_links":{"self":[{"href":"https:\/\/deberkel.info\/wp-json\/wp\/v2\/pages\/6836","targetHints":{"allow":["GET"]}}],"collection":[{"href":"https:\/\/deberkel.info\/wp-json\/wp\/v2\/pages"}],"about":[{"href":"https:\/\/deberkel.info\/wp-json\/wp\/v2\/types\/page"}],"author":[{"embeddable":true,"href":"https:\/\/deberkel.info\/wp-json\/wp\/v2\/users\/1"}],"replies":[{"embeddable":true,"href":"https:\/\/deberkel.info\/wp-json\/wp\/v2\/comments?post=6836"}],"version-history":[{"count":32,"href":"https:\/\/deberkel.info\/wp-json\/wp\/v2\/pages\/6836\/revisions"}],"predecessor-version":[{"id":19275,"href":"https:\/\/deberkel.info\/wp-json\/wp\/v2\/pages\/6836\/revisions\/19275"}],"wp:attachment":[{"href":"https:\/\/deberkel.info\/wp-json\/wp\/v2\/media?parent=6836"}],"curies":[{"name":"wp","href":"https:\/\/api.w.org\/{rel}","templated":true}]}}