{"id":7739,"date":"2018-11-14T21:33:47","date_gmt":"2018-11-14T21:33:47","guid":{"rendered":"http:\/\/deberkel.info\/?page_id=7739"},"modified":"2019-12-03T10:03:17","modified_gmt":"2019-12-03T10:03:17","slug":"2018-freunde-exkursion","status":"publish","type":"page","link":"https:\/\/deberkel.info\/de\/berkelkompanie\/2018-freunde-exkursion\/","title":{"rendered":"2018 Freunde Exkursion Bericht"},"content":{"rendered":"<p>Fotobericht: klicke&nbsp;<a href=\"\/de\/2018-ausflug-bilder\/\">hier<\/a>.<\/p>\n<p>Am Freitag, den 26.Oktober, trafen sich die Berkelfreunde aus den Niederlanden mit den aus Deutschland am Heimathaus in Stadtlohn. Nach einer allgemeinen Begr\u00fc\u00dfung widmete man sich unterkundiger F\u00fchrung in zwei Gruppen der Ausstellung, deren H\u00f6hepunkt ein Modell &#8211; Diorama &#8211; der Schlacht im Lohner &#8211; Bruch von 1623 darstellt.<br \/>\n<a class=\"ngg-fancybox\" title=\" \" href=\"\/wp-content\/gallery\/excursie-2018\/Berkelexcursie2018-011.JPG\" rel=\"\" data-image-id=\"1708\" data-src=\"\/wp-content\/gallery\/excursie-2018\/Berkelexcursie2018-011.JPG\" data-thumbnail=\"\/wp-content\/gallery\/excursie-2018\/thumbs\/thumbs_Berkelexcursie2018-011.JPG\" data-title=\"Berkelexcursie2018-011\" data-description=\" \"><img decoding=\"async\" class=\"ngg-singlepic ngg-none\" src=\"\/wp-content\/gallery\/excursie-2018\/thumbs\/thumbs_Berkelexcursie2018-011.JPG\" alt=\"Berkelexcursie2018-011\"><\/a><\/p>\n<p>F\u00fcr die Berkelfreunde ist der Ort der Schlacht n\u00f6rdlich von Stadtlohn nicht nur allgemein historisch von Interesse. Hier spielt die Berkel n\u00e4mlich eine strategische Rolle im 30 &#8211; j\u00e4hrigen Krieg.<\/p>\n<p>Die Heere des protestantischen Christian von Braunschweig und des Feldherrn Tilly der katholischen Liga trafen hier aufeinander. Christian floh von Norden kommend vor Tilly in Richtung Niederlande. Da stellte die quer zur Marschrichtung flie\u00dfende Berkel ein Hindernis besonders f\u00fcr den schwerf\u00e4lligen Tross dar. Eine geordnete Passage \u00fcber die nahe liegende Br\u00fccke war nicht mehr m\u00f6glich. Die Pferdewagen des Trosses verstellten einander den Weg.<br \/>\nSo musste sich Christian mit seinen Pl\u00fcndern und Brandschatzen zwar ge\u00fcbten, zum K\u00e4mpfen gegen einen starken und in der spanischen Kriegskunst ausgebildeten Gegner aber unterlegenen Soldaten zur Schlacht stellen. Christian wurde geschlagen und entkam in die Niederlande.<br \/>\n<a class=\"ngg-fancybox\" title=\" \" href=\"\/wp-content\/gallery\/excursie-2018\/Berkelexcursie2018-019.JPG\" data-image-id=\"1716\" data-src=\"\/wp-content\/gallery\/excursie-2018\/Berkelexcursie2018-019.JPG\" data-thumbnail=\"\/wp-content\/gallery\/excursie-2018\/thumbs\/thumbs_Berkelexcursie2018-019.JPG\" data-title=\"Berkelexcursie2018\" data-description=\" \"><img loading=\"lazy\" decoding=\"async\" class=\"ngg-singlepic ngg-none alignnone\" src=\"\/wp-content\/gallery\/excursie-2018\/thumbs\/thumbs_Berkelexcursie2018-019.JPG\" alt=\"Berkelexcursie2018\" width=\"240\" height=\"160\"><\/a><\/p>\n<p>Den Ort der Schlacht selbst besuchte die Reisegesellschaft bei der Gastst\u00e4tte &#8222;Eichenhof\u201c, wo sie ein morgendliche Kaffeetafel erwartete. Die Freunde aus den Niederlanden waren zu diesen Zeitpunkt schon lange unterwegs, sodass eine St\u00e4rkung besonders ihnen sehr willkommen war.&nbsp; Schlie\u00dflich lie\u00df es sich der Wirt nicht nehmen,&nbsp; aus eigenen Nachforschungen die Schlacht&nbsp; in ihrem strategischen und politischen Folgen f\u00fcr den weiteren Verlauf des Krieges zu w\u00fcrdigen, was eine vollkommene Erg\u00e4nzung zu den bisherigen Informationen darstellte.<br \/>\n<a class=\"ngg-fancybox\" title=\" \" href=\"\/wp-content\/gallery\/excursie-2018\/Berkelexcursie2018-023.JPG\" rel=\"\" data-image-id=\"1720\" data-src=\"\/wp-content\/gallery\/excursie-2018\/Berkelexcursie2018-023.JPG\" data-thumbnail=\"\/wp-content\/gallery\/excursie-2018\/thumbs\/thumbs_Berkelexcursie2018-023.JPG\" data-title=\"Berkelexcursie2018-023\" data-description=\" \"><img decoding=\"async\" class=\"ngg-singlepic ngg-none\" src=\"\/wp-content\/gallery\/excursie-2018\/thumbs\/thumbs_Berkelexcursie2018-023.JPG\" alt=\"Berkelexcursie2018-023\"><\/a><\/p>\n<p>Die Berkel innerhalb einer Stadt f\u00fcr B\u00fcrgerinnen und B\u00fcrger erlebbar zu machen hat sich die Stadt Coesfeld zum Ziel gesetzt.<\/p>\n<p>Herr Thomas B\u00fccking, Ratsmitglied und Stadtf\u00fchrer f\u00fchrte die Berkelfreunde zu den Stellen in der Stadt \u00fcber die Promenade \/ Stadtwall, an denen das Vorhaben schon verwirklicht oder im Bau begriffen ist. Es war leicht festzustellen, dass ein behutsamer Umgang &nbsp;mit der Berkel dem Stadtbild und den B\u00fcrgern zum Vorteil gereicht.<br \/>\n<a class=\"ngg-fancybox\" title=\" \" href=\"\/wp-content\/gallery\/excursie-2018\/Berkelexcursie2018-042.JPG\" rel=\"\" data-image-id=\"1739\" data-src=\"\/wp-content\/gallery\/excursie-2018\/Berkelexcursie2018-042.JPG\" data-thumbnail=\"\/wp-content\/gallery\/excursie-2018\/thumbs\/thumbs_Berkelexcursie2018-042.JPG\" data-title=\"Berkelexcursie2018-042\" data-description=\" \"><img decoding=\"async\" class=\"ngg-singlepic ngg-none\" src=\"\/wp-content\/gallery\/excursie-2018\/thumbs\/thumbs_Berkelexcursie2018-042.JPG\" alt=\"Berkelexcursie2018-042\"><\/a><\/p>\n<p>Nach den Rundgang entlang der Berkel gab es eine St\u00e4rkung im &#8222;Brauhaus Stephanus&#8220;. Die Kluge Organisation der Exkursion ( in H\u00e4nden von Berkelfreund G\u00fcnther S\u00fcdhoff ) hatte daf\u00fcr&nbsp; den richtigen Zeitpunkt abgepasst und die Hauptmahlzeit gem\u00e4\u00df niederl\u00e4ndischen Brauch auf den fr\u00fchen Abend gelegt.<br \/>\n<a class=\"ngg-fancybox\" title=\" \" href=\"\/wp-content\/gallery\/excursie-2018\/Berkelexcursie2018-068.JPG\" rel=\"\" data-image-id=\"1765\" data-src=\"\/wp-content\/gallery\/excursie-2018\/Berkelexcursie2018-068.JPG\" data-thumbnail=\"\/wp-content\/gallery\/excursie-2018\/thumbs\/thumbs_Berkelexcursie2018-068.JPG\" data-title=\"Berkelexcursie2018-068\" data-description=\" \"><img decoding=\"async\" class=\"ngg-singlepic ngg-none\" src=\"\/wp-content\/gallery\/excursie-2018\/thumbs\/thumbs_Berkelexcursie2018-068.JPG\" alt=\"Berkelexcursie2018-068\"><\/a><\/p>\n<p>Bis dahin gab es aber noch einen Besuch in Lette, einem (inzwischen )&nbsp; Ortsteil von Coesfeld. Das dortige Heimatmuseum hat zwar keinen Bezug zur Berkel, illustriert aber an Hand von vielen Exponaten das Leben auf dem Lande in der Berkelregion.<\/p>\n<p>Zum Ausklang kehrten die Berkelfreunde und Berkelfreundinnen, nat\u00fcrlich, im Landhotel Ritter im Ortsteil B\u00fcren ein, wo ein reichhaltiges warmes B\u00fcfett erheblich zur gem\u00fctlichen Stimmung und angeregten Unterhaltung beitrug.<br \/>\n<a class=\"ngg-fancybox\" title=\" \" href=\"\/wp-content\/gallery\/excursie-2018\/Berkelexcursie2018-083.JPG\" rel=\"\" data-image-id=\"1780\" data-src=\"\/wp-content\/gallery\/excursie-2018\/Berkelexcursie2018-083.JPG\" data-thumbnail=\"\/wp-content\/gallery\/excursie-2018\/thumbs\/thumbs_Berkelexcursie2018-083.JPG\" data-title=\"Berkelexcursie2018-083\" data-description=\" \"><img decoding=\"async\" class=\"ngg-singlepic ngg-none\" src=\"\/wp-content\/gallery\/excursie-2018\/thumbs\/thumbs_Berkelexcursie2018-083.JPG\" alt=\"Berkelexcursie2018-083\"><\/a><\/p>\n<p>Ein besonderer Dank gilt des Vortragenden, Ullrich S\u00f6bbing, Herm. Hintemann u. Rich. Lammers vom Heimatverein Stadtlohn, Thomas B\u00fccking, Stadt Coesfeld und Frau Quill vom Heimatverein Lette.<br \/>\n<a class=\"ngg-fancybox\" title=\" \" href=\"\/wp-content\/gallery\/excursie-2018\/Berkelexcursie2018-093.JPG\" rel=\"\" data-image-id=\"1790\" data-src=\"\/wp-content\/gallery\/excursie-2018\/Berkelexcursie2018-093.JPG\" data-thumbnail=\"\/wp-content\/gallery\/excursie-2018\/thumbs\/thumbs_Berkelexcursie2018-093.JPG\" data-title=\"Berkelexcursie2018-093\" data-description=\" \"><img decoding=\"async\" class=\"ngg-singlepic ngg-none\" src=\"\/wp-content\/gallery\/excursie-2018\/thumbs\/thumbs_Berkelexcursie2018-093.JPG\" alt=\"Berkelexcursie2018-093\"><\/a><\/p>\n<p>Heinrich Trill<\/p>\n","protected":false},"excerpt":{"rendered":"<p>Fotobericht: klicke&nbsp;hier. Am Freitag, den 26.Oktober, trafen sich die Berkelfreunde aus den Niederlanden mit den aus Deutschland am Heimathaus in Stadtlohn. Nach einer allgemeinen Begr\u00fc\u00dfung widmete man sich unterkundiger F\u00fchrung in zwei Gruppen der Ausstellung, deren H\u00f6hepunkt ein Modell &#8211; &hellip; <a href=\"https:\/\/deberkel.info\/de\/berkelkompanie\/2018-freunde-exkursion\/\">Weiterlesen <span class=\"meta-nav\">&rarr;<\/span><\/a><\/p>\n","protected":false},"author":1,"featured_media":0,"parent":8738,"menu_order":0,"comment_status":"closed","ping_status":"closed","template":"sidebar-page.php","meta":{"_exactmetrics_skip_tracking":false,"_exactmetrics_sitenote_active":false,"_exactmetrics_sitenote_note":"","_exactmetrics_sitenote_category":0,"ngg_post_thumbnail":0,"_locale":"de_DE","_original_post":"7737","footnotes":"","_links_to":"","_links_to_target":""},"class_list":["post-7739","page","type-page","status-publish","hentry","de-DE"],"yoast_head":"<!-- This site is optimized with the Yoast SEO plugin v27.5 - https:\/\/yoast.com\/product\/yoast-seo-wordpress\/ -->\n<title>2018 Freunde Exkursion Bericht - Berkel Info<\/title>\n<meta name=\"robots\" content=\"index, follow, max-snippet:-1, max-image-preview:large, max-video-preview:-1\" \/>\n<link rel=\"canonical\" href=\"https:\/\/deberkel.info\/de\/berkelkompanie\/2018-freunde-exkursion\/\" \/>\n<meta property=\"og:locale\" content=\"de_DE\" \/>\n<meta property=\"og:type\" content=\"article\" \/>\n<meta property=\"og:title\" content=\"2018 Freunde Exkursion Bericht - Berkel Info\" \/>\n<meta property=\"og:description\" content=\"Fotobericht: klicke&nbsp;hier. Am Freitag, den 26.Oktober, trafen sich die Berkelfreunde aus den Niederlanden mit den aus Deutschland am Heimathaus in Stadtlohn. Nach einer allgemeinen Begr\u00fc\u00dfung widmete man sich unterkundiger F\u00fchrung in zwei Gruppen der Ausstellung, deren H\u00f6hepunkt ein Modell &#8211; &hellip; Weiterlesen &rarr;\" \/>\n<meta property=\"og:url\" content=\"https:\/\/deberkel.info\/de\/berkelkompanie\/2018-freunde-exkursion\/\" \/>\n<meta property=\"og:site_name\" content=\"Berkel Info\" \/>\n<meta property=\"article:modified_time\" content=\"2019-12-03T10:03:17+00:00\" \/>\n<meta property=\"og:image\" content=\"https:\/\/deberkel.info\/wp-content\/gallery\/excursie-2018\/thumbs\/thumbs_Berkelexcursie2018-011.JPG\" \/>\n<meta name=\"twitter:card\" content=\"summary_large_image\" \/>\n<meta name=\"twitter:label1\" content=\"Gesch\u00e4tzte Lesezeit\" \/>\n\t<meta name=\"twitter:data1\" content=\"3\u00a0Minuten\" \/>\n<script type=\"application\/ld+json\" class=\"yoast-schema-graph\">{\"@context\":\"https:\\\/\\\/schema.org\",\"@graph\":[{\"@type\":\"WebPage\",\"@id\":\"https:\\\/\\\/deberkel.info\\\/de\\\/berkelkompanie\\\/2018-freunde-exkursion\\\/\",\"url\":\"https:\\\/\\\/deberkel.info\\\/de\\\/berkelkompanie\\\/2018-freunde-exkursion\\\/\",\"name\":\"2018 Freunde Exkursion Bericht - Berkel Info\",\"isPartOf\":{\"@id\":\"https:\\\/\\\/deberkel.info\\\/#website\"},\"datePublished\":\"2018-11-14T21:33:47+00:00\",\"dateModified\":\"2019-12-03T10:03:17+00:00\",\"breadcrumb\":{\"@id\":\"https:\\\/\\\/deberkel.info\\\/de\\\/berkelkompanie\\\/2018-freunde-exkursion\\\/#breadcrumb\"},\"inLanguage\":\"de\",\"potentialAction\":[{\"@type\":\"ReadAction\",\"target\":[\"https:\\\/\\\/deberkel.info\\\/de\\\/berkelkompanie\\\/2018-freunde-exkursion\\\/\"]}]},{\"@type\":\"BreadcrumbList\",\"@id\":\"https:\\\/\\\/deberkel.info\\\/de\\\/berkelkompanie\\\/2018-freunde-exkursion\\\/#breadcrumb\",\"itemListElement\":[{\"@type\":\"ListItem\",\"position\":1,\"name\":\"Home\",\"item\":\"https:\\\/\\\/deberkel.info\\\/de\\\/\"},{\"@type\":\"ListItem\",\"position\":2,\"name\":\"3. Berkelkompanie\",\"item\":\"https:\\\/\\\/deberkel.info\\\/de\\\/berkelkompanie\\\/\"},{\"@type\":\"ListItem\",\"position\":3,\"name\":\"2018 Freunde Exkursion Bericht\"}]},{\"@type\":\"WebSite\",\"@id\":\"https:\\\/\\\/deberkel.info\\\/#website\",\"url\":\"https:\\\/\\\/deberkel.info\\\/\",\"name\":\"Berkel Info\",\"description\":\"Alles over de Berkel en het Berkeldal, van Billerbeck tot Zutphen\",\"potentialAction\":[{\"@type\":\"SearchAction\",\"target\":{\"@type\":\"EntryPoint\",\"urlTemplate\":\"https:\\\/\\\/deberkel.info\\\/?s={search_term_string}\"},\"query-input\":{\"@type\":\"PropertyValueSpecification\",\"valueRequired\":true,\"valueName\":\"search_term_string\"}}],\"inLanguage\":\"de\"}]}<\/script>\n<!-- \/ Yoast SEO plugin. -->","yoast_head_json":{"title":"2018 Freunde Exkursion Bericht - Berkel Info","robots":{"index":"index","follow":"follow","max-snippet":"max-snippet:-1","max-image-preview":"max-image-preview:large","max-video-preview":"max-video-preview:-1"},"canonical":"https:\/\/deberkel.info\/de\/berkelkompanie\/2018-freunde-exkursion\/","og_locale":"de_DE","og_type":"article","og_title":"2018 Freunde Exkursion Bericht - Berkel Info","og_description":"Fotobericht: klicke&nbsp;hier. Am Freitag, den 26.Oktober, trafen sich die Berkelfreunde aus den Niederlanden mit den aus Deutschland am Heimathaus in Stadtlohn. Nach einer allgemeinen Begr\u00fc\u00dfung widmete man sich unterkundiger F\u00fchrung in zwei Gruppen der Ausstellung, deren H\u00f6hepunkt ein Modell &#8211; &hellip; Weiterlesen &rarr;","og_url":"https:\/\/deberkel.info\/de\/berkelkompanie\/2018-freunde-exkursion\/","og_site_name":"Berkel Info","article_modified_time":"2019-12-03T10:03:17+00:00","og_image":[{"url":"https:\/\/deberkel.info\/wp-content\/gallery\/excursie-2018\/thumbs\/thumbs_Berkelexcursie2018-011.JPG","type":"","width":"","height":""}],"twitter_card":"summary_large_image","twitter_misc":{"Gesch\u00e4tzte Lesezeit":"3\u00a0Minuten"},"schema":{"@context":"https:\/\/schema.org","@graph":[{"@type":"WebPage","@id":"https:\/\/deberkel.info\/de\/berkelkompanie\/2018-freunde-exkursion\/","url":"https:\/\/deberkel.info\/de\/berkelkompanie\/2018-freunde-exkursion\/","name":"2018 Freunde Exkursion Bericht - Berkel Info","isPartOf":{"@id":"https:\/\/deberkel.info\/#website"},"datePublished":"2018-11-14T21:33:47+00:00","dateModified":"2019-12-03T10:03:17+00:00","breadcrumb":{"@id":"https:\/\/deberkel.info\/de\/berkelkompanie\/2018-freunde-exkursion\/#breadcrumb"},"inLanguage":"de","potentialAction":[{"@type":"ReadAction","target":["https:\/\/deberkel.info\/de\/berkelkompanie\/2018-freunde-exkursion\/"]}]},{"@type":"BreadcrumbList","@id":"https:\/\/deberkel.info\/de\/berkelkompanie\/2018-freunde-exkursion\/#breadcrumb","itemListElement":[{"@type":"ListItem","position":1,"name":"Home","item":"https:\/\/deberkel.info\/de\/"},{"@type":"ListItem","position":2,"name":"3. Berkelkompanie","item":"https:\/\/deberkel.info\/de\/berkelkompanie\/"},{"@type":"ListItem","position":3,"name":"2018 Freunde Exkursion Bericht"}]},{"@type":"WebSite","@id":"https:\/\/deberkel.info\/#website","url":"https:\/\/deberkel.info\/","name":"Berkel Info","description":"Alles over de Berkel en het Berkeldal, van Billerbeck tot Zutphen","potentialAction":[{"@type":"SearchAction","target":{"@type":"EntryPoint","urlTemplate":"https:\/\/deberkel.info\/?s={search_term_string}"},"query-input":{"@type":"PropertyValueSpecification","valueRequired":true,"valueName":"search_term_string"}}],"inLanguage":"de"}]}},"rttpg_featured_image_url":null,"rttpg_author":{"display_name":"berkelcompagnie","author_link":"https:\/\/deberkel.info\/author\/berkelcompagnie\/"},"rttpg_comment":0,"rttpg_category":null,"rttpg_excerpt":"Fotobericht: klicke&nbsp;hier. Am Freitag, den 26.Oktober, trafen sich die Berkelfreunde aus den Niederlanden mit den aus Deutschland am Heimathaus in Stadtlohn. Nach einer allgemeinen Begr\u00fc\u00dfung widmete man sich unterkundiger F\u00fchrung in zwei Gruppen der Ausstellung, deren H\u00f6hepunkt ein Modell &#8211; &hellip; Weiterlesen &rarr;","_links":{"self":[{"href":"https:\/\/deberkel.info\/wp-json\/wp\/v2\/pages\/7739","targetHints":{"allow":["GET"]}}],"collection":[{"href":"https:\/\/deberkel.info\/wp-json\/wp\/v2\/pages"}],"about":[{"href":"https:\/\/deberkel.info\/wp-json\/wp\/v2\/types\/page"}],"author":[{"embeddable":true,"href":"https:\/\/deberkel.info\/wp-json\/wp\/v2\/users\/1"}],"replies":[{"embeddable":true,"href":"https:\/\/deberkel.info\/wp-json\/wp\/v2\/comments?post=7739"}],"version-history":[{"count":7,"href":"https:\/\/deberkel.info\/wp-json\/wp\/v2\/pages\/7739\/revisions"}],"predecessor-version":[{"id":11308,"href":"https:\/\/deberkel.info\/wp-json\/wp\/v2\/pages\/7739\/revisions\/11308"}],"up":[{"embeddable":true,"href":"https:\/\/deberkel.info\/wp-json\/wp\/v2\/pages\/8738"}],"wp:attachment":[{"href":"https:\/\/deberkel.info\/wp-json\/wp\/v2\/media?parent=7739"}],"curies":[{"name":"wp","href":"https:\/\/api.w.org\/{rel}","templated":true}]}}