{"id":868,"date":"2018-04-01T16:28:44","date_gmt":"2018-04-01T16:28:44","guid":{"rendered":"http:\/\/deberkel.info\/?page_id=868"},"modified":"2026-04-28T10:31:07","modified_gmt":"2026-04-28T08:31:07","slug":"berkelkanurallye","status":"publish","type":"page","link":"https:\/\/deberkel.info\/de\/berkelkanurallye\/","title":{"rendered":"Berkel Kanurallye"},"content":{"rendered":"<div id=\"top\"><img loading=\"lazy\" decoding=\"async\" class=\"alignnone wp-image-10646 size-medium\" src=\"\/wp-content\/uploads\/2019\/09\/BerkelKanorally-beeldmerk-300x235.png\" alt=\"\" width=\"300\" height=\"235\" srcset=\"https:\/\/deberkel.info\/wp-content\/uploads\/2019\/09\/BerkelKanorally-beeldmerk-300x235.png 300w, https:\/\/deberkel.info\/wp-content\/uploads\/2019\/09\/BerkelKanorally-beeldmerk-768x601.png 768w, https:\/\/deberkel.info\/wp-content\/uploads\/2019\/09\/BerkelKanorally-beeldmerk-1024x802.png 1024w, https:\/\/deberkel.info\/wp-content\/uploads\/2019\/09\/BerkelKanorally-beeldmerk-383x300.png 383w, https:\/\/deberkel.info\/wp-content\/uploads\/2019\/09\/BerkelKanorally-beeldmerk.png 1277w\" sizes=\"auto, (max-width: 300px) 100vw, 300px\" \/><\/div>\n<div>\n<h3>&nbsp;<\/h3>\n<hr>\n<h2><a href=\"#index\"><em>Seite Index mit allen Fahrt Themen hier<\/em><\/a><\/h2>\n<\/div>\n<hr>\n<p><strong>Die Berkel verbindet<\/strong>: wir fahren mit Teilnehmern aus Deutschland und den Niederlanden eine sch\u00f6ne und gem\u00fctliche, aber auch anspruchsvolle Kanutour \u00fcber die Berkel von Deutschland in den Niederlanden.<\/p>\n<p>Die 3. Berkelkompanie organisiert j\u00e4hrlich nach den Sommerferien eine <strong>2-t\u00e4gige, grenz\u00fcberschreitende Kanufahrt von Ellewick (oder Rekken\/Oldenkotte) nach Zutphen<\/strong>.<\/p>\n<p>Dies geschieht zusammen mit den <em>Kanuvereinen<\/em> in Vreden (<a href=\"https:\/\/www.facebook.com\/KanuSportVerein\/\" target=\"_blank\" rel=\"noopener noreferrer\">KSV Vreden<\/a>) und in Lochem (<a href=\"http:\/\/www.lkv-njord.nl\" target=\"_blank\" rel=\"noopener noreferrer\">LKV Njord<\/a>) und&nbsp;Berkel <em>Kanuvermieter<\/em>&nbsp;<a href=\"http:\/\/fietsenkanoverhuur.nl\/de\/\" target=\"_blank\" rel=\"noopener noreferrer\">Fahrrad- und Kanuverleih ten Brinke<\/a> (Rekken-Oldenkotte) und die Berkelschiffer in <a href=\"https:\/\/www.stichtingberkelzomp.nl\/\" target=\"_blank\" rel=\"noopener\">Borculo<\/a> und <a href=\"https:\/\/fluisterboot-zutphen.nl\/\" target=\"_blank\" rel=\"noopener\">Zutphen<\/a>.<\/p>\n<p><a href=\"https:\/\/www.facebook.com\/berkelkanorally\/\" target=\"_blank\" rel=\"noopener noreferrer\"><img loading=\"lazy\" decoding=\"async\" class=\"wp-image-12884 size-full alignnone\" style=\"vertical-align: middle;\" src=\"\/wp-content\/uploads\/2020\/05\/FacebookF.jpg\" alt=\"\" width=\"54\" height=\"51\"><\/a> <a href=\"https:\/\/www.facebook.com\/berkelkanorally\/\" target=\"_blank\" rel=\"noopener noreferrer\">Hier<\/a> ist die Fahrt auf Facebook.&nbsp;<\/p>\n<p><a id=\"Flyer\"><\/a>Und hier ist der <a href=\"\/wp-content\/uploads\/2025\/10\/2026-BerkelKanurallye-de-1480x2076-1.png\" target=\"_blank\" rel=\"noopener\">Flyer f\u00fcr die 8. Berkel Kanurallye in <strong>2026<\/strong><\/a>:&nbsp;<\/p>\n<p><a href=\"https:\/\/deberkel.info\/wp-content\/uploads\/2025\/10\/2026-BerkelKanurallye-de-730x1024-1.png\"><img loading=\"lazy\" decoding=\"async\" class=\"wp-image-19688 size-full alignnone\" style=\"width: 584px; height: 819px;\" src=\"https:\/\/deberkel.info\/wp-content\/uploads\/2025\/10\/2026-BerkelKanurallye-de-730x1024-1.png\" alt=\"\" width=\"730\" height=\"1024\" srcset=\"https:\/\/deberkel.info\/wp-content\/uploads\/2025\/10\/2026-BerkelKanurallye-de-730x1024-1.png 730w, https:\/\/deberkel.info\/wp-content\/uploads\/2025\/10\/2026-BerkelKanurallye-de-730x1024-1-214x300.png 214w\" sizes=\"auto, (max-width: 730px) 100vw, 730px\" \/><\/a><\/p>\n<hr>\n<h2>Die 7. Berkel Kanurallye wurde gefahren am 13. und 14. September 2025.<\/h2>\n<p>Sch\u00f6ne Kanufahrt \u00fcber die Berkel, dieses mal von Rekken\/Oldenkott nach Zutphen.<br \/>\nSehe die Berichtseite mit Bilder und Presseberichte <a href=\"\/de\/bilder-bericht-berkel-kanurallye-2025\/\">hier<\/a>.<br \/>\nBilder fr\u00fchere Fahrten: <a href=\"\/de\/bilder-berkel-kanurallye-2024\/\">2024<\/a>, <a href=\"\/de\/bericht-mit-bilder-berkel-kanurallye-2023\/\">2023<\/a>, <a href=\"\/de\/bilder-berkel-kanurallye-2022\/\">2022<\/a>, <a href=\"\/de\/bilder-berkel-kanurallye-2021\/\">2021<\/a>, <a href=\"\/de\/bilder-berkelkanurallye-2019\/\">2019<\/a>, <a href=\"\/de\/bilder-berkelkanurallye-2018\/\">2018<\/a>.<\/p>\n<hr>\n<p>Hierunter ist nachfolgende Information zu finden:<\/p>\n<div id=\"index\">\n<ul>\n<li><a href=\".\/#Start\">Startplatz<\/a><\/li>\n<li><a href=\".\/#Zwischenstation\">Zwischenstation<\/a><\/li>\n<li><a href=\".\/#Ziel\">Ziel<\/a><\/li>\n<li><a href=\".\/#Route\">Route<\/a><\/li>\n<li><a href=\".\/#Abst\u00e4nde\">Abst\u00e4nde<\/a><\/li>\n<li><a href=\".\/#Startzeiten\">Startzeiten<\/a><\/li>\n<li><a href=\".\/#Pausestelle\">Pausestelle<\/a><\/li>\n<li><a href=\".\/#Wehre\">2 x 7 Wehre<\/a><\/li>\n<li><a href=\".\/#Berkelzweig Mallumse M\u00fchle\">Berkelzweig Mallumse M\u00fchle<\/a><\/li>\n<li><a href=\".\/#\u00dcbernachten\">\u00dcbernachten \/ Gep\u00e4ck<\/a><\/li>\n<li><a href=\"#kanuleihen\">Kanu leihen<\/a><\/li>\n<li><a href=\".\/#Pendelen\">Pendeln Chauffeure<\/a><\/li>\n<li><a href=\".\/#Kosten\">Kosten<\/a><\/li>\n<li><a href=\"#Sponsoren\">Unterst\u00fctzung Kanoshop.nl und Stichting Fonds voormalig Mortuarium Borculo<\/a><\/li>\n<li><a href=\".\/#Information und anmelden\">Information und ANMELDEN<\/a><\/li>\n<\/ul>\n<p><a href=\"\/wp-content\/uploads\/2018\/10\/StuwRekken-2286x819.jpg\"><img loading=\"lazy\" decoding=\"async\" class=\"alignnone wp-image-7021\" style=\"width: 600px; height: 215px;\" src=\"\/wp-content\/uploads\/2018\/10\/StuwRekken-2286x819-1024x367.jpg\" alt=\"\" width=\"600\" height=\"215\" srcset=\"https:\/\/deberkel.info\/wp-content\/uploads\/2018\/10\/StuwRekken-2286x819-1024x367.jpg 1024w, https:\/\/deberkel.info\/wp-content\/uploads\/2018\/10\/StuwRekken-2286x819-300x107.jpg 300w, https:\/\/deberkel.info\/wp-content\/uploads\/2018\/10\/StuwRekken-2286x819-768x275.jpg 768w, https:\/\/deberkel.info\/wp-content\/uploads\/2018\/10\/StuwRekken-2286x819-500x179.jpg 500w\" sizes=\"auto, (max-width: 600px) 100vw, 600px\" \/><\/a><\/p>\n<h2><a href=\"#top\"><img loading=\"lazy\" decoding=\"async\" class=\"alignright wp-image-4253\" style=\"border-style: none; width: 30px; height: 29px;\" src=\"\/wp-content\/uploads\/2018\/04\/PijlOmhoog2.png\" alt=\"Top\" width=\"30\" height=\"29\"><\/a><a id=\"Start\"><\/a>Startplatz<\/h2>\n<p>Am Samstagmorgen wird in Prinzip gestartet in Ellewick (<a href=\"https:\/\/www.google.nl\/maps\/place\/52\u00b003'44.5&quot;N+6\u00b046'40.7&quot;E\/@52.0624747,6.7763152,16.19z\/data=!4m6!3m5!1s0x0:0x0!7e2!8m2!3d52.0623659!4d6.7779709\" target=\"_blank\" rel=\"noopener noreferrer\">Pfarrer Holtmanstra\u00dfe<\/a>), oder sonst in Rekken\/Oldenkotte (<a href=\"https:\/\/fietsenkanoverhuur.nl\/de\/\" target=\"_blank\" rel=\"noopener\">Fahrrad- und Kanuverleih ten Brinke<\/a>, Den Borgweg 20 Rekken):<br \/>\n<a href=\"https:\/\/deberkel.info\/wp-content\/uploads\/2023\/11\/20230826_083350-1200.jpg\"><img loading=\"lazy\" decoding=\"async\" class=\"alignnone wp-image-17859 size-full\" style=\"width: 600px; height: 450px;\" src=\"https:\/\/deberkel.info\/wp-content\/uploads\/2023\/11\/20230826_083350-1200.jpg\" alt=\"\" width=\"600\" height=\"450\" srcset=\"https:\/\/deberkel.info\/wp-content\/uploads\/2023\/11\/20230826_083350-1200.jpg 1200w, https:\/\/deberkel.info\/wp-content\/uploads\/2023\/11\/20230826_083350-1200-300x225.jpg 300w, https:\/\/deberkel.info\/wp-content\/uploads\/2023\/11\/20230826_083350-1200-1024x768.jpg 1024w, https:\/\/deberkel.info\/wp-content\/uploads\/2023\/11\/20230826_083350-1200-768x576.jpg 768w, https:\/\/deberkel.info\/wp-content\/uploads\/2023\/11\/20230826_083350-1200-400x300.jpg 400w\" sizes=\"auto, (max-width: 600px) 100vw, 600px\" \/><\/a><br \/>\nAuto kann man parken beim Start und am Ende vom Tag wieder abhohlen.<\/p>\n<h2><a href=\"#top\"><img loading=\"lazy\" decoding=\"async\" class=\"alignright wp-image-4253\" style=\"border-style: none; width: 30px; height: 29px;\" src=\"\/wp-content\/uploads\/2018\/04\/PijlOmhoog2.png\" alt=\"Top\" width=\"30\" height=\"29\"><\/a><a id=\"Zwischenstation\"><\/a>Zwischenstation<\/h2>\n<p>Am Samstag ist das Ende in <a href=\"https:\/\/www.google.nl\/maps\/place\/Zompeloze+Jappe\/@52.1175543,6.5158162,17.81z\/data=!4m5!3m4!1s0x0:0x7367c2c7a8924415!8m2!3d52.1175941!4d6.5164509\" target=\"_blank\" rel=\"noopener noreferrer\">Borculo bei der &#8218;Zompenloze&#8216;<\/a> wo am Sonntag wieder gestartet wird. Hier kann \u00fcbernachtet werden.<br \/>\nAuch wird es hier m\u00f6glich sein eine Fahrt mit dem Berkelzomp zu machen zum &#8218;<a href=\"https:\/\/www.google.nl\/maps\/place\/Borculo,+Nederland\/@52.1165606,6.5165004,316m\/data=!3m1!1e3!4m5!3m4!1s0x47c78a1ae2afbf53:0x202d542e399aa7fa!8m2!3d52.1135036!4d6.5203603!5m1!1e1\" target=\"_blank\" rel=\"noopener noreferrer\">Vogel Insel<\/a>&#8218; durch die Schleuse under die Graaf Wichmanstraat.<br \/>\n<a href=\"\/wp-content\/uploads\/2018\/04\/ZompenlozeBorculo.jpg\"><img loading=\"lazy\" decoding=\"async\" class=\"alignnone wp-image-773 size-full\" style=\"width: 338px; height: 253px;\" src=\"\/wp-content\/uploads\/2018\/04\/ZompenlozeBorculo.jpg\" alt=\"\" width=\"338\" height=\"253\" srcset=\"https:\/\/deberkel.info\/wp-content\/uploads\/2018\/04\/ZompenlozeBorculo.jpg 338w, https:\/\/deberkel.info\/wp-content\/uploads\/2018\/04\/ZompenlozeBorculo-300x225.jpg 300w\" sizes=\"auto, (max-width: 338px) 100vw, 338px\" \/><\/a><\/p>\n<h2><a href=\"#top\"><img loading=\"lazy\" decoding=\"async\" class=\"alignright wp-image-4253\" style=\"border-style: none; width: 30px; height: 29px;\" src=\"\/wp-content\/uploads\/2018\/04\/PijlOmhoog2.png\" alt=\"Top\" width=\"30\" height=\"29\"><\/a><a id=\"Ziel\"><\/a>Ziel<\/h2>\n<p>Am Sonntag ist das Ziel wieder in <a href=\"https:\/\/www.google.nl\/maps\/place\/fluisterboot+Zutphen\/@52.1427216,6.1982429,18z\/data=!3m1!4b1!4m13!1m7!3m6!1s0x47c7946efd1e89e5:0xea47f7c0b58b0fd9!2sRijkenhage,+7201+LP+Zutphen,+Netherlands!3b1!8m2!3d52.1426719!4d6.1982869!3m4!1s0x47c7946e554095bb:0x57caff6effc2361d!8m2!3d52.1427216!4d6.1989857\" target=\"_blank\" rel=\"noopener noreferrer\">Zutphen bei den Fl\u00fcsterschiffern am Rijkenhage, bei der Berkelpoort<\/a>.&nbsp;<br \/>\nEin sehr stimmungsvoller Standort:<br \/>\n<img loading=\"lazy\" decoding=\"async\" class=\"alignnone wp-image-11267\" style=\"width: 600px; height: 291px;\" src=\"\/wp-content\/uploads\/2019\/11\/FluisterbotenAankomst-960x465.jpg\" alt=\"\" width=\"600\" height=\"291\" srcset=\"https:\/\/deberkel.info\/wp-content\/uploads\/2019\/11\/FluisterbotenAankomst-960x465.jpg 960w, https:\/\/deberkel.info\/wp-content\/uploads\/2019\/11\/FluisterbotenAankomst-960x465-300x145.jpg 300w, https:\/\/deberkel.info\/wp-content\/uploads\/2019\/11\/FluisterbotenAankomst-960x465-768x372.jpg 768w, https:\/\/deberkel.info\/wp-content\/uploads\/2019\/11\/FluisterbotenAankomst-960x465-500x242.jpg 500w\" sizes=\"auto, (max-width: 600px) 100vw, 600px\" \/><\/p>\n<p>Hier gibt es einige Parkpl\u00e4tze in der N\u00e4he die im Wochenende ab Samstag um 17 U gratis verf\u00fcgbar sind wo die Auto (mit evt. Kanu-Auflieger) geparkt werden k\u00f6nnen wie <a href=\"https:\/\/www.google.nl\/maps\/place\/Isendoornstraat+21+Parking\/@52.1427216,6.1982429,18z\/data=!4m13!1m7!3m6!1s0x47c7946efd1e89e5:0xea47f7c0b58b0fd9!2sRijkenhage,+7201+LP+Zutphen,+Netherlands!3b1!8m2!3d52.1426719!4d6.1982869!3m4!1s0x47c7946fca1feded:0xba94e49e95df2e1e!8m2!3d52.1430259!4d6.2007435\" target=\"_blank\" rel=\"noopener noreferrer\">hier am Isendoornstraat<\/a>.<\/p>\n<p>Diese Ankunftstelle ist per 2021 komplett ge\u00e4ndert worden wobei die Berkel t\u00fcchtig verbreitet ist, sehe das Bild mit Zeichnung hierunter (click das Bild f\u00fcr die <a href=\"\/de\/renovierung-anlegestelle-fluesterboote-integration-alter-klostermauer\/\" target=\"_blank\" rel=\"noopener noreferrer\">Seite bzgl. das Klostermauerprojekt<\/a>):<\/p>\n<p><a href=\"\/de\/renovierung-anlegestelle-fluesterboote-integration-alter-klostermauer\/\" target=\"_blank\" rel=\"noopener noreferrer\"><img loading=\"lazy\" decoding=\"async\" class=\"alignnone wp-image-11266\" style=\"width: 600px; height: 291px;\" src=\"\/wp-content\/uploads\/2019\/11\/BerkelKloostermuurZutphen-1024x496.jpg\" alt=\"\" width=\"600\" height=\"291\" srcset=\"https:\/\/deberkel.info\/wp-content\/uploads\/2019\/11\/BerkelKloostermuurZutphen-1024x496.jpg 1024w, https:\/\/deberkel.info\/wp-content\/uploads\/2019\/11\/BerkelKloostermuurZutphen-1024x496-300x145.jpg 300w, https:\/\/deberkel.info\/wp-content\/uploads\/2019\/11\/BerkelKloostermuurZutphen-1024x496-768x372.jpg 768w, https:\/\/deberkel.info\/wp-content\/uploads\/2019\/11\/BerkelKloostermuurZutphen-1024x496-500x242.jpg 500w\" sizes=\"auto, (max-width: 600px) 100vw, 600px\" \/><\/a><\/p>\n<h2><a href=\"#top\"><img loading=\"lazy\" decoding=\"async\" class=\"alignright wp-image-4253\" style=\"border-style: none; width: 30px; height: 29px;\" src=\"\/wp-content\/uploads\/2018\/04\/PijlOmhoog2.png\" alt=\"Top\" width=\"30\" height=\"29\"><\/a><a id=\"Route\"><\/a>Route<\/h2>\n<p>Die Berkel flie\u00dft \u00fcber 110 km von Billerbeck nach Zutphen wo Sie m\u00fcndet im IJssel.<br \/>\nWir fahren das letzte Teil ab Ellewick oder Rekken\/Oldenkott bis Zutphen.<br \/>\nDabei passieren wir am 1. Tag Rekken, Eibergen und Haarlo und fahren am Ende \u00fcber eine sch\u00f6ne alte Fluss Zweig zur &#8218;Zompenloze&#8216; in Borculo.<br \/>\nAuch bei der Mallumse M\u00fchle \u00fand bei Eibergen fahren wir via alte Berkel Zweige.<\/p>\n<p>Auf der Interaktive Karte hierunter wird das 1. Teil bis Borculo gezeigt.<br \/>\nKlicke eine Marker in der Karte f\u00fcr Information \u00fcber die betreffende Stelle.<br \/>\nDie Karte kann maximal gesetzt werden mit dem Symbol&nbsp;<img loading=\"lazy\" decoding=\"async\" class=\"alignnone wp-image-9079\" style=\"width: 30px; height: 29px;\" src=\"\/wp-content\/uploads\/2019\/02\/fullscreen-40x38.jpg\" alt=\"\" width=\"31\" height=\"29\">.<br \/>\n\t\t<div id=\"maps-marker-pro-4f638eb2\" class=\"maps-marker-pro\" style=\"width: 80%;\">\n\t\t\t<div id=\"mmp-map-wrap-4f638eb2\" class=\"mmp-map-wrap\">\n\t\t\t\t\t\t\t\t<div id=\"mmp-map-4f638eb2\" class=\"mmp-map\" style=\"height: 320px;\"><\/div>\n\t\t\t\t\t\t\t<\/div>\n\t\t\t\t\t<\/div>\n\t\t<\/p>\n<p>Am 2. Tag fahren wir ab die &#8218;Zompenloze&#8216; via Beekvliet, Lochem, die Velhorst, Almen und Warnsveld nach Zutphen.<br \/>\nSehe die interaktive Karte hierunter:<br \/>\n\t\t<div id=\"maps-marker-pro-e2643b22\" class=\"maps-marker-pro\" style=\"width: 80%;\">\n\t\t\t<div id=\"mmp-map-wrap-e2643b22\" class=\"mmp-map-wrap\">\n\t\t\t\t\t\t\t\t<div id=\"mmp-map-e2643b22\" class=\"mmp-map\" style=\"height: 320px;\"><\/div>\n\t\t\t\t\t\t\t<\/div>\n\t\t\t\t\t<\/div>\n\t\t<\/p>\n<h2><a href=\"#top\"><img loading=\"lazy\" decoding=\"async\" class=\"alignright wp-image-4253\" style=\"border-style: none; width: 30px; height: 29px;\" src=\"\/wp-content\/uploads\/2018\/04\/PijlOmhoog2.png\" alt=\"Top\" width=\"30\" height=\"29\"><\/a><a id=\"Abst\u00e4nde\"><\/a>Abst\u00e4nde<\/h2>\n<p>Am 1. Tag sind es 20 km ab ten Brinke in Rekken\/Oldenkott nach Borculo.<br \/>\nAm 2. Tag sind es 28 km ab Borculo bis zum Ziel in Zutphen.<br \/>\nIn Kombination mit den <a href=\"#Wehre\">7 Umsteigepunkten <\/a>am jeden Tag macht dies es eine anspruchsvolle Fahrt.<\/p>\n<h2><a href=\"#top\"><img loading=\"lazy\" decoding=\"async\" class=\"alignright wp-image-4253\" style=\"border-style: none; width: 30px; height: 29px;\" src=\"\/wp-content\/uploads\/2018\/04\/PijlOmhoog2.png\" alt=\"Top\" width=\"30\" height=\"29\"><\/a><a id=\"Startzeiten\"><\/a>Startzeiten<\/h2>\n<p>Am Samstag und am Sonntag kann gestartet werden zwischen 9 und 9:30 Uhr.<\/p>\n<h2><a href=\"#top\"><img loading=\"lazy\" decoding=\"async\" class=\"alignright wp-image-4253\" style=\"border-style: none; width: 30px; height: 29px;\" src=\"\/wp-content\/uploads\/2018\/04\/PijlOmhoog2.png\" alt=\"Top\" width=\"30\" height=\"29\"><\/a><a id=\"Pausestelle\"><\/a>Pausestelle<\/h2>\n<p>Jeder kann selber Pause nehmen nach Bedarf nat\u00fcrlich (Lunchpaket mitnehmen).<br \/>\nAber am ersten Tag wird es bei der Mallumse M\u00fchle bei Eibergen eine Pausestelle geben beim <a href=\"http:\/\/www.hetmuldershuis.nl\" target=\"_blank\" rel=\"noopener noreferrer\">Muldershuis<\/a> f\u00fcr Kaffee mit Kuchen (oder was anderes, selber bestellen):<br \/>\n<img loading=\"lazy\" decoding=\"async\" class=\"alignnone wp-image-7023\" style=\"width: 600px; height: 361px;\" src=\"\/wp-content\/uploads\/2018\/10\/PauzeMuldershuis-e1583854958546.jpg\" alt=\"\" width=\"600\" height=\"361\" srcset=\"https:\/\/deberkel.info\/wp-content\/uploads\/2018\/10\/PauzeMuldershuis-e1583854958546.jpg 1500w, https:\/\/deberkel.info\/wp-content\/uploads\/2018\/10\/PauzeMuldershuis-e1583854958546-300x181.jpg 300w, https:\/\/deberkel.info\/wp-content\/uploads\/2018\/10\/PauzeMuldershuis-e1583854958546-768x462.jpg 768w, https:\/\/deberkel.info\/wp-content\/uploads\/2018\/10\/PauzeMuldershuis-e1583854958546-1024x616.jpg 1024w, https:\/\/deberkel.info\/wp-content\/uploads\/2018\/10\/PauzeMuldershuis-e1583854958546-498x300.jpg 498w\" sizes=\"auto, (max-width: 600px) 100vw, 600px\" \/><br \/>\nHier fahren wir auch in Gruppen durch die Schleuse wof\u00fcr wir <em>sammeln am Terrasse<\/em>.<\/p>\n<p>Am 2. Tag kann ungefehr auf ein Drittel Pause genommen werden in Lochem bei <a href=\"https:\/\/www.google.nl\/maps\/place\/Lochemse+Kanovereniging+Njord\/@52.1644364,6.404808,19z\/data=!3m1!4b1!4m5!3m4!1s0x47c78cf1a7eee8a3:0x42fcd8bf17438ff0!8m2!3d52.1644356!4d6.4053552\" target=\"_blank\" rel=\"noopener noreferrer\">LKV Njord<\/a>:<a href=\"https:\/\/deberkel.info\/wp-content\/uploads\/2023\/11\/20230827_113620-1200.jpg\"><img loading=\"lazy\" decoding=\"async\" class=\"alignnone wp-image-17855 size-full\" style=\"width: 600px; height: 270px;\" src=\"https:\/\/deberkel.info\/wp-content\/uploads\/2023\/11\/20230827_113620-1200.jpg\" alt=\"\" width=\"600\" height=\"270\" srcset=\"https:\/\/deberkel.info\/wp-content\/uploads\/2023\/11\/20230827_113620-1200.jpg 1200w, https:\/\/deberkel.info\/wp-content\/uploads\/2023\/11\/20230827_113620-1200-300x135.jpg 300w, https:\/\/deberkel.info\/wp-content\/uploads\/2023\/11\/20230827_113620-1200-1024x461.jpg 1024w, https:\/\/deberkel.info\/wp-content\/uploads\/2023\/11\/20230827_113620-1200-768x346.jpg 768w, https:\/\/deberkel.info\/wp-content\/uploads\/2023\/11\/20230827_113620-1200-500x225.jpg 500w\" sizes=\"auto, (max-width: 600px) 100vw, 600px\" \/><\/a><\/p>\n<p>Und ungefehr auf 2 Drittel bei <a href=\"https:\/\/grootbesselink.nl\/faciliteiten\/horeca\/\" target=\"_blank\" rel=\"noopener noreferrer\">Groot Besselink<\/a> (bei Wehr Besselink) wo Esthers Terrasse verf\u00fcgbar ist:<br \/>\n<img loading=\"lazy\" decoding=\"async\" class=\"alignnone size-full wp-image-11875\" style=\"width: 600px; height: 400px;\" src=\"\/wp-content\/uploads\/2020\/03\/EsthersTerrasGrootBesselink-600x400-1.jpg\" alt=\"\" width=\"600\" height=\"400\" srcset=\"https:\/\/deberkel.info\/wp-content\/uploads\/2020\/03\/EsthersTerrasGrootBesselink-600x400-1.jpg 600w, https:\/\/deberkel.info\/wp-content\/uploads\/2020\/03\/EsthersTerrasGrootBesselink-600x400-1-300x200.jpg 300w, https:\/\/deberkel.info\/wp-content\/uploads\/2020\/03\/EsthersTerrasGrootBesselink-600x400-1-450x300.jpg 450w\" sizes=\"auto, (max-width: 600px) 100vw, 600px\" \/><\/p>\n<h2><a href=\"#top\"><img loading=\"lazy\" decoding=\"async\" class=\"alignright wp-image-4253\" style=\"border-style: none; width: 30px; height: 29px;\" src=\"\/wp-content\/uploads\/2018\/04\/PijlOmhoog2.png\" alt=\"Top\" width=\"30\" height=\"29\"><\/a><a id=\"Wehre\"><\/a>2 x 7 Wehre<\/h2>\n<p>In der Berkel gibt es Wehre, die in Deutschland anders sind als in den Niederlanden.<br \/>\nDie Deutsche Wehre k\u00f6nnen per Kanu abgefahren werden, <em>insofern der Wasserstand das erlaubt, man gen\u00fcgend Kanu-Erfahrung hat und verf\u00fcgt \u00fcber eine daf\u00fcr geeignete Kanu:<\/em><br \/>\n<a href=\"\/wp-content\/uploads\/2018\/04\/HansenHennyFerwerda-600x173.jpg\"><img loading=\"lazy\" decoding=\"async\" class=\"alignnone wp-image-1155 size-full\" style=\"width: 600px; height: 173px;\" src=\"\/wp-content\/uploads\/2018\/04\/HansenHennyFerwerda-600x173.jpg\" alt=\"\" width=\"600\" height=\"173\" srcset=\"https:\/\/deberkel.info\/wp-content\/uploads\/2018\/04\/HansenHennyFerwerda-600x173.jpg 600w, https:\/\/deberkel.info\/wp-content\/uploads\/2018\/04\/HansenHennyFerwerda-600x173-300x87.jpg 300w, https:\/\/deberkel.info\/wp-content\/uploads\/2018\/04\/HansenHennyFerwerda-600x173-500x144.jpg 500w\" sizes=\"auto, (max-width: 600px) 100vw, 600px\" \/><\/a><br \/>\n<em><br \/>\nDie Niederl\u00e4ndische Wehre d\u00fcrfen nicht per Kanu abgefahren werden! Hier m\u00fass ausgestiegen werden und das Boot \u00fcberf\u00fchrt.<br \/>\n<\/em>An beiden Tagen gibt es 7 Wehre.<br \/>\nIn der Praxis hilft jeder einander mit umsteigen und ist es dann immer sehr gem\u00fctlich.<\/p>\n<p><a href=\"https:\/\/deberkel.info\/wp-content\/uploads\/2023\/09\/KanokarretjeMee-300x150-1.jpg\"><img loading=\"lazy\" decoding=\"async\" class=\"alignleft size-full wp-image-17761\" src=\"https:\/\/deberkel.info\/wp-content\/uploads\/2023\/09\/KanokarretjeMee-300x150-1.jpg\" alt=\"\" width=\"300\" height=\"150\"><\/a>Mit einem <strong>Kanuwagen<\/strong> wird es auch noch ein St\u00fcck leichter.<br \/>\nWie schon angegeben gibt es sowohl am Samstag als am Sonntag <strong>7 niederl\u00e4ndische Wehre<\/strong> wo man also aussteigen, wieder einsteigen und der Kanu versetz werden muss. Ein Kanuwagen lohnt sich da, spart viel Energie, kann man gerade <strong>ausruhen<\/strong>!<\/p>\n<p>&nbsp;<\/p>\n<p>&nbsp;<\/p>\n<p><a href=\"https:\/\/deberkel.info\/wp-content\/uploads\/2025\/10\/Bagagespin-zwart-300x201-1.jpg\"><img loading=\"lazy\" decoding=\"async\" class=\"alignleft size-full wp-image-19686\" src=\"https:\/\/deberkel.info\/wp-content\/uploads\/2025\/10\/Bagagespin-zwart-300x201-1.jpg\" alt=\"\" width=\"300\" height=\"201\"><\/a>Mit einer Gummibandspinne, die genau lang genug ist, einfach und schnell auf und unter dem Boot zu befestigen.<br \/>\nKurz gesagt: Nehmen Sie einen Kanuwagen mit einem passenden elastischen Gummibandspinne mit!<\/p>\n<p><a href=\"\/wp-content\/uploads\/2018\/10\/NederlandseStuwUitstappen.jpg\"><img loading=\"lazy\" decoding=\"async\" class=\"alignnone wp-image-7024\" style=\"width: 600px; height: 338px;\" src=\"\/wp-content\/uploads\/2018\/10\/NederlandseStuwUitstappen.jpg\" alt=\"\" width=\"600\" height=\"338\" srcset=\"https:\/\/deberkel.info\/wp-content\/uploads\/2018\/10\/NederlandseStuwUitstappen.jpg 1000w, https:\/\/deberkel.info\/wp-content\/uploads\/2018\/10\/NederlandseStuwUitstappen-300x169.jpg 300w, https:\/\/deberkel.info\/wp-content\/uploads\/2018\/10\/NederlandseStuwUitstappen-768x432.jpg 768w, https:\/\/deberkel.info\/wp-content\/uploads\/2018\/10\/NederlandseStuwUitstappen-500x282.jpg 500w\" sizes=\"auto, (max-width: 600px) 100vw, 600px\" \/><\/a><\/p>\n<h2><a href=\"#top\"><img loading=\"lazy\" decoding=\"async\" class=\"alignright wp-image-4253\" style=\"border-style: none; width: 30px; height: 29px;\" src=\"\/wp-content\/uploads\/2018\/04\/PijlOmhoog2.png\" alt=\"Top\" width=\"30\" height=\"29\"><\/a><a id=\"Berkelzweig Mallumse M\u00fchle\"><\/a>Berkelzweig <a href=\"https:\/\/www.google.nl\/maps\/place\/Mallumse+Molen\/@52.1049764,6.661989,17.94z\/data=!4m5!3m4!1s0x47b873ebc3d60d23:0xc5bb2eceacc3529a!8m2!3d52.1051857!4d6.6630768\" target=\"_blank\" rel=\"noopener noreferrer\">Mallumse M\u00fchle<\/a><\/h2>\n<p>Spezial f\u00fcr diese verbindende Kanufahrt ist Erlaubnis bekommen von Verwalter <a href=\"http:\/\/www.markemallem.nl\" target=\"_blank\" rel=\"noopener noreferrer\">Marke Mallem<\/a> um die sch\u00f6ne alte Berkelzweig bei der Mallumse M\u00fchle zu benutzen.<br \/>\nEs gibt da eine sehr empfindliche Natur wo bootsfahren nur sehr beschr\u00e4nkt gew\u00fcnscht \u00fand erlaubt ist, wegen besch\u00fcttung der da vorkommende Tiere wie der Eisvogel.<br \/>\nEs mu\u00df deswegen im Mitte gefahren werden und sicher nicht an der Seite, bei, oder unter, das Ried.<\/p>\n<p>Beim &#8218;<a href=\"http:\/\/www.hetmuldershuis.nl\" target=\"_blank\" rel=\"noopener noreferrer\">Muldershuis<\/a>&#8218; kann hier Pause genommen werden, wie hier oben gemeldet.<br \/>\n<a href=\"\/wp-content\/uploads\/2018\/04\/MuldershuisSteiger.jpg\"><img loading=\"lazy\" decoding=\"async\" class=\"alignnone wp-image-785\" style=\"width: 600px; height: 173px;\" src=\"\/wp-content\/uploads\/2018\/04\/MuldershuisSteiger-1024x295.jpg\" alt=\"\" width=\"600\" height=\"173\" srcset=\"https:\/\/deberkel.info\/wp-content\/uploads\/2018\/04\/MuldershuisSteiger-1024x295.jpg 1024w, https:\/\/deberkel.info\/wp-content\/uploads\/2018\/04\/MuldershuisSteiger-300x86.jpg 300w, https:\/\/deberkel.info\/wp-content\/uploads\/2018\/04\/MuldershuisSteiger-768x221.jpg 768w, https:\/\/deberkel.info\/wp-content\/uploads\/2018\/04\/MuldershuisSteiger-1000x288.jpg 1000w, https:\/\/deberkel.info\/wp-content\/uploads\/2018\/04\/MuldershuisSteiger-500x144.jpg 500w\" sizes=\"auto, (max-width: 600px) 100vw, 600px\" \/><\/a><\/p>\n<p>Hier werden wir auch die alte Schleuse benutzen, in Betrieb gesetzt von den <a href=\"http:\/\/www.stichtingberkelzomp.nl\/index.php\/vaartochten\" target=\"_blank\" rel=\"noopener noreferrer\">Berkelschiffsf\u00fchrern<\/a>:<a href=\"\/wp-content\/uploads\/2018\/10\/SluisMallemWachten.jpg\"><img loading=\"lazy\" decoding=\"async\" class=\"alignnone wp-image-7025\" style=\"width: 600px; height: 338px;\" src=\"\/wp-content\/uploads\/2018\/10\/SluisMallemWachten-1024x576.jpg\" alt=\"\" width=\"600\" height=\"338\" srcset=\"https:\/\/deberkel.info\/wp-content\/uploads\/2018\/10\/SluisMallemWachten-1024x576.jpg 1024w, https:\/\/deberkel.info\/wp-content\/uploads\/2018\/10\/SluisMallemWachten-300x169.jpg 300w, https:\/\/deberkel.info\/wp-content\/uploads\/2018\/10\/SluisMallemWachten-768x432.jpg 768w, https:\/\/deberkel.info\/wp-content\/uploads\/2018\/10\/SluisMallemWachten-500x281.jpg 500w, https:\/\/deberkel.info\/wp-content\/uploads\/2018\/10\/SluisMallemWachten.jpg 1500w\" sizes=\"auto, (max-width: 600px) 100vw, 600px\" \/><\/a><img loading=\"lazy\" decoding=\"async\" class=\"alignnone wp-image-7026\" style=\"width: 600px; height: 400px;\" src=\"\/wp-content\/uploads\/2018\/10\/SluisMallemUitvaart.jpg\" alt=\"\" width=\"600\" height=\"400\" srcset=\"https:\/\/deberkel.info\/wp-content\/uploads\/2018\/10\/SluisMallemUitvaart.jpg 1500w, https:\/\/deberkel.info\/wp-content\/uploads\/2018\/10\/SluisMallemUitvaart-300x200.jpg 300w, https:\/\/deberkel.info\/wp-content\/uploads\/2018\/10\/SluisMallemUitvaart-768x512.jpg 768w, https:\/\/deberkel.info\/wp-content\/uploads\/2018\/10\/SluisMallemUitvaart-1024x683.jpg 1024w, https:\/\/deberkel.info\/wp-content\/uploads\/2018\/10\/SluisMallemUitvaart-450x300.jpg 450w\" sizes=\"auto, (max-width: 600px) 100vw, 600px\" \/><\/p>\n<h2><a href=\"#top\"><img loading=\"lazy\" decoding=\"async\" class=\"alignright wp-image-4253\" style=\"border-style: none; width: 30px; height: 29px;\" src=\"\/wp-content\/uploads\/2018\/04\/PijlOmhoog2.png\" alt=\"Top\" width=\"30\" height=\"29\"><\/a><a id=\"\u00dcbernachten\"><\/a>\u00dcbernachten \/ Gep\u00e4ck<\/h2>\n<p>Von Samstag bis Sonntag kan \u00fcbernachtet werden in Borculo in <a href=\"https:\/\/www.google.nl\/maps\/place\/Zompeloze+Jappe\/@52.1175977,6.514262,17z\/data=!4m12!1m6!3m5!1s0x47c78a6cd69ef359:0x7367c2c7a8924415!2sZompeloze+Jappe!8m2!3d52.1175944!4d6.5164507!3m4!1s0x47c78a6cd69ef359:0x7367c2c7a8924415!8m2!3d52.1175944!4d6.5164507\" target=\"_blank\" rel=\"noopener noreferrer\">die &#8218;Zompenloze&#8216;<\/a> \u00f3der mann kan zelten bei der &#8218;Zompenloze&#8216; im Rasen.<br \/>\nDaf\u00fcr gibt es einmalige Genehmigung von Gemeinde Berkelland f\u00fcr 1 Nacht.<\/p>\n<p>Von Freitag auf Samstag kann gezeltet werden bij <a href=\"https:\/\/fietsenkanoverhuur.nl\/de\/\" target=\"_blank\" rel=\"noopener\">Fahrrad- und Kanuverleih ten Brinke<\/a> in Rekken. Das ist am Start wenn wir starten ab der Grenze und nahe zu Ellewick wenn da gestartet wird.<\/p>\n<p>Schlafsachen selber mitbringen, besser nicht im Boot wegen umsteigen.<br \/>\nBus f\u00fcr Gep\u00e4ck Transport ist verf\u00fcgbar, \u00e1ber (besser) Gep\u00e4ck kann auch abgegeben werden in der Zompenloze am Samstagmorgen ab 7:45 (unterwegs zum Start oder wenn ein evtl. 2. Auto da geparkt wird).<\/p>\n<p>Am Samstagabend gibt es ein B\u00fcffet&nbsp;(mit gem\u00fctlichem Abend) im &#8218;Zompenloze&#8216; wozu mann sich anmelden kann bei der Registrierung.<\/p>\n<p><strong>Nach dem Buffet gibt es dieses Jahr eine Pr\u00e4sentation mit Naturfotos von Tieren entlang der Berkel von <a href=\"https:\/\/www.michielschaap.nl\/\" target=\"_blank\" rel=\"noopener\">Michiel Schaap<\/a>.<\/strong><br \/>\nSehr sch\u00f6ne Bilder, wie zum Beispiel das folgende:<\/p>\n<div id=\"attachment_20070\" style=\"width: 610px\" class=\"wp-caption alignnone\"><a href=\"https:\/\/deberkel.info\/wp-content\/uploads\/2026\/02\/MichielSchaapWaterNatuurDubbel-600x322-1.jpg\" target=\"_blank\" rel=\"noopener\"><img loading=\"lazy\" decoding=\"async\" aria-describedby=\"caption-attachment-20070\" class=\"wp-image-20070 size-full\" src=\"https:\/\/deberkel.info\/wp-content\/uploads\/2026\/02\/MichielSchaapWaterNatuurDubbel-600x322-1.jpg\" alt=\"\" width=\"600\" height=\"322\" srcset=\"https:\/\/deberkel.info\/wp-content\/uploads\/2026\/02\/MichielSchaapWaterNatuurDubbel-600x322-1.jpg 600w, https:\/\/deberkel.info\/wp-content\/uploads\/2026\/02\/MichielSchaapWaterNatuurDubbel-600x322-1-300x161.jpg 300w, https:\/\/deberkel.info\/wp-content\/uploads\/2026\/02\/MichielSchaapWaterNatuurDubbel-600x322-1-500x268.jpg 500w\" sizes=\"auto, (max-width: 600px) 100vw, 600px\" \/><\/a><p id=\"caption-attachment-20070\" class=\"wp-caption-text\">Fotos Michiel Schaap<\/p><\/div>\n<p>&nbsp;<\/p>\n<p>Am Sonntagmorgen gibt es ein Fr\u00fchst\u00fccksb\u00fcffet. Auch daf\u00fcr kann mann&nbsp;sich anmelden bij der Registrierung.<br \/>\n<a href=\"\/wp-content\/uploads\/2018\/04\/201708131627-P1080286-e1523729784862.jpg\"><img loading=\"lazy\" decoding=\"async\" class=\"alignnone wp-image-768\" style=\"width: 600px; height: 286px;\" src=\"\/wp-content\/uploads\/2018\/04\/201708131627-P1080286-e1523729784862-1024x489.jpg\" alt=\"\" width=\"600\" height=\"286\" srcset=\"https:\/\/deberkel.info\/wp-content\/uploads\/2018\/04\/201708131627-P1080286-e1523729784862-1024x489.jpg 1024w, https:\/\/deberkel.info\/wp-content\/uploads\/2018\/04\/201708131627-P1080286-e1523729784862-300x143.jpg 300w, https:\/\/deberkel.info\/wp-content\/uploads\/2018\/04\/201708131627-P1080286-e1523729784862-768x367.jpg 768w, https:\/\/deberkel.info\/wp-content\/uploads\/2018\/04\/201708131627-P1080286-e1523729784862-500x239.jpg 500w\" sizes=\"auto, (max-width: 600px) 100vw, 600px\" \/><\/a><\/p>\n<h2><a href=\"#top\"><img loading=\"lazy\" decoding=\"async\" class=\"alignright wp-image-4253\" style=\"border-style: none; width: 30px; height: 29px;\" src=\"\/wp-content\/uploads\/2018\/04\/PijlOmhoog2.png\" alt=\"Top\" width=\"30\" height=\"29\"><\/a><a id=\"kanuleihen\"><\/a>Kanu leihen<\/h2>\n<p>Die meiste Teilnehmer sind erfaren Kanufahrer die fahren mit eigenem Bot.<br \/>\nAber f\u00fcr wehr das nicht hat gibt es die M\u00f6glichkeit zu leihen bei <a href=\"https:\/\/fietsenkanoverhuur.nl\/de\" target=\"_blank\" rel=\"noopener\">Fahrrad- und Kanuverleih ten Brinke<\/a> in Rekken.<br \/>\nTen Brinke k\u00fcmmert sich auch um das Transport des Bots zum Start in Ellewick und ab Ziel in Zutphen (oder Borculo) wieder zur\u00fcck.<\/p>\n<p><a href=\"https:\/\/deberkel.info\/wp-content\/uploads\/2024\/07\/20220827_085042-600x338-1.jpg\"><img loading=\"lazy\" decoding=\"async\" class=\"alignnone size-full wp-image-18535\" style=\"width: 600px; height: 338px;\" src=\"https:\/\/deberkel.info\/wp-content\/uploads\/2024\/07\/20220827_085042-600x338-1.jpg\" alt=\"\" width=\"600\" height=\"338\" srcset=\"https:\/\/deberkel.info\/wp-content\/uploads\/2024\/07\/20220827_085042-600x338-1.jpg 600w, https:\/\/deberkel.info\/wp-content\/uploads\/2024\/07\/20220827_085042-600x338-1-300x169.jpg 300w, https:\/\/deberkel.info\/wp-content\/uploads\/2024\/07\/20220827_085042-600x338-1-500x282.jpg 500w\" sizes=\"auto, (max-width: 600px) 100vw, 600px\" \/><\/a><\/p>\n<h2><a href=\"#top\"><img loading=\"lazy\" decoding=\"async\" class=\"alignright wp-image-4253\" style=\"border-style: none; width: 30px; height: 29px;\" src=\"\/wp-content\/uploads\/2018\/04\/PijlOmhoog2.png\" alt=\"Top\" width=\"30\" height=\"29\"><\/a><a id=\"Pendelen\"><\/a>Pendeln Chauffeure<\/h2>\n<p>Weil Start und Ziel an eine andere Stelle sind wird das Auto das benutzt wird um zur Start zu fahren da also zur\u00fcckbleiben.<br \/>\nDas kann am einfachsten gel\u00f6st werden wenn ein 2. Auto in Borculo bei der Zompenloze geparkt wird die am Samstagnachmittag benutzt werden kann, zuerst zum Start zu fahren und dann mit beiden Autos nach &#8218;de Rijkenhage&#8216; in Zutphen wo das eine Auto dann wieder zur\u00fcck gelassen werden kann.<br \/>\nDann wieder nach Borculo wo das Buffetfest dann anfangen kann.<\/p>\n<p>Dies kann auch via die Organisation geregelt werden.<br \/>\nF\u00fcr die die das selber nicht regeln k\u00f6nnen oder wollen.<br \/>\nAuf dem Anmeldeformular gibt es eine Option f\u00fcr Transport mit der Organisation von Borculo zum Start und dann von Zutphen wieder nach Borculo.<br \/>\n<em>Buche das im Voraus. Wir m\u00fcssen das vorab regeln<\/em>.<\/p>\n<h2><a href=\"#top\"><img loading=\"lazy\" decoding=\"async\" class=\"alignright wp-image-4253\" style=\"border-style: none; width: 30px; height: 29px;\" src=\"\/wp-content\/uploads\/2018\/04\/PijlOmhoog2.png\" alt=\"Top\" width=\"30\" height=\"29\"><\/a><br \/>\n<a id=\"Kosten\"><\/a>Kosten<\/h2>\n<p>Das Anmeldegeb\u00fchr f\u00fcr die komplette Fahrt ist \u20ac 15,-<br \/>\nTeilnahme an nur einem Tag (nach Wahl) ist auch m\u00f6glich und kostet \u20ac 9,-<\/p>\n<p>Teilnahme am Chinesisches B\u00fcffet am Samstagabend kostet \u20ac 14,50 und am einfachen Sonntagsmorgen Fr\u00fchst\u00fccksb\u00fcffet \u20ac 12,00.<br \/>\nGetr\u00e4nke sind dabei&nbsp;auf eigene Rechnung.<\/p>\n<p>Die Option f\u00fcr pendeln Chauffeure am Samstagnachmittag kostet \u20ac 15.<\/p>\n<p>\u00dcbernachtung in oder bei der Zompenloze kostet \u20ac 2,50.<\/p>\n<h2><a id=\"Sponsoren\"><\/a>Unterst\u00fctzung&nbsp;Kanoshop.nl<\/h2>\n<p><a href=\"https:\/\/www.kanoshop.nl\/\" target=\"_blank\" rel=\"noopener\"><img loading=\"lazy\" decoding=\"async\" class=\"alignnone wp-image-15798 size-full\" src=\"https:\/\/deberkel.info\/wp-content\/uploads\/2022\/07\/Kanoshop-e1657270335279.png\" alt=\"\" width=\"400\" height=\"140\"><\/a><\/p>\n<p>Die letzte Jahre unterst\u00fctzt <a href=\"https:\/\/www.kanoshop.nl\/\" target=\"_blank\" rel=\"noopener\">Kanoshop.nl<\/a> (Kanuladen und Webshop) die Berkel Kanurallye immer mit einer sch\u00f6nen Aktion.<\/p>\n<p>Zudem erhalten wir finanzielle Unterst\u00fctzung von der <a href=\"https:\/\/fonds2013.nl\/\" target=\"_blank\" rel=\"noopener\">&#8218;Stichting Fonds 2013&#8216;<\/a>&nbsp;aus Borculo.<\/p>\n<p>Au\u00dferdem erhalten wir jedes Jahr einen gro\u00dfz\u00fcgigen Beitrag von der Rabobank \u00fcber <a href=\"https:\/\/www.rabobank.nl\/leden\/clubsupport\" target=\"_blank\" rel=\"noopener\">Rabo Clubsupport<\/a>.<\/p>\n<p>Auch gibt es finanzielle Unterst\u00fctzung von &#8218;<em><strong>Stichting Fonds voormalig Mortuarium Borculo<\/strong><\/em>&#8218; aus Borculo.<\/p>\n<h2><a href=\"#top\"><img loading=\"lazy\" decoding=\"async\" class=\"alignright wp-image-4253\" style=\"border-style: none; width: 30px; height: 29px;\" src=\"\/wp-content\/uploads\/2018\/04\/PijlOmhoog2.png\" alt=\"Top\" width=\"30\" height=\"29\"><\/a><a id=\"Information und anmelden\"><\/a>Information und ANMELDEN<\/h2>\n<p>Mehr Information kann bekommen werden via eine E-mail an <a href=\"mailto:berkelkanurallye@dieberkel.info\">berkelkanurallye@dieberkel.info<\/a>.<\/p>\n<p><a href=\"https:\/\/inschrijven.nl\/form\/2022082750787-de\" target=\"_blank\" rel=\"noopener\"><img loading=\"lazy\" decoding=\"async\" class=\"alignnone wp-image-11487\" style=\"width: 600px; height: 320px;\" src=\"\/wp-content\/uploads\/2020\/01\/2020-Anmeldeformular-749x400-1.jpg\" alt=\"\" width=\"600\" height=\"320\" srcset=\"https:\/\/deberkel.info\/wp-content\/uploads\/2020\/01\/2020-Anmeldeformular-749x400-1.jpg 749w, https:\/\/deberkel.info\/wp-content\/uploads\/2020\/01\/2020-Anmeldeformular-749x400-1-300x160.jpg 300w, https:\/\/deberkel.info\/wp-content\/uploads\/2020\/01\/2020-Anmeldeformular-749x400-1-500x267.jpg 500w\" sizes=\"auto, (max-width: 600px) 100vw, 600px\" \/><\/a><\/p>\n<p><strong><em>Anmeldung noch nicht ge\u00f6ffnet<\/em><\/strong>: <del>clicke hier f\u00fcr das Anmeldeformular<\/del>.<br \/>\nAnmelden ist m\u00f6glich bis 6. September 2026, <strong>so lange das Maximum von 70 Teilnehmern nicht erreicht ist<\/strong>.<\/p>\n<p>Auf dem Formular k\u00f6nnen alle verf\u00fcgbare Optionen gew\u00e4hlt werden und dann wird die zu zahlen Summe automatisch berechnet.<br \/>\nDas kann dann online bezahlt werden.<\/p>\n<p>Algemeine Bedingungen f\u00fcr Teilnahme an der Berkelkanuralley findet man&nbsp;<a href=\"\/de\/bedingungen-datenschutz-berkel-kanorally\/\">hier<\/a>.<br \/>\n<em>Die Organisation verpflichtet die Benutzung einer&nbsp;Schwimmweste und das mitnehmen von trockener Kleidung im Kanu.<\/em><\/p>\n<hr>\n<p>&nbsp;<\/p>\n<\/div>\n","protected":false},"excerpt":{"rendered":"<p>&nbsp; Seite Index mit allen Fahrt Themen hier Die Berkel verbindet: wir fahren mit Teilnehmern aus Deutschland und den Niederlanden eine sch\u00f6ne und gem\u00fctliche, aber auch anspruchsvolle Kanutour \u00fcber die Berkel von Deutschland in den Niederlanden. Die 3. Berkelkompanie organisiert &hellip; <a href=\"https:\/\/deberkel.info\/de\/berkelkanurallye\/\">Weiterlesen <span class=\"meta-nav\">&rarr;<\/span><\/a><\/p>\n","protected":false},"author":1,"featured_media":11485,"parent":0,"menu_order":0,"comment_status":"closed","ping_status":"closed","template":"sidebar-page.php","meta":{"_exactmetrics_skip_tracking":false,"_exactmetrics_sitenote_active":false,"_exactmetrics_sitenote_note":"","_exactmetrics_sitenote_category":0,"ngg_post_thumbnail":0,"_locale":"de_DE","_original_post":"131","footnotes":"","_links_to":"","_links_to_target":""},"class_list":["post-868","page","type-page","status-publish","has-post-thumbnail","hentry","de-DE"],"yoast_head":"<!-- This site is optimized with the Yoast SEO plugin v27.5 - https:\/\/yoast.com\/product\/yoast-seo-wordpress\/ -->\n<title>Berkel Kanurallye - Berkel Info<\/title>\n<meta name=\"description\" content=\"Gem\u00fctliche 2-t\u00e4gige grenz\u00fcberschreitende Tour Kanufahrt \u00fcber die Berkel mit Teilnehmer aus Deutschland und den Niederlanden im Berkelfestival Wochenende am 22.\/23. August 2020. 1 Tag mitfahren geht auch. Mit sch\u00f6nen alten Berkelzweigen dabei wie bei der Mallumse M\u00fchle mit Schleuse mit spezieller Genehmigung.\" \/>\n<meta name=\"robots\" content=\"index, follow, max-snippet:-1, max-image-preview:large, max-video-preview:-1\" \/>\n<link rel=\"canonical\" href=\"https:\/\/deberkel.info\/de\/berkelkanurallye\/\" \/>\n<meta property=\"og:locale\" content=\"de_DE\" \/>\n<meta property=\"og:type\" content=\"article\" \/>\n<meta property=\"og:title\" content=\"Berkel Kanurallye - Berkel Info\" \/>\n<meta property=\"og:description\" content=\"Gem\u00fctliche 2-t\u00e4gige grenz\u00fcberschreitende Tour Kanufahrt \u00fcber die Berkel mit Teilnehmer aus Deutschland und den Niederlanden im Berkelfestival Wochenende am 22.\/23. August 2020. 1 Tag mitfahren geht auch. Mit sch\u00f6nen alten Berkelzweigen dabei wie bei der Mallumse M\u00fchle mit Schleuse mit spezieller Genehmigung.\" \/>\n<meta property=\"og:url\" content=\"https:\/\/deberkel.info\/de\/berkelkanurallye\/\" \/>\n<meta property=\"og:site_name\" content=\"Berkel Info\" \/>\n<meta property=\"article:modified_time\" content=\"2026-04-28T08:31:07+00:00\" \/>\n<meta property=\"og:image\" content=\"https:\/\/deberkel.info\/wp-content\/uploads\/2020\/01\/2019Start-700x400-1.jpg\" \/>\n\t<meta property=\"og:image:width\" content=\"700\" \/>\n\t<meta property=\"og:image:height\" content=\"400\" \/>\n\t<meta property=\"og:image:type\" content=\"image\/jpeg\" \/>\n<meta name=\"twitter:card\" content=\"summary_large_image\" \/>\n<meta name=\"twitter:label1\" content=\"Gesch\u00e4tzte Lesezeit\" \/>\n\t<meta name=\"twitter:data1\" content=\"15\u00a0Minuten\" \/>\n<script type=\"application\/ld+json\" class=\"yoast-schema-graph\">{\"@context\":\"https:\\\/\\\/schema.org\",\"@graph\":[{\"@type\":\"WebPage\",\"@id\":\"https:\\\/\\\/deberkel.info\\\/de\\\/berkelkanurallye\\\/\",\"url\":\"https:\\\/\\\/deberkel.info\\\/de\\\/berkelkanurallye\\\/\",\"name\":\"Berkel Kanurallye - Berkel Info\",\"isPartOf\":{\"@id\":\"https:\\\/\\\/deberkel.info\\\/#website\"},\"primaryImageOfPage\":{\"@id\":\"https:\\\/\\\/deberkel.info\\\/de\\\/berkelkanurallye\\\/#primaryimage\"},\"image\":{\"@id\":\"https:\\\/\\\/deberkel.info\\\/de\\\/berkelkanurallye\\\/#primaryimage\"},\"thumbnailUrl\":\"https:\\\/\\\/deberkel.info\\\/wp-content\\\/uploads\\\/2020\\\/01\\\/2019Start-700x400-1.jpg\",\"datePublished\":\"2018-04-01T16:28:44+00:00\",\"dateModified\":\"2026-04-28T08:31:07+00:00\",\"description\":\"Gem\u00fctliche 2-t\u00e4gige grenz\u00fcberschreitende Tour Kanufahrt \u00fcber die Berkel mit Teilnehmer aus Deutschland und den Niederlanden im Berkelfestival Wochenende am 22.\\\/23. August 2020. 1 Tag mitfahren geht auch. Mit sch\u00f6nen alten Berkelzweigen dabei wie bei der Mallumse M\u00fchle mit Schleuse mit spezieller Genehmigung.\",\"breadcrumb\":{\"@id\":\"https:\\\/\\\/deberkel.info\\\/de\\\/berkelkanurallye\\\/#breadcrumb\"},\"inLanguage\":\"de\",\"potentialAction\":[{\"@type\":\"ReadAction\",\"target\":[\"https:\\\/\\\/deberkel.info\\\/de\\\/berkelkanurallye\\\/\"]}]},{\"@type\":\"ImageObject\",\"inLanguage\":\"de\",\"@id\":\"https:\\\/\\\/deberkel.info\\\/de\\\/berkelkanurallye\\\/#primaryimage\",\"url\":\"https:\\\/\\\/deberkel.info\\\/wp-content\\\/uploads\\\/2020\\\/01\\\/2019Start-700x400-1.jpg\",\"contentUrl\":\"https:\\\/\\\/deberkel.info\\\/wp-content\\\/uploads\\\/2020\\\/01\\\/2019Start-700x400-1.jpg\",\"width\":700,\"height\":400},{\"@type\":\"BreadcrumbList\",\"@id\":\"https:\\\/\\\/deberkel.info\\\/de\\\/berkelkanurallye\\\/#breadcrumb\",\"itemListElement\":[{\"@type\":\"ListItem\",\"position\":1,\"name\":\"Home\",\"item\":\"https:\\\/\\\/deberkel.info\\\/de\\\/\"},{\"@type\":\"ListItem\",\"position\":2,\"name\":\"Berkel Kanurallye\"}]},{\"@type\":\"WebSite\",\"@id\":\"https:\\\/\\\/deberkel.info\\\/#website\",\"url\":\"https:\\\/\\\/deberkel.info\\\/\",\"name\":\"Berkel Info\",\"description\":\"Alles over de Berkel en het Berkeldal, van Billerbeck tot Zutphen\",\"potentialAction\":[{\"@type\":\"SearchAction\",\"target\":{\"@type\":\"EntryPoint\",\"urlTemplate\":\"https:\\\/\\\/deberkel.info\\\/?s={search_term_string}\"},\"query-input\":{\"@type\":\"PropertyValueSpecification\",\"valueRequired\":true,\"valueName\":\"search_term_string\"}}],\"inLanguage\":\"de\"}]}<\/script>\n<!-- \/ Yoast SEO plugin. -->","yoast_head_json":{"title":"Berkel Kanurallye - Berkel Info","description":"Gem\u00fctliche 2-t\u00e4gige grenz\u00fcberschreitende Tour Kanufahrt \u00fcber die Berkel mit Teilnehmer aus Deutschland und den Niederlanden im Berkelfestival Wochenende am 22.\/23. August 2020. 1 Tag mitfahren geht auch. Mit sch\u00f6nen alten Berkelzweigen dabei wie bei der Mallumse M\u00fchle mit Schleuse mit spezieller Genehmigung.","robots":{"index":"index","follow":"follow","max-snippet":"max-snippet:-1","max-image-preview":"max-image-preview:large","max-video-preview":"max-video-preview:-1"},"canonical":"https:\/\/deberkel.info\/de\/berkelkanurallye\/","og_locale":"de_DE","og_type":"article","og_title":"Berkel Kanurallye - Berkel Info","og_description":"Gem\u00fctliche 2-t\u00e4gige grenz\u00fcberschreitende Tour Kanufahrt \u00fcber die Berkel mit Teilnehmer aus Deutschland und den Niederlanden im Berkelfestival Wochenende am 22.\/23. August 2020. 1 Tag mitfahren geht auch. Mit sch\u00f6nen alten Berkelzweigen dabei wie bei der Mallumse M\u00fchle mit Schleuse mit spezieller Genehmigung.","og_url":"https:\/\/deberkel.info\/de\/berkelkanurallye\/","og_site_name":"Berkel Info","article_modified_time":"2026-04-28T08:31:07+00:00","og_image":[{"width":700,"height":400,"url":"https:\/\/deberkel.info\/wp-content\/uploads\/2020\/01\/2019Start-700x400-1.jpg","type":"image\/jpeg"}],"twitter_card":"summary_large_image","twitter_misc":{"Gesch\u00e4tzte Lesezeit":"15\u00a0Minuten"},"schema":{"@context":"https:\/\/schema.org","@graph":[{"@type":"WebPage","@id":"https:\/\/deberkel.info\/de\/berkelkanurallye\/","url":"https:\/\/deberkel.info\/de\/berkelkanurallye\/","name":"Berkel Kanurallye - Berkel Info","isPartOf":{"@id":"https:\/\/deberkel.info\/#website"},"primaryImageOfPage":{"@id":"https:\/\/deberkel.info\/de\/berkelkanurallye\/#primaryimage"},"image":{"@id":"https:\/\/deberkel.info\/de\/berkelkanurallye\/#primaryimage"},"thumbnailUrl":"https:\/\/deberkel.info\/wp-content\/uploads\/2020\/01\/2019Start-700x400-1.jpg","datePublished":"2018-04-01T16:28:44+00:00","dateModified":"2026-04-28T08:31:07+00:00","description":"Gem\u00fctliche 2-t\u00e4gige grenz\u00fcberschreitende Tour Kanufahrt \u00fcber die Berkel mit Teilnehmer aus Deutschland und den Niederlanden im Berkelfestival Wochenende am 22.\/23. August 2020. 1 Tag mitfahren geht auch. Mit sch\u00f6nen alten Berkelzweigen dabei wie bei der Mallumse M\u00fchle mit Schleuse mit spezieller Genehmigung.","breadcrumb":{"@id":"https:\/\/deberkel.info\/de\/berkelkanurallye\/#breadcrumb"},"inLanguage":"de","potentialAction":[{"@type":"ReadAction","target":["https:\/\/deberkel.info\/de\/berkelkanurallye\/"]}]},{"@type":"ImageObject","inLanguage":"de","@id":"https:\/\/deberkel.info\/de\/berkelkanurallye\/#primaryimage","url":"https:\/\/deberkel.info\/wp-content\/uploads\/2020\/01\/2019Start-700x400-1.jpg","contentUrl":"https:\/\/deberkel.info\/wp-content\/uploads\/2020\/01\/2019Start-700x400-1.jpg","width":700,"height":400},{"@type":"BreadcrumbList","@id":"https:\/\/deberkel.info\/de\/berkelkanurallye\/#breadcrumb","itemListElement":[{"@type":"ListItem","position":1,"name":"Home","item":"https:\/\/deberkel.info\/de\/"},{"@type":"ListItem","position":2,"name":"Berkel Kanurallye"}]},{"@type":"WebSite","@id":"https:\/\/deberkel.info\/#website","url":"https:\/\/deberkel.info\/","name":"Berkel Info","description":"Alles over de Berkel en het Berkeldal, van Billerbeck tot Zutphen","potentialAction":[{"@type":"SearchAction","target":{"@type":"EntryPoint","urlTemplate":"https:\/\/deberkel.info\/?s={search_term_string}"},"query-input":{"@type":"PropertyValueSpecification","valueRequired":true,"valueName":"search_term_string"}}],"inLanguage":"de"}]}},"rttpg_featured_image_url":{"full":["https:\/\/deberkel.info\/wp-content\/uploads\/2020\/01\/2019Start-700x400-1.jpg",700,400,false],"landscape":["https:\/\/deberkel.info\/wp-content\/uploads\/2020\/01\/2019Start-700x400-1.jpg",700,400,false],"portraits":["https:\/\/deberkel.info\/wp-content\/uploads\/2020\/01\/2019Start-700x400-1.jpg",700,400,false],"thumbnail":["https:\/\/deberkel.info\/wp-content\/uploads\/2020\/01\/2019Start-700x400-1-150x150.jpg",150,150,true],"medium":["https:\/\/deberkel.info\/wp-content\/uploads\/2020\/01\/2019Start-700x400-1-300x171.jpg",300,171,true],"large":["https:\/\/deberkel.info\/wp-content\/uploads\/2020\/01\/2019Start-700x400-1.jpg",584,334,false],"1536x1536":["https:\/\/deberkel.info\/wp-content\/uploads\/2020\/01\/2019Start-700x400-1.jpg",700,400,false],"2048x2048":["https:\/\/deberkel.info\/wp-content\/uploads\/2020\/01\/2019Start-700x400-1.jpg",700,400,false],"post-thumbnail":["https:\/\/deberkel.info\/wp-content\/uploads\/2020\/01\/2019Start-700x400-1-700x288.jpg",700,288,true],"large-feature":["https:\/\/deberkel.info\/wp-content\/uploads\/2020\/01\/2019Start-700x400-1-700x288.jpg",700,288,true],"small-feature":["https:\/\/deberkel.info\/wp-content\/uploads\/2020\/01\/2019Start-700x400-1-500x286.jpg",500,286,true]},"rttpg_author":{"display_name":"berkelcompagnie","author_link":"https:\/\/deberkel.info\/author\/berkelcompagnie\/"},"rttpg_comment":0,"rttpg_category":null,"rttpg_excerpt":"&nbsp; Seite Index mit allen Fahrt Themen hier Die Berkel verbindet: wir fahren mit Teilnehmern aus Deutschland und den Niederlanden eine sch\u00f6ne und gem\u00fctliche, aber auch anspruchsvolle Kanutour \u00fcber die Berkel von Deutschland in den Niederlanden. Die 3. Berkelkompanie organisiert &hellip; Weiterlesen &rarr;","_links":{"self":[{"href":"https:\/\/deberkel.info\/wp-json\/wp\/v2\/pages\/868","targetHints":{"allow":["GET"]}}],"collection":[{"href":"https:\/\/deberkel.info\/wp-json\/wp\/v2\/pages"}],"about":[{"href":"https:\/\/deberkel.info\/wp-json\/wp\/v2\/types\/page"}],"author":[{"embeddable":true,"href":"https:\/\/deberkel.info\/wp-json\/wp\/v2\/users\/1"}],"replies":[{"embeddable":true,"href":"https:\/\/deberkel.info\/wp-json\/wp\/v2\/comments?post=868"}],"version-history":[{"count":340,"href":"https:\/\/deberkel.info\/wp-json\/wp\/v2\/pages\/868\/revisions"}],"predecessor-version":[{"id":20168,"href":"https:\/\/deberkel.info\/wp-json\/wp\/v2\/pages\/868\/revisions\/20168"}],"wp:featuredmedia":[{"embeddable":true,"href":"https:\/\/deberkel.info\/wp-json\/wp\/v2\/media\/11485"}],"wp:attachment":[{"href":"https:\/\/deberkel.info\/wp-json\/wp\/v2\/media?parent=868"}],"curies":[{"name":"wp","href":"https:\/\/api.w.org\/{rel}","templated":true}]}}