{"id":9092,"date":"2019-02-11T22:24:52","date_gmt":"2019-02-11T22:24:52","guid":{"rendered":"http:\/\/deberkel.info\/?page_id=9092"},"modified":"2024-02-05T15:18:45","modified_gmt":"2024-02-05T14:18:45","slug":"berkeltal-neuigkeiten","status":"publish","type":"page","link":"https:\/\/deberkel.info\/","title":{"rendered":"Die Berkel und das Berkeltal"},"content":{"rendered":"<p><b><i style=\"font-size: 120%;\">Aktuelle Berkeltal Neuigkeiten <a href=\"#berkeldalnieuws\">hierunter!<\/a><\/i><\/b><\/p>\n<p>Die Berkel ist ein Flu\u00df der entspringt bei Billerbeck in die Baumberge, im West M\u00fcnsterland, und via die Achterhoek nach 115 km m\u00fcndet in die IJssel bei Zutphen.<br \/>\n2 L\u00e4nder und St\u00e4dter und D\u00f6rfer werden so mit einander verbunden.<\/p>\n<p><a href=\"https:\/\/deberkel.info\/wp-content\/uploads\/2018\/03\/Berkel.jpg\"><img loading=\"lazy\" decoding=\"async\" class=\"alignleft wp-image-51\" style=\"width: 500px; heigth: 345px;\" src=\"https:\/\/deberkel.info\/wp-content\/uploads\/2018\/03\/Berkel.jpg\" alt=\"\" width=\"500\" height=\"345\" srcset=\"https:\/\/deberkel.info\/wp-content\/uploads\/2018\/03\/Berkel.jpg 634w, https:\/\/deberkel.info\/wp-content\/uploads\/2018\/03\/Berkel-300x207.jpg 300w\" sizes=\"auto, (max-width: 500px) 100vw, 500px\" \/><\/a><\/p>\n<p>&nbsp;<\/p>\n<p>&nbsp;<\/p>\n<p>&nbsp;<\/p>\n<p>&nbsp;<\/p>\n<p>&nbsp;<\/p>\n<p>&nbsp;<\/p>\n<p>&nbsp;<\/p>\n<p>&nbsp;<\/p>\n<p>Auf dieser Webseite Information \u00fcber die Berkel und das Berkeltal,<br \/>\nBerkelprozesse, Berkelprojekte (realisiert \u00fand geplant)<br \/>\nund Organisationen die sich besch\u00e4ftigen mit der Berkel und der Verbesserung der Berkel.<br \/>\nLese <a href=\"\/de\/willkommen-auf-der-webseite-ueber-dem-berkelfluss\">hier<\/a> mehr dar\u00fcber.<\/p>\n<h2><a id=\"berkeldalnieuws\"><\/a>Letzte Neuigkeiten<\/h2>\n<style type='text\/css' media='all'>#rt-tpg-container-164248610 .rt-holder .rt-woo-info .price{color:#000000;}body .rt-tpg-container .rt-tpg-isotope-buttons .selected,\n\t\t\t\t\t#rt-tpg-container-164248610 .layout12 .rt-holder:hover .rt-detail,\n\t\t\t\t\t#rt-tpg-container-164248610 .isotope8 .rt-holder:hover .rt-detail,\n\t\t\t\t\t#rt-tpg-container-164248610 .carousel8 .rt-holder:hover .rt-detail,\n\t\t\t\t\t#rt-tpg-container-164248610 .layout13 .rt-holder .overlay .post-info,\n\t\t\t\t\t#rt-tpg-container-164248610 .isotope9 .rt-holder .overlay .post-info,\n\t\t\t\t\t#rt-tpg-container-164248610.rt-tpg-container .layout4 .rt-holder .rt-detail,\n\t\t\t\t\t.rt-modal-164248610 .md-content,\n\t\t\t\t\t.rt-modal-164248610 .md-content > .rt-md-content-holder .rt-md-content,\n\t\t\t\t\t.rt-popup-wrap-164248610.rt-popup-wrap .rt-popup-navigation-wrap,\n\t\t\t\t\t#rt-tpg-container-164248610 .carousel9 .rt-holder .overlay .post-info{background-color:#000000;}#rt-tpg-container-164248610 .layout5 .rt-holder .overlay, #rt-tpg-container-164248610 .isotope2 .rt-holder .overlay, #rt-tpg-container-164248610 .carousel2 .rt-holder .overlay,#rt-tpg-container-164248610 .layout15 .rt-holder h3, #rt-tpg-container-164248610 .isotope11 .rt-holder h3, #rt-tpg-container-164248610 .carousel11 .rt-holder h3, #rt-tpg-container-164248610 .layout16 .rt-holder h3,\n\t\t\t\t\t#rt-tpg-container-164248610 .isotope12 .rt-holder h3, #rt-tpg-container-164248610 .carousel12 .rt-holder h3 {background-color:rgba(0,0,0,0.8);}#rt-tpg-container-164248610 .pagination-list li a,\n\t\t\t\t\trt-tpg-container-164248610 .pagination-list li span,\n\t\t\t\t\trt-tpg-container-164248610 .pagination li a,\n\t\t\t\t\t#rt-tpg-container-164248610 .rt-tpg-isotope-buttons button,\n\t\t\t\t\t#rt-tpg-container-164248610 .rt-tpg-utility .rt-tpg-load-more button,\n\t\t\t\t\t#rt-tpg-container-164248610.rt-tpg-container .swiper-navigation .slider-btn,\n\t\t\t\t\t#rt-tpg-container-164248610.rt-tpg-container .swiper-pagination-bullet,\n\t\t\t\t\t#rt-tpg-container-164248610 .wc1 .rt-holder .rt-img-holder .overlay .product-more ul li a,\n\t\t\t\t\t#rt-tpg-container-164248610 .wc2 .rt-detail .rt-wc-add-to-cart,\n\t\t\t\t\t#rt-tpg-container-164248610 .wc3 .rt-detail .rt-wc-add-to-cart,\n\t\t\t\t\t#rt-tpg-container-164248610 .wc4 .rt-detail .rt-wc-add-to-cart,\n\t\t\t\t\t#rt-tpg-container-164248610 .wc-carousel2 .rt-detail .rt-wc-add-to-cart,\n\t\t\t\t\t#rt-tpg-container-164248610 .wc-isotope2 .rt-detail .rt-wc-add-to-cart,\n\t\t\t\t\t#rt-tpg-container-164248610 .rt-layout-filter-container .rt-filter-wrap .rt-filter-item-wrap.rt-filter-dropdown-wrap .rt-filter-dropdown,\n\t\t\t\t\t#rt-tpg-container-164248610 .rt-layout-filter-container .rt-filter-sub-tax.sub-button-group .rt-filter-button-item,\n\t\t\t\t\t#rt-tpg-container-164248610.rt-tpg-container .rt-pagination-wrap .rt-page-numbers .paginationjs .paginationjs-pages ul li>a,\n\t\t\t\t\t#rt-tpg-container-164248610 .rt-filter-item-wrap.rt-filter-button-wrap span.rt-filter-button-item,\n\t\t\t\t\t#rt-tpg-container-164248610.rt-tpg-container .rt-pagination-wrap  .rt-loadmore-btn,\n\t\t\t\t\t#rt-tpg-container-164248610.rt-tpg-container .rt-pagination-wrap .rt-cb-page-prev-next > *,\n\t\t\t\t\t#rt-tpg-container-164248610 .rt-read-more,\n\t\t\t\t\t#rt-tooltip-164248610, #rt-tooltip-164248610 .rt-tooltip-bottom:after{background-color:#000000;}#rt-tpg-container-164248610 .rt-filter-item-wrap.rt-filter-button-wrap span.rt-filter-button-item,\n\t\t\t\t\t#rt-tpg-container-164248610 .rt-layout-filter-container .rt-filter-sub-tax.sub-button-group .rt-filter-button-item{border-color:#000000;}#rt-tpg-container-164248610.rt-tpg-container .layout17 .rt-holder .overlay a.tpg-zoom .fa{color:#000000;}#rt-tpg-container-164248610 .rt-holder .read-more a {background-color:#000000;padding: 8px 15px;}#rt-tpg-container-164248610 .pagination-list li a,\n\t\t\t\t\t#rt-tpg-container-164248610 .pagination li a,\n\t\t\t\t\t#rt-tpg-container-164248610 .rt-tpg-isotope-buttons button,\n\t\t\t\t\t#rt-tpg-container-164248610 .rt-holder .read-more a,\n\t\t\t\t\t#rt-tpg-container-164248610 .rt-tpg-utility .rt-tpg-load-more button,\n\t\t\t\t\t#rt-tpg-container-164248610.rt-tpg-container .swiper-navigation .slider-btn,\n\t\t\t\t\t#rt-tpg-container-164248610 .wc1 .rt-holder .rt-img-holder .overlay .product-more ul li a,\n\t\t\t\t\t#rt-tpg-container-164248610 .edd1 .rt-holder .rt-img-holder .overlay .product-more ul li a,\n\t\t\t\t\t#rt-tpg-container-164248610 .wc2 .rt-detail .rt-wc-add-to-cart,\n\t\t\t\t\t#rt-tpg-container-164248610 .wc3 .rt-detail .rt-wc-add-to-cart,\n\t\t\t\t\t#rt-tpg-container-164248610 .edd2 .rt-detail .rt-wc-add-to-cart,\n\t\t\t\t\t#rt-tpg-container-164248610 .wc4 .rt-detail .rt-wc-add-to-cart,\n\t\t\t\t\t#rt-tpg-container-164248610 .edd3 .rt-detail .rt-wc-add-to-cart,\n\t\t\t\t\t#rt-tpg-container-164248610 .wc-carousel2 .rt-detail .rt-wc-add-to-cart,\n\t\t\t\t\t#rt-tpg-container-164248610 .wc-isotope2 .rt-detail .rt-wc-add-to-cart,\n\t\t\t\t\t#rt-tpg-container-164248610 .rt-tpg-utility .rt-tpg-load-more button,\n\t\t\t\t\t#rt-tooltip-164248610,\n\t\t\t\t\t#rt-tpg-container-164248610 .rt-filter-item-wrap.rt-filter-button-wrap span.rt-filter-button-item,\n\t\t\t\t\t#rt-tpg-container-164248610 .rt-layout-filter-container .rt-filter-sub-tax.sub-button-group .rt-filter-button-item,\n\t\t\t\t\t#rt-tpg-container-164248610 .rt-layout-filter-container .rt-filter-wrap .rt-filter-item-wrap.rt-sort-order-action,\n\t\t\t\t\t#rt-tpg-container-164248610 .rt-layout-filter-container .rt-filter-wrap .rt-filter-item-wrap.rt-filter-dropdown-wrap .rt-filter-dropdown .rt-filter-dropdown-item,\n\t\t\t\t\t#rt-tpg-container-164248610.rt-tpg-container .rt-pagination-wrap .rt-page-numbers .paginationjs .paginationjs-pages ul li>a,\n\t\t\t\t\t#rt-tpg-container-164248610.rt-tpg-container .rt-pagination-wrap .rt-cb-page-prev-next > *,\n\t\t\t\t\t#rt-tpg-container-164248610.rt-tpg-container .rt-pagination-wrap  .rt-loadmore-btn,\n\t\t\t\t\t#rt-tpg-container-164248610 .rt-read-more,\n\t\t\t\t\t#rt-tooltip-164248610 .rt-tooltip-bottom:after{color:#ffffff;}#rt-tpg-container-164248610 .read-more a{border-radius:px;}#rt-tpg-container-164248610 .rt-img-holder img.rt-img-responsive,#rt-tpg-container-164248610 .rt-img-holder,\n\t\t\t\t\t#rt-tpg-container-164248610 .rt-post-overlay .post-img,\n\t\t\t\t\t#rt-tpg-container-164248610 .post-sm .post-img,\n\t\t\t\t\t#rt-tpg-container-164248610 .rt-post-grid .post-img,\n\t\t\t\t\t#rt-tpg-container-164248610 .post-img img {border-radius:px;}#rt-tpg-container-164248610 .layout1 .rt-holder h2.entry-title,\n\t\t\t\t\t#rt-tpg-container-164248610 .layout1 .rt-holder h3.entry-title,\n\t\t\t\t\t#rt-tpg-container-164248610 .layout1 .rt-holder h4.entry-title,\n\t\t\t\t\t#rt-tpg-container-164248610 .layout1 .rt-holder h2.entry-title a,\n\t\t\t\t\t#rt-tpg-container-164248610 .layout1 .rt-holder h3.entry-title a,\n\t\t\t\t\t#rt-tpg-container-164248610 .layout1 .rt-holder h4.entry-title a,\n\t\t\t\t\t#rt-tpg-container-164248610 .rt-holder .rt-woo-info h2 a,\n\t\t\t\t\t#rt-tpg-container-164248610 .rt-holder .rt-woo-info h3 a,\n\t\t\t\t\t#rt-tpg-container-164248610 .rt-holder .rt-woo-info h4 a,\n\t\t\t\t\t#rt-tpg-container-164248610 .post-content .post-title,\n\t\t\t\t\t#rt-tpg-container-164248610 .rt-post-grid .post-title,\n\t\t\t\t\t#rt-tpg-container-164248610 .rt-post-grid .post-title a,\n\t\t\t\t\t#rt-tpg-container-164248610 .post-content .post-title a,\n\t\t\t\t\t#rt-tpg-container-164248610 .rt-holder .rt-woo-info h2,\n\t\t\t\t\t#rt-tpg-container-164248610 .rt-holder .rt-woo-info h3,\n\t\t\t\t\t#rt-tpg-container-164248610 .rt-holder .rt-woo-info h4{color:#ffffff;}<\/style><div class='rt-container-fluid rt-tpg-container tpg-shortcode-main-wrapper ' id='rt-tpg-container-164248610'   data-layout='layout1' data-grid-style='even' data-desktop-col='1'  data-tab-col='2'  data-mobile-col='1' data-sc-id='8878'><div data-title='Loading ...' class='rt-row rt-content-loader   layout1 tpg-even '><div class=\"rt-col-md-12 rt-col-sm-6 rt-col-xs-12 even-grid-item rt-grid-item\" data-id=\"20163\"><div class=\"rt-holder\"><div class=\"rt-img-holder\"><a data-id=\"20163\" class=\"\" href=\"https:\/\/deberkel.info\/de\/informationsblatt-berkeltal-wrij-juli-2026\/\"><img loading=\"lazy\" decoding=\"async\" width=\"600\" height=\"288\" src=\"https:\/\/deberkel.info\/wp-content\/uploads\/2026\/04\/wrij-ophaalbrug-velhorst-600x422-1-600x288.jpg\" class=\"rt-img-responsive \" alt=\"\" \/><\/a><\/div><div class='rt-detail'><h2 class=\"entry-title\"><a data-id=\"20163\" class=\"\" href=\"https:\/\/deberkel.info\/de\/informationsblatt-berkeltal-wrij-juli-2026\/\">Informationsblatt Berkeltal WRIJ, April 2026<\/a><\/h2><div class='post-meta-user  '><span class='date'><i class='far fa-calendar-alt '><\/i>2 April 2026<\/span><\/div><div class='tpg-excerpt'>\u201aWaterschap Rijn en IJssel\u2018 hat wieder ein Informationsblatt ver\u00f6ffentlicht f\u00fcr das Berkeltal: Version April 2026 <a href=\"https:\/\/deberkel.info\/de\/informationsblatt-berkeltal-wrij-juli-2026\/\">Weiterlesen &rarr;<\/a>...<\/div><div class='post-meta '><span class='read-more'><a data-id='20163' class='' href='https:\/\/deberkel.info\/de\/informationsblatt-berkeltal-wrij-juli-2026\/'>...<\/a><\/span><\/div><\/div><\/div><\/div><div class=\"rt-col-md-12 rt-col-sm-6 rt-col-xs-12 even-grid-item rt-grid-item\" data-id=\"20154\"><div class=\"rt-holder\"><div class=\"rt-img-holder\"><a data-id=\"20154\" class=\"\" href=\"\/de\/ausstellung-trinkbare-berkel\/#Almen\"><img loading=\"lazy\" decoding=\"async\" width=\"800\" height=\"288\" src=\"https:\/\/deberkel.info\/wp-content\/uploads\/2026\/01\/BerkelVerhalenkaart-800x344-1-800x288.jpg\" class=\"rt-img-responsive \" alt=\"\" \/><\/a><\/div><div class='rt-detail'><h2 class=\"entry-title\"><a data-id=\"20154\" class=\"\" href=\"\/de\/ausstellung-trinkbare-berkel\/#Almen\">Mobile Berkel-Ausstellung in Almen<\/a><\/h2><div class='post-meta-user  '><span class='date'><i class='far fa-calendar-alt '><\/i>31 M\u00e4rz 2026<\/span><\/div><div class='tpg-excerpt'>Die mobile Ausstellung der \u201eBerkelfamilie\u201c von trinkbare Berkel zieht von Lochem nach Almen um <a href=\"\/de\/ausstellung-trinkbare-berkel\/#Almen\">Weiterlesen &rarr;<\/a>...<\/div><div class='post-meta '><span class='read-more'><a data-id='20154' class='' href='\/de\/ausstellung-trinkbare-berkel\/#Almen'>...<\/a><\/span><\/div><\/div><\/div><\/div><div class=\"rt-col-md-12 rt-col-sm-6 rt-col-xs-12 even-grid-item rt-grid-item\" data-id=\"20131\"><div class=\"rt-holder\"><div class=\"rt-img-holder\"><a data-id=\"20131\" class=\"\" href=\"https:\/\/deberkel.info\/de\/trinkbare-berkel-wanderung-coesfeld\/\"><img loading=\"lazy\" decoding=\"async\" width=\"600\" height=\"288\" src=\"https:\/\/deberkel.info\/wp-content\/uploads\/2026\/03\/DrinkbareBerkelFamilieMallem-28MaerzCoesfeld-DE-600x413-1-600x288.jpg\" class=\"rt-img-responsive \" alt=\"\" \/><\/a><\/div><div class='rt-detail'><h2 class=\"entry-title\"><a data-id=\"20131\" class=\"\" href=\"https:\/\/deberkel.info\/de\/trinkbare-berkel-wanderung-coesfeld\/\">Trinkbare Berkel Wanderung Coesfeld<\/a><\/h2><div class='post-meta-user  '><span class='date'><i class='far fa-calendar-alt '><\/i>17 M\u00e4rz 2026<\/span><\/div><div class='tpg-excerpt'>28. M\u00e4rz 2026 Wanderung von Trinkbare Berkel in Coesfeld <a href=\"https:\/\/deberkel.info\/de\/trinkbare-berkel-wanderung-coesfeld\/\">Weiterlesen &rarr;<\/a>...<\/div><div class='post-meta '><span class='read-more'><a data-id='20131' class='' href='https:\/\/deberkel.info\/de\/trinkbare-berkel-wanderung-coesfeld\/'>...<\/a><\/span><\/div><\/div><\/div><\/div><div class=\"rt-col-md-12 rt-col-sm-6 rt-col-xs-12 even-grid-item rt-grid-item\" data-id=\"19008\"><div class=\"rt-holder\"><div class=\"rt-img-holder\"><a data-id=\"19008\" class=\"\" href=\"https:\/\/deberkel.info\/de\/bedrohende-vorschriften-fuer-berkelschiffer\/\"><img loading=\"lazy\" decoding=\"async\" width=\"694\" height=\"288\" src=\"https:\/\/deberkel.info\/wp-content\/uploads\/2025\/05\/20250520-RegelgevingBerkelschippers-featured-694x288.jpg\" class=\"rt-img-responsive \" alt=\"\" \/><\/a><\/div><div class='rt-detail'><h2 class=\"entry-title\"><a data-id=\"19008\" class=\"\" href=\"https:\/\/deberkel.info\/de\/bedrohende-vorschriften-fuer-berkelschiffer\/\">Bedrohende Vorschriften f\u00fcr Berkelschiffer<\/a><\/h2><div class='post-meta-user  '><span class='date'><i class='far fa-calendar-alt '><\/i>12 M\u00e4rz 2026<\/span><\/div><div class='tpg-excerpt'>Beunruhigende Meldungen \u00fcber neue Vorschriften f\u00fcr Berkelschiffer <a href=\"https:\/\/deberkel.info\/de\/bedrohende-vorschriften-fuer-berkelschiffer\/\">Weiterlesen &rarr;<\/a>...<\/div><div class='post-meta '><span class='read-more'><a data-id='19008' class='' href='https:\/\/deberkel.info\/de\/bedrohende-vorschriften-fuer-berkelschiffer\/'>...<\/a><\/span><\/div><\/div><\/div><\/div><div class=\"rt-col-md-12 rt-col-sm-6 rt-col-xs-12 even-grid-item rt-grid-item\" data-id=\"20108\"><div class=\"rt-holder\"><div class=\"rt-img-holder\"><a data-id=\"20108\" class=\"\" href=\"\/de\/berkelfestival-2026\/\"><img loading=\"lazy\" decoding=\"async\" width=\"600\" height=\"287\" src=\"https:\/\/deberkel.info\/wp-content\/uploads\/2025\/11\/Berkelfestival-2026-Coesfeld-600x287-1.jpeg\" class=\"rt-img-responsive \" alt=\"\" \/><\/a><\/div><div class='rt-detail'><h2 class=\"entry-title\"><a data-id=\"20108\" class=\"\" href=\"\/de\/berkelfestival-2026\/\">Neue Informationen zum Berkelfestival 2026 in Coesfeld<\/a><\/h2><div class='post-meta-user  '><span class='date'><i class='far fa-calendar-alt '><\/i>6 M\u00e4rz 2026<\/span><\/div><div class='tpg-excerpt'>Weitere Informationen zum Berkelfestival 2026 in Coesfeld finden Sie hier <a href=\"\/de\/berkelfestival-2026\/\">Weiterlesen &rarr;<\/a>...<\/div><div class='post-meta '><span class='read-more'><a data-id='20108' class='' href='\/de\/berkelfestival-2026\/'>...<\/a><\/span><\/div><\/div><\/div><\/div><div class=\"rt-col-md-12 rt-col-sm-6 rt-col-xs-12 even-grid-item rt-grid-item\" data-id=\"20099\"><div class=\"rt-holder\"><div class=\"rt-img-holder\"><a data-id=\"20099\" class=\"\" href=\"https:\/\/deberkel.info\/de\/berkelbuch-jan-baggen-beste-boek-achterhoek-liemers-2025\/\"><img loading=\"lazy\" decoding=\"async\" width=\"600\" height=\"288\" src=\"https:\/\/deberkel.info\/wp-content\/uploads\/2026\/03\/BaggenBerkelbode20260304-uitgelicht-600x429-1-600x288.jpg\" class=\"rt-img-responsive \" alt=\"\" \/><\/a><\/div><div class='rt-detail'><h2 class=\"entry-title\"><a data-id=\"20099\" class=\"\" href=\"https:\/\/deberkel.info\/de\/berkelbuch-jan-baggen-beste-boek-achterhoek-liemers-2025\/\">Berkelbuch Jan Baggen &#8222;Beste Boek Achterhoek Liemers 2025&#8220;<\/a><\/h2><div class='post-meta-user  '><span class='date'><i class='far fa-calendar-alt '><\/i>3 M\u00e4rz 2026<\/span><\/div><div class='tpg-excerpt'>\"De Berkel in de baan van de zon\"\u00a0wurde w\u00e4hrend des \u201eWaeketreffens\u201d bei \"De Mattelier\" in Groenlo zum \u201eBesten Buch Achterhoek und Liemers 2025\u201d gew\u00e4hlt <a href=\"https:\/\/deberkel.info\/de\/berkelbuch-jan-baggen-beste-boek-achterhoek-liemers-2025\/\">Weiterlesen &rarr;<\/a>...<\/div><div class='post-meta '><span class='read-more'><a data-id='20099' class='' href='https:\/\/deberkel.info\/de\/berkelbuch-jan-baggen-beste-boek-achterhoek-liemers-2025\/'>...<\/a><\/span><\/div><\/div><\/div><\/div><div class=\"rt-col-md-12 rt-col-sm-6 rt-col-xs-12 even-grid-item rt-grid-item\" data-id=\"20065\"><div class=\"rt-holder\"><div class=\"rt-img-holder\"><a data-id=\"20065\" class=\"\" href=\"https:\/\/deberkel.info\/de\/badende-entlang-der-berkel-bei-eibergen-zerstoert\/\"><img loading=\"lazy\" decoding=\"async\" width=\"600\" height=\"288\" src=\"https:\/\/deberkel.info\/wp-content\/uploads\/2026\/02\/20260210-BadendeEibergenVernield-AchterhoekNieuws-600x428-1-600x288.jpg\" class=\"rt-img-responsive \" alt=\"\" \/><\/a><\/div><div class='rt-detail'><h2 class=\"entry-title\"><a data-id=\"20065\" class=\"\" href=\"https:\/\/deberkel.info\/de\/badende-entlang-der-berkel-bei-eibergen-zerstoert\/\">Badende entlang der Berkel bei Eibergen zerst\u00f6rt<\/a><\/h2><div class='post-meta-user  '><span class='date'><i class='far fa-calendar-alt '><\/i>10 Februar 2026<\/span><\/div><div class='tpg-excerpt'>Badende zerst\u00f6rt am Golfplatz in Eibergen entlang der Berkel <a href=\"https:\/\/deberkel.info\/de\/badende-entlang-der-berkel-bei-eibergen-zerstoert\/\">Weiterlesen &rarr;<\/a>...<\/div><div class='post-meta '><span class='read-more'><a data-id='20065' class='' href='https:\/\/deberkel.info\/de\/badende-entlang-der-berkel-bei-eibergen-zerstoert\/'>...<\/a><\/span><\/div><\/div><\/div><\/div><div class=\"rt-col-md-12 rt-col-sm-6 rt-col-xs-12 even-grid-item rt-grid-item\" data-id=\"20049\"><div class=\"rt-holder\"><div class=\"rt-img-holder\"><a data-id=\"20049\" class=\"\" href=\"https:\/\/deberkel.info\/de\/wehr-warken-in-der-berkel\/\"><img loading=\"lazy\" decoding=\"async\" width=\"600\" height=\"288\" src=\"https:\/\/deberkel.info\/wp-content\/uploads\/2026\/02\/BerkelstuwWarkenGerardKiezebrink-600x333-1-600x288.jpg\" class=\"rt-img-responsive \" alt=\"\" \/><\/a><\/div><div class='rt-detail'><h2 class=\"entry-title\"><a data-id=\"20049\" class=\"\" href=\"https:\/\/deberkel.info\/de\/wehr-warken-in-der-berkel\/\">Film: Wehr Warken in der Berkel<\/a><\/h2><div class='post-meta-user  '><span class='date'><i class='far fa-calendar-alt '><\/i>9 Februar 2026<\/span><\/div><div class='tpg-excerpt'>Gerard Kiezebrink hat einen sch\u00f6nen Film gemacht \u00fcber die Berkel bei Wehr Warken <a href=\"https:\/\/deberkel.info\/de\/wehr-warken-in-der-berkel\/\">Weiterlesen &rarr;<\/a>...<\/div><div class='post-meta '><span class='read-more'><a data-id='20049' class='' href='https:\/\/deberkel.info\/de\/wehr-warken-in-der-berkel\/'>...<\/a><\/span><\/div><\/div><\/div><\/div><div class=\"rt-col-md-12 rt-col-sm-6 rt-col-xs-12 even-grid-item rt-grid-item\" data-id=\"20021\"><div class=\"rt-holder\"><div class=\"rt-img-holder\"><a data-id=\"20021\" class=\"\" href=\"https:\/\/deberkel.info\/de\/neustart-projekts-attraktive-berkel-innenstadt-in-zutphen\/\"><img loading=\"lazy\" decoding=\"async\" width=\"1000\" height=\"288\" src=\"https:\/\/deberkel.info\/wp-content\/uploads\/2026\/01\/BerkelInDeStadZutphen-1000x563-1-1000x288.jpg\" class=\"rt-img-responsive \" alt=\"\" \/><\/a><\/div><div class='rt-detail'><h2 class=\"entry-title\"><a data-id=\"20021\" class=\"\" href=\"https:\/\/deberkel.info\/de\/neustart-projekts-attraktive-berkel-innenstadt-in-zutphen\/\">Neustart des Projekts \u201eAttraktive Berkel Innenstadt&#8220; in Zutphen<\/a><\/h2><div class='post-meta-user  '><span class='date'><i class='far fa-calendar-alt '><\/i>20 Januar 2026<\/span><\/div><div class='tpg-excerpt'>Der Wasserverband und die Gemeinde  Zutphen nehmen das von aktiven Einwohnern von Zutphen entwickelte Projekt \u201eBerkel in der Stadt\u201d wieder auf, nachdem es leider ins Stocken geraten war <a href=\"https:\/\/deberkel.info\/de\/neustart-projekts-attraktive-berkel-innenstadt-in-zutphen\/\">Weiterlesen &rarr;<\/a>...<\/div><div class='post-meta '><span class='read-more'><a data-id='20021' class='' href='https:\/\/deberkel.info\/de\/neustart-projekts-attraktive-berkel-innenstadt-in-zutphen\/'>...<\/a><\/span><\/div><\/div><\/div><\/div><div class=\"rt-col-md-12 rt-col-sm-6 rt-col-xs-12 even-grid-item rt-grid-item\" data-id=\"19996\"><div class=\"rt-holder\"><div class=\"rt-img-holder\"><a data-id=\"19996\" class=\"\" href=\"https:\/\/deberkel.info\/de\/energieerzeugung-in-der-berkel-bei-lochem-und-eefde-wieder-aufgenommen\/\"><img loading=\"lazy\" decoding=\"async\" width=\"600\" height=\"288\" src=\"https:\/\/deberkel.info\/wp-content\/uploads\/2026\/01\/Waterkracht-schets-turbine-600x600-1-600x288.jpg\" class=\"rt-img-responsive \" alt=\"\" \/><\/a><\/div><div class='rt-detail'><h2 class=\"entry-title\"><a data-id=\"19996\" class=\"\" href=\"https:\/\/deberkel.info\/de\/energieerzeugung-in-der-berkel-bei-lochem-und-eefde-wieder-aufgenommen\/\">Energieerzeugung in der Berkel bei Lochem und Eefde wieder aufgenommen<\/a><\/h2><div class='post-meta-user  '><span class='date'><i class='far fa-calendar-alt '><\/i>19 Januar 2026<\/span><\/div><div class='tpg-excerpt'>Zusammen mit dem Start-up-Unternehmen Kolkkracht aus Barchem (Gemeinde Lochem) nimmt Lochem Energie erneut die Herausforderung an, Energie aus der Berkel zu gewinnen <a href=\"https:\/\/deberkel.info\/de\/energieerzeugung-in-der-berkel-bei-lochem-und-eefde-wieder-aufgenommen\/\">Weiterlesen &rarr;<\/a>...<\/div><div class='post-meta '><span class='read-more'><a data-id='19996' class='' href='https:\/\/deberkel.info\/de\/energieerzeugung-in-der-berkel-bei-lochem-und-eefde-wieder-aufgenommen\/'>...<\/a><\/span><\/div><\/div><\/div><\/div><div class=\"rt-col-md-12 rt-col-sm-6 rt-col-xs-12 even-grid-item rt-grid-item\" data-id=\"19975\"><div class=\"rt-holder\"><div class=\"rt-img-holder\"><a data-id=\"19975\" class=\"\" href=\"\/de\/ausstellung-trinkbare-berkel\/#Lochem\"><img loading=\"lazy\" decoding=\"async\" width=\"800\" height=\"288\" src=\"https:\/\/deberkel.info\/wp-content\/uploads\/2026\/01\/BerkelVerhalenkaart-800x344-1-800x288.jpg\" class=\"rt-img-responsive \" alt=\"\" \/><\/a><\/div><div class='rt-detail'><h2 class=\"entry-title\"><a data-id=\"19975\" class=\"\" href=\"\/de\/ausstellung-trinkbare-berkel\/#Lochem\">Mobile Berkel-Ausstellung in Lochem<\/a><\/h2><div class='post-meta-user  '><span class='date'><i class='far fa-calendar-alt '><\/i>7 Januar 2026<\/span><\/div><div class='tpg-excerpt'>Die mobile Ausstellung der \u201eBerkelfamilie\u201c von trinkbare Berkel zieht von Vreden nach Lochem um <a href=\"\/de\/ausstellung-trinkbare-berkel\/#Lochem\">Weiterlesen &rarr;<\/a>...<\/div><div class='post-meta '><span class='read-more'><a data-id='19975' class='' href='\/de\/ausstellung-trinkbare-berkel\/#Lochem'>...<\/a><\/span><\/div><\/div><\/div><\/div><div class=\"rt-col-md-12 rt-col-sm-6 rt-col-xs-12 even-grid-item rt-grid-item\" data-id=\"19707\"><div class=\"rt-holder\"><div class=\"rt-img-holder\"><a data-id=\"19707\" class=\"\" href=\"https:\/\/deberkel.info\/de\/neuer-klompenpad-und-zugfaehre-ueber-die-berkel-bei-haarlo\/\"><img loading=\"lazy\" decoding=\"async\" width=\"600\" height=\"288\" src=\"https:\/\/deberkel.info\/wp-content\/uploads\/2025\/10\/20251213-Stentor-HaarloKlompenpad-600x428-1-600x288.jpg\" class=\"rt-img-responsive \" alt=\"\" \/><\/a><\/div><div class='rt-detail'><h2 class=\"entry-title\"><a data-id=\"19707\" class=\"\" href=\"https:\/\/deberkel.info\/de\/neuer-klompenpad-und-zugfaehre-ueber-die-berkel-bei-haarlo\/\">Neuer &#8222;Klompenpad&#8220; und Zugf\u00e4hre \u00fcber die Berkel bei Haarlo<\/a><\/h2><div class='post-meta-user  '><span class='date'><i class='far fa-calendar-alt '><\/i>16 Dezember 2025<\/span><\/div><div class='tpg-excerpt'>Auf Initiative des Interessenverbands Haarlo's Belang ist bei Haarlo ein neuer \"Klompenpad\"\u00a0 angelegt worden. Und es wird auch eine neue Zugf\u00e4hre \u00fcber die Berkel geben <a href=\"https:\/\/deberkel.info\/de\/neuer-klompenpad-und-zugfaehre-ueber-die-berkel-bei-haarlo\/\">Weiterlesen &rarr;<\/a>...<\/div><div class='post-meta '><span class='read-more'><a data-id='19707' class='' href='https:\/\/deberkel.info\/de\/neuer-klompenpad-und-zugfaehre-ueber-die-berkel-bei-haarlo\/'>...<\/a><\/span><\/div><\/div><\/div><\/div><div class=\"rt-col-md-12 rt-col-sm-6 rt-col-xs-12 even-grid-item rt-grid-item\" data-id=\"19834\"><div class=\"rt-holder\"><div class=\"rt-img-holder\"><a data-id=\"19834\" class=\"\" href=\"https:\/\/deberkel.info\/de\/nieuwsquelle-22-1\/\"><img loading=\"lazy\" decoding=\"async\" width=\"808\" height=\"288\" src=\"https:\/\/deberkel.info\/wp-content\/uploads\/2025\/12\/NieuwsQuelle-22-1-november-2025-10-808x288.jpg\" class=\"rt-img-responsive \" alt=\"\" \/><\/a><\/div><div class='rt-detail'><h2 class=\"entry-title\"><a data-id=\"19834\" class=\"\" href=\"https:\/\/deberkel.info\/de\/nieuwsquelle-22-1\/\">NieuwsQuelle 22-1<\/a><\/h2><div class='post-meta-user  '><span class='date'><i class='far fa-calendar-alt '><\/i>3 Dezember 2025<\/span><\/div><div class='tpg-excerpt'>Die Dezemberausgabe 2025 der NieuwsQuelle, das Magazin der 3. Berkelkompanie <a href=\"https:\/\/deberkel.info\/de\/nieuwsquelle-22-1\/\">Weiterlesen &rarr;<\/a>...<\/div><div class='post-meta '><span class='read-more'><a data-id='19834' class='' href='https:\/\/deberkel.info\/de\/nieuwsquelle-22-1\/'>...<\/a><\/span><\/div><\/div><\/div><\/div><div class=\"rt-col-md-12 rt-col-sm-6 rt-col-xs-12 even-grid-item rt-grid-item\" data-id=\"18408\"><div class=\"rt-holder\"><div class=\"rt-img-holder\"><a data-id=\"18408\" class=\"\" href=\"https:\/\/deberkel.info\/de\/berkelfestival-2026\/\"><img loading=\"lazy\" decoding=\"async\" width=\"600\" height=\"287\" src=\"https:\/\/deberkel.info\/wp-content\/uploads\/2024\/06\/Berkelfestival-2024-Billerbeck-600x287-1.jpeg\" class=\"rt-img-responsive \" alt=\"\" \/><\/a><\/div><div class='rt-detail'><h2 class=\"entry-title\"><a data-id=\"18408\" class=\"\" href=\"https:\/\/deberkel.info\/de\/berkelfestival-2026\/\">Berkelfestival 2026 am 6. September in Coesfeld<\/a><\/h2><div class='post-meta-user  '><span class='date'><i class='far fa-calendar-alt '><\/i>16 November 2025<\/span><\/div><div class='tpg-excerpt'>Berkelfestival 2026 am 6. September in Coesfeld <a href=\"https:\/\/deberkel.info\/de\/berkelfestival-2026\/\">Weiterlesen &rarr;<\/a>...<\/div><div class='post-meta '><span class='read-more'><a data-id='18408' class='' href='https:\/\/deberkel.info\/de\/berkelfestival-2026\/'>...<\/a><\/span><\/div><\/div><\/div><\/div><div class=\"rt-col-md-12 rt-col-sm-6 rt-col-xs-12 even-grid-item rt-grid-item\" data-id=\"19745\"><div class=\"rt-holder\"><div class=\"rt-img-holder\"><a data-id=\"19745\" class=\"\" href=\"\/de\/berkelkanurallye\"><img loading=\"lazy\" decoding=\"async\" width=\"800\" height=\"288\" src=\"https:\/\/deberkel.info\/wp-content\/uploads\/2025\/11\/2026FlyerUitgelicht-800x416-1-800x288.jpg\" class=\"rt-img-responsive \" alt=\"\" \/><\/a><\/div><div class='rt-detail'><h2 class=\"entry-title\"><a data-id=\"19745\" class=\"\" href=\"\/de\/berkelkanurallye\">8. Berkel Kanurallye in 2026 am 12. und 13. September<\/a><\/h2><div class='post-meta-user  '><span class='date'><i class='far fa-calendar-alt '><\/i>16 November 2025<\/span><\/div><div class='tpg-excerpt'>8. Berkel Kanurallye in 2026 am 12. und 13. September <a href=\"\/de\/berkelkanurallye\">Weiterlesen &rarr;<\/a>...<\/div><div class='post-meta '><span class='read-more'><a data-id='19745' class='' href='\/de\/berkelkanurallye'>...<\/a><\/span><\/div><\/div><\/div><\/div><\/div><div class='rt-pagination-wrap' data-total-pages='25' data-posts-per-page='15' data-type='pagination'  ><div class=\"rt-pagination\" ><ul class=\"pagination-list\"><li class=\"active\"><span>1<\/span><\/li><li><a data-paged='2' href='https:\/\/deberkel.info\/de\/wp-json\/wp\/v2\/pages\/9092\/page\/2\/'>2<\/a><\/li><li><a data-paged='3' href='https:\/\/deberkel.info\/de\/wp-json\/wp\/v2\/pages\/9092\/page\/3\/'>3<\/a><\/li><li><a data-paged='4' href='https:\/\/deberkel.info\/de\/wp-json\/wp\/v2\/pages\/9092\/page\/4\/'>4<\/a><\/li><li><a data-paged='5' href='https:\/\/deberkel.info\/de\/wp-json\/wp\/v2\/pages\/9092\/page\/5\/'>5<\/a><\/li><li><a data-paged='2' href=\"https:\/\/deberkel.info\/de\/wp-json\/wp\/v2\/pages\/9092\/page\/2\/\"  aria-label='Next'>&rsaquo;<\/a><\/li><li><a data-paged='25' href='https:\/\/deberkel.info\/de\/wp-json\/wp\/v2\/pages\/9092\/page\/25\/' aria-label='Last'>&raquo;<\/a><\/li><\/ul><\/div><\/div><\/div>\n","protected":false},"excerpt":{"rendered":"<p>Aktuelle Berkeltal Neuigkeiten hierunter! Die Berkel ist ein Flu\u00df der entspringt bei Billerbeck in die Baumberge, im West M\u00fcnsterland, und via die Achterhoek nach 115 km m\u00fcndet in die IJssel bei Zutphen. 2 L\u00e4nder und St\u00e4dter und D\u00f6rfer werden so &hellip; <a href=\"\/de\/berkelkanurallye\">Weiterlesen <span class=\"meta-nav\">&rarr;<\/span><\/a> <a href=\"\/de\/berkelkanurallye\">Weiterlesen <span class=\"meta-nav\">&rarr;<\/span><\/a><\/p>\n","protected":false},"author":1,"featured_media":0,"parent":0,"menu_order":0,"comment_status":"closed","ping_status":"closed","template":"","meta":{"_exactmetrics_skip_tracking":false,"_exactmetrics_sitenote_active":false,"_exactmetrics_sitenote_note":"","_exactmetrics_sitenote_category":0,"ngg_post_thumbnail":0,"_locale":"de_DE","_original_post":"9085","footnotes":"","_links_to":"","_links_to_target":""},"class_list":["post-9092","page","type-page","status-publish","hentry","de-DE"],"yoast_head":"<!-- This site is optimized with the Yoast SEO plugin v27.5 - https:\/\/yoast.com\/product\/yoast-seo-wordpress\/ -->\n<title>Die Berkel und das Berkeltal - Berkel Info<\/title>\n<meta name=\"robots\" content=\"index, follow, max-snippet:-1, max-image-preview:large, max-video-preview:-1\" \/>\n<link rel=\"canonical\" href=\"https:\/\/deberkel.info\/de\/\" \/>\n<meta property=\"og:locale\" content=\"de_DE\" \/>\n<meta property=\"og:type\" content=\"article\" \/>\n<meta property=\"og:title\" content=\"Die Berkel und das Berkeltal - Berkel Info\" \/>\n<meta property=\"og:description\" content=\"Aktuelle Berkeltal Neuigkeiten hierunter! Die Berkel ist ein Flu\u00df der entspringt bei Billerbeck in die Baumberge, im West M\u00fcnsterland, und via die Achterhoek nach 115 km m\u00fcndet in die IJssel bei Zutphen. 2 L\u00e4nder und St\u00e4dter und D\u00f6rfer werden so &hellip; Weiterlesen &rarr; Weiterlesen &rarr;\" \/>\n<meta property=\"og:url\" content=\"https:\/\/deberkel.info\/de\/\" \/>\n<meta property=\"og:site_name\" content=\"Berkel Info\" \/>\n<meta property=\"article:modified_time\" content=\"2024-02-05T14:18:45+00:00\" \/>\n<meta property=\"og:image\" content=\"https:\/\/deberkel.info\/wp-content\/uploads\/2018\/03\/Berkel.jpg\" \/>\n<meta name=\"twitter:card\" content=\"summary_large_image\" \/>\n<meta name=\"twitter:label1\" content=\"Gesch\u00e4tzte Lesezeit\" \/>\n\t<meta name=\"twitter:data1\" content=\"1\u00a0Minute\" \/>\n<script type=\"application\/ld+json\" class=\"yoast-schema-graph\">{\"@context\":\"https:\\\/\\\/schema.org\",\"@graph\":[{\"@type\":\"WebPage\",\"@id\":\"https:\\\/\\\/deberkel.info\\\/de\\\/\",\"url\":\"https:\\\/\\\/deberkel.info\\\/de\\\/\",\"name\":\"Die Berkel und das Berkeltal - Berkel Info\",\"isPartOf\":{\"@id\":\"https:\\\/\\\/deberkel.info\\\/#website\"},\"primaryImageOfPage\":{\"@id\":\"https:\\\/\\\/deberkel.info\\\/de\\\/#primaryimage\"},\"image\":{\"@id\":\"https:\\\/\\\/deberkel.info\\\/de\\\/#primaryimage\"},\"thumbnailUrl\":\"https:\\\/\\\/deberkel.info\\\/wp-content\\\/uploads\\\/2018\\\/03\\\/Berkel.jpg\",\"datePublished\":\"2019-02-11T22:24:52+00:00\",\"dateModified\":\"2024-02-05T14:18:45+00:00\",\"breadcrumb\":{\"@id\":\"https:\\\/\\\/deberkel.info\\\/de\\\/#breadcrumb\"},\"inLanguage\":\"de\",\"potentialAction\":[{\"@type\":\"ReadAction\",\"target\":[\"https:\\\/\\\/deberkel.info\\\/de\\\/\"]}]},{\"@type\":\"ImageObject\",\"inLanguage\":\"de\",\"@id\":\"https:\\\/\\\/deberkel.info\\\/de\\\/#primaryimage\",\"url\":\"https:\\\/\\\/deberkel.info\\\/wp-content\\\/uploads\\\/2018\\\/03\\\/Berkel.jpg\",\"contentUrl\":\"https:\\\/\\\/deberkel.info\\\/wp-content\\\/uploads\\\/2018\\\/03\\\/Berkel.jpg\"},{\"@type\":\"BreadcrumbList\",\"@id\":\"https:\\\/\\\/deberkel.info\\\/de\\\/#breadcrumb\",\"itemListElement\":[{\"@type\":\"ListItem\",\"position\":1,\"name\":\"Home\",\"item\":\"https:\\\/\\\/deberkel.info\\\/de\\\/\"},{\"@type\":\"ListItem\",\"position\":2,\"name\":\"Die Berkel und das Berkeltal\"}]},{\"@type\":\"WebSite\",\"@id\":\"https:\\\/\\\/deberkel.info\\\/#website\",\"url\":\"https:\\\/\\\/deberkel.info\\\/\",\"name\":\"Berkel Info\",\"description\":\"Alles over de Berkel en het Berkeldal, van Billerbeck tot Zutphen\",\"potentialAction\":[{\"@type\":\"SearchAction\",\"target\":{\"@type\":\"EntryPoint\",\"urlTemplate\":\"https:\\\/\\\/deberkel.info\\\/?s={search_term_string}\"},\"query-input\":{\"@type\":\"PropertyValueSpecification\",\"valueRequired\":true,\"valueName\":\"search_term_string\"}}],\"inLanguage\":\"de\"}]}<\/script>\n<!-- \/ Yoast SEO plugin. -->","yoast_head_json":{"title":"Die Berkel und das Berkeltal - Berkel Info","robots":{"index":"index","follow":"follow","max-snippet":"max-snippet:-1","max-image-preview":"max-image-preview:large","max-video-preview":"max-video-preview:-1"},"canonical":"https:\/\/deberkel.info\/de\/","og_locale":"de_DE","og_type":"article","og_title":"Die Berkel und das Berkeltal - Berkel Info","og_description":"Aktuelle Berkeltal Neuigkeiten hierunter! Die Berkel ist ein Flu\u00df der entspringt bei Billerbeck in die Baumberge, im West M\u00fcnsterland, und via die Achterhoek nach 115 km m\u00fcndet in die IJssel bei Zutphen. 2 L\u00e4nder und St\u00e4dter und D\u00f6rfer werden so &hellip; Weiterlesen &rarr; Weiterlesen &rarr;","og_url":"https:\/\/deberkel.info\/de\/","og_site_name":"Berkel Info","article_modified_time":"2024-02-05T14:18:45+00:00","og_image":[{"url":"https:\/\/deberkel.info\/wp-content\/uploads\/2018\/03\/Berkel.jpg","type":"","width":"","height":""}],"twitter_card":"summary_large_image","twitter_misc":{"Gesch\u00e4tzte Lesezeit":"1\u00a0Minute"},"schema":{"@context":"https:\/\/schema.org","@graph":[{"@type":"WebPage","@id":"https:\/\/deberkel.info\/de\/","url":"https:\/\/deberkel.info\/de\/","name":"Die Berkel und das Berkeltal - Berkel Info","isPartOf":{"@id":"https:\/\/deberkel.info\/#website"},"primaryImageOfPage":{"@id":"https:\/\/deberkel.info\/de\/#primaryimage"},"image":{"@id":"https:\/\/deberkel.info\/de\/#primaryimage"},"thumbnailUrl":"https:\/\/deberkel.info\/wp-content\/uploads\/2018\/03\/Berkel.jpg","datePublished":"2019-02-11T22:24:52+00:00","dateModified":"2024-02-05T14:18:45+00:00","breadcrumb":{"@id":"https:\/\/deberkel.info\/de\/#breadcrumb"},"inLanguage":"de","potentialAction":[{"@type":"ReadAction","target":["https:\/\/deberkel.info\/de\/"]}]},{"@type":"ImageObject","inLanguage":"de","@id":"https:\/\/deberkel.info\/de\/#primaryimage","url":"https:\/\/deberkel.info\/wp-content\/uploads\/2018\/03\/Berkel.jpg","contentUrl":"https:\/\/deberkel.info\/wp-content\/uploads\/2018\/03\/Berkel.jpg"},{"@type":"BreadcrumbList","@id":"https:\/\/deberkel.info\/de\/#breadcrumb","itemListElement":[{"@type":"ListItem","position":1,"name":"Home","item":"https:\/\/deberkel.info\/de\/"},{"@type":"ListItem","position":2,"name":"Die Berkel und das Berkeltal"}]},{"@type":"WebSite","@id":"https:\/\/deberkel.info\/#website","url":"https:\/\/deberkel.info\/","name":"Berkel Info","description":"Alles over de Berkel en het Berkeldal, van Billerbeck tot Zutphen","potentialAction":[{"@type":"SearchAction","target":{"@type":"EntryPoint","urlTemplate":"https:\/\/deberkel.info\/?s={search_term_string}"},"query-input":{"@type":"PropertyValueSpecification","valueRequired":true,"valueName":"search_term_string"}}],"inLanguage":"de"}]}},"rttpg_featured_image_url":null,"rttpg_author":{"display_name":"berkelcompagnie","author_link":"https:\/\/deberkel.info\/author\/berkelcompagnie\/"},"rttpg_comment":0,"rttpg_category":"","rttpg_excerpt":"Aktuelle Berkeltal Neuigkeiten hierunter! Die Berkel ist ein Flu\u00df der entspringt bei Billerbeck in die Baumberge, im West M\u00fcnsterland, und via die Achterhoek nach 115 km m\u00fcndet in die IJssel bei Zutphen. 2 L\u00e4nder und St\u00e4dter und D\u00f6rfer werden so &hellip; Weiterlesen &rarr; Weiterlesen &rarr;","_links":{"self":[{"href":"https:\/\/deberkel.info\/wp-json\/wp\/v2\/pages\/9092","targetHints":{"allow":["GET"]}}],"collection":[{"href":"https:\/\/deberkel.info\/wp-json\/wp\/v2\/pages"}],"about":[{"href":"https:\/\/deberkel.info\/wp-json\/wp\/v2\/types\/page"}],"author":[{"embeddable":true,"href":"https:\/\/deberkel.info\/wp-json\/wp\/v2\/users\/1"}],"replies":[{"embeddable":true,"href":"https:\/\/deberkel.info\/wp-json\/wp\/v2\/comments?post=9092"}],"version-history":[{"count":13,"href":"https:\/\/deberkel.info\/wp-json\/wp\/v2\/pages\/9092\/revisions"}],"predecessor-version":[{"id":18136,"href":"https:\/\/deberkel.info\/wp-json\/wp\/v2\/pages\/9092\/revisions\/18136"}],"wp:attachment":[{"href":"https:\/\/deberkel.info\/wp-json\/wp\/v2\/media?parent=9092"}],"curies":[{"name":"wp","href":"https:\/\/api.w.org\/{rel}","templated":true}]}}